{"id":2328,"date":"2025-08-14T21:54:04","date_gmt":"2025-08-14T15:54:04","guid":{"rendered":"https:\/\/www.corporacionbi.com\/gt\/frcl\/?page_id=2328"},"modified":"2026-02-25T03:46:50","modified_gmt":"2026-02-24T21:46:50","slug":"buzones-disponibles-en-supermercados-la-torre","status":"publish","type":"page","link":"https:\/\/www.corporacionbi.com\/gt\/frcl\/buzones-disponibles-en-supermercados-la-torre\/","title":{"rendered":"Buzones disponibles en Supermercados La Torre"},"content":{"rendered":"<div class=\"wpb-content-wrapper\"><section class=\"vc_section\"><div class=\"vc_row wpb_row vc_row-fluid vc_row_272246617\"><div class=\"wpb_column vc_column_container vc_col-sm-12 vc_column_1711180616\"><div class=\"vc_column-inner \"><div class=\"wpb_wrapper\"><div class=\"vc_empty_space\"   style=\"height: 20px\"><span class=\"vc_empty_space_inner\"><\/span><\/div>\n\t\t\t\t<p class=\"rs-p-wp-fix\"><\/p>\n\t\t\t\t<sr7-module data-alias=\"Tu-ayuda-puede-cambiarlo-todo3\" data-id=\"62\" id=\"SR7_62_1\" class=\"rs-ov-hidden\" data-version=\"6.7.54\">\n\t\t\t\t\t<sr7-adjuster><\/sr7-adjuster>\n\t\t\t\t\t<sr7-content>\n\t\t\t\t\t\t<sr7-slide id=\"SR7_62_1-102\" data-key=\"102\">\n\t\t\t\t\t\t\t<sr7-txt id=\"SR7_62_1-102-2\" class=\"sr7-layer\">\u00a1Tu ayuda puede cambiarlo todo!<\/sr7-txt>\n\t\t\t\t\t\t\t<sr7-txt id=\"SR7_62_1-102-3\" class=\"sr7-layer\">Ahora puedes realizar tu donaci\u00f3n en los buzones disponibles en Supermercados La Torre.<\/sr7-txt>\n\t\t\t\t\t\t\t<sr7-txt id=\"SR7_62_1-102-5\" class=\"sr7-layer\">\u00a1S\u00famate, dona e inspira!<\/sr7-txt>\n\t\t\t\t\t\t\t<sr7-txt id=\"SR7_62_1-102-9\" class=\"sr7-layer\">\u00a1S\u00famate, dona e inspira!<\/sr7-txt>\n\t\t\t\t\t\t\t<sr7-txt id=\"SR7_62_1-102-10\" class=\"sr7-layer\">\u00a1Tu ayuda puede <br \/>\ncambiarlo todo!<\/sr7-txt>\n\t\t\t\t\t\t\t<sr7-txt id=\"SR7_62_1-102-11\" class=\"sr7-layer\">Ahora puedes realizar tu donaci\u00f3n en los buzones disponibles en Supermercados La Torre.<\/sr7-txt>\n\t\t\t\t\t\t<\/sr7-slide>\n\t\t\t\t\t\t<sr7-slide id=\"SR7_62_1-103\" data-key=\"103\">\n\t\t\t\t\t\t<\/sr7-slide>\n\t\t\t\t\t<\/sr7-content>\n\t\t\t\t\t<image_lists style=\"display:none\">\n\t\t\t\t\t\t<img data-src=\"\/\/www.corporacionbi.com\/gt\/frcl\/wp-content\/uploads\/revslider\/Tu-ayuda-puede-cambiarlo-todo3\/tu-ayuda-pueda-cambiarlo-todo-fcrl.webp\" data-libid=\"2330\" data-lib=\"medialibrary\" title=\"tu-ayuda-pueda-cambiarlo-todo-fcrl.webp\" width=\"0\" height=\"0\" data-dbsrc=\"Ly93d3cuY29ycG9yYWNpb25iaS5jb20vZ3QvZnJjbC93cC1jb250ZW50L3VwbG9hZHMvcmV2c2xpZGVyL1R1LWF5dWRhLXB1ZWRlLWNhbWJpYXJsby10b2RvMy90dS1heXVkYS1wdWVkYS1jYW1iaWFybG8tdG9kby1mY3JsLndlYnA=\"\/>\n\t\t\t\t\t\t<img data-src=\"\/\/www.corporacionbi.com\/gt\/frcl\/wp-content\/uploads\/revslider\/Tu-ayuda-puede-cambiarlo-todo3\/logo-torre.webp\" data-libid=\"2331\" data-lib=\"medialibrary\" title=\"logo-torre.webp\" width=\"0\" height=\"0\" data-dbsrc=\"Ly93d3cuY29ycG9yYWNpb25iaS5jb20vZ3QvZnJjbC93cC1jb250ZW50L3VwbG9hZHMvcmV2c2xpZGVyL1R1LWF5dWRhLXB1ZWRlLWNhbWJpYXJsby10b2RvMy9sb2dvLXRvcnJlLndlYnA=\"\/>\n\t\t\t\t\t<\/image_lists>\n\t\t\t\t<\/sr7-module>\n\t\t\t\t<script>\n\t\t\t\t\twindow.SR7 ??={};SR7.PMH ??={}; SR7.PMH[\"SR7_62_1\"] = {cn:100,state:false,fn: function() { if (window._tpt!==undefined && window._tpt.prepareModuleHeight !== undefined) {  _tpt.prepareModuleHeight({id:\"SR7_62_1\",el:[400,400,368,368,720],type:'standard',shdw:'0',gh:[400,400,368,368,720],gw:[1240,1240,1024,1024,480],vpt:['-100px&#039;,&#039;-100px&#039;,&#039;-100px&#039;,&#039;-100px&#039;,&#039;-100px'],size:{fullWidth:true, fullHeight:false},mh:'0',onh:0,onw:0,bg:{color:'{\"orig\":\"transparent\",\"type\":\"solid\",\"string\":\"transparent\"}'}});   SR7.PMH[\"SR7_62_1\"].state=true;} else if(SR7.PMH[\"SR7_62_1\"].cn-->0)\tsetTimeout( SR7.PMH[\"SR7_62_1\"].fn,19);}};SR7.PMH[\"SR7_62_1\" ].fn();\n\t\t\t\t<\/script>\n\r\n            \r\n            <div class=\"sh-empty-space vc_empty_space sh-empty-space-RgnEBTOv5a  \" style=\"height: 40px\">\r\n                <span class=\"vc_empty_space_inner\"><\/span>\r\n            <\/div>\r\n\r\n        <style type=\"text\/css\"> .vc_column_1711180616:not(.vc_parallax):not(.jarallax) { overflow: center!important; position: relative; }<\/style><\/div><\/div><\/div><style type=\"text\/css\"> .vc_row_272246617:not(.vc_parallax) { overflow: center!important; position: relative; }<\/style><\/div><\/section><section class=\"vc_section\"><div class=\"vc_row wpb_row vc_row-fluid vc_row_816781766\"><div class=\"wpb_column vc_column_container vc_col-sm-12 vc_column_847145872\"><div class=\"vc_column-inner \"><div class=\"wpb_wrapper\">\r\n            \r\n            <div class=\"sh-empty-space vc_empty_space sh-empty-space-USWCPp4fR0  \" style=\"height: 40px\">\r\n                <span class=\"vc_empty_space_inner\"><\/span>\r\n            <\/div>\r\n\r\n        <div class=\"vc_row wpb_row vc_inner vc_row-fluid vc_row_2021950572\"><div class=\"wpb_column vc_column_container vc_col-sm-6 vc_column_1369257420\"><div class=\"vc_column-inner \"><div class=\"wpb_wrapper\">\n\t<div  class=\"wpb_single_image wpb_content_element vc_align_center wpb_content_element\">\n\t\t\n\t\t<figure class=\"wpb_wrapper vc_figure\">\n\t\t\t<div class=\"vc_single_image-wrapper   vc_box_border_grey\"><img decoding=\"async\" width=\"300\" height=\"266\" src=\"https:\/\/www.corporacionbi.com\/gt\/frcl\/wp-content\/uploads\/2025\/08\/apoya-con-tu-donacion-en-los-buzones-300x266.webp\" class=\"vc_single_image-img attachment-medium\" alt=\"apoya-con-tu-donacion-en-los-buzones\" title=\"apoya-con-tu-donacion-en-los-buzones\" srcset=\"https:\/\/www.corporacionbi.com\/gt\/frcl\/wp-content\/uploads\/2025\/08\/apoya-con-tu-donacion-en-los-buzones-300x266.webp 300w, https:\/\/www.corporacionbi.com\/gt\/frcl\/wp-content\/uploads\/2025\/08\/apoya-con-tu-donacion-en-los-buzones-14x12.webp 14w, https:\/\/www.corporacionbi.com\/gt\/frcl\/wp-content\/uploads\/2025\/08\/apoya-con-tu-donacion-en-los-buzones.webp 718w\" sizes=\"(max-width: 300px) 100vw, 300px\" \/><\/div>\n\t\t<\/figure>\n\t<\/div>\n<style type=\"text\/css\"> .vc_column_1369257420:not(.vc_parallax):not(.jarallax) { overflow: center!important; position: relative; }<\/style><\/div><\/div><\/div><div class=\"wpb_column vc_column_container vc_col-sm-6\"><div class=\"vc_column-inner vc_custom_1754689790904\"><div class=\"wpb_wrapper\"><div class=\"bi-icons-widget  biw-98ab27455334  \" style=\"text-align:center; display:flex; flex-direction:column; align-items:center; justify-content:flex-start; width:100%;\"><div class=\"bi-icons-w-icon_container \" style=\"line-height: normal;\"><span class=\"bi-icons bi-icons-corazon  biw-icon-98ab27455334 \"><\/span><\/div><div class=\"bi-icons-w-container_text\"><\/div><\/div>\n\t<div class=\"wpb_text_column wpb_content_element\" >\n\t\t<div class=\"wpb_wrapper\">\n\t\t\t<p style=\"text-align: center;\"><span style=\"color: #245779; font-size: 24px;\">Apoya con tu donaci\u00f3n en los buzones de supermercados La Torre. <strong>\u00a1Encu\u00e9ntranos en Ciudad de Guatemala y Zonas Metropolitanas!<\/strong><\/span><\/p>\n\n\t\t<\/div>\n\t<\/div>\n<\/div><\/div><\/div><style type=\"text\/css\"> .vc_row_2021950572:not(.vc_parallax):not(.jarallax) { overflow: center!important; position: relative; }<\/style><\/div>\r\n            \r\n            <div class=\"sh-empty-space vc_empty_space sh-empty-space-AJIRkowsPl  \" style=\"height: 40px\">\r\n                <span class=\"vc_empty_space_inner\"><\/span>\r\n            <\/div>\r\n\r\n        <style type=\"text\/css\"> .vc_column_847145872:not(.vc_parallax):not(.jarallax) { overflow: center!important; position: relative; }<\/style><\/div><\/div><\/div><style type=\"text\/css\"> .vc_row_816781766:not(.vc_parallax) { overflow: center!important; position: relative; }<\/style><\/div><\/section><section class=\"vc_section vc_custom_1754409442338\"><div class=\"vc_row wpb_row vc_row-fluid vc_row-o-equal-height vc_row-flex vc_row_1274631409\"><div class=\"wpb_column vc_column_container vc_col-sm-4 vc_column_539210394\"><div class=\"vc_column-inner \"><div class=\"wpb_wrapper\"><div class=\"vc_btn3-container  btn-supermercados vc_btn3-center vc_do_btn\" id=\"todos\" ><button class=\"vc_general vc_btn3 vc_btn3-size-sm vc_btn3-shape-rounded vc_btn3-style-modern vc_btn3-color-grey\">Todas las ubicaciones<\/button><\/div><style type=\"text\/css\"> .vc_column_539210394:not(.vc_parallax):not(.jarallax) { overflow: center!important; position: relative; }<\/style><\/div><\/div><\/div><div class=\"wpb_column vc_column_container vc_col-sm-4 vc_column_281957155\"><div class=\"vc_column-inner \"><div class=\"wpb_wrapper\"><div class=\"vc_btn3-container  btn-supermercados vc_btn3-center vc_do_btn\" id=\"ciudad\" ><button class=\"vc_general vc_btn3 vc_btn3-size-sm vc_btn3-shape-rounded vc_btn3-style-modern vc_btn3-color-grey\">Ciudad de Guatemala<\/button><\/div><style type=\"text\/css\"> .vc_column_281957155:not(.vc_parallax):not(.jarallax) { overflow: center!important; position: relative; }<\/style><\/div><\/div><\/div><div class=\"wpb_column vc_column_container vc_col-sm-4 vc_column_110508814\"><div class=\"vc_column-inner \"><div class=\"wpb_wrapper\"><div class=\"vc_btn3-container  btn-supermercados vc_btn3-center vc_do_btn\" id=\"metropolitana\" ><button class=\"vc_general vc_btn3 vc_btn3-size-sm vc_btn3-shape-rounded vc_btn3-style-modern vc_btn3-color-grey\">Zona Metropolitana<\/button><\/div><style type=\"text\/css\"> .vc_column_110508814:not(.vc_parallax):not(.jarallax) { overflow: center!important; position: relative; }<\/style><\/div><\/div><\/div><\/div><\/section><section class=\"vc_section\"><div class=\"vc_row wpb_row vc_row-fluid todos activo vc_row_858961471\"><div class=\"contenedor-a wpb_column vc_column_container vc_col-sm-12 vc_hidden-lg vc_hidden-md\"><div class=\"vc_column-inner \"><div class=\"wpb_wrapper\"><div class=\"vc_tta-container\" data-vc-action=\"collapse\"><div class=\"vc_general vc_tta vc_tta-accordion vc_tta-color-grey vc_tta-style-classic vc_tta-shape-rounded vc_tta-spacing-10 vc_tta-controls-align-default  acordion-todos-1\"><div class=\"vc_tta-panels-container\"><div class=\"vc_tta-panels\"><div class=\"vc_tta-panel\" id=\"1754511351442-616123ad-c508\" data-vc-content=\".vc_tta-panel-body\"><div class=\"vc_tta-panel-heading\"><h4 class=\"vc_tta-panel-title\"><a href=\"#1754511351442-616123ad-c508\" data-vc-accordion data-vc-container=\".vc_tta-container\"><span class=\"vc_tta-title-text\">La Torre Zona 10<\/span><\/a><\/h4><\/div><div class=\"vc_tta-panel-body\"><div class=\"vc_row wpb_row vc_inner vc_row-fluid vc_row_1220699670\"><div class=\"cards-supermecados wpb_column vc_column_container vc_col-sm-12\"><div class=\"vc_column-inner \"><div class=\"wpb_wrapper\">\n\t<div class=\"wpb_raw_code wpb_raw_html wpb_content_element texto-card\" >\n\t\t<div class=\"wpb_wrapper\">\n\t\t\t<p>\n<strong>La Torre Zona 10<\/strong>\n<br>\nDirecci\u00f3n: Calle Real de Villa 14-14, Zona 10<br>\n14.59773,-90.50723\n<\/p>\n<div class=\"ubicaciones\">\n    <a href=\"https:\/\/www.waze.com\/es\/live-map\/directions?navigate=yes&amp;to=ll.14.59773%2C-90.50723\" target=\"_blank\" rel=\"noopener\">\n<img decoding=\"async\" class=\"img-waze\" src=\"https:\/\/www.corporacionbi.com\/gt\/frcl\/wp-content\/uploads\/2025\/08\/waze.png\" alt=\"Ir a Waze\" \/>\n<\/a>\n<a href=\"https:\/\/www.google.com\/maps\/place\/14%C2%B035&#039;51.8%22N+90%C2%B030&#039;26.0%22W\/@14.59773,-90.50723,17z\/data=!3m1!4b1!4m4!3m3!8m2!3d14.59773!4d-90.50723?entry=ttu&amp;g_ep=EgoyMDI1MDgwNi4wIKXMDSoASAFQAw%3D%3D\" target=\"_blank\" rel=\"noopener\"><img decoding=\"async\" class=\"img-maps\" src=\"https:\/\/www.corporacionbi.com\/gt\/frcl\/wp-content\/uploads\/2025\/08\/google-maps.png\" alt=\"Ir a Google Maps\" \/>\n<\/a>\n<\/div>\n\n\t\t<\/div>\n\t<\/div>\n<\/div><\/div><\/div><style type=\"text\/css\"> .vc_row_1220699670:not(.vc_parallax):not(.jarallax) { overflow: center!important; position: relative; }<\/style><\/div><\/div><\/div><div class=\"vc_tta-panel\" id=\"1754511351443-2bd7de8e-ccac\" data-vc-content=\".vc_tta-panel-body\"><div class=\"vc_tta-panel-heading\"><h4 class=\"vc_tta-panel-title\"><a href=\"#1754511351443-2bd7de8e-ccac\" data-vc-accordion data-vc-container=\".vc_tta-container\"><span class=\"vc_tta-title-text\">La Torre Zona 14<\/span><\/a><\/h4><\/div><div class=\"vc_tta-panel-body\"><div class=\"vc_row wpb_row vc_inner vc_row-fluid vc_row_911969196\"><div class=\"cards-supermecados wpb_column vc_column_container vc_col-sm-12\"><div class=\"vc_column-inner \"><div class=\"wpb_wrapper\">\n\t<div class=\"wpb_raw_code wpb_raw_html wpb_content_element texto-card\" >\n\t\t<div class=\"wpb_wrapper\">\n\t\t\t<p>\n  <strong>La Torre Zona 14<\/strong><br>\n Direcci\u00f3n: Avenida Las Am\u00e9ricas 6-69, Zona 14<br>\n  14.58946,-90.51932\n \n<\/p>\n<div class=\"ubicaciones\">\n  <a href=\"https:\/\/www.waze.com\/es\/live-map\/directions?navigate=yes&amp;to=ll.14.58946%2C-90.51932\" target=\"_blank\" rel=\"noopener\">\n    <img decoding=\"async\" class=\"img-waze\" src=\"https:\/\/www.corporacionbi.com\/gt\/frcl\/wp-content\/uploads\/2025\/08\/waze.png\" alt=\"Ir a Waze\" \/>\n  <\/a>\n  <a href=\"https:\/\/www.google.com\/maps\/place\/14%C2%B035&#039;22.1%22N+90%C2%B031&#039;09.6%22W\/@14.58946,-90.51932,17z\/data=!3m1!4b1!4m4!3m3!8m2!3d14.58946!4d-90.51932?entry=ttu&amp;g_ep=EgoyMDI1MDgwNi4wIKXMDSoASAFQAw%3D%3D\" target=\"_blank\" rel=\"noopener\">\n    <img decoding=\"async\" class=\"img-maps\" src=\"https:\/\/www.corporacionbi.com\/gt\/frcl\/wp-content\/uploads\/2025\/08\/google-maps.png\" alt=\"Ir a Google Maps\" \/>\n  <\/a>\n<\/div>\n\n\t\t<\/div>\n\t<\/div>\n<\/div><\/div><\/div><style type=\"text\/css\"> .vc_row_911969196:not(.vc_parallax):not(.jarallax) { overflow: center!important; position: relative; }<\/style><\/div><\/div><\/div><div class=\"vc_tta-panel\" id=\"1754511351444-3c377ca4-4575\" data-vc-content=\".vc_tta-panel-body\"><div class=\"vc_tta-panel-heading\"><h4 class=\"vc_tta-panel-title\"><a href=\"#1754511351444-3c377ca4-4575\" data-vc-accordion data-vc-container=\".vc_tta-container\"><span class=\"vc_tta-title-text\">La Torre Roosevelt<\/span><\/a><\/h4><\/div><div class=\"vc_tta-panel-body\"><div class=\"vc_row wpb_row vc_inner vc_row-fluid vc_row_182077938\"><div class=\"cards-supermecados wpb_column vc_column_container vc_col-sm-12\"><div class=\"vc_column-inner \"><div class=\"wpb_wrapper\">\n\t<div class=\"wpb_raw_code wpb_raw_html wpb_content_element texto-card\" >\n\t\t<div class=\"wpb_wrapper\">\n\t\t\t<p>\n  <strong>La Torre Roosevelt<\/strong><br>\nDirecci\u00f3n:  Calzada Roosevelt 12-76, Zona 7, Guatemala<br>\n14.6425926,-90.5192915 \n<\/p>\n<div class=\"ubicaciones\">\n  <a href=\"https:\/\/www.waze.com\/es\/live-map\/directions?navigate=yes&amp;to=ll.14.6425926%2C-90.5192915\" target=\"_blank\" rel=\"noopener\">\n    <img decoding=\"async\" class=\"img-waze\" src=\"https:\/\/www.corporacionbi.com\/gt\/frcl\/wp-content\/uploads\/2025\/08\/waze.png\" alt=\"Ir a Waze\" \/>\n  <\/a>\n  <a href=\"https:\/\/www.google.com\/maps\/place\/14%C2%B038&#039;33.3%22N+90%C2%B031&#039;09.5%22W\/@14.6425926,-90.5192915,17z\/data=!3m1!4b1!4m4!3m3!8m2!3d14.6425926!4d-90.5192915?entry=ttu&amp;g_ep=EgoyMDI1MDgxMC4wIKXMDSoASAFQAw%3D%3D\" target=\"_blank\" rel=\"noopener\">\n    <img decoding=\"async\" class=\"img-maps\" src=\"https:\/\/www.corporacionbi.com\/gt\/frcl\/wp-content\/uploads\/2025\/08\/google-maps.png\" alt=\"Ir a Google Maps\" \/>\n  <\/a>\n<\/div>\n\n\t\t<\/div>\n\t<\/div>\n<\/div><\/div><\/div><style type=\"text\/css\"> .vc_row_182077938:not(.vc_parallax):not(.jarallax) { overflow: center!important; position: relative; }<\/style><\/div><\/div><\/div><div class=\"vc_tta-panel\" id=\"1754511351445-7f7f9507-5897\" data-vc-content=\".vc_tta-panel-body\"><div class=\"vc_tta-panel-heading\"><h4 class=\"vc_tta-panel-title\"><a href=\"#1754511351445-7f7f9507-5897\" data-vc-accordion data-vc-container=\".vc_tta-container\"><span class=\"vc_tta-title-text\">La Torre Miraflores<\/span><\/a><\/h4><\/div><div class=\"vc_tta-panel-body\"><div class=\"vc_row wpb_row vc_inner vc_row-fluid vc_row_1918909904\"><div class=\"cards-supermecados wpb_column vc_column_container vc_col-sm-12\"><div class=\"vc_column-inner \"><div class=\"wpb_wrapper\">\n\t<div class=\"wpb_raw_code wpb_raw_html wpb_content_element texto-card\" >\n\t\t<div class=\"wpb_wrapper\">\n\t\t\t<p>\n  <strong>La Torre Miraflores<\/strong><br>\n Direcci\u00f3n:  C.C. Miraflores, Zona 11, Locales 106 y 106A, S\u00f3tano 1<br>\n14.619876,-90.553919 \n<\/p>\n<div class=\"ubicaciones\">\n  <a href=\"https:\/\/www.waze.com\/es\/live-map\/directions?navigate=yes&amp;to=ll.14.619876%2C-90.553919\" target=\"_blank\" rel=\"noopener\">\n    <img decoding=\"async\" class=\"img-waze\" src=\"https:\/\/www.corporacionbi.com\/gt\/frcl\/wp-content\/uploads\/2025\/08\/waze.png\" alt=\"Ir a Waze\" \/>\n  <\/a>\n  <a href=\"https:\/\/www.google.com\/maps\/place\/14%C2%B037&#039;11.6%22N+90%C2%B033&#039;14.1%22W\/@14.619876,-90.553919,17z\/data=!3m1!4b1!4m4!3m3!8m2!3d14.619876!4d-90.553919?entry=ttu&amp;g_ep=EgoyMDI1MDgxMC4wIKXMDSoASAFQAw%3D%3D\" target=\"_blank\" rel=\"noopener\">\n    <img decoding=\"async\" class=\"img-maps\" src=\"https:\/\/www.corporacionbi.com\/gt\/frcl\/wp-content\/uploads\/2025\/08\/google-maps.png\" alt=\"Ir a Google Maps\" \/>\n  <\/a>\n<\/div>\n\n\t\t<\/div>\n\t<\/div>\n<\/div><\/div><\/div><style type=\"text\/css\"> .vc_row_1918909904:not(.vc_parallax):not(.jarallax) { overflow: center!important; position: relative; }<\/style><\/div><\/div><\/div><div class=\"vc_tta-panel\" id=\"1754511351445-fa79f9f0-0433\" data-vc-content=\".vc_tta-panel-body\"><div class=\"vc_tta-panel-heading\"><h4 class=\"vc_tta-panel-title\"><a href=\"#1754511351445-fa79f9f0-0433\" data-vc-accordion data-vc-container=\".vc_tta-container\"><span class=\"vc_tta-title-text\">La Torre Mariscal 2<\/span><\/a><\/h4><\/div><div class=\"vc_tta-panel-body\"><div class=\"vc_row wpb_row vc_inner vc_row-fluid vc_row_1256571410\"><div class=\"cards-supermecados wpb_column vc_column_container vc_col-sm-12\"><div class=\"vc_column-inner \"><div class=\"wpb_wrapper\">\n\t<div class=\"wpb_raw_code wpb_raw_html wpb_content_element texto-card\" >\n\t\t<div class=\"wpb_wrapper\">\n\t\t\t<p>\n  <strong>La Torre Mariscal 2<\/strong><br>\n Direcci\u00f3n: Diagonal 17 (Avenida Mariscal) 23-50, Colonia Mariscal, Zona 11<br>\n 14.602631,-90.55714\n<\/p>\n<div class=\"ubicaciones\">\n  <a href=\"https:\/\/www.waze.com\/es\/live-map\/directions?navigate=yes&amp;to=ll.14.602631%2C-90.55714\" target=\"_blank\" rel=\"noopener\">\n    <img decoding=\"async\" class=\"img-waze\" src=\"https:\/\/www.corporacionbi.com\/gt\/frcl\/wp-content\/uploads\/2025\/08\/waze.png\" alt=\"Ir a Waze\" \/>\n  <\/a>\n  <a href=\" https:\/\/www.google.com\/maps\/search\/?api=1&query=Diagonal+17+23-50+Colonia+Mariscal+Zona+11+Guatemala\" target=\"_blank\" rel=\"noopener\">\n    <img decoding=\"async\" class=\"img-maps\" src=\"https:\/\/www.corporacionbi.com\/gt\/frcl\/wp-content\/uploads\/2025\/08\/google-maps.png\" alt=\"Ir a Google Maps\" \/>\n  <\/a>\n<\/div>\n\n\t\t<\/div>\n\t<\/div>\n<\/div><\/div><\/div><style type=\"text\/css\"> .vc_row_1256571410:not(.vc_parallax):not(.jarallax) { overflow: center!important; position: relative; }<\/style><\/div><\/div><\/div><div class=\"vc_tta-panel\" id=\"1754511351446-0e652fb1-d64d\" data-vc-content=\".vc_tta-panel-body\"><div class=\"vc_tta-panel-heading\"><h4 class=\"vc_tta-panel-title\"><a href=\"#1754511351446-0e652fb1-d64d\" data-vc-accordion data-vc-container=\".vc_tta-container\"><span class=\"vc_tta-title-text\">La Torre Zona 15<\/span><\/a><\/h4><\/div><div class=\"vc_tta-panel-body\"><div class=\"vc_row wpb_row vc_inner vc_row-fluid vc_row_1694373821\"><div class=\"cards-supermecados wpb_column vc_column_container vc_col-sm-12\"><div class=\"vc_column-inner \"><div class=\"wpb_wrapper\">\n\t<div class=\"wpb_raw_code wpb_raw_html wpb_content_element texto-card\" >\n\t\t<div class=\"wpb_wrapper\">\n\t\t\t<p>\n  <strong>La Torre Zona 15<\/strong><br>\n Direcci\u00f3n: 2\u00aa Calle 18-30, Vista Hermosa II, Zona 15<br>\n14.59363,-90.49453\n<\/p>\n<div class=\"ubicaciones\" style= \"padding-top:18px\">\n  <a href=\"https:\/\/www.waze.com\/es\/live-map\/directions?navigate=yes&amp;to=ll.14.59363%2C-90.49453\" target=\"_blank\" rel=\"noopener\">\n    <img decoding=\"async\" class=\"img-waze\" src=\"https:\/\/www.corporacionbi.com\/gt\/frcl\/wp-content\/uploads\/2025\/08\/waze.png\" alt=\"Ir a Waze\" \/>\n  <\/a>\n  <a href=\"https:\/\/www.google.com\/maps\/search\/?api=1&amp;query=14.59363,-90.49453\" target=\"_blank\" rel=\"noopener\">\n    <img decoding=\"async\" class=\"img-maps\" src=\"https:\/\/www.corporacionbi.com\/gt\/frcl\/wp-content\/uploads\/2025\/08\/google-maps.png\" alt=\"Ir a Google Maps\" \/>\n  <\/a>\n<\/div>\n\n\t\t<\/div>\n\t<\/div>\n<\/div><\/div><\/div><style type=\"text\/css\"> .vc_row_1694373821:not(.vc_parallax):not(.jarallax) { overflow: center!important; position: relative; }<\/style><\/div><\/div><\/div><div class=\"vc_tta-panel\" id=\"1754511351446-37588a73-a224\" data-vc-content=\".vc_tta-panel-body\"><div class=\"vc_tta-panel-heading\"><h4 class=\"vc_tta-panel-title\"><a href=\"#1754511351446-37588a73-a224\" data-vc-accordion data-vc-container=\".vc_tta-container\"><span class=\"vc_tta-title-text\">La Torre Oakland<\/span><\/a><\/h4><\/div><div class=\"vc_tta-panel-body\"><div class=\"vc_row wpb_row vc_inner vc_row-fluid vc_row_1999548466\"><div class=\"cards-supermecados wpb_column vc_column_container vc_col-sm-12\"><div class=\"vc_column-inner \"><div class=\"wpb_wrapper\">\n\t<div class=\"wpb_raw_code wpb_raw_html wpb_content_element texto-card\" >\n\t\t<div class=\"wpb_wrapper\">\n\t\t\t<p>\n  <strong>La Torre Oakland<\/strong><br>\n Direcci\u00f3n: Diagonal 6, 12-51, C.C. Oakland Mall, Planta Baja, Ancla 3, Zona 10, Colonia Las Margaritas<br>\n  14.60093565,-90.50692814\n\n<\/p>\n<div class=\"ubicaciones\">\n  <a href=\"https:\/\/www.waze.com\/es\/live-map\/directions?navigate=yes&amp;to=ll.14.60093565%2C-90.50692814 \" target=\"_blank\" rel=\"noopener\">\n    <img decoding=\"async\" class=\"img-waze\" src=\"https:\/\/www.corporacionbi.com\/gt\/frcl\/wp-content\/uploads\/2025\/08\/waze.png\" alt=\"Ir a Waze\" \/>\n  <\/a>\n  <a href=\"https:\/\/www.google.com\/maps\/search\/?api=1&amp;query=14.6009356542391,-90.5069281423277\" target=\"_blank\" rel=\"noopener\">\n    <img decoding=\"async\" class=\"img-maps\" src=\"https:\/\/www.corporacionbi.com\/gt\/frcl\/wp-content\/uploads\/2025\/08\/google-maps.png\" alt=\"Ir a Google Maps\" \/>\n  <\/a>\n<\/div>\n\n\t\t<\/div>\n\t<\/div>\n<\/div><\/div><\/div><style type=\"text\/css\"> .vc_row_1999548466:not(.vc_parallax):not(.jarallax) { overflow: center!important; position: relative; }<\/style><\/div><\/div><\/div><div class=\"vc_tta-panel\" id=\"1754517071979-d0f791d4-2b0f\" data-vc-content=\".vc_tta-panel-body\"><div class=\"vc_tta-panel-heading\"><h4 class=\"vc_tta-panel-title\"><a href=\"#1754517071979-d0f791d4-2b0f\" data-vc-accordion data-vc-container=\".vc_tta-container\"><span class=\"vc_tta-title-text\">La Torre Cayal\u00e1<\/span><\/a><\/h4><\/div><div class=\"vc_tta-panel-body\"><div class=\"vc_row wpb_row vc_inner vc_row-fluid vc_row_310777266\"><div class=\"cards-supermecados wpb_column vc_column_container vc_col-sm-12\"><div class=\"vc_column-inner \"><div class=\"wpb_wrapper\">\n\t<div class=\"wpb_raw_code wpb_raw_html wpb_content_element texto-card\" >\n\t\t<div class=\"wpb_wrapper\">\n\t\t\t<p>\n  <strong>La Torre Cayal\u00e1<\/strong><br>\nDirecci\u00f3n: Boulevard Rafael Land\u00edvar 10-05, Zona 16, C.C. Paseo Cayal\u00e1, Edificio A1, Ciudad de Guatemala <br>\n14.60829,-90.48784\n<\/p>\n<div class=\"ubicaciones\">\n  <a href=\"https:\/\/www.waze.com\/es\/live-map\/directions?navigate=yes&amp;to=ll.14.60829%2C-90.48784\" target=\"_blank\" rel=\"noopener\">\n    <img decoding=\"async\" class=\"img-waze\" src=\"https:\/\/www.corporacionbi.com\/gt\/frcl\/wp-content\/uploads\/2025\/08\/waze.png\" alt=\"Ir a Waze\" \/>\n  <\/a>\n  <a href=\"https:\/\/www.google.com\/maps\/place\/14%C2%B036&#039;29.8%22N+90%C2%B029&#039;16.2%22W\/@14.60829,-90.48784,17z\/data=!3m1!4b1!4m4!3m3!8m2!3d14.60829!4d-90.48784?entry=ttu&amp;g_ep=EgoyMDI1MDgwNi4wIKXMDSoASAFQAw%3D%3D\" target=\"_blank\" rel=\"noopener\">\n    <img decoding=\"async\" class=\"img-maps\" src=\"https:\/\/www.corporacionbi.com\/gt\/frcl\/wp-content\/uploads\/2025\/08\/google-maps.png\" alt=\"Ir a Google Maps\" \/>\n  <\/a>\n<\/div>\n\n\t\t<\/div>\n\t<\/div>\n<\/div><\/div><\/div><style type=\"text\/css\"> .vc_row_310777266:not(.vc_parallax):not(.jarallax) { overflow: center!important; position: relative; }<\/style><\/div><\/div><\/div><\/div><\/div><\/div><\/div><div class=\"vc_tta-container\" data-vc-action=\"collapse\"><div class=\"vc_general vc_tta vc_tta-accordion vc_tta-color-grey vc_tta-style-classic vc_tta-shape-rounded vc_tta-spacing-10 vc_tta-controls-align-default  acordion-todos-2\"><div class=\"vc_tta-panels-container\"><div class=\"vc_tta-panels\"><div class=\"vc_tta-panel\" id=\"1754492766512-0cd89d87-394d\" data-vc-content=\".vc_tta-panel-body\"><div class=\"vc_tta-panel-heading\"><h4 class=\"vc_tta-panel-title\"><a href=\"#1754492766512-0cd89d87-394d\" data-vc-accordion data-vc-container=\".vc_tta-container\"><span class=\"vc_tta-title-text\">La Torre Cayal\u00e1 2<\/span><\/a><\/h4><\/div><div class=\"vc_tta-panel-body\"><div class=\"vc_row wpb_row vc_inner vc_row-fluid vc_row_2038562666\"><div class=\"cards-supermecados wpb_column vc_column_container vc_col-sm-12\"><div class=\"vc_column-inner \"><div class=\"wpb_wrapper\">\n\t<div class=\"wpb_raw_code wpb_raw_html wpb_content_element texto-card\" >\n\t\t<div class=\"wpb_wrapper\">\n\t\t\t<p>\n  <strong>La Torre Cayal\u00e1 2<\/strong><br>\nDirecci\u00f3n: 15\u00aa Avenida 05-50, Col. Vista Hermosa III, Zona 15, Ciudad de Guatemala <br>\n14.605463,-90.494747\n<\/p>\n<div class=\"ubicaciones\">\n  <a href=\"https:\/\/www.waze.com\/es\/live-map\/directions?navigate=yes&amp;to=ll.14.605463%2C-90.494747\" target=\"_blank\" rel=\"noopener\">\n    <img decoding=\"async\" class=\"img-waze\" src=\"https:\/\/www.corporacionbi.com\/gt\/frcl\/wp-content\/uploads\/2025\/08\/waze.png\" alt=\"Ir a Waze\" \/>\n  <\/a>\n  <a href=\"https:\/\/www.google.com\/maps\/search\/?api=1&amp;query=14.605463,-90.494747\" target=\"_blank\" rel=\"noopener\">\n    <img decoding=\"async\" class=\"img-maps\" src=\"https:\/\/www.corporacionbi.com\/gt\/frcl\/wp-content\/uploads\/2025\/08\/google-maps.png\" alt=\"Ir a Google Maps\" \/>\n  <\/a>\n<\/div>\n\n\t\t<\/div>\n\t<\/div>\n<\/div><\/div><\/div><style type=\"text\/css\"> .vc_row_2038562666:not(.vc_parallax):not(.jarallax) { overflow: center!important; position: relative; }<\/style><\/div><\/div><\/div><div class=\"vc_tta-panel\" id=\"1754492766513-ec9f8fe6-b005\" data-vc-content=\".vc_tta-panel-body\"><div class=\"vc_tta-panel-heading\"><h4 class=\"vc_tta-panel-title\"><a href=\"#1754492766513-ec9f8fe6-b005\" data-vc-accordion data-vc-container=\".vc_tta-container\"><span class=\"vc_tta-title-text\">La Torre El Naranjo (Mixco)<\/span><\/a><\/h4><\/div><div class=\"vc_tta-panel-body\"><div class=\"vc_row wpb_row vc_inner vc_row-fluid vc_row_1323347320\"><div class=\"cards-supermecados wpb_column vc_column_container vc_col-sm-12\"><div class=\"vc_column-inner \"><div class=\"wpb_wrapper\">\n\t<div class=\"wpb_raw_code wpb_raw_html wpb_content_element texto-card\" >\n\t\t<div class=\"wpb_wrapper\">\n\t\t\t<p>\n  <strong>La Torre El Naranjo (Mixco) <\/strong><br>\n Direcci\u00f3n: 23\u00aa Calle 10-00, Zona 4 Mixco, Condado El Naranjo, C.C. Naranjo Mall, Local 102, Guatemala <br>\n14.65074,-90.54191\n<\/p>\n<div class=\"ubicaciones\">\n  <a href=\"https:\/\/www.waze.com\/es\/live-map\/directions?navigate=yes&amp;to=ll.14.65074%2C-90.54191 \" target=\"_blank\" rel=\"noopener\">\n    <img decoding=\"async\" class=\"img-waze\" src=\"https:\/\/www.corporacionbi.com\/gt\/frcl\/wp-content\/uploads\/2025\/08\/waze.png\" alt=\"Ir a Waze\" \/>\n  <\/a>\n  <a href=\"https:\/\/www.google.com\/maps\/place\/14%C2%B039&#039;02.7%22N+90%C2%B032&#039;30.9%22W\/@14.65074,-90.54191,17z\/data=!3m1!4b1!4m4!3m3!8m2!3d14.65074!4d-90.54191?entry=ttu&amp;g_ep=EgoyMDI1MDgxMC4wIKXMDSoASAFQAw%3D%3D\" target=\"_blank\" rel=\"noopener\">\n    <img decoding=\"async\" class=\"img-maps\" src=\"https:\/\/www.corporacionbi.com\/gt\/frcl\/wp-content\/uploads\/2025\/08\/google-maps.png\" alt=\"Ir a Google Maps\" \/>\n  <\/a>\n<\/div>\n\n\t\t<\/div>\n\t<\/div>\n<\/div><\/div><\/div><style type=\"text\/css\"> .vc_row_1323347320:not(.vc_parallax):not(.jarallax) { overflow: center!important; position: relative; }<\/style><\/div><\/div><\/div><div class=\"vc_tta-panel\" id=\"1754492766513-54e90633-6a4b\" data-vc-content=\".vc_tta-panel-body\"><div class=\"vc_tta-panel-heading\"><h4 class=\"vc_tta-panel-title\"><a href=\"#1754492766513-54e90633-6a4b\" data-vc-accordion data-vc-container=\".vc_tta-container\"><span class=\"vc_tta-title-text\">La Torre SanKris (Zona 8)<\/span><\/a><\/h4><\/div><div class=\"vc_tta-panel-body\"><div class=\"vc_row wpb_row vc_inner vc_row-fluid vc_row_771134038\"><div class=\"cards-supermecados wpb_column vc_column_container vc_col-sm-12\"><div class=\"vc_column-inner \"><div class=\"wpb_wrapper\">\n\t<div class=\"wpb_raw_code wpb_raw_html wpb_content_element texto-card\" >\n\t\t<div class=\"wpb_wrapper\">\n\t\t\t<p>\n  <strong>La Torre SanKris (Zona 8) <\/strong><br>\n Direcci\u00f3n: Blvd. San Crist\u00f3bal, 3\u00aa Calle 6-72, Sector A3, Zona 8, C.C. SanKris, Local 103, Guatemala <br>\n14.61178,-90.59808\n\n<\/p>\n<div class=\"ubicaciones\">\n  <a href=\"https:\/\/www.waze.com\/es\/live-map\/directions?navigate=yes&amp;to=ll.14.61178%2C-90.59808\" target=\"_blank\" rel=\"noopener\">\n    <img decoding=\"async\" class=\"img-waze\" src=\"https:\/\/www.corporacionbi.com\/gt\/frcl\/wp-content\/uploads\/2025\/08\/waze.png\" alt=\"Ir a Waze\" \/>\n  <\/a>\n  <a href=\"https:\/\/www.google.com\/maps\/place\/14%C2%B036&#039;42.4%22N+90%C2%B035&#039;53.1%22W\/@14.61178,-90.59808,17z\/data=!3m1!4b1!4m4!3m3!8m2!3d14.61178!4d-90.59808?entry=ttu&amp;g_ep=EgoyMDI1MDgxMC4wIKXMDSoASAFQAw%3D%3D\" target=\"_blank\" rel=\"noopener\">\n    <img decoding=\"async\" class=\"img-maps\" src=\"https:\/\/www.corporacionbi.com\/gt\/frcl\/wp-content\/uploads\/2025\/08\/google-maps.png\" alt=\"Ir a Google Maps\" \/>\n  <\/a>\n<\/div>\n\n\t\t<\/div>\n\t<\/div>\n<\/div><\/div><\/div><style type=\"text\/css\"> .vc_row_771134038:not(.vc_parallax):not(.jarallax) { overflow: center!important; position: relative; }<\/style><\/div><\/div><\/div><div class=\"vc_tta-panel\" id=\"1754492766514-5fb92c87-1e6c\" data-vc-content=\".vc_tta-panel-body\"><div class=\"vc_tta-panel-heading\"><h4 class=\"vc_tta-panel-title\"><a href=\"#1754492766514-5fb92c87-1e6c\" data-vc-accordion data-vc-container=\".vc_tta-container\"><span class=\"vc_tta-title-text\">La Torre Zona 16 (Plaza San Fernando)<\/span><\/a><\/h4><\/div><div class=\"vc_tta-panel-body\"><div class=\"vc_row wpb_row vc_inner vc_row-fluid vc_row_1237641372\"><div class=\"cards-supermecados wpb_column vc_column_container vc_col-sm-12\"><div class=\"vc_column-inner \"><div class=\"wpb_wrapper\">\n\t<div class=\"wpb_raw_code wpb_raw_html wpb_content_element texto-card\" >\n\t\t<div class=\"wpb_wrapper\">\n\t\t\t<p>\n  <strong>La Torre Zona 16 (Plaza San Fernando)  <\/strong><br>\n Direcci\u00f3n: 24\u00aa Calle 14-00, Zona 16 (Blvd. Hospital Militar), C.C. Paseo Plaza San Fernando, Ciudad de Guatemala  <br>\n 14.6241,-90.46872\n\n<\/p>\n<div class=\"ubicaciones\">\n  <a href=\"https:\/\/www.waze.com\/es\/live-map\/directions?navigate=yes&amp;to=ll.14.6241%2C-90.46872\" target=\"_blank\" rel=\"noopener\">\n    <img decoding=\"async\" class=\"img-waze\" src=\"https:\/\/www.corporacionbi.com\/gt\/frcl\/wp-content\/uploads\/2025\/08\/waze.png\" alt=\"Ir a Waze\" \/>\n  <\/a>\n  <a href=\"https:\/\/www.google.com\/maps\/search\/?api=1&amp;query=14.6241,-90.46872\" target=\"_blank\" rel=\"noopener\">\n    <img decoding=\"async\" class=\"img-maps\" src=\"https:\/\/www.corporacionbi.com\/gt\/frcl\/wp-content\/uploads\/2025\/08\/google-maps.png\" alt=\"Ir a Google Maps\" \/>\n  <\/a>\n<\/div>\n\n\t\t<\/div>\n\t<\/div>\n<\/div><\/div><\/div><style type=\"text\/css\"> .vc_row_1237641372:not(.vc_parallax):not(.jarallax) { overflow: center!important; position: relative; }<\/style><\/div><\/div><\/div><div class=\"vc_tta-panel\" id=\"1754502871739-419b6199-b516\" data-vc-content=\".vc_tta-panel-body\"><div class=\"vc_tta-panel-heading\"><h4 class=\"vc_tta-panel-title\"><a href=\"#1754502871739-419b6199-b516\" data-vc-accordion data-vc-container=\".vc_tta-container\"><span class=\"vc_tta-title-text\">La Torre Madero (Villa Canales)<\/span><\/a><\/h4><\/div><div class=\"vc_tta-panel-body\"><div class=\"vc_row wpb_row vc_inner vc_row-fluid vc_row_1859574836\"><div class=\"cards-supermecados wpb_column vc_column_container vc_col-sm-12\"><div class=\"vc_column-inner \"><div class=\"wpb_wrapper\">\n\t<div class=\"wpb_raw_code wpb_raw_html wpb_content_element texto-card\" >\n\t\t<div class=\"wpb_wrapper\">\n\t\t\t<p>\n  <strong>La Torre Madero (Villa Canales) <\/strong><br>\n Direcci\u00f3n: Km 21.7, Carretera a El Salvador, Zona 3, C.C. Plaza Madero, Villa Canales, Guatemala <br>\n14.50409,-90.48167\n<\/p>\n<div class=\"ubicaciones\" >\n  <a href=\"https:\/\/www.waze.com\/es\/live-map\/directions?navigate=yes&amp;to=ll.14.50409%2C-90.48167\" target=\"_blank\" rel=\"noopener\">\n    <img decoding=\"async\" class=\"img-waze\" src=\"https:\/\/www.corporacionbi.com\/gt\/frcl\/wp-content\/uploads\/2025\/08\/waze.png\" alt=\"Ir a Waze\" \/>\n  <\/a>\n  <a href=\"https:\/\/www.google.com\/maps\/place\/14%C2%B030&#039;14.7%22N+90%C2%B028&#039;54.0%22W\/@14.50409,-90.48167,17z\/data=!3m1!4b1!4m4!3m3!8m2!3d14.50409!4d-90.48167?entry=ttu&amp;g_ep=EgoyMDI1MDgxMC4wIKXMDSoASAFQAw%3D%3D\" target=\"_blank\" rel=\"noopener\">\n    <img decoding=\"async\" class=\"img-maps\" src=\"https:\/\/www.corporacionbi.com\/gt\/frcl\/wp-content\/uploads\/2025\/08\/google-maps.png\" alt=\"Ir a Google Maps\" \/>\n  <\/a>\n<\/div>\n\n\t\t<\/div>\n\t<\/div>\n<\/div><\/div><\/div><style type=\"text\/css\"> .vc_row_1859574836:not(.vc_parallax):not(.jarallax) { overflow: center!important; position: relative; }<\/style><\/div><\/div><\/div><div class=\"vc_tta-panel\" id=\"1754502876906-2369c1f5-de53\" data-vc-content=\".vc_tta-panel-body\"><div class=\"vc_tta-panel-heading\"><h4 class=\"vc_tta-panel-title\"><a href=\"#1754502876906-2369c1f5-de53\" data-vc-accordion data-vc-container=\".vc_tta-container\"><span class=\"vc_tta-title-text\">La Torre Pr\u00f3ceres (Santa Catarina Pinula)<\/span><\/a><\/h4><\/div><div class=\"vc_tta-panel-body\"><div class=\"vc_row wpb_row vc_inner vc_row-fluid vc_row_2069160211\"><div class=\"cards-supermecados wpb_column vc_column_container vc_col-sm-12\"><div class=\"vc_column-inner \"><div class=\"wpb_wrapper\">\n\t<div class=\"wpb_raw_code wpb_raw_html wpb_content_element texto-card\" >\n\t\t<div class=\"wpb_wrapper\">\n\t\t\t<p>\n  <strong>La Torre Pr\u00f3ceres (Santa Catarina Pinula) <\/strong><br>\nDirecci\u00f3n: Km 6.175, Carretera CA-1 Oriente, Nivel 1, Local A, Santa Catarina Pinula, Guatemala  <br>\n14.57896754,-90.49455036\n\n<\/p>\n<div class=\"ubicaciones\">\n  <a href=\"https:\/\/www.waze.com\/es\/live-map\/directions?navigate=yes&amp;to=ll.14.57896754%2C-90.49455036\" target=\"_blank\" rel=\"noopener\">\n    <img decoding=\"async\" class=\"img-waze\" src=\"https:\/\/www.corporacionbi.com\/gt\/frcl\/wp-content\/uploads\/2025\/08\/waze.png\" alt=\"Ir a Waze\" \/>\n  <\/a>\n  <a href=\"https:\/\/www.google.com\/maps\/search\/?api=1&amp;query=14.578967540820866,-90.49455036393888\n  \" target=\"_blank\" rel=\"noopener\">\n    <img decoding=\"async\" class=\"img-maps\" src=\"https:\/\/www.corporacionbi.com\/gt\/frcl\/wp-content\/uploads\/2025\/08\/google-maps.png\" alt=\"Ir a Google Maps\" \/>\n  <\/a>\n<\/div>\n\n\t\t<\/div>\n\t<\/div>\n<\/div><\/div><\/div><style type=\"text\/css\"> .vc_row_2069160211:not(.vc_parallax):not(.jarallax) { overflow: center!important; position: relative; }<\/style><\/div><\/div><\/div><div class=\"vc_tta-panel\" id=\"1754503281731-5e08f48d-b9f0\" data-vc-content=\".vc_tta-panel-body\"><div class=\"vc_tta-panel-heading\"><h4 class=\"vc_tta-panel-title\"><a href=\"#1754503281731-5e08f48d-b9f0\" data-vc-accordion data-vc-container=\".vc_tta-container\"><span class=\"vc_tta-title-text\">La Torre Muxbal (Santa Catarina Pinula)<\/span><\/a><\/h4><\/div><div class=\"vc_tta-panel-body\"><div class=\"vc_row wpb_row vc_inner vc_row-fluid vc_row_793549242\"><div class=\"cards-supermecados wpb_column vc_column_container vc_col-sm-12\"><div class=\"vc_column-inner \"><div class=\"wpb_wrapper\">\n\t<div class=\"wpb_raw_code wpb_raw_html wpb_content_element texto-card\" >\n\t\t<div class=\"wpb_wrapper\">\n\t\t\t<p>\n  <strong>La Torre Muxbal (Santa Catarina Pinula)  <\/strong><br>\nDirecci\u00f3n: Km 13.5, Antigua Carretera a El Salvador, Lote 20, Finca Los Tilos, Zona 4, Santa Catarina Pinula C.C. Minuto Muxbal, Guatemala  <br>\n14.55986,-90.47226\n<\/p>\n<div class=\"ubicaciones\"  >\n  <a href=\"https:\/\/www.waze.com\/es\/live-map\/directions?navigate=yes&amp;to=ll.14.55986%2C-90.47226\" rel=\"noopener\" target=\"_blank\">\n    <img decoding=\"async\" class=\"img-waze\" src=\"https:\/\/www.corporacionbi.com\/gt\/frcl\/wp-content\/uploads\/2025\/08\/waze.png\" alt=\"Ir a Waze\" \/>\n  <\/a>\n  <a href=\"https:\/\/www.google.com\/maps\/search\/?api=1&amp;query=14.55986,-90.47226\" target=\"_blank\" rel=\"noopener\">\n    <img decoding=\"async\" class=\"img-maps\" src=\"https:\/\/www.corporacionbi.com\/gt\/frcl\/wp-content\/uploads\/2025\/08\/google-maps.png\" alt=\"Ir a Google Maps\" \/>\n  <\/a>\n<\/div>\n\n\t\t<\/div>\n\t<\/div>\n<\/div><\/div><\/div><style type=\"text\/css\"> .vc_row_793549242:not(.vc_parallax):not(.jarallax) { overflow: center!important; position: relative; }<\/style><\/div><\/div><\/div><div class=\"vc_tta-panel\" id=\"1754503327280-aa672245-84cb\" data-vc-content=\".vc_tta-panel-body\"><div class=\"vc_tta-panel-heading\"><h4 class=\"vc_tta-panel-title\"><a href=\"#1754503327280-aa672245-84cb\" data-vc-accordion data-vc-container=\".vc_tta-container\"><span class=\"vc_tta-title-text\">La Torre Arrazola (Fraijanes)<\/span><\/a><\/h4><\/div><div class=\"vc_tta-panel-body\"><div class=\"vc_row wpb_row vc_inner vc_row-fluid vc_row_625156929\"><div class=\"cards-supermecados wpb_column vc_column_container vc_col-sm-12\"><div class=\"vc_column-inner \"><div class=\"wpb_wrapper\">\n\t<div class=\"wpb_raw_code wpb_raw_html wpb_content_element texto-card\" >\n\t\t<div class=\"wpb_wrapper\">\n\t\t\t<p>\n  <strong>La Torre Arrazola (Fraijanes)  <\/strong><br>\nDirecci\u00f3n: 2\u00aa Avenida 11-28, Zona 1, Aldea Don Justo, Km 16.5, Lo de Dieguez, C.C. Plaza Arrazola, Fraijanes   <br>\n14.53934,-90.45293 \n<\/p>\n<div class=\"ubicaciones\" style= \"padding-top:28px\">\n  <a href=\"https:\/\/www.waze.com\/es\/live-map\/directions?navigate=yes&amp;to=ll.14.53934%2C-90.45293\" target=\"_blank\" rel=\"noopener\">\n    <img decoding=\"async\" class=\"img-waze\" src=\"https:\/\/www.corporacionbi.com\/gt\/frcl\/wp-content\/uploads\/2025\/08\/waze.png\" alt=\"Ir a Waze\" \/>\n  <\/a>\n  <a href=\"https:\/\/www.google.com\/maps\/place\/14%C2%B032&#039;21.6%22N+90%C2%B027&#039;10.6%22W\/@14.53934,-90.45293,17z\/data=!3m1!4b1!4m4!3m3!8m2!3d14.53934!4d-90.45293?entry=ttu&amp;g_ep=EgoyMDI1MDgxMC4wIKXMDSoASAFQAw%3D%3D\n  \" target=\"_blank\" rel=\"noopener\">\n    <img decoding=\"async\" class=\"img-maps\" src=\"https:\/\/www.corporacionbi.com\/gt\/frcl\/wp-content\/uploads\/2025\/08\/google-maps.png\" alt=\"Ir a Google Maps\" \/>\n  <\/a>\n<\/div>\n\n\t\t<\/div>\n\t<\/div>\n<\/div><\/div><\/div><style type=\"text\/css\"> .vc_row_625156929:not(.vc_parallax):not(.jarallax) { overflow: center!important; position: relative; }<\/style><\/div><\/div><\/div><div class=\"vc_tta-panel\" id=\"1754515549834-89a730a1-7c50\" data-vc-content=\".vc_tta-panel-body\"><div class=\"vc_tta-panel-heading\"><h4 class=\"vc_tta-panel-title\"><a href=\"#1754515549834-89a730a1-7c50\" data-vc-accordion data-vc-container=\".vc_tta-container\"><span class=\"vc_tta-title-text\">La Torre San Isidro<\/span><\/a><\/h4><\/div><div class=\"vc_tta-panel-body\"><div class=\"vc_row wpb_row vc_inner vc_row-fluid vc_row_1437455361\"><div class=\"cards-supermecados wpb_column vc_column_container vc_col-sm-12\"><div class=\"vc_column-inner \"><div class=\"wpb_wrapper\">\n\t<div class=\"wpb_raw_code wpb_raw_html wpb_content_element texto-card\" >\n\t\t<div class=\"wpb_wrapper\">\n\t\t\t<p>\n  <strong>La Torre San Isidro<\/strong><br>\n Direcci\u00f3n: Diagonal 34, Calle Real de Acat\u00e1n 17-10, Zona 16, Colonia Jardines de San Isidro, Guatemala<br>\n14.60629,-90.46882\n<\/p>\n<div class=\"ubicaciones\">\n  <a href=\"https:\/\/www.waze.com\/es\/live-map\/directions?navigate=yes&amp;to=ll.14.60629%2C-90.46882\" target=\"_blank\" rel=\"noopener\">\n    <img decoding=\"async\" class=\"img-waze\" src=\"https:\/\/www.corporacionbi.com\/gt\/frcl\/wp-content\/uploads\/2025\/08\/waze.png\" alt=\"Ir a Waze\" \/>\n  <\/a>\n  <a href=\"https:\/\/www.google.com\/maps\/place\/14%C2%B036&#039;22.6%22N+90%C2%B028&#039;07.8%22W\/@14.60629,-90.46882,17z\/data=!3m1!4b1!4m4!3m3!8m2!3d14.60629!4d-90.46882?entry=ttu&amp;g_ep=EgoyMDI1MDgxMC4wIKXMDSoASAFQAw%3D%3D\" target=\"_blank\" rel=\"noopener\">\n    <img decoding=\"async\" class=\"img-maps\" src=\"https:\/\/www.corporacionbi.com\/gt\/frcl\/wp-content\/uploads\/2025\/08\/google-maps.png\" alt=\"Ir a Google Maps\" \/>\n  <\/a>\n<\/div>\n\n\t\t<\/div>\n\t<\/div>\n<\/div><\/div><\/div><style type=\"text\/css\"> .vc_row_1437455361:not(.vc_parallax):not(.jarallax) { overflow: center!important; position: relative; }<\/style><\/div><\/div><\/div><\/div><\/div><\/div><\/div><div class=\"vc_row wpb_row vc_inner vc_row-fluid vc_row_748285361\"><div class=\"contenedor-flechas wpb_column vc_column_container vc_col-sm-12\"><div class=\"vc_column-inner \"><div class=\"wpb_wrapper\"><div class=\"bi-icons-widget  biw-81a9b9c5eb11  \" style=\"text-align:left; display:flex; flex-direction:column; align-items:flex-start; justify-content:flex-start; width:100%;\"><div class=\"bi-icons-w-icon_container \" style=\"line-height: normal;\"><span class=\"bi-icons bi-icons-ir-izquierda btn-izquierda biw-icon-81a9b9c5eb11 \"><\/span><\/div><div class=\"bi-icons-w-container_text\"><\/div><\/div><div class=\"bi-icons-widget  biw-b02796bdb48a  \" style=\"text-align:left; display:flex; flex-direction:column; align-items:flex-start; justify-content:flex-start; width:100%;\"><div class=\"bi-icons-w-icon_container \" style=\"line-height: normal;\"><span class=\"bi-icons bi-icons-ir-derecha btn-derecha biw-icon-b02796bdb48a \"><\/span><\/div><div class=\"bi-icons-w-container_text\"><\/div><\/div><\/div><\/div><\/div><style type=\"text\/css\"> .vc_row_748285361:not(.vc_parallax):not(.jarallax) { overflow: center!important; position: relative; }<\/style><\/div><\/div><\/div><\/div><\/div><div class=\"vc_row wpb_row vc_row-fluid ciudad vc_row_1076767423\"><div class=\"contenedor-b wpb_column vc_column_container vc_col-sm-12 vc_hidden-lg vc_hidden-md\"><div class=\"vc_column-inner \"><div class=\"wpb_wrapper\"><div class=\"vc_tta-container\" data-vc-action=\"collapse\"><div class=\"vc_general vc_tta vc_tta-accordion vc_tta-color-grey vc_tta-style-classic vc_tta-shape-rounded vc_tta-spacing-10 vc_tta-controls-align-default  acordion-ciudad-1\"><div class=\"vc_tta-panels-container\"><div class=\"vc_tta-panels\"><div class=\"vc_tta-panel\" id=\"1754945126891-16e7aada-1647\" data-vc-content=\".vc_tta-panel-body\"><div class=\"vc_tta-panel-heading\"><h4 class=\"vc_tta-panel-title\"><a href=\"#1754945126891-16e7aada-1647\" data-vc-accordion data-vc-container=\".vc_tta-container\"><span class=\"vc_tta-title-text\">La Torre Zona 10<\/span><\/a><\/h4><\/div><div class=\"vc_tta-panel-body\"><div class=\"vc_row wpb_row vc_inner vc_row-fluid vc_row_1987017026\"><div class=\"cards-supermecados wpb_column vc_column_container vc_col-sm-12\"><div class=\"vc_column-inner \"><div class=\"wpb_wrapper\">\n\t<div class=\"wpb_raw_code wpb_raw_html wpb_content_element texto-card\" >\n\t\t<div class=\"wpb_wrapper\">\n\t\t\t<p>\n<strong>La Torre Zona 10<\/strong>\n<br>\nDirecci\u00f3n: Calle Real de Villa 14-14, Zona 10<br>\n14.59773,-90.50723\n<\/p>\n<div class=\"ubicaciones\">\n    <a href=\"https:\/\/www.waze.com\/es\/live-map\/directions?navigate=yes&amp;to=ll.14.59773%2C-90.50723\" target=\"_blank\" rel=\"noopener\">\n<img decoding=\"async\" class=\"img-waze\" src=\"https:\/\/www.corporacionbi.com\/gt\/frcl\/wp-content\/uploads\/2025\/08\/waze.png\" alt=\"Ir a Waze\" \/>\n<\/a>\n<a href=\"https:\/\/www.google.com\/maps\/place\/14%C2%B035&#039;51.8%22N+90%C2%B030&#039;26.0%22W\/@14.59773,-90.50723,17z\/data=!3m1!4b1!4m4!3m3!8m2!3d14.59773!4d-90.50723?entry=ttu&amp;g_ep=EgoyMDI1MDgwNi4wIKXMDSoASAFQAw%3D%3D\" target=\"_blank\" rel=\"noopener\"><img decoding=\"async\" class=\"img-maps\" src=\"https:\/\/www.corporacionbi.com\/gt\/frcl\/wp-content\/uploads\/2025\/08\/google-maps.png\" alt=\"Ir a Google Maps\" \/>\n<\/a>\n<\/div>\n\n\t\t<\/div>\n\t<\/div>\n<\/div><\/div><\/div><style type=\"text\/css\"> .vc_row_1987017026:not(.vc_parallax):not(.jarallax) { overflow: center!important; position: relative; }<\/style><\/div><\/div><\/div><div class=\"vc_tta-panel\" id=\"1754945126892-1eef3f94-8614\" data-vc-content=\".vc_tta-panel-body\"><div class=\"vc_tta-panel-heading\"><h4 class=\"vc_tta-panel-title\"><a href=\"#1754945126892-1eef3f94-8614\" data-vc-accordion data-vc-container=\".vc_tta-container\"><span class=\"vc_tta-title-text\">La Torre Zona 14<\/span><\/a><\/h4><\/div><div class=\"vc_tta-panel-body\"><div class=\"vc_row wpb_row vc_inner vc_row-fluid vc_row_1117472750\"><div class=\"cards-supermecados wpb_column vc_column_container vc_col-sm-12\"><div class=\"vc_column-inner \"><div class=\"wpb_wrapper\">\n\t<div class=\"wpb_raw_code wpb_raw_html wpb_content_element texto-card\" >\n\t\t<div class=\"wpb_wrapper\">\n\t\t\t<p>\n  <strong>La Torre Zona 14<\/strong><br>\n Direcci\u00f3n: Avenida Las Am\u00e9ricas 6-69, Zona 14<br>\n  14.58946,-90.51932\n \n<\/p>\n<div class=\"ubicaciones\">\n  <a href=\"https:\/\/www.waze.com\/es\/live-map\/directions?navigate=yes&amp;to=ll.14.58946%2C-90.51932\" target=\"_blank\" rel=\"noopener\">\n    <img decoding=\"async\" class=\"img-waze\" src=\"https:\/\/www.corporacionbi.com\/gt\/frcl\/wp-content\/uploads\/2025\/08\/waze.png\" alt=\"Ir a Waze\" \/>\n  <\/a>\n  <a href=\"https:\/\/www.google.com\/maps\/place\/14%C2%B035&#039;22.1%22N+90%C2%B031&#039;09.6%22W\/@14.58946,-90.51932,17z\/data=!3m1!4b1!4m4!3m3!8m2!3d14.58946!4d-90.51932?entry=ttu&amp;g_ep=EgoyMDI1MDgwNi4wIKXMDSoASAFQAw%3D%3D\" target=\"_blank\" rel=\"noopener\">\n    <img decoding=\"async\" class=\"img-maps\" src=\"https:\/\/www.corporacionbi.com\/gt\/frcl\/wp-content\/uploads\/2025\/08\/google-maps.png\" alt=\"Ir a Google Maps\" \/>\n  <\/a>\n<\/div>\n\n\t\t<\/div>\n\t<\/div>\n<\/div><\/div><\/div><style type=\"text\/css\"> .vc_row_1117472750:not(.vc_parallax):not(.jarallax) { overflow: center!important; position: relative; }<\/style><\/div><\/div><\/div><div class=\"vc_tta-panel\" id=\"1754945126893-dea85876-fa90\" data-vc-content=\".vc_tta-panel-body\"><div class=\"vc_tta-panel-heading\"><h4 class=\"vc_tta-panel-title\"><a href=\"#1754945126893-dea85876-fa90\" data-vc-accordion data-vc-container=\".vc_tta-container\"><span class=\"vc_tta-title-text\">La Torre Roosevelt<\/span><\/a><\/h4><\/div><div class=\"vc_tta-panel-body\"><div class=\"vc_row wpb_row vc_inner vc_row-fluid vc_row_1651255819\"><div class=\"cards-supermecados wpb_column vc_column_container vc_col-sm-12\"><div class=\"vc_column-inner \"><div class=\"wpb_wrapper\">\n\t<div class=\"wpb_raw_code wpb_raw_html wpb_content_element texto-card\" >\n\t\t<div class=\"wpb_wrapper\">\n\t\t\t<p>\n  <strong>La Torre Roosevelt<\/strong><br>\n Direcci\u00f3n: Calzada Roosevelt 12-76, Zona 7, Guatemala<br>\n14.6425926,-90.5192915 \n<\/p>\n<div class=\"ubicaciones\">\n  <a href=\"https:\/\/www.waze.com\/es\/live-map\/directions?navigate=yes&amp;to=ll.14.6425926%2C-90.5192915\" target=\"_blank\" rel=\"noopener\">\n    <img decoding=\"async\" class=\"img-waze\" src=\"https:\/\/www.corporacionbi.com\/gt\/frcl\/wp-content\/uploads\/2025\/08\/waze.png\" alt=\"Ir a Waze\" \/>\n  <\/a>\n  <a href=\"https:\/\/www.google.com\/maps\/place\/14%C2%B038&#039;33.3%22N+90%C2%B031&#039;09.5%22W\/@14.6425926,-90.5192915,17z\/data=!3m1!4b1!4m4!3m3!8m2!3d14.6425926!4d-90.5192915?entry=ttu&amp;g_ep=EgoyMDI1MDgxMC4wIKXMDSoASAFQAw%3D%3D\" target=\"_blank\" rel=\"noopener\">\n    <img decoding=\"async\" class=\"img-maps\" src=\"https:\/\/www.corporacionbi.com\/gt\/frcl\/wp-content\/uploads\/2025\/08\/google-maps.png\" alt=\"Ir a Google Maps\" \/>\n  <\/a>\n<\/div>\n\n\t\t<\/div>\n\t<\/div>\n<\/div><\/div><\/div><style type=\"text\/css\"> .vc_row_1651255819:not(.vc_parallax):not(.jarallax) { overflow: center!important; position: relative; }<\/style><\/div><\/div><\/div><div class=\"vc_tta-panel\" id=\"1754945126893-a96d2628-4ec1\" data-vc-content=\".vc_tta-panel-body\"><div class=\"vc_tta-panel-heading\"><h4 class=\"vc_tta-panel-title\"><a href=\"#1754945126893-a96d2628-4ec1\" data-vc-accordion data-vc-container=\".vc_tta-container\"><span class=\"vc_tta-title-text\">La Torre Miraflores<\/span><\/a><\/h4><\/div><div class=\"vc_tta-panel-body\"><div class=\"vc_row wpb_row vc_inner vc_row-fluid vc_row_1166464180\"><div class=\"cards-supermecados wpb_column vc_column_container vc_col-sm-12\"><div class=\"vc_column-inner \"><div class=\"wpb_wrapper\">\n\t<div class=\"wpb_raw_code wpb_raw_html wpb_content_element texto-card\" >\n\t\t<div class=\"wpb_wrapper\">\n\t\t\t<p>\n  <strong>La Torre Miraflores<\/strong><br>\nDirecci\u00f3n: C.C. Miraflores, Zona 11, Locales 106 y 106A, S\u00f3tano 1<br>\n14.619876,-90.553919 \n<\/p>\n<div class=\"ubicaciones\">\n  <a href=\"https:\/\/www.waze.com\/es\/live-map\/directions?navigate=yes&amp;to=ll.14.619876%2C-90.553919\" target=\"_blank\" rel=\"noopener\">\n    <img decoding=\"async\" class=\"img-waze\" src=\"https:\/\/www.corporacionbi.com\/gt\/frcl\/wp-content\/uploads\/2025\/08\/waze.png\" alt=\"Ir a Waze\" \/>\n  <\/a>\n  <a href=\"https:\/\/www.google.com\/maps\/place\/14%C2%B037&#039;11.6%22N+90%C2%B033&#039;14.1%22W\/@14.619876,-90.553919,17z\/data=!3m1!4b1!4m4!3m3!8m2!3d14.619876!4d-90.553919?entry=ttu&amp;g_ep=EgoyMDI1MDgxMC4wIKXMDSoASAFQAw%3D%3D\" target=\"_blank\" rel=\"noopener\">\n    <img decoding=\"async\" class=\"img-maps\" src=\"https:\/\/www.corporacionbi.com\/gt\/frcl\/wp-content\/uploads\/2025\/08\/google-maps.png\" alt=\"Ir a Google Maps\" \/>\n  <\/a>\n<\/div>\n\n\t\t<\/div>\n\t<\/div>\n<\/div><\/div><\/div><style type=\"text\/css\"> .vc_row_1166464180:not(.vc_parallax):not(.jarallax) { overflow: center!important; position: relative; }<\/style><\/div><\/div><\/div><div class=\"vc_tta-panel\" id=\"1754945126894-214da7c5-cbc3\" data-vc-content=\".vc_tta-panel-body\"><div class=\"vc_tta-panel-heading\"><h4 class=\"vc_tta-panel-title\"><a href=\"#1754945126894-214da7c5-cbc3\" data-vc-accordion data-vc-container=\".vc_tta-container\"><span class=\"vc_tta-title-text\">La Torre Mariscal 2<\/span><\/a><\/h4><\/div><div class=\"vc_tta-panel-body\"><div class=\"vc_row wpb_row vc_inner vc_row-fluid vc_row_1162110028\"><div class=\"cards-supermecados wpb_column vc_column_container vc_col-sm-12\"><div class=\"vc_column-inner \"><div class=\"wpb_wrapper\">\n\t<div class=\"wpb_raw_code wpb_raw_html wpb_content_element texto-card\" >\n\t\t<div class=\"wpb_wrapper\">\n\t\t\t<p>\n  <strong>La Torre Mariscal 2<\/strong><br>\n Direcci\u00f3n: Diagonal 17 (Avenida Mariscal) 23-50, Colonia Mariscal, Zona 11<br>\n 14.602631,-90.55714\n<\/p>\n<div class=\"ubicaciones\">\n  <a href=\"https:\/\/www.waze.com\/es\/live-map\/directions?navigate=yes&amp;to=ll.14.602631%2C-90.55714\" target=\"_blank\" rel=\"noopener\">\n    <img decoding=\"async\" class=\"img-waze\" src=\"https:\/\/www.corporacionbi.com\/gt\/frcl\/wp-content\/uploads\/2025\/08\/waze.png\" alt=\"Ir a Waze\" \/>\n  <\/a>\n  <a href=\" https:\/\/www.google.com\/maps\/search\/?api=1&query=Diagonal+17+23-50+Colonia+Mariscal+Zona+11+Guatemala\" target=\"_blank\" rel=\"noopener\">\n    <img decoding=\"async\" class=\"img-maps\" src=\"https:\/\/www.corporacionbi.com\/gt\/frcl\/wp-content\/uploads\/2025\/08\/google-maps.png\" alt=\"Ir a Google Maps\" \/>\n  <\/a>\n<\/div>\n\n\t\t<\/div>\n\t<\/div>\n<\/div><\/div><\/div><style type=\"text\/css\"> .vc_row_1162110028:not(.vc_parallax):not(.jarallax) { overflow: center!important; position: relative; }<\/style><\/div><\/div><\/div><div class=\"vc_tta-panel\" id=\"1754945126895-32f44415-83f0\" data-vc-content=\".vc_tta-panel-body\"><div class=\"vc_tta-panel-heading\"><h4 class=\"vc_tta-panel-title\"><a href=\"#1754945126895-32f44415-83f0\" data-vc-accordion data-vc-container=\".vc_tta-container\"><span class=\"vc_tta-title-text\">La Torre Zona 15<\/span><\/a><\/h4><\/div><div class=\"vc_tta-panel-body\"><div class=\"vc_row wpb_row vc_inner vc_row-fluid vc_row_573499779\"><div class=\"cards-supermecados wpb_column vc_column_container vc_col-sm-12\"><div class=\"vc_column-inner \"><div class=\"wpb_wrapper\">\n\t<div class=\"wpb_raw_code wpb_raw_html wpb_content_element texto-card\" >\n\t\t<div class=\"wpb_wrapper\">\n\t\t\t<p>\n  <strong>La Torre Zona 15<\/strong><br>\n Direcci\u00f3n: 2\u00aa Calle 18-30, Vista Hermosa II, Zona 15<br>\n14.59363,-90.49453\n<\/p>\n<div class=\"ubicaciones\" style= \"padding-top:18px\">\n  <a href=\"https:\/\/www.waze.com\/es\/live-map\/directions?navigate=yes&amp;to=ll.14.59363%2C-90.49453\" target=\"_blank\" rel=\"noopener\">\n    <img decoding=\"async\" class=\"img-waze\" src=\"https:\/\/www.corporacionbi.com\/gt\/frcl\/wp-content\/uploads\/2025\/08\/waze.png\" alt=\"Ir a Waze\" \/>\n  <\/a>\n  <a href=\"https:\/\/www.google.com\/maps\/search\/?api=1&amp;query=14.59363,-90.49453\" target=\"_blank\" rel=\"noopener\">\n    <img decoding=\"async\" class=\"img-maps\" src=\"https:\/\/www.corporacionbi.com\/gt\/frcl\/wp-content\/uploads\/2025\/08\/google-maps.png\" alt=\"Ir a Google Maps\" \/>\n  <\/a>\n<\/div>\n\n\t\t<\/div>\n\t<\/div>\n<\/div><\/div><\/div><style type=\"text\/css\"> .vc_row_573499779:not(.vc_parallax):not(.jarallax) { overflow: center!important; position: relative; }<\/style><\/div><\/div><\/div><div class=\"vc_tta-panel\" id=\"1754945126896-a52af3e3-4956\" data-vc-content=\".vc_tta-panel-body\"><div class=\"vc_tta-panel-heading\"><h4 class=\"vc_tta-panel-title\"><a href=\"#1754945126896-a52af3e3-4956\" data-vc-accordion data-vc-container=\".vc_tta-container\"><span class=\"vc_tta-title-text\">La Torre Oakland<\/span><\/a><\/h4><\/div><div class=\"vc_tta-panel-body\"><div class=\"vc_row wpb_row vc_inner vc_row-fluid vc_row_482732400\"><div class=\"cards-supermecados wpb_column vc_column_container vc_col-sm-12\"><div class=\"vc_column-inner \"><div class=\"wpb_wrapper\">\n\t<div class=\"wpb_raw_code wpb_raw_html wpb_content_element texto-card\" >\n\t\t<div class=\"wpb_wrapper\">\n\t\t\t<p>\n  <strong>La Torre Oakland<\/strong><br>\n  Direcci\u00f3n: Diagonal 6, 12-51, C.C. Oakland Mall, Planta Baja, Ancla 3, Zona 10, Colonia Las Margaritas<br>\n  14.60093565,-90.50692814\n\n<\/p>\n<div class=\"ubicaciones\">\n  <a href=\"https:\/\/www.waze.com\/es\/live-map\/directions?navigate=yes&amp;to=ll.14.60093565%2C-90.50692814 \" target=\"_blank\" rel=\"noopener\">\n    <img decoding=\"async\" class=\"img-waze\" src=\"https:\/\/www.corporacionbi.com\/gt\/frcl\/wp-content\/uploads\/2025\/08\/waze.png\" alt=\"Ir a Waze\" \/>\n  <\/a>\n  <a href=\"https:\/\/www.google.com\/maps\/search\/?api=1&amp;query=14.6009356542391,-90.5069281423277\" target=\"_blank\" rel=\"noopener\">\n    <img decoding=\"async\" class=\"img-maps\" src=\"https:\/\/www.corporacionbi.com\/gt\/frcl\/wp-content\/uploads\/2025\/08\/google-maps.png\" alt=\"Ir a Google Maps\" \/>\n  <\/a>\n<\/div>\n\n\t\t<\/div>\n\t<\/div>\n<\/div><\/div><\/div><style type=\"text\/css\"> .vc_row_482732400:not(.vc_parallax):not(.jarallax) { overflow: center!important; position: relative; }<\/style><\/div><\/div><\/div><div class=\"vc_tta-panel\" id=\"1754945126896-a41c84d2-8448\" data-vc-content=\".vc_tta-panel-body\"><div class=\"vc_tta-panel-heading\"><h4 class=\"vc_tta-panel-title\"><a href=\"#1754945126896-a41c84d2-8448\" data-vc-accordion data-vc-container=\".vc_tta-container\"><span class=\"vc_tta-title-text\">La Torre Cayal\u00e1<\/span><\/a><\/h4><\/div><div class=\"vc_tta-panel-body\"><div class=\"vc_row wpb_row vc_inner vc_row-fluid vc_row_1657836322\"><div class=\"cards-supermecados wpb_column vc_column_container vc_col-sm-12\"><div class=\"vc_column-inner \"><div class=\"wpb_wrapper\">\n\t<div class=\"wpb_raw_code wpb_raw_html wpb_content_element texto-card\" >\n\t\t<div class=\"wpb_wrapper\">\n\t\t\t<p>\n  <strong>La Torre Cayal\u00e1<\/strong><br>\nDirecci\u00f3n: Boulevard Rafael Land\u00edvar 10-05, Zona 16, C.C. Paseo Cayal\u00e1, Edificio A1, Ciudad de Guatemala <br>\n14.60829,-90.48784\n<\/p>\n<div class=\"ubicaciones\">\n  <a href=\"https:\/\/www.waze.com\/es\/live-map\/directions?navigate=yes&amp;to=ll.14.60829%2C-90.48784\" target=\"_blank\" rel=\"noopener\">\n    <img decoding=\"async\" class=\"img-waze\" src=\"https:\/\/www.corporacionbi.com\/gt\/frcl\/wp-content\/uploads\/2025\/08\/waze.png\" alt=\"Ir a Waze\" \/>\n  <\/a>\n  <a href=\"https:\/\/www.google.com\/maps\/place\/14%C2%B036&#039;29.8%22N+90%C2%B029&#039;16.2%22W\/@14.60829,-90.48784,17z\/data=!3m1!4b1!4m4!3m3!8m2!3d14.60829!4d-90.48784?entry=ttu&amp;g_ep=EgoyMDI1MDgwNi4wIKXMDSoASAFQAw%3D%3D\" target=\"_blank\" rel=\"noopener\">\n    <img decoding=\"async\" class=\"img-maps\" src=\"https:\/\/www.corporacionbi.com\/gt\/frcl\/wp-content\/uploads\/2025\/08\/google-maps.png\" alt=\"Ir a Google Maps\" \/>\n  <\/a>\n<\/div>\n\n\t\t<\/div>\n\t<\/div>\n<\/div><\/div><\/div><style type=\"text\/css\"> .vc_row_1657836322:not(.vc_parallax):not(.jarallax) { overflow: center!important; position: relative; }<\/style><\/div><\/div><\/div><\/div><\/div><\/div><\/div><div class=\"vc_tta-container\" data-vc-action=\"collapse\"><div class=\"vc_general vc_tta vc_tta-accordion vc_tta-color-grey vc_tta-style-classic vc_tta-shape-rounded vc_tta-spacing-10 vc_tta-controls-align-default  acordion-ciudad-2\"><div class=\"vc_tta-panels-container\"><div class=\"vc_tta-panels\"><div class=\"vc_tta-panel\" id=\"1754945126897-7e16e98f-7fd1\" data-vc-content=\".vc_tta-panel-body\"><div class=\"vc_tta-panel-heading\"><h4 class=\"vc_tta-panel-title\"><a href=\"#1754945126897-7e16e98f-7fd1\" data-vc-accordion data-vc-container=\".vc_tta-container\"><span class=\"vc_tta-title-text\">La Torre Cayal\u00e1 2<\/span><\/a><\/h4><\/div><div class=\"vc_tta-panel-body\"><div class=\"vc_row wpb_row vc_inner vc_row-fluid vc_row_783430267\"><div class=\"cards-supermecados wpb_column vc_column_container vc_col-sm-12\"><div class=\"vc_column-inner \"><div class=\"wpb_wrapper\">\n\t<div class=\"wpb_raw_code wpb_raw_html wpb_content_element texto-card\" >\n\t\t<div class=\"wpb_wrapper\">\n\t\t\t<p>\n  <strong>La Torre Cayal\u00e1 2<\/strong><br>\nDirecci\u00f3n: 15\u00aa Avenida 05-50, Col. Vista Hermosa III, Zona 15, Ciudad de Guatemala <br>\n14.605463,-90.494747\n<\/p>\n<div class=\"ubicaciones\">\n  <a href=\"https:\/\/www.waze.com\/es\/live-map\/directions?navigate=yes&amp;to=ll.14.605463%2C-90.494747\" target=\"_blank\" rel=\"noopener\">\n    <img decoding=\"async\" class=\"img-waze\" src=\"https:\/\/www.corporacionbi.com\/gt\/frcl\/wp-content\/uploads\/2025\/08\/waze.png\" alt=\"Ir a Waze\" \/>\n  <\/a>\n  <a href=\"https:\/\/www.google.com\/maps\/search\/?api=1&amp;query=14.605463,-90.494747\" target=\"_blank\" rel=\"noopener\">\n    <img decoding=\"async\" class=\"img-maps\" src=\"https:\/\/www.corporacionbi.com\/gt\/frcl\/wp-content\/uploads\/2025\/08\/google-maps.png\" alt=\"Ir a Google Maps\" \/>\n  <\/a>\n<\/div>\n\n\t\t<\/div>\n\t<\/div>\n<\/div><\/div><\/div><style type=\"text\/css\"> .vc_row_783430267:not(.vc_parallax):not(.jarallax) { overflow: center!important; position: relative; }<\/style><\/div><\/div><\/div><div class=\"vc_tta-panel\" id=\"1754945126899-d783026f-7527\" data-vc-content=\".vc_tta-panel-body\"><div class=\"vc_tta-panel-heading\"><h4 class=\"vc_tta-panel-title\"><a href=\"#1754945126899-d783026f-7527\" data-vc-accordion data-vc-container=\".vc_tta-container\"><span class=\"vc_tta-title-text\">La Torre Zona 16 (Plaza San Fernando)<\/span><\/a><\/h4><\/div><div class=\"vc_tta-panel-body\"><div class=\"vc_row wpb_row vc_inner vc_row-fluid vc_row_1815063544\"><div class=\"cards-supermecados wpb_column vc_column_container vc_col-sm-12\"><div class=\"vc_column-inner \"><div class=\"wpb_wrapper\">\n\t<div class=\"wpb_raw_code wpb_raw_html wpb_content_element texto-card\" >\n\t\t<div class=\"wpb_wrapper\">\n\t\t\t<p>\n  <strong>La Torre Zona 16 (Plaza San Fernando)  <\/strong><br>\n Direcci\u00f3n: 24\u00aa Calle 14-00, Zona 16 (Blvd. Hospital Militar), C.C. Paseo Plaza San Fernando, Ciudad de Guatemala  <br>\n 14.6241,-90.46872\n\n<\/p>\n<div class=\"ubicaciones\">\n  <a href=\"https:\/\/www.waze.com\/es\/live-map\/directions?navigate=yes&amp;to=ll.14.6241%2C-90.46872\" target=\"_blank\" rel=\"noopener\">\n    <img decoding=\"async\" class=\"img-waze\" src=\"https:\/\/www.corporacionbi.com\/gt\/frcl\/wp-content\/uploads\/2025\/08\/waze.png\" alt=\"Ir a Waze\" \/>\n  <\/a>\n  <a href=\"https:\/\/www.google.com\/maps\/search\/?api=1&amp;query=14.6241,-90.46872\" target=\"_blank\" rel=\"noopener\">\n    <img decoding=\"async\" class=\"img-maps\" src=\"https:\/\/www.corporacionbi.com\/gt\/frcl\/wp-content\/uploads\/2025\/08\/google-maps.png\" alt=\"Ir a Google Maps\" \/>\n  <\/a>\n<\/div>\n\n\t\t<\/div>\n\t<\/div>\n<\/div><\/div><\/div><style type=\"text\/css\"> .vc_row_1815063544:not(.vc_parallax):not(.jarallax) { overflow: center!important; position: relative; }<\/style><\/div><\/div><\/div><div class=\"vc_tta-panel\" id=\"1754945126902-44f8a5cd-d6c1\" data-vc-content=\".vc_tta-panel-body\"><div class=\"vc_tta-panel-heading\"><h4 class=\"vc_tta-panel-title\"><a href=\"#1754945126902-44f8a5cd-d6c1\" data-vc-accordion data-vc-container=\".vc_tta-container\"><span class=\"vc_tta-title-text\">La Torre San Isidro<\/span><\/a><\/h4><\/div><div class=\"vc_tta-panel-body\"><div class=\"vc_row wpb_row vc_inner vc_row-fluid vc_row_720955394\"><div class=\"cards-supermecados wpb_column vc_column_container vc_col-sm-12\"><div class=\"vc_column-inner \"><div class=\"wpb_wrapper\">\n\t<div class=\"wpb_raw_code wpb_raw_html wpb_content_element texto-card\" >\n\t\t<div class=\"wpb_wrapper\">\n\t\t\t<p>\n  <strong>La Torre San Isidro<\/strong><br>\n Direcci\u00f3n: Diagonal 34, Calle Real de Acat\u00e1n 17-10, Zona 16, Colonia Jardines de San Isidro, Guatemala<br>\n14.60629,-90.46882\n<\/p>\n<div class=\"ubicaciones\">\n  <a href=\"https:\/\/www.waze.com\/es\/live-map\/directions?navigate=yes&amp;to=ll.14.60629%2C-90.46882\" target=\"_blank\" rel=\"noopener\">\n    <img decoding=\"async\" class=\"img-waze\" src=\"https:\/\/www.corporacionbi.com\/gt\/frcl\/wp-content\/uploads\/2025\/08\/waze.png\" alt=\"Ir a Waze\" \/>\n  <\/a>\n  <a href=\"https:\/\/www.google.com\/maps\/place\/14%C2%B036&#039;22.6%22N+90%C2%B028&#039;07.8%22W\/@14.60629,-90.46882,17z\/data=!3m1!4b1!4m4!3m3!8m2!3d14.60629!4d-90.46882?entry=ttu&amp;g_ep=EgoyMDI1MDgxMC4wIKXMDSoASAFQAw%3D%3D\" target=\"_blank\" rel=\"noopener\">\n    <img decoding=\"async\" class=\"img-maps\" src=\"https:\/\/www.corporacionbi.com\/gt\/frcl\/wp-content\/uploads\/2025\/08\/google-maps.png\" alt=\"Ir a Google Maps\" \/>\n  <\/a>\n<\/div>\n\n\t\t<\/div>\n\t<\/div>\n<\/div><\/div><\/div><style type=\"text\/css\"> .vc_row_720955394:not(.vc_parallax):not(.jarallax) { overflow: center!important; position: relative; }<\/style><\/div><\/div><\/div><\/div><\/div><\/div><\/div><div class=\"vc_row wpb_row vc_inner vc_row-fluid vc_row_433559134\"><div class=\"contenedor-flechas wpb_column vc_column_container vc_col-sm-12\"><div class=\"vc_column-inner \"><div class=\"wpb_wrapper\"><div class=\"bi-icons-widget  biw-0afde829e37c  \" style=\"text-align:left; display:flex; flex-direction:column; align-items:flex-start; justify-content:flex-start; width:100%;\"><div class=\"bi-icons-w-icon_container \" style=\"line-height: normal;\"><span class=\"bi-icons bi-icons-ir-izquierda btn-izquierda-2 biw-icon-0afde829e37c \"><\/span><\/div><div class=\"bi-icons-w-container_text\"><\/div><\/div><div class=\"bi-icons-widget  biw-9e188a23f7e9  \" style=\"text-align:left; display:flex; flex-direction:column; align-items:flex-start; justify-content:flex-start; width:100%;\"><div class=\"bi-icons-w-icon_container \" style=\"line-height: normal;\"><span class=\"bi-icons bi-icons-ir-derecha btn-derecha-2 biw-icon-9e188a23f7e9 \"><\/span><\/div><div class=\"bi-icons-w-container_text\"><\/div><\/div><\/div><\/div><\/div><style type=\"text\/css\"> .vc_row_433559134:not(.vc_parallax):not(.jarallax) { overflow: center!important; position: relative; }<\/style><\/div><\/div><\/div><\/div><\/div><div data-vc-full-width=\"true\" data-vc-full-width-init=\"false\" class=\"vc_row wpb_row vc_row-fluid todos vc_row_1597682686\"><div class=\"wpb_column vc_column_container vc_col-sm-12 vc_hidden-sm vc_hidden-xs\"><div class=\"vc_column-inner \"><div class=\"wpb_wrapper\"><div class=\"vc_row wpb_row vc_inner vc_row-fluid todos vc_column-gap-30 vc_row-o-equal-height vc_row-flex vc_row_52621218\"><div class=\"cards-supermecados wpb_column vc_column_container vc_col-sm-4\"><div class=\"vc_column-inner \"><div class=\"wpb_wrapper\">\n\t<div class=\"wpb_raw_code wpb_raw_html wpb_content_element texto-card\" >\n\t\t<div class=\"wpb_wrapper\">\n\t\t\t<p>\n<strong>La Torre Zona 10<\/strong>\n<br>\nDirecci\u00f3n: Calle Real de Villa 14-14, Zona 10<br>\n14.59773,-90.50723\n<\/p>\n<div class=\"ubicaciones\">\n    <a href=\"https:\/\/www.waze.com\/es\/live-map\/directions?navigate=yes&amp;to=ll.14.59773%2C-90.50723\" target=\"_blank\" rel=\"noopener\">\n<img decoding=\"async\" class=\"img-waze\" src=\"https:\/\/www.corporacionbi.com\/gt\/frcl\/wp-content\/uploads\/2025\/08\/waze.png\" alt=\"Ir a Waze\" \/>\n<\/a>\n<a href=\"https:\/\/www.google.com\/maps\/place\/14%C2%B035&#039;51.8%22N+90%C2%B030&#039;26.0%22W\/@14.59773,-90.50723,17z\/data=!3m1!4b1!4m4!3m3!8m2!3d14.59773!4d-90.50723?entry=ttu&amp;g_ep=EgoyMDI1MDgwNi4wIKXMDSoASAFQAw%3D%3D\" target=\"_blank\" rel=\"noopener\"><img decoding=\"async\" class=\"img-maps\" src=\"https:\/\/www.corporacionbi.com\/gt\/frcl\/wp-content\/uploads\/2025\/08\/google-maps.png\" alt=\"Ir a Google Maps\" \/>\n<\/a>\n<\/div>\n\n\t\t<\/div>\n\t<\/div>\n<\/div><\/div><\/div><div class=\"cards-supermecados wpb_column vc_column_container vc_col-sm-4\"><div class=\"vc_column-inner \"><div class=\"wpb_wrapper\">\n\t<div class=\"wpb_raw_code wpb_raw_html wpb_content_element texto-card\" >\n\t\t<div class=\"wpb_wrapper\">\n\t\t\t<p>\n  <strong>La Torre Zona 14<\/strong><br>\n Direcci\u00f3n: Avenida Las Am\u00e9ricas 6-69, Zona 14<br>\n  14.58946,-90.51932\n \n<\/p>\n<div class=\"ubicaciones\">\n  <a href=\"https:\/\/www.waze.com\/es\/live-map\/directions?navigate=yes&amp;to=ll.14.58946%2C-90.51932\" target=\"_blank\" rel=\"noopener\">\n    <img decoding=\"async\" class=\"img-waze\" src=\"https:\/\/www.corporacionbi.com\/gt\/frcl\/wp-content\/uploads\/2025\/08\/waze.png\" alt=\"Ir a Waze\" \/>\n  <\/a>\n  <a href=\"https:\/\/www.google.com\/maps\/place\/14%C2%B035&#039;22.1%22N+90%C2%B031&#039;09.6%22W\/@14.58946,-90.51932,17z\/data=!3m1!4b1!4m4!3m3!8m2!3d14.58946!4d-90.51932?entry=ttu&amp;g_ep=EgoyMDI1MDgwNi4wIKXMDSoASAFQAw%3D%3D\" target=\"_blank\" rel=\"noopener\">\n    <img decoding=\"async\" class=\"img-maps\" src=\"https:\/\/www.corporacionbi.com\/gt\/frcl\/wp-content\/uploads\/2025\/08\/google-maps.png\" alt=\"Ir a Google Maps\" \/>\n  <\/a>\n<\/div>\n\n\t\t<\/div>\n\t<\/div>\n<\/div><\/div><\/div><div class=\"cards-supermecados wpb_column vc_column_container vc_col-sm-4\"><div class=\"vc_column-inner \"><div class=\"wpb_wrapper\">\n\t<div class=\"wpb_raw_code wpb_raw_html wpb_content_element texto-card\" >\n\t\t<div class=\"wpb_wrapper\">\n\t\t\t<p>\n  <strong>La Torre Roosevelt<\/strong><br>\n Direcci\u00f3n: Calzada Roosevelt 12-76, Zona 7, Guatemala<br>\n14.6425926,-90.5192915\n<\/p>\n<div class=\"ubicaciones\">\n  <a href=\"https:\/\/www.waze.com\/es\/live-map\/directions?navigate=yes&amp;to=ll.14.6425926%2C-90.5192915\" target=\"_blank\" rel=\"noopener\">\n    <img decoding=\"async\" class=\"img-waze\" src=\"https:\/\/www.corporacionbi.com\/gt\/frcl\/wp-content\/uploads\/2025\/08\/waze.png\" alt=\"Ir a Waze\" \/>\n  <\/a>\n  <a href=\"https:\/\/www.google.com\/maps\/place\/14%C2%B038&#039;33.3%22N+90%C2%B031&#039;09.5%22W\/@14.6425926,-90.5192915,17z\/data=!3m1!4b1!4m4!3m3!8m2!3d14.6425926!4d-90.5192915?entry=ttu&amp;g_ep=EgoyMDI1MDgxMC4wIKXMDSoASAFQAw%3D%3D\" target=\"_blank\" rel=\"noopener\">\n    <img decoding=\"async\" class=\"img-maps\" src=\"https:\/\/www.corporacionbi.com\/gt\/frcl\/wp-content\/uploads\/2025\/08\/google-maps.png\" alt=\"Ir a Google Maps\" \/>\n  <\/a>\n<\/div>\n\n\t\t<\/div>\n\t<\/div>\n<\/div><\/div><\/div><\/div><div class=\"vc_row wpb_row vc_inner vc_row-fluid todos vc_column-gap-30 vc_row-o-equal-height vc_row-flex vc_row_766778891\"><div class=\"cards-supermecados wpb_column vc_column_container vc_col-sm-4\"><div class=\"vc_column-inner \"><div class=\"wpb_wrapper\">\n\t<div class=\"wpb_raw_code wpb_raw_html wpb_content_element texto-card\" >\n\t\t<div class=\"wpb_wrapper\">\n\t\t\t<p>\n  <strong>La Torre Miraflores<\/strong><br>\n Direcci\u00f3n: C.C. Miraflores, Zona 11, Locales 106 y 106A, S\u00f3tano 1<br>\n14.619876,-90.553919 \n<\/p>\n<div class=\"ubicaciones \"  style= \"padding-top:18px\">\n  <a href=\"https:\/\/www.waze.com\/es\/live-map\/directions?navigate=yes&amp;to=ll.14.619876%2C-90.553919\" target=\"_blank\" rel=\"noopener\">\n    <img decoding=\"async\" class=\"img-waze\" src=\"https:\/\/www.corporacionbi.com\/gt\/frcl\/wp-content\/uploads\/2025\/08\/waze.png\" alt=\"Ir a Waze\" \/>\n  <\/a>\n  <a href=\"https:\/\/www.google.com\/maps\/place\/14%C2%B037&#039;11.6%22N+90%C2%B033&#039;14.1%22W\/@14.619876,-90.553919,17z\/data=!3m1!4b1!4m4!3m3!8m2!3d14.619876!4d-90.553919?entry=ttu&amp;g_ep=EgoyMDI1MDgxMC4wIKXMDSoASAFQAw%3D%3D\" target=\"_blank\" rel=\"noopener\">\n    <img decoding=\"async\" class=\"img-maps\" src=\"https:\/\/www.corporacionbi.com\/gt\/frcl\/wp-content\/uploads\/2025\/08\/google-maps.png\" alt=\"Ir a Google Maps\" \/>\n  <\/a>\n<\/div>\n\n\t\t<\/div>\n\t<\/div>\n<\/div><\/div><\/div><div class=\"cards-supermecados wpb_column vc_column_container vc_col-sm-4\"><div class=\"vc_column-inner \"><div class=\"wpb_wrapper\">\n\t<div class=\"wpb_raw_code wpb_raw_html wpb_content_element texto-card\" >\n\t\t<div class=\"wpb_wrapper\">\n\t\t\t<p>\n  <strong>La Torre Mariscal 2<\/strong><br>\n  Direcci\u00f3n: Diagonal 17 (Avenida Mariscal) 23-50, Colonia Mariscal, Zona 11<br>\n 14.602631,-90.55714\n<\/p>\n<div class=\"ubicaciones\">\n  <a href=\"https:\/\/www.waze.com\/es\/live-map\/directions?navigate=yes&amp;to=ll.14.602631%2C-90.55714\" target=\"_blank\" rel=\"noopener\">\n    <img decoding=\"async\" class=\"img-waze\" src=\"https:\/\/www.corporacionbi.com\/gt\/frcl\/wp-content\/uploads\/2025\/08\/waze.png\" alt=\"Ir a Waze\" \/>\n  <\/a>\n  <a href=\" https:\/\/www.google.com\/maps\/search\/?api=1&query=Diagonal+17+23-50+Colonia+Mariscal+Zona+11+Guatemala\" target=\"_blank\" rel=\"noopener\">\n    <img decoding=\"async\" class=\"img-maps\" src=\"https:\/\/www.corporacionbi.com\/gt\/frcl\/wp-content\/uploads\/2025\/08\/google-maps.png\" alt=\"Ir a Google Maps\" \/>\n  <\/a>\n<\/div>\n\n\t\t<\/div>\n\t<\/div>\n<\/div><\/div><\/div><div class=\"cards-supermecados wpb_column vc_column_container vc_col-sm-4\"><div class=\"vc_column-inner \"><div class=\"wpb_wrapper\">\n\t<div class=\"wpb_raw_code wpb_raw_html wpb_content_element texto-card\" >\n\t\t<div class=\"wpb_wrapper\">\n\t\t\t<p>\n  <strong>La Torre Zona 15<\/strong><br>\n Direcci\u00f3n: 2\u00aa Calle 18-30, Vista Hermosa II,\n Zona 15<br>\n14.59363,-90.49453\n<\/p>\n<div class=\"ubicaciones\" style= \"padding-top:18px\">\n  <a href=\"https:\/\/www.waze.com\/es\/live-map\/directions?navigate=yes&amp;to=ll.14.59363%2C-90.49453\" target=\"_blank\" rel=\"noopener\">\n    <img decoding=\"async\" class=\"img-waze\" src=\"https:\/\/www.corporacionbi.com\/gt\/frcl\/wp-content\/uploads\/2025\/08\/waze.png\" alt=\"Ir a Waze\" \/>\n  <\/a>\n  <a href=\"https:\/\/www.google.com\/maps\/search\/?api=1&amp;query=14.59363,-90.49453\" target=\"_blank\" rel=\"noopener\">\n    <img decoding=\"async\" class=\"img-maps\" src=\"https:\/\/www.corporacionbi.com\/gt\/frcl\/wp-content\/uploads\/2025\/08\/google-maps.png\" alt=\"Ir a Google Maps\" \/>\n  <\/a>\n<\/div>\n\n\t\t<\/div>\n\t<\/div>\n<\/div><\/div><\/div><\/div><div class=\"vc_row wpb_row vc_inner vc_row-fluid todos vc_column-gap-30 vc_row-o-equal-height vc_row-flex vc_row_2081798991\"><div class=\"cards-supermecados wpb_column vc_column_container vc_col-sm-4\"><div class=\"vc_column-inner \"><div class=\"wpb_wrapper\">\n\t<div class=\"wpb_raw_code wpb_raw_html wpb_content_element texto-card\" >\n\t\t<div class=\"wpb_wrapper\">\n\t\t\t<p>\n  <strong>La Torre Oakland<\/strong><br>\n Direcci\u00f3n: Diagonal 6, 12-51, C.C. Oakland Mall, Planta Baja, Ancla 3, Zona 10, Colonia Las Margaritas<br>\n  14.60093565,-90.50692814\n\n<\/p>\n<div class=\"ubicaciones\">\n  <a href=\"https:\/\/www.waze.com\/es\/live-map\/directions?navigate=yes&amp;to=ll.14.60093565%2C-90.50692814 \" target=\"_blank\" rel=\"noopener\">\n    <img decoding=\"async\" class=\"img-waze\" src=\"https:\/\/www.corporacionbi.com\/gt\/frcl\/wp-content\/uploads\/2025\/08\/waze.png\" alt=\"Ir a Waze\" \/>\n  <\/a>\n  <a href=\"https:\/\/www.google.com\/maps\/search\/?api=1&amp;query=14.6009356542391,-90.5069281423277\" target=\"_blank\" rel=\"noopener\">\n    <img decoding=\"async\" class=\"img-maps\" src=\"https:\/\/www.corporacionbi.com\/gt\/frcl\/wp-content\/uploads\/2025\/08\/google-maps.png\" alt=\"Ir a Google Maps\" \/>\n  <\/a>\n<\/div>\n\n\t\t<\/div>\n\t<\/div>\n<\/div><\/div><\/div><div class=\"cards-supermecados wpb_column vc_column_container vc_col-sm-4\"><div class=\"vc_column-inner \"><div class=\"wpb_wrapper\">\n\t<div class=\"wpb_raw_code wpb_raw_html wpb_content_element texto-card\" >\n\t\t<div class=\"wpb_wrapper\">\n\t\t\t<p>\n  <strong>La Torre Cayal\u00e1<\/strong><br>\nDirecci\u00f3n: Boulevard Rafael Land\u00edvar 10-05, Zona 16, C.C. Paseo Cayal\u00e1, Edificio A1, Ciudad de Guatemala <br>\n14.60829,-90.48784\n<\/p>\n<div class=\"ubicaciones\">\n  <a href=\"https:\/\/www.waze.com\/es\/live-map\/directions?navigate=yes&amp;to=ll.14.60829%2C-90.48784\" target=\"_blank\" rel=\"noopener\">\n    <img decoding=\"async\" class=\"img-waze\" src=\"https:\/\/www.corporacionbi.com\/gt\/frcl\/wp-content\/uploads\/2025\/08\/waze.png\" alt=\"Ir a Waze\" \/>\n  <\/a>\n  <a href=\"https:\/\/www.google.com\/maps\/place\/14%C2%B036&#039;29.8%22N+90%C2%B029&#039;16.2%22W\/@14.60829,-90.48784,17z\/data=!3m1!4b1!4m4!3m3!8m2!3d14.60829!4d-90.48784?entry=ttu&amp;g_ep=EgoyMDI1MDgwNi4wIKXMDSoASAFQAw%3D%3D\" target=\"_blank\" rel=\"noopener\">\n    <img decoding=\"async\" class=\"img-maps\" src=\"https:\/\/www.corporacionbi.com\/gt\/frcl\/wp-content\/uploads\/2025\/08\/google-maps.png\" alt=\"Ir a Google Maps\" \/>\n  <\/a>\n<\/div>\n\n\t\t<\/div>\n\t<\/div>\n<\/div><\/div><\/div><div class=\"cards-supermecados wpb_column vc_column_container vc_col-sm-4\"><div class=\"vc_column-inner \"><div class=\"wpb_wrapper\">\n\t<div class=\"wpb_raw_code wpb_raw_html wpb_content_element texto-card\" >\n\t\t<div class=\"wpb_wrapper\">\n\t\t\t<p>\n  <strong>La Torre Cayal\u00e1 2<\/strong><br>\nDirecci\u00f3n: 15\u00aa Avenida 05-50, Col. Vista Hermosa III, Zona 15, Ciudad de Guatemala <br>\n14.605463,-90.494747\n<\/p>\n<div class=\"ubicaciones\">\n  <a href=\"https:\/\/www.waze.com\/es\/live-map\/directions?navigate=yes&amp;to=ll.14.605463%2C-90.494747\" target=\"_blank\" rel=\"noopener\">\n    <img decoding=\"async\" class=\"img-waze\" src=\"https:\/\/www.corporacionbi.com\/gt\/frcl\/wp-content\/uploads\/2025\/08\/waze.png\" alt=\"Ir a Waze\" \/>\n  <\/a>\n  <a href=\"https:\/\/www.google.com\/maps\/search\/?api=1&amp;query=14.605463,-90.494747\" target=\"_blank\" rel=\"noopener\">\n    <img decoding=\"async\" class=\"img-maps\" src=\"https:\/\/www.corporacionbi.com\/gt\/frcl\/wp-content\/uploads\/2025\/08\/google-maps.png\" alt=\"Ir a Google Maps\" \/>\n  <\/a>\n<\/div>\n\n\t\t<\/div>\n\t<\/div>\n<\/div><\/div><\/div><\/div><div class=\"vc_row wpb_row vc_inner vc_row-fluid todos vc_column-gap-30 vc_row-o-equal-height vc_row-flex vc_row_1470741541\"><div class=\"cards-supermecados wpb_column vc_column_container vc_col-sm-4\"><div class=\"vc_column-inner \"><div class=\"wpb_wrapper\">\n\t<div class=\"wpb_raw_code wpb_raw_html wpb_content_element texto-card\" >\n\t\t<div class=\"wpb_wrapper\">\n\t\t\t<p>\n  <strong>La Torre El Naranjo (Mixco) <\/strong><br>\n Direcci\u00f3n: 23\u00aa Calle 10-00, Zona 4 Mixco, Condado El Naranjo, C.C. Naranjo Mall, Local 102, Guatemala <br>\n14.65074,-90.54191\n<\/p>\n<div class=\"ubicaciones\">\n  <a href=\"https:\/\/www.waze.com\/es\/live-map\/directions?navigate=yes&amp;to=ll.14.65074%2C-90.54191 \" target=\"_blank\" rel=\"noopener\">\n    <img decoding=\"async\" class=\"img-waze\" src=\"https:\/\/www.corporacionbi.com\/gt\/frcl\/wp-content\/uploads\/2025\/08\/waze.png\" alt=\"Ir a Waze\" \/>\n  <\/a>\n  <a href=\"https:\/\/www.google.com\/maps\/place\/14%C2%B039&#039;02.7%22N+90%C2%B032&#039;30.9%22W\/@14.65074,-90.54191,17z\/data=!3m1!4b1!4m4!3m3!8m2!3d14.65074!4d-90.54191?entry=ttu&amp;g_ep=EgoyMDI1MDgxMC4wIKXMDSoASAFQAw%3D%3D\" target=\"_blank\" rel=\"noopener\">\n    <img decoding=\"async\" class=\"img-maps\" src=\"https:\/\/www.corporacionbi.com\/gt\/frcl\/wp-content\/uploads\/2025\/08\/google-maps.png\" alt=\"Ir a Google Maps\" \/>\n  <\/a>\n<\/div>\n\n\t\t<\/div>\n\t<\/div>\n<\/div><\/div><\/div><div class=\"cards-supermecados wpb_column vc_column_container vc_col-sm-4\"><div class=\"vc_column-inner \"><div class=\"wpb_wrapper\">\n\t<div class=\"wpb_raw_code wpb_raw_html wpb_content_element texto-card\" >\n\t\t<div class=\"wpb_wrapper\">\n\t\t\t<p>\n  <strong>La Torre SanKris (Zona 8) <\/strong><br>\n Direcci\u00f3n: Blvd. San Crist\u00f3bal, 3\u00aa Calle 6-72, Sector A3, Zona 8, C.C. SanKris, Local 103, Guatemala <br>\n14.61178,-90.59808\n\n<\/p>\n<div class=\"ubicaciones\">\n  <a href=\"https:\/\/www.waze.com\/es\/live-map\/directions?navigate=yes&amp;to=ll.14.61178%2C-90.59808\" target=\"_blank\" rel=\"noopener\">\n    <img decoding=\"async\" class=\"img-waze\" src=\"https:\/\/www.corporacionbi.com\/gt\/frcl\/wp-content\/uploads\/2025\/08\/waze.png\" alt=\"Ir a Waze\" \/>\n  <\/a>\n  <a href=\"https:\/\/www.google.com\/maps\/place\/14%C2%B036&#039;42.4%22N+90%C2%B035&#039;53.1%22W\/@14.61178,-90.59808,17z\/data=!3m1!4b1!4m4!3m3!8m2!3d14.61178!4d-90.59808?entry=ttu&amp;g_ep=EgoyMDI1MDgxMC4wIKXMDSoASAFQAw%3D%3D\" target=\"_blank\" rel=\"noopener\">\n    <img decoding=\"async\" class=\"img-maps\" src=\"https:\/\/www.corporacionbi.com\/gt\/frcl\/wp-content\/uploads\/2025\/08\/google-maps.png\" alt=\"Ir a Google Maps\" \/>\n  <\/a>\n<\/div>\n\n\t\t<\/div>\n\t<\/div>\n<\/div><\/div><\/div><div class=\"cards-supermecados wpb_column vc_column_container vc_col-sm-4\"><div class=\"vc_column-inner \"><div class=\"wpb_wrapper\">\n\t<div class=\"wpb_raw_code wpb_raw_html wpb_content_element texto-card\" >\n\t\t<div class=\"wpb_wrapper\">\n\t\t\t<p>\n  <strong>La Torre San Isidro<\/strong><br>\n  Direcci\u00f3n: Diagonal 34, Calle Real de Acat\u00e1n 17-10, Zona 16, Colonia Jardines de San Isidro, Guatemala<br>\n14.60629,-90.46882\n<\/p>\n<div class=\"ubicaciones\">\n  <a href=\"https:\/\/www.waze.com\/es\/live-map\/directions?navigate=yes&amp;to=ll.14.60629%2C-90.46882\" target=\"_blank\" rel=\"noopener\">\n    <img decoding=\"async\" class=\"img-waze\" src=\"https:\/\/www.corporacionbi.com\/gt\/frcl\/wp-content\/uploads\/2025\/08\/waze.png\" alt=\"Ir a Waze\" \/>\n  <\/a>\n  <a href=\"https:\/\/www.google.com\/maps\/place\/14%C2%B036&#039;22.6%22N+90%C2%B028&#039;07.8%22W\/@14.60629,-90.46882,17z\/data=!3m1!4b1!4m4!3m3!8m2!3d14.60629!4d-90.46882?entry=ttu&amp;g_ep=EgoyMDI1MDgxMC4wIKXMDSoASAFQAw%3D%3D\" target=\"_blank\" rel=\"noopener\">\n    <img decoding=\"async\" class=\"img-maps\" src=\"https:\/\/www.corporacionbi.com\/gt\/frcl\/wp-content\/uploads\/2025\/08\/google-maps.png\" alt=\"Ir a Google Maps\" \/>\n  <\/a>\n<\/div>\n\n\t\t<\/div>\n\t<\/div>\n<\/div><\/div><\/div><\/div><div class=\"vc_row wpb_row vc_inner vc_row-fluid todos vc_column-gap-30 vc_row-o-equal-height vc_row-flex vc_row_1690128387\"><div class=\"cards-supermecados wpb_column vc_column_container vc_col-sm-4\"><div class=\"vc_column-inner \"><div class=\"wpb_wrapper\">\n\t<div class=\"wpb_raw_code wpb_raw_html wpb_content_element texto-card\" >\n\t\t<div class=\"wpb_wrapper\">\n\t\t\t<p>\n  <strong>La Torre Arrazola (Fraijanes)  <\/strong><br>\nDirecci\u00f3n: 2\u00aa Avenida 11-28, Zona 1, Aldea Don Justo, Km 16.5, Lo de Dieguez, C.C. Plaza Arrazola, Fraijanes   <br>\n14.53934,-90.45293 \n<\/p>\n<div class=\"ubicaciones\" style= \"padding-top:28px\">\n  <a href=\"https:\/\/www.waze.com\/es\/live-map\/directions?navigate=yes&amp;to=ll.14.53934%2C-90.45293\" target=\"_blank\" rel=\"noopener\">\n    <img decoding=\"async\" class=\"img-waze\" src=\"https:\/\/www.corporacionbi.com\/gt\/frcl\/wp-content\/uploads\/2025\/08\/waze.png\" alt=\"Ir a Waze\" \/>\n  <\/a>\n  <a href=\"https:\/\/www.google.com\/maps\/place\/14%C2%B032&#039;21.6%22N+90%C2%B027&#039;10.6%22W\/@14.53934,-90.45293,17z\/data=!3m1!4b1!4m4!3m3!8m2!3d14.53934!4d-90.45293?entry=ttu&amp;g_ep=EgoyMDI1MDgxMC4wIKXMDSoASAFQAw%3D%3D\n  \" target=\"_blank\" rel=\"noopener\">\n    <img decoding=\"async\" class=\"img-maps\" src=\"https:\/\/www.corporacionbi.com\/gt\/frcl\/wp-content\/uploads\/2025\/08\/google-maps.png\" alt=\"Ir a Google Maps\" \/>\n  <\/a>\n<\/div>\n\n\t\t<\/div>\n\t<\/div>\n<\/div><\/div><\/div><div class=\"cards-supermecados wpb_column vc_column_container vc_col-sm-4\"><div class=\"vc_column-inner \"><div class=\"wpb_wrapper\">\n\t<div class=\"wpb_raw_code wpb_raw_html wpb_content_element texto-card\" >\n\t\t<div class=\"wpb_wrapper\">\n\t\t\t<p>\n  <strong>La Torre Pr\u00f3ceres (Santa Catarina Pinula) <\/strong><br>\nDirecci\u00f3n: Km 6.175, Carretera CA-1 Oriente, Nivel 1, Local A, Santa Catarina Pinula, Guatemala  <br>\n14.57896754,-90.49455036\n\n<\/p>\n<div class=\"ubicaciones\">\n  <a href=\"https:\/\/www.waze.com\/es\/live-map\/directions?navigate=yes&amp;to=ll.14.57896754%2C-90.49455036\" target=\"_blank\" rel=\"noopener\">\n    <img decoding=\"async\" class=\"img-waze\" src=\"https:\/\/www.corporacionbi.com\/gt\/frcl\/wp-content\/uploads\/2025\/08\/waze.png\" alt=\"Ir a Waze\" \/>\n  <\/a>\n  <a href=\"https:\/\/www.google.com\/maps\/search\/?api=1&amp;query=14.578967540820866,-90.49455036393888\n  \" target=\"_blank\" rel=\"noopener\">\n    <img decoding=\"async\" class=\"img-maps\" src=\"https:\/\/www.corporacionbi.com\/gt\/frcl\/wp-content\/uploads\/2025\/08\/google-maps.png\" alt=\"Ir a Google Maps\" \/>\n  <\/a>\n<\/div>\n\n\t\t<\/div>\n\t<\/div>\n<\/div><\/div><\/div><div class=\"cards-supermecados wpb_column vc_column_container vc_col-sm-4\"><div class=\"vc_column-inner \"><div class=\"wpb_wrapper\">\n\t<div class=\"wpb_raw_code wpb_raw_html wpb_content_element texto-card\" >\n\t\t<div class=\"wpb_wrapper\">\n\t\t\t<p>\n  <strong>La Torre Madero (Villa Canales) <\/strong><br>\n Direcci\u00f3n: Km 21.7, Carretera a El Salvador, Zona 3, C.C. Plaza Madero, Villa Canales, Guatemala <br>\n14.50409,-90.48167\n<\/p>\n<div class=\"ubicaciones\" style= \"padding-top:28px\">\n  <a href=\"https:\/\/www.waze.com\/es\/live-map\/directions?navigate=yes&amp;to=ll.14.50409%2C-90.48167\" target=\"_blank\" rel=\"noopener\">\n    <img decoding=\"async\" class=\"img-waze\" src=\"https:\/\/www.corporacionbi.com\/gt\/frcl\/wp-content\/uploads\/2025\/08\/waze.png\" alt=\"Ir a Waze\" \/>\n  <\/a>\n  <a href=\"https:\/\/www.google.com\/maps\/place\/14%C2%B030&#039;14.7%22N+90%C2%B028&#039;54.0%22W\/@14.50409,-90.48167,17z\/data=!3m1!4b1!4m4!3m3!8m2!3d14.50409!4d-90.48167?entry=ttu&amp;g_ep=EgoyMDI1MDgxMC4wIKXMDSoASAFQAw%3D%3D\" target=\"_blank\" rel=\"noopener\">\n    <img decoding=\"async\" class=\"img-maps\" src=\"https:\/\/www.corporacionbi.com\/gt\/frcl\/wp-content\/uploads\/2025\/08\/google-maps.png\" alt=\"Ir a Google Maps\" \/>\n  <\/a>\n<\/div>\n\n\t\t<\/div>\n\t<\/div>\n<\/div><\/div><\/div><\/div><div class=\"vc_row wpb_row vc_inner vc_row-fluid todos vc_column-gap-30 vc_row-o-equal-height vc_row-flex vc_row_237229992\"><div class=\"cards-supermecados wpb_column vc_column_container vc_col-sm-4\"><div class=\"vc_column-inner \"><div class=\"wpb_wrapper\">\n\t<div class=\"wpb_raw_code wpb_raw_html wpb_content_element texto-card\" >\n\t\t<div class=\"wpb_wrapper\">\n\t\t\t<p>\n  <strong>La Torre Muxbal (Santa Catarina Pinula)  <\/strong><br>\nDirecci\u00f3n: Km 13.5, Antigua Carretera a El Salvador, Lote 20, Finca Los Tilos, Zona 4, Santa Catarina Pinula C.C. Minuto Muxbal, Guatemala  <br>\n14.55986,-90.47226\n<\/p>\n<div class=\"ubicaciones\"  >\n  <a href=\"https:\/\/www.waze.com\/es\/live-map\/directions?navigate=yes&amp;to=ll.14.55986%2C-90.47226\" rel=\"noopener\" target=\"_blank\">\n    <img decoding=\"async\" class=\"img-waze\" src=\"https:\/\/www.corporacionbi.com\/gt\/frcl\/wp-content\/uploads\/2025\/08\/waze.png\" alt=\"Ir a Waze\" \/>\n  <\/a>\n  <a href=\"https:\/\/www.google.com\/maps\/search\/?api=1&amp;query=14.55986,-90.47226\" target=\"_blank\" rel=\"noopener\">\n    <img decoding=\"async\" class=\"img-maps\" src=\"https:\/\/www.corporacionbi.com\/gt\/frcl\/wp-content\/uploads\/2025\/08\/google-maps.png\" alt=\"Ir a Google Maps\" \/>\n  <\/a>\n<\/div>\n\n\t\t<\/div>\n\t<\/div>\n<\/div><\/div><\/div><div class=\"cards-supermecados wpb_column vc_column_container vc_col-sm-4\"><div class=\"vc_column-inner \"><div class=\"wpb_wrapper\">\n\t<div class=\"wpb_raw_code wpb_raw_html wpb_content_element texto-card\" >\n\t\t<div class=\"wpb_wrapper\">\n\t\t\t<p>\n  <strong>La Torre Zona 16 (Plaza San Fernando)  <\/strong><br>\n Direcci\u00f3n: 24\u00aa Calle 14-00, Zona 16 (Blvd. Hospital Militar), C.C. Paseo Plaza San Fernando, Ciudad de Guatemala  <br>\n 14.6241,-90.46872\n\n<\/p>\n<div class=\"ubicaciones\">\n  <a href=\"https:\/\/www.waze.com\/es\/live-map\/directions?navigate=yes&amp;to=ll.14.6241%2C-90.46872\" target=\"_blank\" rel=\"noopener\">\n    <img decoding=\"async\" class=\"img-waze\" src=\"https:\/\/www.corporacionbi.com\/gt\/frcl\/wp-content\/uploads\/2025\/08\/waze.png\" alt=\"Ir a Waze\" \/>\n  <\/a>\n  <a href=\"https:\/\/www.google.com\/maps\/search\/?api=1&amp;query=14.6241,-90.46872\" target=\"_blank\" rel=\"noopener\">\n    <img decoding=\"async\" class=\"img-maps\" src=\"https:\/\/www.corporacionbi.com\/gt\/frcl\/wp-content\/uploads\/2025\/08\/google-maps.png\" alt=\"Ir a Google Maps\" \/>\n  <\/a>\n<\/div>\n\n\t\t<\/div>\n\t<\/div>\n<\/div><\/div><\/div><div class=\"wpb_column vc_column_container vc_col-sm-4\"><div class=\"vc_column-inner \"><div class=\"wpb_wrapper\"><\/div><\/div><\/div><\/div><\/div><\/div><\/div><\/div><div class=\"vc_row-full-width vc_clearfix\"><\/div><div data-vc-full-width=\"true\" data-vc-full-width-init=\"false\" class=\"vc_row wpb_row vc_row-fluid ciudad vc_row_1204458800\"><div class=\"wpb_column vc_column_container vc_col-sm-12 vc_hidden-sm vc_hidden-xs\"><div class=\"vc_column-inner \"><div class=\"wpb_wrapper\"><div class=\"vc_row wpb_row vc_inner vc_row-fluid todos vc_column-gap-30 vc_row-o-equal-height vc_row-flex vc_row_1816566782\"><div class=\"cards-supermecados wpb_column vc_column_container vc_col-sm-4\"><div class=\"vc_column-inner \"><div class=\"wpb_wrapper\">\n\t<div class=\"wpb_raw_code wpb_raw_html wpb_content_element texto-card\" >\n\t\t<div class=\"wpb_wrapper\">\n\t\t\t<p>\n  <strong>La Torre Mariscal 2<\/strong><br>\n  Direcci\u00f3n: Diagonal 17 (Avenida Mariscal) 23-50, Colonia Mariscal, Zona 11<br>\n 14.602631,-90.55714\n<\/p>\n<div class=\"ubicaciones\">\n  <a href=\"https:\/\/www.waze.com\/es\/live-map\/directions?navigate=yes&amp;to=ll.14.602631%2C-90.55714\" target=\"_blank\" rel=\"noopener\">\n    <img decoding=\"async\" class=\"img-waze\" src=\"https:\/\/www.corporacionbi.com\/gt\/frcl\/wp-content\/uploads\/2025\/08\/waze.png\" alt=\"Ir a Waze\" \/>\n  <\/a>\n  <a href=\" https:\/\/www.google.com\/maps\/search\/?api=1&query=Diagonal+17+23-50+Colonia+Mariscal+Zona+11+Guatemala\" target=\"_blank\" rel=\"noopener\">\n    <img decoding=\"async\" class=\"img-maps\" src=\"https:\/\/www.corporacionbi.com\/gt\/frcl\/wp-content\/uploads\/2025\/08\/google-maps.png\" alt=\"Ir a Google Maps\" \/>\n  <\/a>\n<\/div>\n\n\t\t<\/div>\n\t<\/div>\n<\/div><\/div><\/div><div class=\"cards-supermecados wpb_column vc_column_container vc_col-sm-4\"><div class=\"vc_column-inner \"><div class=\"wpb_wrapper\">\n\t<div class=\"wpb_raw_code wpb_raw_html wpb_content_element texto-card\" >\n\t\t<div class=\"wpb_wrapper\">\n\t\t\t<p>\n  <strong>La Torre Zona 14<\/strong><br>\n Direcci\u00f3n: Avenida Las Am\u00e9ricas 6-69, Zona 14<br>\n  14.58946,-90.51932\n \n<\/p>\n<div class=\"ubicaciones\">\n  <a href=\"https:\/\/www.waze.com\/es\/live-map\/directions?navigate=yes&amp;to=ll.14.58946%2C-90.51932\" target=\"_blank\" rel=\"noopener\">\n    <img decoding=\"async\" class=\"img-waze\" src=\"https:\/\/www.corporacionbi.com\/gt\/frcl\/wp-content\/uploads\/2025\/08\/waze.png\" alt=\"Ir a Waze\" \/>\n  <\/a>\n  <a href=\"https:\/\/www.google.com\/maps\/place\/14%C2%B035&#039;22.1%22N+90%C2%B031&#039;09.6%22W\/@14.58946,-90.51932,17z\/data=!3m1!4b1!4m4!3m3!8m2!3d14.58946!4d-90.51932?entry=ttu&amp;g_ep=EgoyMDI1MDgwNi4wIKXMDSoASAFQAw%3D%3D\" target=\"_blank\" rel=\"noopener\">\n    <img decoding=\"async\" class=\"img-maps\" src=\"https:\/\/www.corporacionbi.com\/gt\/frcl\/wp-content\/uploads\/2025\/08\/google-maps.png\" alt=\"Ir a Google Maps\" \/>\n  <\/a>\n<\/div>\n\n\t\t<\/div>\n\t<\/div>\n<\/div><\/div><\/div><div class=\"cards-supermecados wpb_column vc_column_container vc_col-sm-4\"><div class=\"vc_column-inner \"><div class=\"wpb_wrapper\">\n\t<div class=\"wpb_raw_code wpb_raw_html wpb_content_element texto-card\" >\n\t\t<div class=\"wpb_wrapper\">\n\t\t\t<p>\n  <strong>La Torre Roosevelt<\/strong><br>\n Direcci\u00f3n: Calzada Roosevelt 12-76, Zona 7, Guatemala<br>\n14.6425926,-90.5192915 \n<\/p>\n<div class=\"ubicaciones\">\n  <a href=\"https:\/\/www.waze.com\/es\/live-map\/directions?navigate=yes&amp;to=ll.14.6425926%2C-90.5192915\" target=\"_blank\" rel=\"noopener\">\n    <img decoding=\"async\" class=\"img-waze\" src=\"https:\/\/www.corporacionbi.com\/gt\/frcl\/wp-content\/uploads\/2025\/08\/waze.png\" alt=\"Ir a Waze\" \/>\n  <\/a>\n  <a href=\"https:\/\/www.google.com\/maps\/place\/14%C2%B038&#039;33.3%22N+90%C2%B031&#039;09.5%22W\/@14.6425926,-90.5192915,17z\/data=!3m1!4b1!4m4!3m3!8m2!3d14.6425926!4d-90.5192915?entry=ttu&amp;g_ep=EgoyMDI1MDgxMC4wIKXMDSoASAFQAw%3D%3D\" target=\"_blank\" rel=\"noopener\">\n    <img decoding=\"async\" class=\"img-maps\" src=\"https:\/\/www.corporacionbi.com\/gt\/frcl\/wp-content\/uploads\/2025\/08\/google-maps.png\" alt=\"Ir a Google Maps\" \/>\n  <\/a>\n<\/div>\n\n\t\t<\/div>\n\t<\/div>\n<\/div><\/div><\/div><\/div><div class=\"vc_row wpb_row vc_inner vc_row-fluid todos vc_column-gap-30 vc_row-o-equal-height vc_row-flex vc_row_415019839\"><div class=\"cards-supermecados wpb_column vc_column_container vc_col-sm-4\"><div class=\"vc_column-inner \"><div class=\"wpb_wrapper\">\n\t<div class=\"wpb_raw_code wpb_raw_html wpb_content_element texto-card\" >\n\t\t<div class=\"wpb_wrapper\">\n\t\t\t<p>\n  <strong>La Torre Miraflores<\/strong><br>\n  Direcci\u00f3n: C.C. Miraflores, Zona 11, Locales 106 y 106A, S\u00f3tano 1<br>\n14.619876,-90.553919 \n<\/p>\n<div class=\"ubicaciones \"  style= \"padding-top:18px\">\n  <a href=\"https:\/\/www.waze.com\/es\/live-map\/directions?navigate=yes&amp;to=ll.14.619876%2C-90.553919\" target=\"_blank\" rel=\"noopener\">\n    <img decoding=\"async\" class=\"img-waze\" src=\"https:\/\/www.corporacionbi.com\/gt\/frcl\/wp-content\/uploads\/2025\/08\/waze.png\" alt=\"Ir a Waze\" \/>\n  <\/a>\n  <a href=\"https:\/\/www.google.com\/maps\/place\/14%C2%B037&#039;11.6%22N+90%C2%B033&#039;14.1%22W\/@14.619876,-90.553919,17z\/data=!3m1!4b1!4m4!3m3!8m2!3d14.619876!4d-90.553919?entry=ttu&amp;g_ep=EgoyMDI1MDgxMC4wIKXMDSoASAFQAw%3D%3D\" target=\"_blank\" rel=\"noopener\">\n    <img decoding=\"async\" class=\"img-maps\" src=\"https:\/\/www.corporacionbi.com\/gt\/frcl\/wp-content\/uploads\/2025\/08\/google-maps.png\" alt=\"Ir a Google Maps\" \/>\n  <\/a>\n<\/div>\n\n\t\t<\/div>\n\t<\/div>\n<\/div><\/div><\/div><div class=\"cards-supermecados wpb_column vc_column_container vc_col-sm-4\"><div class=\"vc_column-inner \"><div class=\"wpb_wrapper\">\n\t<div class=\"wpb_raw_code wpb_raw_html wpb_content_element texto-card\" >\n\t\t<div class=\"wpb_wrapper\">\n\t\t\t<p>\n<strong>La Torre Zona 10<\/strong>\n<br>\nDirecci\u00f3n: Calle Real de Villa 14-14, Zona 10<br>\n14.59773,-90.50723\n<\/p>\n<div class=\"ubicaciones\">\n    <a href=\"https:\/\/www.waze.com\/es\/live-map\/directions?navigate=yes&amp;to=ll.14.59773%2C-90.50723\" target=\"_blank\" rel=\"noopener\">\n<img decoding=\"async\" class=\"img-waze\" src=\"https:\/\/www.corporacionbi.com\/gt\/frcl\/wp-content\/uploads\/2025\/08\/waze.png\" alt=\"Ir a Waze\" \/>\n<\/a>\n<a href=\"https:\/\/www.google.com\/maps\/place\/14%C2%B035&#039;51.8%22N+90%C2%B030&#039;26.0%22W\/@14.59773,-90.50723,17z\/data=!3m1!4b1!4m4!3m3!8m2!3d14.59773!4d-90.50723?entry=ttu&amp;g_ep=EgoyMDI1MDgwNi4wIKXMDSoASAFQAw%3D%3D\" target=\"_blank\" rel=\"noopener\"><img decoding=\"async\" class=\"img-maps\" src=\"https:\/\/www.corporacionbi.com\/gt\/frcl\/wp-content\/uploads\/2025\/08\/google-maps.png\" alt=\"Ir a Google Maps\" \/>\n<\/a>\n<\/div>\n\n\t\t<\/div>\n\t<\/div>\n<\/div><\/div><\/div><div class=\"cards-supermecados wpb_column vc_column_container vc_col-sm-4\"><div class=\"vc_column-inner \"><div class=\"wpb_wrapper\">\n\t<div class=\"wpb_raw_code wpb_raw_html wpb_content_element texto-card\" >\n\t\t<div class=\"wpb_wrapper\">\n\t\t\t<p>\n  <strong>La Torre Zona 15<\/strong><br>\n  Direcci\u00f3n: 2\u00aa Calle 18-30, Vista Hermosa II, Zona 15<br>\n14.59363,-90.49453\n<\/p>\n<div class=\"ubicaciones\" style= \"padding-top:18px\">\n  <a href=\"https:\/\/www.waze.com\/es\/live-map\/directions?navigate=yes&amp;to=ll.14.59363%2C-90.49453\" target=\"_blank\" rel=\"noopener\">\n    <img decoding=\"async\" class=\"img-waze\" src=\"https:\/\/www.corporacionbi.com\/gt\/frcl\/wp-content\/uploads\/2025\/08\/waze.png\" alt=\"Ir a Waze\" \/>\n  <\/a>\n  <a href=\"https:\/\/www.google.com\/maps\/search\/?api=1&amp;query=14.59363,-90.49453\" target=\"_blank\" rel=\"noopener\">\n    <img decoding=\"async\" class=\"img-maps\" src=\"https:\/\/www.corporacionbi.com\/gt\/frcl\/wp-content\/uploads\/2025\/08\/google-maps.png\" alt=\"Ir a Google Maps\" \/>\n  <\/a>\n<\/div>\n\n\t\t<\/div>\n\t<\/div>\n<\/div><\/div><\/div><\/div><div class=\"vc_row wpb_row vc_inner vc_row-fluid todos vc_column-gap-30 vc_row-o-equal-height vc_row-flex vc_row_394819513\"><div class=\"cards-supermecados wpb_column vc_column_container vc_col-sm-4\"><div class=\"vc_column-inner \"><div class=\"wpb_wrapper\">\n\t<div class=\"wpb_raw_code wpb_raw_html wpb_content_element texto-card\" >\n\t\t<div class=\"wpb_wrapper\">\n\t\t\t<p>\n  <strong>La Torre Oakland<\/strong><br>\n  Direcci\u00f3n: Diagonal 6, 12-51, C.C. Oakland Mall, Planta Baja, Ancla 3, Zona 10, Colonia Las Margaritas<br>\n  14.60093565,-90.50692814\n\n<\/p>\n<div class=\"ubicaciones\">\n  <a href=\"https:\/\/www.waze.com\/es\/live-map\/directions?navigate=yes&amp;to=ll.14.60093565%2C-90.50692814 \" target=\"_blank\" rel=\"noopener\">\n    <img decoding=\"async\" class=\"img-waze\" src=\"https:\/\/www.corporacionbi.com\/gt\/frcl\/wp-content\/uploads\/2025\/08\/waze.png\" alt=\"Ir a Waze\" \/>\n  <\/a>\n  <a href=\"https:\/\/www.google.com\/maps\/search\/?api=1&amp;query=14.6009356542391,-90.5069281423277\" target=\"_blank\" rel=\"noopener\">\n    <img decoding=\"async\" class=\"img-maps\" src=\"https:\/\/www.corporacionbi.com\/gt\/frcl\/wp-content\/uploads\/2025\/08\/google-maps.png\" alt=\"Ir a Google Maps\" \/>\n  <\/a>\n<\/div>\n\n\t\t<\/div>\n\t<\/div>\n<\/div><\/div><\/div><div class=\"cards-supermecados wpb_column vc_column_container vc_col-sm-4\"><div class=\"vc_column-inner \"><div class=\"wpb_wrapper\">\n\t<div class=\"wpb_raw_code wpb_raw_html wpb_content_element texto-card\" >\n\t\t<div class=\"wpb_wrapper\">\n\t\t\t<p>\n  <strong>La Torre Cayal\u00e1<\/strong><br>\nDirecci\u00f3n: Boulevard Rafael Land\u00edvar 10-05, Zona 16, C.C. Paseo Cayal\u00e1, Edificio A1, Ciudad de Guatemala <br>\n14.60829,-90.48784\n<\/p>\n<div class=\"ubicaciones\">\n  <a href=\"https:\/\/www.waze.com\/es\/live-map\/directions?navigate=yes&amp;to=ll.14.60829%2C-90.48784\" target=\"_blank\" rel=\"noopener\">\n    <img decoding=\"async\" class=\"img-waze\" src=\"https:\/\/www.corporacionbi.com\/gt\/frcl\/wp-content\/uploads\/2025\/08\/waze.png\" alt=\"Ir a Waze\" \/>\n  <\/a>\n  <a href=\"https:\/\/www.google.com\/maps\/place\/14%C2%B036&#039;29.8%22N+90%C2%B029&#039;16.2%22W\/@14.60829,-90.48784,17z\/data=!3m1!4b1!4m4!3m3!8m2!3d14.60829!4d-90.48784?entry=ttu&amp;g_ep=EgoyMDI1MDgwNi4wIKXMDSoASAFQAw%3D%3D\" target=\"_blank\" rel=\"noopener\">\n    <img decoding=\"async\" class=\"img-maps\" src=\"https:\/\/www.corporacionbi.com\/gt\/frcl\/wp-content\/uploads\/2025\/08\/google-maps.png\" alt=\"Ir a Google Maps\" \/>\n  <\/a>\n<\/div>\n\n\t\t<\/div>\n\t<\/div>\n<\/div><\/div><\/div><div class=\"cards-supermecados wpb_column vc_column_container vc_col-sm-4\"><div class=\"vc_column-inner \"><div class=\"wpb_wrapper\">\n\t<div class=\"wpb_raw_code wpb_raw_html wpb_content_element texto-card\" >\n\t\t<div class=\"wpb_wrapper\">\n\t\t\t<p>\n  <strong>La Torre Cayal\u00e1 2<\/strong><br>\nDirecci\u00f3n: 15\u00aa Avenida 05-50, Col. Vista Hermosa III, Zona 15, Ciudad de Guatemala <br>\n14.605463,-90.494747\n<\/p>\n<div class=\"ubicaciones\">\n  <a href=\"https:\/\/www.waze.com\/es\/live-map\/directions?navigate=yes&amp;to=ll.14.605463%2C-90.494747\" target=\"_blank\" rel=\"noopener\">\n    <img decoding=\"async\" class=\"img-waze\" src=\"https:\/\/www.corporacionbi.com\/gt\/frcl\/wp-content\/uploads\/2025\/08\/waze.png\" alt=\"Ir a Waze\" \/>\n  <\/a>\n  <a href=\"https:\/\/www.google.com\/maps\/search\/?api=1&amp;query=14.605463,-90.494747\" target=\"_blank\" rel=\"noopener\">\n    <img decoding=\"async\" class=\"img-maps\" src=\"https:\/\/www.corporacionbi.com\/gt\/frcl\/wp-content\/uploads\/2025\/08\/google-maps.png\" alt=\"Ir a Google Maps\" \/>\n  <\/a>\n<\/div>\n\n\t\t<\/div>\n\t<\/div>\n<\/div><\/div><\/div><\/div><div class=\"vc_row wpb_row vc_inner vc_row-fluid todos vc_column-gap-30 vc_row-o-equal-height vc_row-flex vc_row_677503335\"><div class=\"cards-supermecados wpb_column vc_column_container vc_col-sm-4\"><div class=\"vc_column-inner \"><div class=\"wpb_wrapper\">\n\t<div class=\"wpb_raw_code wpb_raw_html wpb_content_element texto-card\" >\n\t\t<div class=\"wpb_wrapper\">\n\t\t\t<p>\n  <strong>La Torre San Isidro<\/strong><br>\n Direcci\u00f3n: Diagonal 34, Calle Real de Acat\u00e1n 17-10, Zona 16, Colonia Jardines de San Isidro, Guatemala<br>\n14.60629,-90.46882\n<\/p>\n<div class=\"ubicaciones\">\n  <a href=\"https:\/\/www.waze.com\/es\/live-map\/directions?navigate=yes&amp;to=ll.14.60629%2C-90.46882\" target=\"_blank\" rel=\"noopener\">\n    <img decoding=\"async\" class=\"img-waze\" src=\"https:\/\/www.corporacionbi.com\/gt\/frcl\/wp-content\/uploads\/2025\/08\/waze.png\" alt=\"Ir a Waze\" \/>\n  <\/a>\n  <a href=\"https:\/\/www.google.com\/maps\/place\/14%C2%B036&#039;22.6%22N+90%C2%B028&#039;07.8%22W\/@14.60629,-90.46882,17z\/data=!3m1!4b1!4m4!3m3!8m2!3d14.60629!4d-90.46882?entry=ttu&amp;g_ep=EgoyMDI1MDgxMC4wIKXMDSoASAFQAw%3D%3D\" target=\"_blank\" rel=\"noopener\">\n    <img decoding=\"async\" class=\"img-maps\" src=\"https:\/\/www.corporacionbi.com\/gt\/frcl\/wp-content\/uploads\/2025\/08\/google-maps.png\" alt=\"Ir a Google Maps\" \/>\n  <\/a>\n<\/div>\n\n\t\t<\/div>\n\t<\/div>\n<\/div><\/div><\/div><div class=\"wpb_column vc_column_container vc_col-sm-4\"><div class=\"vc_column-inner \"><div class=\"wpb_wrapper\"><\/div><\/div><\/div><div class=\"wpb_column vc_column_container vc_col-sm-4\"><div class=\"vc_column-inner \"><div class=\"wpb_wrapper\"><\/div><\/div><\/div><\/div><\/div><\/div><\/div><\/div><div class=\"vc_row-full-width vc_clearfix\"><\/div><div data-vc-full-width=\"true\" data-vc-full-width-init=\"false\" class=\"vc_row wpb_row vc_row-fluid metropolitana vc_row_491699074\"><div class=\"wpb_column vc_column_container vc_col-sm-12 vc_hidden-sm vc_hidden-xs\"><div class=\"vc_column-inner \"><div class=\"wpb_wrapper\"><div class=\"vc_row wpb_row vc_inner vc_row-fluid todos vc_column-gap-30 vc_row-o-equal-height vc_row-flex vc_row_1572734297\"><div class=\"cards-supermecados wpb_column vc_column_container vc_col-sm-4\"><div class=\"vc_column-inner \"><div class=\"wpb_wrapper\">\n\t<div class=\"wpb_raw_code wpb_raw_html wpb_content_element texto-card\" >\n\t\t<div class=\"wpb_wrapper\">\n\t\t\t<p>\n  <strong>La Torre Arrazola (Fraijanes)  <\/strong><br>\nDirecci\u00f3n: 2\u00aa Avenida 11-28, Zona 1, Aldea Don Justo, Km 16.5, Lo de Dieguez, C.C. Plaza Arrazola, Fraijanes   <br>\n14.53934,-90.45293 \n<\/p>\n<div class=\"ubicaciones\" style= \"padding-top:28px\">\n  <a href=\"https:\/\/www.waze.com\/es\/live-map\/directions?navigate=yes&amp;to=ll.14.53934%2C-90.45293\" target=\"_blank\" rel=\"noopener\">\n    <img decoding=\"async\" class=\"img-waze\" src=\"https:\/\/www.corporacionbi.com\/gt\/frcl\/wp-content\/uploads\/2025\/08\/waze.png\" alt=\"Ir a Waze\" \/>\n  <\/a>\n  <a href=\"https:\/\/www.google.com\/maps\/place\/14%C2%B032&#039;21.6%22N+90%C2%B027&#039;10.6%22W\/@14.53934,-90.45293,17z\/data=!3m1!4b1!4m4!3m3!8m2!3d14.53934!4d-90.45293?entry=ttu&amp;g_ep=EgoyMDI1MDgxMC4wIKXMDSoASAFQAw%3D%3D\n  \" target=\"_blank\" rel=\"noopener\">\n    <img decoding=\"async\" class=\"img-maps\" src=\"https:\/\/www.corporacionbi.com\/gt\/frcl\/wp-content\/uploads\/2025\/08\/google-maps.png\" alt=\"Ir a Google Maps\" \/>\n  <\/a>\n<\/div>\n\n\t\t<\/div>\n\t<\/div>\n<\/div><\/div><\/div><div class=\"cards-supermecados wpb_column vc_column_container vc_col-sm-4\"><div class=\"vc_column-inner \"><div class=\"wpb_wrapper\">\n\t<div class=\"wpb_raw_code wpb_raw_html wpb_content_element texto-card\" >\n\t\t<div class=\"wpb_wrapper\">\n\t\t\t<p>\n  <strong>La Torre Pr\u00f3ceres (Santa Catarina Pinula) <\/strong><br>\nDirecci\u00f3n: Km 6.175, Carretera CA-1 Oriente, Nivel 1, Local A, Santa Catarina Pinula, Guatemala  <br>\n14.57896754,-90.49455036\n\n<\/p>\n<div class=\"ubicaciones\">\n  <a href=\"https:\/\/www.waze.com\/es\/live-map\/directions?navigate=yes&amp;to=ll.14.57896754%2C-90.49455036\" target=\"_blank\" rel=\"noopener\">\n    <img decoding=\"async\" class=\"img-waze\" src=\"https:\/\/www.corporacionbi.com\/gt\/frcl\/wp-content\/uploads\/2025\/08\/waze.png\" alt=\"Ir a Waze\" \/>\n  <\/a>\n  <a href=\"https:\/\/www.google.com\/maps\/search\/?api=1&amp;query=14.578967540820866,-90.49455036393888\n  \" target=\"_blank\" rel=\"noopener\">\n    <img decoding=\"async\" class=\"img-maps\" src=\"https:\/\/www.corporacionbi.com\/gt\/frcl\/wp-content\/uploads\/2025\/08\/google-maps.png\" alt=\"Ir a Google Maps\" \/>\n  <\/a>\n<\/div>\n\n\t\t<\/div>\n\t<\/div>\n<\/div><\/div><\/div><div class=\"cards-supermecados wpb_column vc_column_container vc_col-sm-4\"><div class=\"vc_column-inner \"><div class=\"wpb_wrapper\">\n\t<div class=\"wpb_raw_code wpb_raw_html wpb_content_element texto-card\" >\n\t\t<div class=\"wpb_wrapper\">\n\t\t\t<p>\n  <strong>La Torre Madero (Villa Canales) <\/strong><br>\n Direcci\u00f3n: Km 21.7, Carretera a El Salvador, Zona 3, C.C. Plaza Madero, Villa Canales, Guatemala <br>\n14.50409,-90.48167\n<\/p>\n<div class=\"ubicaciones\" style= \"padding-top:28px\">\n  <a href=\"https:\/\/www.waze.com\/es\/live-map\/directions?navigate=yes&amp;to=ll.14.50409%2C-90.48167\" target=\"_blank\" rel=\"noopener\">\n    <img decoding=\"async\" class=\"img-waze\" src=\"https:\/\/www.corporacionbi.com\/gt\/frcl\/wp-content\/uploads\/2025\/08\/waze.png\" alt=\"Ir a Waze\" \/>\n  <\/a>\n  <a href=\"https:\/\/www.google.com\/maps\/place\/14%C2%B030&#039;14.7%22N+90%C2%B028&#039;54.0%22W\/@14.50409,-90.48167,17z\/data=!3m1!4b1!4m4!3m3!8m2!3d14.50409!4d-90.48167?entry=ttu&amp;g_ep=EgoyMDI1MDgxMC4wIKXMDSoASAFQAw%3D%3D\" target=\"_blank\" rel=\"noopener\">\n    <img decoding=\"async\" class=\"img-maps\" src=\"https:\/\/www.corporacionbi.com\/gt\/frcl\/wp-content\/uploads\/2025\/08\/google-maps.png\" alt=\"Ir a Google Maps\" \/>\n  <\/a>\n<\/div>\n\n\t\t<\/div>\n\t<\/div>\n<\/div><\/div><\/div><\/div><div class=\"vc_row wpb_row vc_inner vc_row-fluid todos vc_column-gap-30 vc_row-o-equal-height vc_row-flex vc_row_498173412\"><div class=\"cards-supermecados wpb_column vc_column_container vc_col-sm-4\"><div class=\"vc_column-inner \"><div class=\"wpb_wrapper\">\n\t<div class=\"wpb_raw_code wpb_raw_html wpb_content_element texto-card\" >\n\t\t<div class=\"wpb_wrapper\">\n\t\t\t<p>\n  <strong>La Torre Muxbal (Santa Catarina Pinula)  <\/strong><br>\nDirecci\u00f3n: Km 13.5, Antigua Carretera a El Salvador, Lote 20, Finca Los Tilos, Zona 4, Santa Catarina Pinula C.C. Minuto Muxbal, Guatemala  <br>\n14.55986,-90.47226\n<\/p>\n<div class=\"ubicaciones\"  >\n  <a href=\"https:\/\/www.waze.com\/es\/live-map\/directions?navigate=yes&amp;to=ll.14.55986%2C-90.47226\" rel=\"noopener\" target=\"_blank\">\n    <img decoding=\"async\" class=\"img-waze\" src=\"https:\/\/www.corporacionbi.com\/gt\/frcl\/wp-content\/uploads\/2025\/08\/waze.png\" alt=\"Ir a Waze\" \/>\n  <\/a>\n  <a href=\"https:\/\/www.google.com\/maps\/search\/?api=1&amp;query=14.55986,-90.47226\" target=\"_blank\" rel=\"noopener\">\n    <img decoding=\"async\" class=\"img-maps\" src=\"https:\/\/www.corporacionbi.com\/gt\/frcl\/wp-content\/uploads\/2025\/08\/google-maps.png\" alt=\"Ir a Google Maps\" \/>\n  <\/a>\n<\/div>\n\n\t\t<\/div>\n\t<\/div>\n<\/div><\/div><\/div><div class=\"cards-supermecados wpb_column vc_column_container vc_col-sm-4\"><div class=\"vc_column-inner \"><div class=\"wpb_wrapper\">\n\t<div class=\"wpb_raw_code wpb_raw_html wpb_content_element texto-card\" >\n\t\t<div class=\"wpb_wrapper\">\n\t\t\t<p>\n  <strong>La Torre SanKris (Zona 8) <\/strong><br>\n Direcci\u00f3n: Blvd. San Crist\u00f3bal, 3\u00aa Calle 6-72, Sector A3, Zona 8, C.C. SanKris, Local 103, Guatemala <br>\n14.61178,-90.59808\n\n<\/p>\n<div class=\"ubicaciones\">\n  <a href=\"https:\/\/www.waze.com\/es\/live-map\/directions?navigate=yes&amp;to=ll.14.61178%2C-90.59808\" target=\"_blank\" rel=\"noopener\">\n    <img decoding=\"async\" class=\"img-waze\" src=\"https:\/\/www.corporacionbi.com\/gt\/frcl\/wp-content\/uploads\/2025\/08\/waze.png\" alt=\"Ir a Waze\" \/>\n  <\/a>\n  <a href=\"https:\/\/www.google.com\/maps\/place\/14%C2%B036&#039;42.4%22N+90%C2%B035&#039;53.1%22W\/@14.61178,-90.59808,17z\/data=!3m1!4b1!4m4!3m3!8m2!3d14.61178!4d-90.59808?entry=ttu&amp;g_ep=EgoyMDI1MDgxMC4wIKXMDSoASAFQAw%3D%3D\" target=\"_blank\" rel=\"noopener\">\n    <img decoding=\"async\" class=\"img-maps\" src=\"https:\/\/www.corporacionbi.com\/gt\/frcl\/wp-content\/uploads\/2025\/08\/google-maps.png\" alt=\"Ir a Google Maps\" \/>\n  <\/a>\n<\/div>\n\n\t\t<\/div>\n\t<\/div>\n<\/div><\/div><\/div><div class=\"cards-supermecados wpb_column vc_column_container vc_col-sm-4\"><div class=\"vc_column-inner \"><div class=\"wpb_wrapper\">\n\t<div class=\"wpb_raw_code wpb_raw_html wpb_content_element texto-card\" >\n\t\t<div class=\"wpb_wrapper\">\n\t\t\t<p>\n  <strong>La Torre El Naranjo (Mixco) <\/strong><br>\n Direcci\u00f3n: 23\u00aa Calle 10-00, Zona 4 Mixco, Condado El Naranjo, C.C. Naranjo Mall, Local 102, Guatemala <br>\n14.65074,-90.54191\n<\/p>\n<div class=\"ubicaciones\">\n  <a href=\"https:\/\/www.waze.com\/es\/live-map\/directions?navigate=yes&amp;to=ll.14.65074%2C-90.54191 \" target=\"_blank\" rel=\"noopener\">\n    <img decoding=\"async\" class=\"img-waze\" src=\"https:\/\/www.corporacionbi.com\/gt\/frcl\/wp-content\/uploads\/2025\/08\/waze.png\" alt=\"Ir a Waze\" \/>\n  <\/a>\n  <a href=\"https:\/\/www.google.com\/maps\/place\/14%C2%B039&#039;02.7%22N+90%C2%B032&#039;30.9%22W\/@14.65074,-90.54191,17z\/data=!3m1!4b1!4m4!3m3!8m2!3d14.65074!4d-90.54191?entry=ttu&amp;g_ep=EgoyMDI1MDgxMC4wIKXMDSoASAFQAw%3D%3D\" target=\"_blank\" rel=\"noopener\">\n    <img decoding=\"async\" class=\"img-maps\" src=\"https:\/\/www.corporacionbi.com\/gt\/frcl\/wp-content\/uploads\/2025\/08\/google-maps.png\" alt=\"Ir a Google Maps\" \/>\n  <\/a>\n<\/div>\n\n\t\t<\/div>\n\t<\/div>\n<\/div><\/div><\/div><\/div><\/div><\/div><\/div><div class=\"wpb_column vc_column_container vc_col-sm-12 vc_hidden-lg vc_hidden-md\"><div class=\"vc_column-inner \"><div class=\"wpb_wrapper\"><div class=\"vc_tta-container\" data-vc-action=\"collapse\"><div class=\"vc_general vc_tta vc_tta-accordion vc_tta-color-grey vc_tta-style-classic vc_tta-shape-rounded vc_tta-spacing-10 vc_tta-controls-align-default\"><div class=\"vc_tta-panels-container\"><div class=\"vc_tta-panels\"><div class=\"vc_tta-panel\" id=\"1755203491385-68b001a8-d42a\" data-vc-content=\".vc_tta-panel-body\"><div class=\"vc_tta-panel-heading\"><h4 class=\"vc_tta-panel-title\"><a href=\"#1755203491385-68b001a8-d42a\" data-vc-accordion data-vc-container=\".vc_tta-container\"><span class=\"vc_tta-title-text\">La Torre SanKris (Zona 8)<\/span><\/a><\/h4><\/div><div class=\"vc_tta-panel-body\"><div class=\"vc_row wpb_row vc_inner vc_row-fluid vc_row_2071452261\"><div class=\"wpb_column vc_column_container vc_col-sm-12 vc_column_1733921143\"><div class=\"vc_column-inner \"><div class=\"wpb_wrapper\">\n\t<div class=\"wpb_raw_code wpb_raw_html wpb_content_element texto-card\" >\n\t\t<div class=\"wpb_wrapper\">\n\t\t\t<p>\n  <strong>La Torre SanKris (Zona 8) <\/strong><br>\n Direcci\u00f3n: Blvd. San Crist\u00f3bal, 3\u00aa Calle 6-72, Sector A3, Zona 8, C.C. SanKris, Local 103, Guatemala <br>\n14.61178,-90.59808\n\n<\/p>\n<div class=\"ubicaciones\">\n  <a href=\"https:\/\/www.waze.com\/es\/live-map\/directions?navigate=yes&amp;to=ll.14.61178%2C-90.59808\" target=\"_blank\" rel=\"noopener\">\n    <img decoding=\"async\" class=\"img-waze\" src=\"https:\/\/www.corporacionbi.com\/gt\/frcl\/wp-content\/uploads\/2025\/08\/waze.png\" alt=\"Ir a Waze\" \/>\n  <\/a>\n  <a href=\"https:\/\/www.google.com\/maps\/place\/14%C2%B036&#039;42.4%22N+90%C2%B035&#039;53.1%22W\/@14.61178,-90.59808,17z\/data=!3m1!4b1!4m4!3m3!8m2!3d14.61178!4d-90.59808?entry=ttu&amp;g_ep=EgoyMDI1MDgxMC4wIKXMDSoASAFQAw%3D%3D\" target=\"_blank\" rel=\"noopener\">\n    <img decoding=\"async\" class=\"img-maps\" src=\"https:\/\/www.corporacionbi.com\/gt\/frcl\/wp-content\/uploads\/2025\/08\/google-maps.png\" alt=\"Ir a Google Maps\" \/>\n  <\/a>\n<\/div>\n\t\t<\/div>\n\t<\/div>\n<style type=\"text\/css\"> .vc_column_1733921143:not(.vc_parallax):not(.jarallax) { overflow: center!important; position: relative; }<\/style><\/div><\/div><\/div><style type=\"text\/css\"> .vc_row_2071452261:not(.vc_parallax):not(.jarallax) { overflow: center!important; position: relative; }<\/style><\/div><\/div><\/div><div class=\"vc_tta-panel\" id=\"1755203217797-0a35b4c0-3aac\" data-vc-content=\".vc_tta-panel-body\"><div class=\"vc_tta-panel-heading\"><h4 class=\"vc_tta-panel-title\"><a href=\"#1755203217797-0a35b4c0-3aac\" data-vc-accordion data-vc-container=\".vc_tta-container\"><span class=\"vc_tta-title-text\">La Torre El Naranjo (Mixco)<\/span><\/a><\/h4><\/div><div class=\"vc_tta-panel-body\"><div class=\"vc_row wpb_row vc_inner vc_row-fluid vc_row_315048671\"><div class=\"wpb_column vc_column_container vc_col-sm-12 vc_column_784899367\"><div class=\"vc_column-inner \"><div class=\"wpb_wrapper\">\n\t<div class=\"wpb_raw_code wpb_raw_html wpb_content_element texto-card\" >\n\t\t<div class=\"wpb_wrapper\">\n\t\t\t<p>\n  <strong>La Torre El Naranjo (Mixco) <\/strong><br>\n Direcci\u00f3n: 23\u00aa Calle 10-00, Zona 4 Mixco, Condado El Naranjo, C.C. Naranjo Mall, Local 102, Guatemala <br>\n14.65074,-90.54191\n<\/p>\n<div class=\"ubicaciones\">\n  <a href=\"https:\/\/www.waze.com\/es\/live-map\/directions?navigate=yes&amp;to=ll.14.65074%2C-90.54191 \" target=\"_blank\" rel=\"noopener\">\n    <img decoding=\"async\" class=\"img-waze\" src=\"https:\/\/www.corporacionbi.com\/gt\/frcl\/wp-content\/uploads\/2025\/08\/waze.png\" alt=\"Ir a Waze\" \/>\n  <\/a>\n  <a href=\"https:\/\/www.google.com\/maps\/place\/14%C2%B039&#039;02.7%22N+90%C2%B032&#039;30.9%22W\/@14.65074,-90.54191,17z\/data=!3m1!4b1!4m4!3m3!8m2!3d14.65074!4d-90.54191?entry=ttu&amp;g_ep=EgoyMDI1MDgxMC4wIKXMDSoASAFQAw%3D%3D\" target=\"_blank\" rel=\"noopener\">\n    <img decoding=\"async\" class=\"img-maps\" src=\"https:\/\/www.corporacionbi.com\/gt\/frcl\/wp-content\/uploads\/2025\/08\/google-maps.png\" alt=\"Ir a Google Maps\" \/>\n  <\/a>\n<\/div>\n\t\t<\/div>\n\t<\/div>\n<style type=\"text\/css\"> .vc_column_784899367:not(.vc_parallax):not(.jarallax) { overflow: center!important; position: relative; }<\/style><\/div><\/div><\/div><style type=\"text\/css\"> .vc_row_315048671:not(.vc_parallax):not(.jarallax) { overflow: center!important; position: relative; }<\/style><\/div><\/div><\/div><div class=\"vc_tta-panel\" id=\"1754502871739-419b6199-b516\" data-vc-content=\".vc_tta-panel-body\"><div class=\"vc_tta-panel-heading\"><h4 class=\"vc_tta-panel-title\"><a href=\"#1754502871739-419b6199-b516\" data-vc-accordion data-vc-container=\".vc_tta-container\"><span class=\"vc_tta-title-text\">La Torre Madero (Villa Canales)<\/span><\/a><\/h4><\/div><div class=\"vc_tta-panel-body\"><div class=\"vc_row wpb_row vc_inner vc_row-fluid vc_row_163990081\"><div class=\"cards-supermecados wpb_column vc_column_container vc_col-sm-12\"><div class=\"vc_column-inner \"><div class=\"wpb_wrapper\">\n\t<div class=\"wpb_raw_code wpb_raw_html wpb_content_element texto-card\" >\n\t\t<div class=\"wpb_wrapper\">\n\t\t\t<p>\n  <strong>La Torre Madero (Villa Canales) <\/strong><br>\n Direcci\u00f3n: Km 21.7, Carretera a El Salvador, Zona 3, C.C. Plaza Madero, Villa Canales, Guatemala <br>\n14.50409,-90.48167\n<\/p>\n<div class=\"ubicaciones\" style= \"padding-top:28px\">\n  <a href=\"https:\/\/www.waze.com\/es\/live-map\/directions?navigate=yes&amp;to=ll.14.50409%2C-90.48167\" target=\"_blank\" rel=\"noopener\">\n    <img decoding=\"async\" class=\"img-waze\" src=\"https:\/\/www.corporacionbi.com\/gt\/frcl\/wp-content\/uploads\/2025\/08\/waze.png\" alt=\"Ir a Waze\" \/>\n  <\/a>\n  <a href=\"https:\/\/www.google.com\/maps\/place\/14%C2%B030&#039;14.7%22N+90%C2%B028&#039;54.0%22W\/@14.50409,-90.48167,17z\/data=!3m1!4b1!4m4!3m3!8m2!3d14.50409!4d-90.48167?entry=ttu&amp;g_ep=EgoyMDI1MDgxMC4wIKXMDSoASAFQAw%3D%3D\" target=\"_blank\" rel=\"noopener\">\n    <img decoding=\"async\" class=\"img-maps\" src=\"https:\/\/www.corporacionbi.com\/gt\/frcl\/wp-content\/uploads\/2025\/08\/google-maps.png\" alt=\"Ir a Google Maps\" \/>\n  <\/a>\n<\/div>\n\n\t\t<\/div>\n\t<\/div>\n<\/div><\/div><\/div><style type=\"text\/css\"> .vc_row_163990081:not(.vc_parallax):not(.jarallax) { overflow: center!important; position: relative; }<\/style><\/div><\/div><\/div><div class=\"vc_tta-panel\" id=\"1754502876906-2369c1f5-de53\" data-vc-content=\".vc_tta-panel-body\"><div class=\"vc_tta-panel-heading\"><h4 class=\"vc_tta-panel-title\"><a href=\"#1754502876906-2369c1f5-de53\" data-vc-accordion data-vc-container=\".vc_tta-container\"><span class=\"vc_tta-title-text\">La Torre Pr\u00f3ceres (Santa Catarina Pinula)<\/span><\/a><\/h4><\/div><div class=\"vc_tta-panel-body\"><div class=\"vc_row wpb_row vc_inner vc_row-fluid vc_row_1240790728\"><div class=\"cards-supermecados wpb_column vc_column_container vc_col-sm-12\"><div class=\"vc_column-inner \"><div class=\"wpb_wrapper\">\n\t<div class=\"wpb_raw_code wpb_raw_html wpb_content_element texto-card\" >\n\t\t<div class=\"wpb_wrapper\">\n\t\t\t<p>\n  <strong>La Torre Pr\u00f3ceres (Santa Catarina Pinula) <\/strong><br>\nDirecci\u00f3n: Km 6.175, Carretera CA-1 Oriente, Nivel 1, Local A, Santa Catarina Pinula, Guatemala  <br>\n14.57896754,-90.49455036\n\n<\/p>\n<div class=\"ubicaciones\">\n  <a href=\"https:\/\/www.waze.com\/es\/live-map\/directions?navigate=yes&amp;to=ll.14.57896754%2C-90.49455036\" target=\"_blank\" rel=\"noopener\">\n    <img decoding=\"async\" class=\"img-waze\" src=\"https:\/\/www.corporacionbi.com\/gt\/frcl\/wp-content\/uploads\/2025\/08\/waze.png\" alt=\"Ir a Waze\" \/>\n  <\/a>\n  <a href=\"https:\/\/www.google.com\/maps\/search\/?api=1&amp;query=14.578967540820866,-90.49455036393888\n  \" target=\"_blank\" rel=\"noopener\">\n    <img decoding=\"async\" class=\"img-maps\" src=\"https:\/\/www.corporacionbi.com\/gt\/frcl\/wp-content\/uploads\/2025\/08\/google-maps.png\" alt=\"Ir a Google Maps\" \/>\n  <\/a>\n<\/div>\n\n\t\t<\/div>\n\t<\/div>\n<\/div><\/div><\/div><style type=\"text\/css\"> .vc_row_1240790728:not(.vc_parallax):not(.jarallax) { overflow: center!important; position: relative; }<\/style><\/div><\/div><\/div><div class=\"vc_tta-panel\" id=\"1754503281731-5e08f48d-b9f0\" data-vc-content=\".vc_tta-panel-body\"><div class=\"vc_tta-panel-heading\"><h4 class=\"vc_tta-panel-title\"><a href=\"#1754503281731-5e08f48d-b9f0\" data-vc-accordion data-vc-container=\".vc_tta-container\"><span class=\"vc_tta-title-text\">La Torre Muxbal (Santa Catarina Pinula)<\/span><\/a><\/h4><\/div><div class=\"vc_tta-panel-body\"><div class=\"vc_row wpb_row vc_inner vc_row-fluid vc_row_1939944915\"><div class=\"cards-supermecados wpb_column vc_column_container vc_col-sm-12\"><div class=\"vc_column-inner \"><div class=\"wpb_wrapper\">\n\t<div class=\"wpb_raw_code wpb_raw_html wpb_content_element texto-card\" >\n\t\t<div class=\"wpb_wrapper\">\n\t\t\t<p>\n  <strong>La Torre Muxbal (Santa Catarina Pinula)  <\/strong><br>\nDirecci\u00f3n: Km 13.5, Antigua Carretera a El Salvador, Lote 20, Finca Los Tilos, Zona 4, Santa Catarina Pinula C.C. Minuto Muxbal, Guatemala  <br>\n14.55986,-90.47226\n<\/p>\n<div class=\"ubicaciones\"  >\n  <a href=\"https:\/\/www.waze.com\/es\/live-map\/directions?navigate=yes&amp;to=ll.14.55986%2C-90.47226\" rel=\"noopener\" target=\"_blank\">\n    <img decoding=\"async\" class=\"img-waze\" src=\"https:\/\/www.corporacionbi.com\/gt\/frcl\/wp-content\/uploads\/2025\/08\/waze.png\" alt=\"Ir a Waze\" \/>\n  <\/a>\n  <a href=\"https:\/\/www.google.com\/maps\/search\/?api=1&amp;query=14.55986,-90.47226\" target=\"_blank\" rel=\"noopener\">\n    <img decoding=\"async\" class=\"img-maps\" src=\"https:\/\/www.corporacionbi.com\/gt\/frcl\/wp-content\/uploads\/2025\/08\/google-maps.png\" alt=\"Ir a Google Maps\" \/>\n  <\/a>\n<\/div>\n\n\t\t<\/div>\n\t<\/div>\n<\/div><\/div><\/div><style type=\"text\/css\"> .vc_row_1939944915:not(.vc_parallax):not(.jarallax) { overflow: center!important; position: relative; }<\/style><\/div><\/div><\/div><div class=\"vc_tta-panel\" id=\"1754503327280-aa672245-84cb\" data-vc-content=\".vc_tta-panel-body\"><div class=\"vc_tta-panel-heading\"><h4 class=\"vc_tta-panel-title\"><a href=\"#1754503327280-aa672245-84cb\" data-vc-accordion data-vc-container=\".vc_tta-container\"><span class=\"vc_tta-title-text\">La Torre Arrazola (Fraijanes)<\/span><\/a><\/h4><\/div><div class=\"vc_tta-panel-body\"><div class=\"vc_row wpb_row vc_inner vc_row-fluid vc_row_1575947643\"><div class=\"cards-supermecados wpb_column vc_column_container vc_col-sm-12\"><div class=\"vc_column-inner \"><div class=\"wpb_wrapper\">\n\t<div class=\"wpb_raw_code wpb_raw_html wpb_content_element texto-card\" >\n\t\t<div class=\"wpb_wrapper\">\n\t\t\t<p>\n  <strong>La Torre Arrazola (Fraijanes)  <\/strong><br>\nDirecci\u00f3n: 2\u00aa Avenida 11-28, Zona 1, Aldea Don Justo, Km 16.5, Lo de Dieguez, C.C. Plaza Arrazola, Fraijanes   <br>\n14.53934,-90.45293 \n<\/p>\n<div class=\"ubicaciones\" style= \"padding-top:28px\">\n  <a href=\"https:\/\/www.waze.com\/es\/live-map\/directions?navigate=yes&amp;to=ll.14.53934%2C-90.45293\" target=\"_blank\" rel=\"noopener\">\n    <img decoding=\"async\" class=\"img-waze\" src=\"https:\/\/www.corporacionbi.com\/gt\/frcl\/wp-content\/uploads\/2025\/08\/waze.png\" alt=\"Ir a Waze\" \/>\n  <\/a>\n  <a href=\"https:\/\/www.google.com\/maps\/place\/14%C2%B032&#039;21.6%22N+90%C2%B027&#039;10.6%22W\/@14.53934,-90.45293,17z\/data=!3m1!4b1!4m4!3m3!8m2!3d14.53934!4d-90.45293?entry=ttu&amp;g_ep=EgoyMDI1MDgxMC4wIKXMDSoASAFQAw%3D%3D\n  \" target=\"_blank\" rel=\"noopener\">\n    <img decoding=\"async\" class=\"img-maps\" src=\"https:\/\/www.corporacionbi.com\/gt\/frcl\/wp-content\/uploads\/2025\/08\/google-maps.png\" alt=\"Ir a Google Maps\" \/>\n  <\/a>\n<\/div>\n\n\t\t<\/div>\n\t<\/div>\n<\/div><\/div><\/div><style type=\"text\/css\"> .vc_row_1575947643:not(.vc_parallax):not(.jarallax) { overflow: center!important; position: relative; }<\/style><\/div><\/div><\/div><\/div><\/div><\/div><\/div><\/div><\/div><\/div><\/div><div class=\"vc_row-full-width vc_clearfix\"><\/div><\/section><section class=\"vc_section\"><div class=\"vc_row wpb_row vc_row-fluid vc_row_1500377199\"><div class=\"wpb_column vc_column_container vc_col-sm-12 vc_column_1138657376\"><div class=\"vc_column-inner \"><div class=\"wpb_wrapper\">\r\n            \r\n            <div class=\"sh-empty-space vc_empty_space sh-empty-space-GIuzrMNQgx  \" style=\"height: 60px\">\r\n                <span class=\"vc_empty_space_inner\"><\/span>\r\n            <\/div>\r\n\r\n        \n\t\t\t\t<p class=\"rs-p-wp-fix\"><\/p>\n\t\t\t\t<sr7-module data-alias=\"Cada-donacin-es-una-oportunidad-\" data-id=\"61\" id=\"SR7_61_2\" class=\"rs-ov-hidden\" data-version=\"6.7.54\">\n\t\t\t\t\t<sr7-adjuster><\/sr7-adjuster>\n\t\t\t\t\t<sr7-content>\n\t\t\t\t\t\t<sr7-slide id=\"SR7_61_2-100\" data-key=\"100\">\n\t\t\t\t\t\t\t<p id=\"SR7_61_2-100-0\" class=\"sr7-layer\">\u00a1Cada donaci\u00f3n es una oportunidad<br \/>\n para transformar vidas!<\/p>\n\t\t\t\t\t\t\t<a id=\"SR7_61_2-100-2\" class=\"sr7-layer\" href=\"https:\/\/www.corporacionbi.com\/gt\/frcl\/como-ayudar\/#apadrina\" target=\"_self\">Otras formas de ayudar<\/a>\n\t\t\t\t\t\t<\/sr7-slide>\n\t\t\t\t\t\t<sr7-slide id=\"SR7_61_2-101\" data-key=\"101\">\n\t\t\t\t\t\t<\/sr7-slide>\n\t\t\t\t\t<\/sr7-content>\n\t\t\t\t\t<image_lists style=\"display:none\">\n\t\t\t\t\t\t<img data-src=\"\/\/www.corporacionbi.com\/gt\/frcl\/wp-content\/uploads\/revslider\/Cada-donacin-es-una-oportunidad-\/cada-donacion-es-una-oportunidad-fcrl.webp\" data-libid=\"2329\" data-lib=\"medialibrary\" title=\"cada-donacion-es-una-oportunidad-fcrl.webp\" width=\"0\" height=\"0\" data-dbsrc=\"Ly93d3cuY29ycG9yYWNpb25iaS5jb20vZ3QvZnJjbC93cC1jb250ZW50L3VwbG9hZHMvcmV2c2xpZGVyL0NhZGEtZG9uYWNpbi1lcy11bmEtb3BvcnR1bmlkYWQtL2NhZGEtZG9uYWNpb24tZXMtdW5hLW9wb3J0dW5pZGFkLWZjcmwud2VicA==\"\/>\n\t\t\t\t\t<\/image_lists>\n\t\t\t\t<\/sr7-module>\n\t\t\t\t<script>\n\t\t\t\t\twindow.SR7 ??={};SR7.PMH ??={}; SR7.PMH[\"SR7_61_2\"] = {cn:100,state:false,fn: function() { if (window._tpt!==undefined && window._tpt.prepareModuleHeight !== undefined) {  _tpt.prepareModuleHeight({id:\"SR7_61_2\",el:[350,350,300,300,550],type:'standard',shdw:'0',gh:[350,350,300,300,550],gw:[1240,1240,1024,1024,480],vpt:['-100px&#039;,&#039;-100px&#039;,&#039;-100px&#039;,&#039;-100px&#039;,&#039;-100px'],size:{fullWidth:true, fullHeight:false},mh:'0',onh:0,onw:0,bg:{color:'{\"type\":\"solid\",\"orig\":\"#78c7e4\",\"string\":\"rgba(120, 199, 228, 1)\"}'}});   SR7.PMH[\"SR7_61_2\"].state=true;} else if(SR7.PMH[\"SR7_61_2\"].cn-->0)\tsetTimeout( SR7.PMH[\"SR7_61_2\"].fn,19);}};SR7.PMH[\"SR7_61_2\" ].fn();\n\t\t\t\t<\/script>\n<style type=\"text\/css\"> .vc_column_1138657376:not(.vc_parallax):not(.jarallax) { overflow: center!important; position: relative; }<\/style><\/div><\/div><\/div><style type=\"text\/css\"> .vc_row_1500377199:not(.vc_parallax) { overflow: center!important; position: relative; }<\/style><\/div><\/section>\n<\/div>","protected":false},"excerpt":{"rendered":"\u00a1Tu ayuda puede cambiarlo todo! Ahora puedes realizar tu donaci\u00f3n en los buzones disponibles en Supermercados La Torre. \u00a1S\u00famate, dona e inspira! \u00a1S\u00famate, dona e inspira! \u00a1Tu ayuda puede cambiarlo todo! Ahora puedes realizar tu donaci\u00f3n en los buzones disponibles en Supermercados La Torre. Apoya...","protected":false},"author":33,"featured_media":0,"parent":0,"menu_order":0,"comment_status":"closed","ping_status":"closed","template":"","meta":{"footnotes":""},"wf_page_folders":[13],"class_list":["post-2328","page","type-page","status-publish","hentry"],"_links":{"self":[{"href":"https:\/\/www.corporacionbi.com\/gt\/frcl\/wp-json\/wp\/v2\/pages\/2328","targetHints":{"allow":["GET"]}}],"collection":[{"href":"https:\/\/www.corporacionbi.com\/gt\/frcl\/wp-json\/wp\/v2\/pages"}],"about":[{"href":"https:\/\/www.corporacionbi.com\/gt\/frcl\/wp-json\/wp\/v2\/types\/page"}],"author":[{"embeddable":true,"href":"https:\/\/www.corporacionbi.com\/gt\/frcl\/wp-json\/wp\/v2\/users\/33"}],"replies":[{"embeddable":true,"href":"https:\/\/www.corporacionbi.com\/gt\/frcl\/wp-json\/wp\/v2\/comments?post=2328"}],"version-history":[{"count":26,"href":"https:\/\/www.corporacionbi.com\/gt\/frcl\/wp-json\/wp\/v2\/pages\/2328\/revisions"}],"predecessor-version":[{"id":2714,"href":"https:\/\/www.corporacionbi.com\/gt\/frcl\/wp-json\/wp\/v2\/pages\/2328\/revisions\/2714"}],"wp:attachment":[{"href":"https:\/\/www.corporacionbi.com\/gt\/frcl\/wp-json\/wp\/v2\/media?parent=2328"}],"wp:term":[{"taxonomy":"wf_page_folders","embeddable":true,"href":"https:\/\/www.corporacionbi.com\/gt\/frcl\/wp-json\/wp\/v2\/wf_page_folders?post=2328"}],"curies":[{"name":"wp","href":"https:\/\/api.w.org\/{rel}","templated":true}]}}