{"id":1201,"date":"2024-01-03T18:53:58","date_gmt":"2024-01-03T12:53:58","guid":{"rendered":"https:\/\/www.corporacionbi.com\/gt\/frcl\/?page_id=1201"},"modified":"2024-01-11T05:21:20","modified_gmt":"2024-01-10T23:21:20","slug":"campanas-de-reciclaje","status":"publish","type":"page","link":"https:\/\/www.corporacionbi.com\/gt\/frcl\/que-hacemos\/campanas-de-reciclaje\/","title":{"rendered":"Campa\u00f1as de Reciclaje"},"content":{"rendered":"<div class=\"wpb-content-wrapper\"><section class=\"vc_section\"><div class=\"vc_row wpb_row vc_row-fluid vc_row_1050345287\"><div class=\"wpb_column vc_column_container vc_col-sm-12 vc_column_1660326402\"><div class=\"vc_column-inner \"><div class=\"wpb_wrapper\">\r\n            \r\n            <div class=\"sh-empty-space vc_empty_space sh-empty-space-pmwWuDxKGH  \" style=\"height: 80px\">\r\n                <span class=\"vc_empty_space_inner\"><\/span>\r\n            <\/div>\r\n\r\n        <h1 style=\"text-align: left\" class=\"vc_custom_heading vc_do_custom_heading display\" >Campa\u00f1as de Reciclaje<\/h1><div class=\"vc_separator wpb_content_element vc_separator_align_center vc_sep_width_100 vc_sep_border_width_2 vc_sep_pos_align_center vc_separator_no_text vc_sep_color_grey wpb_content_element  wpb_content_element\" ><span class=\"vc_sep_holder vc_sep_holder_l\"><span class=\"vc_sep_line\"><\/span><\/span><span class=\"vc_sep_holder vc_sep_holder_r\"><span class=\"vc_sep_line\"><\/span><\/span>\n<\/div><style type=\"text\/css\"> .vc_column_1660326402:not(.vc_parallax):not(.jarallax) { overflow: center!important; position: relative; }<\/style><\/div><\/div><\/div><style type=\"text\/css\"> .vc_row_1050345287:not(.vc_parallax) { overflow: center!important; position: relative; }<\/style><\/div><div class=\"vc_row wpb_row vc_row-fluid vc_row_978352509\"><div class=\"wpb_column vc_column_container vc_col-sm-6 vc_column_870369993\"><div class=\"vc_column-inner \"><div class=\"wpb_wrapper\"><h2 style=\"text-align: left\" class=\"vc_custom_heading vc_do_custom_heading gray_1\" >Cuidado del medio ambiente<\/h2>\n\t<div class=\"wpb_text_column wpb_content_element gray_3\" >\n\t\t<div class=\"wpb_wrapper\">\n\t\t\t<p><strong>Corporaci\u00f3n Bi eligi\u00f3 a Fundaci\u00f3n Ramiro Castillo Love<\/strong> para realizar el reciclaje de papel desde el a\u00f1o de 1995, y el reciclaje de chatarra desde el a\u00f1o 2011, en todas sus empresas, \u00e1reas y agencias. Por parte de Corporaci\u00f3n Bi, se cuenta con un Manual de retiro de equipo, mobiliario, suministros y papeler\u00eda.<\/p>\n<p>La Fundaci\u00f3n es la responsable de coordinar la recolecci\u00f3n y venta de reciclaje de papel y chatarra en las empresas, \u00e1reas y agencias dentro del per\u00edmetro de la ciudad capital y lugares aleda\u00f1os. Los lugares fuera del per\u00edmetro mencionado coordinan su env\u00edo directamente a la Fundaci\u00f3n. Estas actividades son parte de la<strong> cultura de reciclaje y cuidado del medio ambiente<\/strong>, y, a la vez, permiten a la Fundaci\u00f3n obtener fondos para sus programas educativos.<\/p>\n\n\t\t<\/div>\n\t<\/div>\n\n\t<div class=\"wpb_text_column wpb_content_element gray_3\" >\n\t\t<div class=\"wpb_wrapper\">\n\t\t\t<p><strong>Reciclaje de Papel<\/strong><\/p>\n<p>Fundaci\u00f3n Ramiro Castillo Love cuenta con el apoyo de Corporaci\u00f3n Bi por medio de sus empresas, \u00e1reas y agencias que trasladan la papeler\u00eda en desuso para que la Fundaci\u00f3n pueda <strong>recolectarla y venderla en beneficio de los programas educativos<\/strong> en el interior del pa\u00eds.<\/p>\n<p>La recolecci\u00f3n se realiza diariamente en las instalaciones en las Torres 1, 2 y 3 del Centro Financiero de la zona 4, en horario de 8:00 a 12:00 horas, con un promedio de 25 oficinas visitadas por d\u00eda. As\u00ed tambi\u00e9n, se visitan oficinas ubicadas en la Torre de Parqueos Bi Credit; Edifico Granat y Edificio XPO1. En las instalaciones en general se cuenta con m\u00e1s de 200 recipientes de diferentes tama\u00f1os donde se puede depositar el papel.<\/p>\n<p>Existen otras empresas, \u00e1reas y agencias de la Corporaci\u00f3n Bi en donde se hace la recolecci\u00f3n y que est\u00e1n ubicadas fuera de las instalaciones del Centro Financiero. Estas son: Recursos Humanos; Servicios Varios; Plaza El Roble; Q.S.A.; Almacenadora Integrada; Cont\u00e9cnica; Seguros El Roble; Westrust Bank; SERMESA y agencias de Bi. De igual manera, hay empresas que no son parte de la Corporaci\u00f3n Bi, pero apoyan a la Fundaci\u00f3n como lo son: TACASA; 3M Guatemala; Excel Automotriz; Jogral Farmac\u00e9utica; Negocios Farmac\u00e9uticos; Inversiones Centroamericanas; UNILEVER; CSC Mesoam\u00e9rica; Pricemart; TecniScan y Supermercados La Casita.<\/p>\n<p>La Fundaci\u00f3n cuenta con una bodega en el d\u00e9cimo nivel de la Torre de Parqueos Bi-Credit, en donde se acumula lo recolectado, se clasifica y se destruye con una trituradora semi industrial. Se cuenta con una empresa contratada para la destrucci\u00f3n, embalaje y compra de los materiales reciclados. <strong>El tipo de papel se conforma por papel impreso, papel mixto de color, papel peri\u00f3dico y cart\u00f3n.<\/strong><\/p>\n\n\t\t<\/div>\n\t<\/div>\n<style type=\"text\/css\"> .vc_column_870369993:not(.vc_parallax):not(.jarallax) { overflow: center!important; position: relative; }<\/style><\/div><\/div><\/div><div class=\"wpb_column vc_column_container vc_col-sm-6 vc_column_1502802739\"><div class=\"vc_column-inner \"><div class=\"wpb_wrapper\">\r\n\r\n\r\n\r\n<div id=\"image-gallery-Inri3XzkC1\" class=\"sh-image-gallery sh-image-gallery-noverlay sh-image-gallery-nozoom sh-image-gallery-container sh-image-gallery-dots1\"  data-autoplay=\"3000\" data-columns=\"1\">\r\n\t\t\t<div class=\"sh-image-gallery-item\">\r\n\t\t\t<div class=\"sh-gallery-item\">\r\n\t\t\t\t<div class=\"post-meta-thumb\">\r\n\r\n\t\t\t\t\t\t\t\t\t\t\t<img decoding=\"async\" src=\"https:\/\/www.corporacionbi.com\/gt\/frcl\/wp-content\/uploads\/2023\/11\/reciclaje_1.jpg\" alt=\"Reciclaje FRCL\" \/>\r\n\t\t\t\t\t\r\n\t\t\t\t\t\t\t\t\t<\/div>\r\n\t\t\t<\/div>\r\n\t\t<\/div>\r\n\t\t\t<div class=\"sh-image-gallery-item\">\r\n\t\t\t<div class=\"sh-gallery-item\">\r\n\t\t\t\t<div class=\"post-meta-thumb\">\r\n\r\n\t\t\t\t\t\t\t\t\t\t\t<img decoding=\"async\" src=\"https:\/\/www.corporacionbi.com\/gt\/frcl\/wp-content\/uploads\/2023\/11\/reciclaje_2.jpg\" alt=\"Reciclaje FRCL\" \/>\r\n\t\t\t\t\t\r\n\t\t\t\t\t\t\t\t\t<\/div>\r\n\t\t\t<\/div>\r\n\t\t<\/div>\r\n\t<\/div>\r\n            <style type=\"text\/css\">\r\n                #image-gallery-Inri3XzkC1 .slick-list {border-radius: 30px;}#image-gallery-Inri3XzkC1 .slick-dots li.slick-active button {background-color: #1c69c4!important;}            <\/style>\r\n        \n\t<div class=\"wpb_text_column wpb_content_element gray_3\" >\n\t\t<div class=\"wpb_wrapper\">\n\t\t\t<p><strong>Reciclaje de Chatarra<\/strong><\/p>\n<p>Las empresas, \u00e1reas y agencias de Corporaci\u00f3n Bi constantemente descartan por obsolescencia una serie de materiales, lo que es considerado como chatarra. La Fundaci\u00f3n es la responsable de coordinar la recolecci\u00f3n de dicha chatarra y venderla, por medio de una empresa contratada que hace las visitas, el pesaje y la compra correspondiente. Lo recaudado por la venta contribuye a financiar los programas educativos. Algunas veces, en una minor\u00eda, ciertos materiales son reutilizables, los cuales tambi\u00e9n se aprovechan para venderlos.<\/p>\n<p>El procedimiento de recolecci\u00f3n consta de que las solicitudes que ingresan a lo largo de una semana desde el d\u00eda lunes hasta el d\u00eda viernes a medio d\u00eda se recolectan a partir de la semana siguiente. Si alguna solicitud ingresara despu\u00e9s del mediod\u00eda del viernes se incluye a partir de la segunda semana siguiente. Esto permite planificar de mejor forma cada recolecci\u00f3n, lo que incluye la contrataci\u00f3n de la empresa de reciclaje, los camiones, el personal y permisos de acceso correspondientes, entre otros.<\/p>\n<p>Entre los materiales que se reciclan est\u00e1n: chatarra ferrosa, muebles ferrosos, sillas de oficina, muebles o piezas de madera, tableros, transformadores, piezas el\u00e9ctricas, condensadores, compresores, UPS, CPUs, servidores, discos duros, fuentes de poder, switches de metal, equipos electr\u00f3nicos de diagn\u00f3stico, impresoras, monitores, esc\u00e1neres, teclados y mouses, entre otros.<\/p>\n\n\t\t<\/div>\n\t<\/div>\n<style type=\"text\/css\"> .vc_column_1502802739:not(.vc_parallax):not(.jarallax) { overflow: center!important; position: relative; }<\/style><\/div><\/div><\/div><style type=\"text\/css\"> .vc_row_978352509:not(.vc_parallax) { overflow: center!important; position: relative; }<\/style><\/div><\/section><section class=\"vc_section\"><div class=\"vc_row wpb_row vc_row-fluid vc_row_1803778496\"><div class=\"wpb_column vc_column_container vc_col-sm-12 vc_column_420876086\"><div class=\"vc_column-inner \"><div class=\"wpb_wrapper\"><div class=\"vc_empty_space\"   style=\"height: 100px\"><span class=\"vc_empty_space_inner\"><\/span><\/div><h1 style=\"text-align: left\" class=\"vc_custom_heading vc_do_custom_heading display\" >M\u00e1s actividades de recaudaci\u00f3n<\/h1><div class=\"vc_separator wpb_content_element vc_separator_align_center vc_sep_width_100 vc_sep_border_width_2 vc_sep_pos_align_center vc_separator_no_text vc_sep_color_grey wpb_content_element  wpb_content_element\" ><span class=\"vc_sep_holder vc_sep_holder_l\"><span class=\"vc_sep_line\"><\/span><\/span><span class=\"vc_sep_holder vc_sep_holder_r\"><span class=\"vc_sep_line\"><\/span><\/span>\n<\/div><div class=\"vc_empty_space\"   style=\"height: 32px\"><span class=\"vc_empty_space_inner\"><\/span><\/div><style type=\"text\/css\"> .vc_column_420876086:not(.vc_parallax):not(.jarallax) { overflow: center!important; position: relative; }<\/style><\/div><\/div><\/div><style type=\"text\/css\"> .vc_row_1803778496:not(.vc_parallax) { overflow: center!important; position: relative; }<\/style><\/div><div class=\"vc_row wpb_row vc_row-fluid vc_custom_1695847913955 vc_row_1885202695\"><div class=\"wpb_column vc_column_container vc_col-sm-4 vc_column_625797727\"><div class=\"vc_column-inner \"><div class=\"wpb_wrapper\">\n\t<div class=\"wpb_raw_code wpb_raw_html wpb_content_element tarjeta_img\" >\n\t\t<div class=\"wpb_wrapper\">\n\t\t\t<div class=\"wpb_single_image wpb_content_element vc_align_center   img_tarjeta\">\n\t\t<figure class=\"wpb_wrapper vc_figure\">\n\t\t\t<div class=\"vc_single_image-wrapper vc_box_rounded  vc_box_border_grey\">\n<!-- Cambiar enlace de imagen -->\n<img width=\"680\" height=\"434\" src=\"https:\/\/www.corporacionbi.com\/gt\/frcl\/wp-content\/uploads\/2023\/11\/foto-apadrinamientos.png\" class=\"vc_single_image-img attachment-full\" alt=\"\" decoding=\"async\" title=\"Campa\u00f1a de Apadrinamientos Personales\" fetchpriority=\"high\">\n<\/div>\n<\/figure>\n<\/div>\n<!-- texto del parrafo-->\n <h4  class= \"gray_4 medium\" style=\"font-size: 14px; padding: 0px 25px 0px 25px\">Campa\u00f1a de Apadrinamientos Personales<\/h4>\n\n<p class=\"gray_4\" style=\"font-size: 13px; padding: 0px 25px 20px 25px\">\n\nLa Campa\u00f1a de Apadrinamientos Personales fue la primera actividad de recaudaci\u00f3n de fondos de Fundaci\u00f3n Ramiro Castillo Love desde hace m\u00e1s de 30 a\u00f1os.  El objetivo es lograr empat\u00eda entre los que donan y los estudiantes beneficiados por ellos.<\/p>\n<!-- boton -->\n<div class=\"vc_btn3-container  secundario1 vc_btn3-center\" style=\"padding: 0px 25px 30px 25px\">\n\n<a class=\"vc_general vc_btn3 vc_btn3-size-md vc_btn3-shape-rounded vc_btn3-style-modern vc_btn3-color-grey\" href=\"https:\/\/www.corporacionbi.com\/gt\/frcl\/que-hacemos\/campana-de-apadrinamientos-personales\/\" title=\"Campa\u00f1a de Apadrinamientos personales\">M\u00e1s informaci\u00f3n<\/a><\/div>\n\t\t<\/div>\n\t<\/div>\n<style type=\"text\/css\"> .vc_column_625797727:not(.vc_parallax):not(.jarallax) { overflow: center!important; position: relative; }<\/style><\/div><\/div><\/div><div class=\"wpb_column vc_column_container vc_col-sm-4 vc_column_209426796\"><div class=\"vc_column-inner \"><div class=\"wpb_wrapper\">\n\t<div class=\"wpb_raw_code wpb_raw_html wpb_content_element tarjeta_img\" >\n\t\t<div class=\"wpb_wrapper\">\n\t\t\t<div class=\"wpb_single_image wpb_content_element vc_align_center   img_tarjeta\">\n\t\t<figure class=\"wpb_wrapper vc_figure\">\n\t\t\t<div class=\"vc_single_image-wrapper vc_box_rounded  vc_box_border_grey\">\n<!-- Cambiar enlace de imagen -->\n<img width=\"680\" height=\"434\" src=\"https:\/\/www.corporacionbi.com\/gt\/frcl\/wp-content\/uploads\/2023\/11\/foto-honda.jpg\" class=\"vc_single_image-img attachment-full\" alt=\"\" decoding=\"async\" title=\"Rifa anual de un autom\u00f3vil\" fetchpriority=\"high\">\n<\/div>\n<\/figure>\n<\/div>\n<!-- texto del parrafo-->\n <h4  class= \"gray_4 medium\" style=\"font-size: 14px; padding: 0px 25px 0px 25px\">Rifa anual de un autom\u00f3vil<\/h4>\n\n<p class=\"gray_4\" style=\"font-size: 13px; padding: 0px 25px 20px 25px\">\n\nFundaci\u00f3n Ramiro Castillo Love realiza la Gran Rifa Pro Alfabetizaci\u00f3n de forma anual entre los meses de julio a octubre, desde hace m\u00e1s de 30 a\u00f1os. El ganador o ganadora obtiene un autom\u00f3vil tipo camioneta Honda CRV \u00faltimo modelo.<\/p>\n<!-- boton -->\n<div class=\"vc_btn3-container  secundario1 vc_btn3-center\" style=\"padding: 18px 25px 30px 25px\">\n\n<a class=\"vc_general vc_btn3 vc_btn3-size-md vc_btn3-shape-rounded vc_btn3-style-modern vc_btn3-color-grey\" href=\"https:\/\/www.corporacionbi.com\/gt\/frcl\/que-hacemos\/rifa-anual-de-un-automovil\/\" title=\"Rifa anual de un autom\u00f3vil\">M\u00e1s informaci\u00f3n<\/a><\/div>\n\t\t<\/div>\n\t<\/div>\n<style type=\"text\/css\"> .vc_column_209426796:not(.vc_parallax):not(.jarallax) { overflow: center!important; position: relative; }<\/style><\/div><\/div><\/div><div class=\"wpb_column vc_column_container vc_col-sm-4 vc_column_32576789\"><div class=\"vc_column-inner \"><div class=\"wpb_wrapper\">\n\t<div class=\"wpb_raw_code wpb_raw_html wpb_content_element tarjeta_img\" >\n\t\t<div class=\"wpb_wrapper\">\n\t\t\t<div class=\"wpb_single_image wpb_content_element vc_align_center   img_tarjeta\">\n\t\t<figure class=\"wpb_wrapper vc_figure\">\n\t\t\t<div class=\"vc_single_image-wrapper vc_box_rounded  vc_box_border_grey\">\n<!-- Cambiar enlace de imagen -->\n<img width=\"680\" height=\"434\" src=\"https:\/\/www.corporacionbi.com\/gt\/frcl\/wp-content\/uploads\/2024\/01\/cheque-USD30k_card.jpg\" class=\"vc_single_image-img attachment-full\" alt=\"\" decoding=\"async\" title=\"Rifa de los USD30,000\" fetchpriority=\"high\">\n<\/div>\n<\/figure>\n<\/div>\n<!-- texto del parrafo-->\n <h4  class= \"gray_4 medium\" style=\"font-size: 14px; padding: 0px 25px 0px 25px\">Rifa de los USD30,000<\/h4>\n\n<p class=\"gray_4\" style=\"font-size: 13px; padding: 0px 25px 20px 25px\">\n\nFundaci\u00f3n Ramiro Castillo Love realiza la Rifa Extraordinaria en apoyo a la alfabetizaci\u00f3n, motivando cada a\u00f1o diferentes mensajes dirigidos a apoyar la educaci\u00f3n de adolescentes, j\u00f3venes y adultos, en especial del \u00e1rea rural.<\/p>\n<!-- boton -->\n<div class=\"vc_btn3-container  secundario1 vc_btn3-center\" style=\"padding: 41px 25px 30px 25px\">\n\n<a class=\"vc_general vc_btn3 vc_btn3-size-md vc_btn3-shape-rounded vc_btn3-style-modern vc_btn3-color-grey\" href=\"https:\/\/www.corporacionbi.com\/gt\/frcl\/que-hacemos\/rifa-usd-30000\/\" title=\"Rifa de los USD30,000\">M\u00e1s informaci\u00f3n<\/a><\/div>\n\t\t<\/div>\n\t<\/div>\n<style type=\"text\/css\"> .vc_column_32576789:not(.vc_parallax):not(.jarallax) { overflow: center!important; position: relative; }<\/style><\/div><\/div><\/div><style type=\"text\/css\">@media (max-width: 800px) { #content .vc_row_1885202695, .sh-footer-template .vc_row_1885202695, .sh-header-template .vc_row_1885202695 { padding: 0px 0px 0px 0px!important;}}<\/style><\/div><div class=\"vc_row wpb_row vc_row-fluid vc_row_1746540302\"><div class=\"wpb_column vc_column_container vc_col-sm-12 vc_column_494096248\"><div class=\"vc_column-inner \"><div class=\"wpb_wrapper\"><div class=\"vc_empty_space\"   style=\"height: 32px\"><span class=\"vc_empty_space_inner\"><\/span><\/div><style type=\"text\/css\"> .vc_column_494096248:not(.vc_parallax):not(.jarallax) { overflow: center!important; position: relative; }<\/style><\/div><\/div><\/div><style type=\"text\/css\"> .vc_row_1746540302:not(.vc_parallax) { overflow: center!important; position: relative; }<\/style><\/div><div class=\"vc_row wpb_row vc_row-fluid vc_row_1649924487\"><div class=\"wpb_column vc_column_container vc_col-sm-3 vc_column_1368896015\"><div class=\"vc_column-inner \"><div class=\"wpb_wrapper\">\n\t<div class=\"wpb_raw_code wpb_raw_html wpb_content_element tarjeta_img\" >\n\t\t<div class=\"wpb_wrapper\">\n\t\t\t<div class=\"wpb_single_image wpb_content_element vc_align_center   img_tarjeta\">\n\t\t<figure class=\"wpb_wrapper vc_figure\">\n\t\t\t<div class=\"vc_single_image-wrapper vc_box_rounded  vc_box_border_grey\">\n<!-- Cambiar enlace de imagen -->\n<img width=\"680\" height=\"434\" src=\"https:\/\/www.corporacionbi.com\/gt\/frcl\/wp-content\/uploads\/2023\/11\/foto-recolectores.jpg\" class=\"vc_single_image-img attachment-full\" alt=\"\" decoding=\"async\" title=\"Buzones Recolectores\" fetchpriority=\"high\">\n<\/div>\n<\/figure>\n<\/div>\n<!-- texto del parrafo-->\n <h4  class= \"gray_4 medium\" style=\"font-size: 14px; padding: 0px 25px 0px 25px\">Buzones Recolectores<\/h4>\n\n<p class=\"gray_4\" style=\"font-size: 13px; padding: 0px 25px 20px 25px\">\n\nLos Buzones Recolectores est\u00e1n ubicados en agencias de Banco Industrial, S.A. alrededor del pa\u00eds y en algunos establecimientos comerciales que apoyan a Fundaci\u00f3n Ramiro Castillo Love.<\/p>\n<!-- boton -->\n<div class=\"vc_btn3-container  secundario1 vc_btn3-center\" style=\"padding: 46px 25px 30px 25px\">\n\n<a class=\"vc_general vc_btn3 vc_btn3-size-md vc_btn3-shape-rounded vc_btn3-style-modern vc_btn3-color-grey\" href=\"https:\/\/www.corporacionbi.com\/gt\/frcl\/que-hacemos\/buzones-recolectores\/\" title=\"Buzones Recolectores\">M\u00e1s informaci\u00f3n<\/a><\/div>\n\t\t<\/div>\n\t<\/div>\n<style type=\"text\/css\"> .vc_column_1368896015:not(.vc_parallax):not(.jarallax) { overflow: center!important; position: relative; }<\/style><\/div><\/div><\/div><div class=\"wpb_column vc_column_container vc_col-sm-3 vc_column_434634411\"><div class=\"vc_column-inner \"><div class=\"wpb_wrapper\">\n\t<div class=\"wpb_raw_code wpb_raw_html wpb_content_element tarjeta_img\" >\n\t\t<div class=\"wpb_wrapper\">\n\t\t\t<div class=\"wpb_single_image wpb_content_element vc_align_center   img_tarjeta\">\n\t\t<figure class=\"wpb_wrapper vc_figure\">\n\t\t\t<div class=\"vc_single_image-wrapper vc_box_rounded  vc_box_border_grey\">\n<!-- Cambiar enlace de imagen -->\n<img width=\"680\" height=\"434\" src=\"https:\/\/www.corporacionbi.com\/gt\/frcl\/wp-content\/uploads\/2023\/11\/foto-libro.jpg\" class=\"vc_single_image-img attachment-full\" alt=\"\" decoding=\"async\" title=\"Libros\" fetchpriority=\"high\">\n<\/div>\n<\/figure>\n<\/div>\n<!-- texto del parrafo-->\n <h4  class= \"gray_4 medium\" style=\"font-size: 14px; padding: 0px 25px 0px 25px\">Libros<\/h4>\n\n<p class=\"gray_4\" style=\"font-size: 13px; padding: 0px 25px 20px 25px\">\n\nFundaci\u00f3n Ramiro Castillo Love pone a disposici\u00f3n del p\u00fablico todo el trabajo monogr\u00e1fico editado por Banco Industrial S.A. a beneficio de los programas educativos. La colecci\u00f3n incluye una serie de t\u00edtulos, la mayor\u00eda escritos en espa\u00f1ol e ingl\u00e9s.<\/p>\n<!-- boton -->\n<div class=\"vc_btn3-container  secundario1 vc_btn3-center\" style=\"padding: 0px 25px 30px 25px\">\n\n<a class=\"vc_general vc_btn3 vc_btn3-size-md vc_btn3-shape-rounded vc_btn3-style-modern vc_btn3-color-grey\" href=\"https:\/\/www.corporacionbi.com\/gt\/frcl\/que-hacemos\/libros\/\" title=\"Libros\">M\u00e1s informaci\u00f3n<\/a><\/div>\n\t\t<\/div>\n\t<\/div>\n<style type=\"text\/css\"> .vc_column_434634411:not(.vc_parallax):not(.jarallax) { overflow: center!important; position: relative; }<\/style><\/div><\/div><\/div><div class=\"wpb_column vc_column_container vc_col-sm-3 vc_column_305800357\"><div class=\"vc_column-inner \"><div class=\"wpb_wrapper\">\n\t<div class=\"wpb_raw_code wpb_raw_html wpb_content_element tarjeta_img\" >\n\t\t<div class=\"wpb_wrapper\">\n\t\t\t<div class=\"wpb_single_image wpb_content_element vc_align_center   img_tarjeta\">\n\t\t<figure class=\"wpb_wrapper vc_figure\">\n\t\t\t<div class=\"vc_single_image-wrapper vc_box_rounded  vc_box_border_grey\">\n<!-- Cambiar enlace de imagen -->\n<img width=\"680\" height=\"434\" src=\"https:\/\/www.corporacionbi.com\/gt\/frcl\/wp-content\/uploads\/2023\/11\/foto-bazares.jpg\" class=\"vc_single_image-img attachment-full\" alt=\"\" decoding=\"async\" title=\"Bazares\" fetchpriority=\"high\">\n<\/div>\n<\/figure>\n<\/div>\n<!-- texto del parrafo-->\n <h4  class= \"gray_4 medium\" style=\"font-size: 14px; padding: 0px 25px 0px 25px\">Bazares<\/h4>\n\n<p class=\"gray_4\" style=\"font-size: 13px; padding: 0px 25px 20px 25px\">\n\nEntre sus actividades de recaudaci\u00f3n de fondos para los programas educativos, la Fundaci\u00f3n realiza sus tradicionales bazares como el del D\u00eda de la Madre, D\u00eda del Padre, de Medio A\u00f1o y Navide\u00f1o, entre otros.<\/p>\n<!-- boton -->\n<div class=\"vc_btn3-container  secundario1 vc_btn3-center\" style=\"padding: 24px 25px 30px 25px\">\n\n<a class=\"vc_general vc_btn3 vc_btn3-size-md vc_btn3-shape-rounded vc_btn3-style-modern vc_btn3-color-grey\" href=\"https:\/\/www.corporacionbi.com\/gt\/frcl\/que-hacemos\/bazares\/\" title=\"Bazares\">M\u00e1s informaci\u00f3n<\/a><\/div>\n\t\t<\/div>\n\t<\/div>\n<style type=\"text\/css\"> .vc_column_305800357:not(.vc_parallax):not(.jarallax) { overflow: center!important; position: relative; }<\/style><\/div><\/div><\/div><div class=\"wpb_column vc_column_container vc_col-sm-3 vc_column_951484576\"><div class=\"vc_column-inner \"><div class=\"wpb_wrapper\">\n\t<div class=\"wpb_raw_code wpb_raw_html wpb_content_element tarjeta_img\" >\n\t\t<div class=\"wpb_wrapper\">\n\t\t\t<div class=\"wpb_single_image wpb_content_element vc_align_center   img_tarjeta\">\n\t\t<figure class=\"wpb_wrapper vc_figure\">\n\t\t\t<div class=\"vc_single_image-wrapper vc_box_rounded  vc_box_border_grey\">\n<!-- Cambiar enlace de imagen -->\n<img width=\"680\" height=\"434\" src=\"https:\/\/www.corporacionbi.com\/gt\/frcl\/wp-content\/uploads\/2023\/11\/foto-galerias.jpg\" class=\"vc_single_image-img attachment-full\" alt=\"\" decoding=\"async\" title=\"Galer\u00edas de Arte Bi-Premium\" fetchpriority=\"high\">\n<\/div>\n<\/figure>\n<\/div>\n<!-- texto del parrafo-->\n <h4  class= \"gray_4 medium\" style=\"font-size: 14px; padding: 0px 25px 0px 25px\">Galer\u00edas de Arte Bi-Premium<\/h4>\n\n<p class=\"gray_4\" style=\"font-size: 13px; padding: 0px 25px 20px 25px\">\n\nEn Agencias Bi-Premium de Banco Industrial, S.A. en algunas ocasiones existen espacios de exhibici\u00f3n y venta de obras de arte contempor\u00e1neo de reconocidos artistas pintores y escultores nacionales.<\/p>\n<!-- boton -->\n<div class=\"vc_btn3-container  secundario1 vc_btn3-center\" style=\"padding: 24px 25px 30px 25px\">\n\n<a class=\"vc_general vc_btn3 vc_btn3-size-md vc_btn3-shape-rounded vc_btn3-style-modern vc_btn3-color-grey\" href=\"https:\/\/www.corporacionbi.com\/gt\/frcl\/que-hacemos\/galerias-de-arte-bi-premium\/\" title=\"Galer\u00edas de Arte Bi-Premium\">M\u00e1s informaci\u00f3n<\/a><\/div>\n\t\t<\/div>\n\t<\/div>\n<style type=\"text\/css\"> .vc_column_951484576:not(.vc_parallax):not(.jarallax) { overflow: center!important; position: relative; }<\/style><\/div><\/div><\/div><style type=\"text\/css\"> .vc_row_1649924487:not(.vc_parallax) { overflow: center!important; position: relative; }<\/style><\/div><div class=\"vc_row wpb_row vc_row-fluid vc_row_384609647\"><div class=\"wpb_column vc_column_container vc_col-sm-12 vc_column_118110855\"><div class=\"vc_column-inner \"><div class=\"wpb_wrapper\"><div class=\"vc_empty_space\"   style=\"height: 50px\"><span class=\"vc_empty_space_inner\"><\/span><\/div><style type=\"text\/css\"> .vc_column_118110855:not(.vc_parallax):not(.jarallax) { overflow: center!important; position: relative; }<\/style><\/div><\/div><\/div><style type=\"text\/css\"> .vc_row_384609647:not(.vc_parallax) { overflow: center!important; position: relative; }<\/style><\/div><\/section>\n<\/div>","protected":false},"excerpt":{"rendered":"Campa\u00f1as de Reciclaje Cuidado del medio ambiente Corporaci\u00f3n Bi eligi\u00f3 a Fundaci\u00f3n Ramiro Castillo Love para realizar el reciclaje de papel desde el a\u00f1o de 1995, y el reciclaje de chatarra desde el a\u00f1o 2011, en todas sus empresas, \u00e1reas y agencias. Por parte de...","protected":false},"author":1,"featured_media":0,"parent":1113,"menu_order":0,"comment_status":"closed","ping_status":"closed","template":"","meta":{"footnotes":""},"wf_page_folders":[23],"class_list":["post-1201","page","type-page","status-publish","hentry"],"_links":{"self":[{"href":"https:\/\/www.corporacionbi.com\/gt\/frcl\/wp-json\/wp\/v2\/pages\/1201","targetHints":{"allow":["GET"]}}],"collection":[{"href":"https:\/\/www.corporacionbi.com\/gt\/frcl\/wp-json\/wp\/v2\/pages"}],"about":[{"href":"https:\/\/www.corporacionbi.com\/gt\/frcl\/wp-json\/wp\/v2\/types\/page"}],"author":[{"embeddable":true,"href":"https:\/\/www.corporacionbi.com\/gt\/frcl\/wp-json\/wp\/v2\/users\/1"}],"replies":[{"embeddable":true,"href":"https:\/\/www.corporacionbi.com\/gt\/frcl\/wp-json\/wp\/v2\/comments?post=1201"}],"version-history":[{"count":6,"href":"https:\/\/www.corporacionbi.com\/gt\/frcl\/wp-json\/wp\/v2\/pages\/1201\/revisions"}],"predecessor-version":[{"id":1358,"href":"https:\/\/www.corporacionbi.com\/gt\/frcl\/wp-json\/wp\/v2\/pages\/1201\/revisions\/1358"}],"up":[{"embeddable":true,"href":"https:\/\/www.corporacionbi.com\/gt\/frcl\/wp-json\/wp\/v2\/pages\/1113"}],"wp:attachment":[{"href":"https:\/\/www.corporacionbi.com\/gt\/frcl\/wp-json\/wp\/v2\/media?parent=1201"}],"wp:term":[{"taxonomy":"wf_page_folders","embeddable":true,"href":"https:\/\/www.corporacionbi.com\/gt\/frcl\/wp-json\/wp\/v2\/wf_page_folders?post=1201"}],"curies":[{"name":"wp","href":"https:\/\/api.w.org\/{rel}","templated":true}]}}