{"id":1196,"date":"2024-01-03T18:31:02","date_gmt":"2024-01-03T12:31:02","guid":{"rendered":"https:\/\/www.corporacionbi.com\/gt\/frcl\/?page_id=1196"},"modified":"2024-01-11T04:02:32","modified_gmt":"2024-01-10T22:02:32","slug":"quienes-somos","status":"publish","type":"page","link":"https:\/\/www.corporacionbi.com\/gt\/frcl\/quienes-somos\/","title":{"rendered":"Qui\u00e9nes somos"},"content":{"rendered":"<div class=\"wpb-content-wrapper\"><section class=\"vc_section\"><div class=\"vc_row wpb_row vc_row-fluid vc_row_165285824\"><div class=\"wpb_column vc_column_container vc_col-sm-12 vc_column_1347254574\"><div class=\"vc_column-inner \"><div class=\"wpb_wrapper\">\n\t\t\t\t<p class=\"rs-p-wp-fix\"><\/p>\n\t\t\t\t<sr7-module data-alias=\"quienes-somos-nuevo\" data-id=\"37\" id=\"SR7_37_1\" class=\"rs-ov-hidden\" data-version=\"6.7.54\">\n\t\t\t\t\t<sr7-adjuster><\/sr7-adjuster>\n\t\t\t\t\t<sr7-content>\n\t\t\t\t\t\t<sr7-slide id=\"SR7_37_1-20\" data-key=\"20\">\n\t\t\t\t\t\t\t<h1 id=\"SR7_37_1-20-1\" class=\"sr7-layer\">\u00bfQui\u00e9nes somos?<\/h1>\n\t\t\t\t\t\t\t<p id=\"SR7_37_1-20-3\" class=\"sr7-layer\">Somos una Fundaci\u00f3n en donde creemos que la alfabetizaci\u00f3n no debe limitarse a aprender a leer y escribir,  sino que es necesario potenciar la postalfabetizaci\u00f3n con primaria acelerada y el ciclo b\u00e1sico en modalidades flexibles para adolescentes, j\u00f3venes y adultos, especialmente de \u00e1reas rurales, as\u00ed como la provisi\u00f3n de herramientas para la vida y el trabajo.<\/p>\n\t\t\t\t\t\t<\/sr7-slide>\n\t\t\t\t\t\t<sr7-slide id=\"SR7_37_1-55\" data-key=\"55\">\n\t\t\t\t\t\t<\/sr7-slide>\n\t\t\t\t\t<\/sr7-content>\n\t\t\t\t\t<image_lists style=\"display:none\">\n\t\t\t\t\t\t<img data-src=\"\/\/www.corporacionbi.com\/gt\/frcl\/wp-content\/uploads\/2024\/01\/flecha.png\" data-libid=\"1177\" data-lib=\"medialibrary\" title=\"flecha\" width=\"0\" height=\"0\" data-dbsrc=\"Ly93d3cuY29ycG9yYWNpb25iaS5jb20vZ3QvZnJjbC93cC1jb250ZW50L3VwbG9hZHMvMjAyNC8wMS9mbGVjaGEucG5n\"\/>\n\t\t\t\t\t\t<img data-src=\"\/\/www.corporacionbi.com\/gt\/frcl\/wp-content\/uploads\/2024\/01\/quienes-somos.jpg\" data-libid=\"1190\" data-lib=\"medialibrary\" title=\"quienes-somos\" width=\"0\" height=\"0\" data-dbsrc=\"Ly93d3cuY29ycG9yYWNpb25iaS5jb20vZ3QvZnJjbC93cC1jb250ZW50L3VwbG9hZHMvMjAyNC8wMS9xdWllbmVzLXNvbW9zLmpwZw==\"\/>\n\t\t\t\t\t<\/image_lists>\n\t\t\t\t<\/sr7-module>\n\t\t\t\t<script>\n\t\t\t\t\twindow.SR7 ??={};SR7.PMH ??={}; SR7.PMH[\"SR7_37_1\"] = {cn:100,state:false,fn: function() { if (window._tpt!==undefined && window._tpt.prepareModuleHeight !== undefined) {  _tpt.prepareModuleHeight({id:\"SR7_37_1\",el:[549.996,549.996,300,300,250],type:'standard',shdw:'0',gh:[550,550,300,300,250],gw:[1920,1920,1024,778,480],vpt:['-200px&#039;,&#039;-200px&#039;,&#039;-200px&#039;,&#039;-200px&#039;,&#039;-200px'],size:{fullWidth:true, fullHeight:false},mh:'0',onh:0,onw:0,bg:{color:'{\"orig\":\"transparent\",\"type\":\"solid\",\"string\":\"transparent\"}'}});   SR7.PMH[\"SR7_37_1\"].state=true;} else if(SR7.PMH[\"SR7_37_1\"].cn-->0)\tsetTimeout( SR7.PMH[\"SR7_37_1\"].fn,19);}};SR7.PMH[\"SR7_37_1\" ].fn();\n\t\t\t\t<\/script>\n<style type=\"text\/css\"> .vc_column_1347254574:not(.vc_parallax):not(.jarallax) { overflow: center!important; position: relative; }<\/style><\/div><\/div><\/div><style type=\"text\/css\"> .vc_row_165285824:not(.vc_parallax) { overflow: center!important; position: relative; }<\/style><\/div><\/section><section id=\"historia\" class=\"vc_section\"><div class=\"vc_row wpb_row vc_row-fluid vc_row_1948849506\"><div class=\"wpb_column vc_column_container vc_col-sm-12 vc_column_129148342\"><div class=\"vc_column-inner \"><div class=\"wpb_wrapper\">\r\n            \r\n            <div class=\"sh-empty-space vc_empty_space sh-empty-space-nQ8UqsNlBV  \" style=\"height: 50px\">\r\n                <span class=\"vc_empty_space_inner\"><\/span>\r\n            <\/div>\r\n\r\n        <h2 style=\"text-align: center\" class=\"vc_custom_heading vc_do_custom_heading display\" >Historia<\/h2>\r\n\r\n\t<div class=\"sh-timeline-2 sh-timeline-style2\" id=\"timeline-n90JMcEAGl\">\r\n\t\t\t\t\t\t\t\t\t<div class=\"sh-timeline-item\">\r\n\t\t\t\t\t<div class=\"sh-timeline-item-container\">\r\n\t\t\t\t\t\t<div class=\"sh-timeline-box sh-timeline-box-left\">\r\n\t\t\t\t\t\t\t<div class=\"sh-table\">\r\n\t\t\t\t\t\t\t\t\t\t\t\t\t\t\t\t<div class=\"sh-timeline-content-container sh-table-cell sh-timeline-content-full\">\r\n\t\t\t\t\t\t\t\t\t<h3>\r\n\t\t\t\t\t\t\t\t\t\t\t\t\t\t\t\t\t\t\t\tClub Rotario Guatemala Sur \t\t\t\t\t\t\t\t\t<\/h3>\r\n\t\t\t\t\t\t\t\t\t<div class=\"sh-timeline-content\">\r\n\t\t\t\t\t\t\t\t\t\t\t\t\t\t\t\t\t\t\t\t<p>Celebraba su 25 aniversario, y en ese momento sus miembros decidieron impulsar un proyecto de alfabetizaci\u00f3n a nivel nacional, en donde se alfabetiz\u00f3 a 20,207 guatemaltecos durante dos a\u00f1os de trabajo.  Luego de ello, se visualiz\u00f3 continuar a largo plazo y se propuso dar vida a Fundaci\u00f3n Ramiro Castillo Love, para seguir cumpliendo con este prop\u00f3sito.<\/p>\n\t\t\t\t\t\t\t\t\t\t\t\t\t\t\t\t\t\t\t<\/div>\r\n\t\t\t\t\t\t\t\t<\/div>\r\n\t\t\t\t\t\t\t<\/div>\r\n\t\t\t\t\t\t\t<div class=\"sh-timeline-box-circle\"><\/div>\r\n\t\t\t\t\t\t\t<div class=\"sh-timeline-box-tale\"><\/div>\r\n\t\t\t\t\t\t\t<div class=\"sh-timeline-date\">\r\n\t\t\t\t\t\t\t\t1991\t\t\t\t\t\t\t<\/div>\r\n\t\t\t\t\t\t<\/div>\r\n\r\n\t\t\t\t\t\t<div class=\"sh-timeline-box sh-timeline-box-right\">\r\n\t\t\t\t\t\t\t<div class=\"sh-table\">\r\n\t\t\t\t\t\t\t\t<div class=\"sh-timeline-content-container sh-table-cell sh-timeline-content-full\">\r\n\t\t\t\t\t\t\t\t\t<h3>\r\n\t\t\t\t\t\t\t\t\t\tClub Rotario Guatemala Sur \t\t\t\t\t\t\t\t\t\t\t\t\t\t\t\t\t\t\t<\/h3>\r\n\t\t\t\t\t\t\t\t\t<div class=\"sh-timeline-content\">\r\n\t\t\t\t\t\t\t\t\t\t\t\t\t\t\t\t\t\t\t\t<p>Celebraba su 25 aniversario, y en ese momento sus miembros decidieron impulsar un proyecto de alfabetizaci\u00f3n a nivel nacional, en donde se alfabetiz\u00f3 a 20,207 guatemaltecos durante dos a\u00f1os de trabajo.  Luego de ello, se visualiz\u00f3 continuar a largo plazo y se propuso dar vida a Fundaci\u00f3n Ramiro Castillo Love, para seguir cumpliendo con este prop\u00f3sito.<\/p>\n\t\t\t\t\t\t\t\t\t\t\t\t\t\t\t\t\t\t\t<\/div>\r\n\t\t\t\t\t\t\t\t<\/div>\r\n\t\t\t\t\t\t\t\t<div class=\"sh-table-cell sh-timeline-image\">\r\n\t\t\t\t\t\t\t\t\t<a href=\"\" rel=\"lightbox\" class=\"sh-timeline-image-container\" style=\"background-image: url();\"><\/a>\r\n\t\t\t\t\t\t\t\t<\/div>\r\n\t\t\t\t\t\t\t<\/div>\r\n\t\t\t\t\t\t\t<div class=\"sh-timeline-box-circle\"><\/div>\r\n\t\t\t\t\t\t\t<div class=\"sh-timeline-box-tale\"><\/div>\r\n\t\t\t\t\t\t\t<div class=\"sh-timeline-date\">\r\n\t\t\t\t\t\t\t\t1991\t\t\t\t\t\t\t<\/div>\r\n\t\t\t\t\t\t<\/div>\r\n\t\t\t\t\t<\/div>\r\n\t\t\t\t<\/div>\r\n\t\t\t\t\t\t\t<div class=\"sh-timeline-item\">\r\n\t\t\t\t\t<div class=\"sh-timeline-item-container\">\r\n\t\t\t\t\t\t<div class=\"sh-timeline-box sh-timeline-box-left\">\r\n\t\t\t\t\t\t\t<div class=\"sh-table\">\r\n\t\t\t\t\t\t\t\t\t\t\t\t\t\t\t\t<div class=\"sh-timeline-content-container sh-table-cell sh-timeline-content-full\">\r\n\t\t\t\t\t\t\t\t\t<h3>\r\n\t\t\t\t\t\t\t\t\t\t\t\t\t\t\t\t\t\t\t\tInicio de operaciones\t\t\t\t\t\t\t\t\t<\/h3>\r\n\t\t\t\t\t\t\t\t\t<div class=\"sh-timeline-content\">\r\n\t\t\t\t\t\t\t\t\t\t\t\t\t\t\t\t\t\t\t\t<p>La Fundaci\u00f3n inici\u00f3 sus operaciones el 29 de enero de 1993, concretando as\u00ed las aspiraciones de sus fundadores entre los cuales se encontraba Banco Industrial, S.A.<\/p>\n\t\t\t\t\t\t\t\t\t\t\t\t\t\t\t\t\t\t\t<\/div>\r\n\t\t\t\t\t\t\t\t<\/div>\r\n\t\t\t\t\t\t\t<\/div>\r\n\t\t\t\t\t\t\t<div class=\"sh-timeline-box-circle\"><\/div>\r\n\t\t\t\t\t\t\t<div class=\"sh-timeline-box-tale\"><\/div>\r\n\t\t\t\t\t\t\t<div class=\"sh-timeline-date\">\r\n\t\t\t\t\t\t\t\t1993\t\t\t\t\t\t\t<\/div>\r\n\t\t\t\t\t\t<\/div>\r\n\r\n\t\t\t\t\t\t<div class=\"sh-timeline-box sh-timeline-box-right\">\r\n\t\t\t\t\t\t\t<div class=\"sh-table\">\r\n\t\t\t\t\t\t\t\t<div class=\"sh-timeline-content-container sh-table-cell sh-timeline-content-full\">\r\n\t\t\t\t\t\t\t\t\t<h3>\r\n\t\t\t\t\t\t\t\t\t\tInicio de operaciones\t\t\t\t\t\t\t\t\t\t\t\t\t\t\t\t\t\t\t<\/h3>\r\n\t\t\t\t\t\t\t\t\t<div class=\"sh-timeline-content\">\r\n\t\t\t\t\t\t\t\t\t\t\t\t\t\t\t\t\t\t\t\t<p>La Fundaci\u00f3n inici\u00f3 sus operaciones el 29 de enero de 1993, concretando as\u00ed las aspiraciones de sus fundadores entre los cuales se encontraba Banco Industrial, S.A.<\/p>\n\t\t\t\t\t\t\t\t\t\t\t\t\t\t\t\t\t\t\t<\/div>\r\n\t\t\t\t\t\t\t\t<\/div>\r\n\t\t\t\t\t\t\t\t<div class=\"sh-table-cell sh-timeline-image\">\r\n\t\t\t\t\t\t\t\t\t<a href=\"\" rel=\"lightbox\" class=\"sh-timeline-image-container\" style=\"background-image: url();\"><\/a>\r\n\t\t\t\t\t\t\t\t<\/div>\r\n\t\t\t\t\t\t\t<\/div>\r\n\t\t\t\t\t\t\t<div class=\"sh-timeline-box-circle\"><\/div>\r\n\t\t\t\t\t\t\t<div class=\"sh-timeline-box-tale\"><\/div>\r\n\t\t\t\t\t\t\t<div class=\"sh-timeline-date\">\r\n\t\t\t\t\t\t\t\t1993\t\t\t\t\t\t\t<\/div>\r\n\t\t\t\t\t\t<\/div>\r\n\t\t\t\t\t<\/div>\r\n\t\t\t\t<\/div>\r\n\t\t\t\t\t\t\t<div class=\"sh-timeline-item\">\r\n\t\t\t\t\t<div class=\"sh-timeline-item-container\">\r\n\t\t\t\t\t\t<div class=\"sh-timeline-box sh-timeline-box-left\">\r\n\t\t\t\t\t\t\t<div class=\"sh-table\">\r\n\t\t\t\t\t\t\t\t\t\t\t\t\t\t\t\t<div class=\"sh-timeline-content-container sh-table-cell sh-timeline-content-full\">\r\n\t\t\t\t\t\t\t\t\t<h3>\r\n\t\t\t\t\t\t\t\t\t\t\t\t\t\t\t\t\t\t\t\tPrograma de Educaci\u00f3n B\u00e1sica Integral (PEBI)\t\t\t\t\t\t\t\t\t<\/h3>\r\n\t\t\t\t\t\t\t\t\t<div class=\"sh-timeline-content\">\r\n\t\t\t\t\t\t\t\t\t\t\t\t\t\t\t\t\t\t\t\t<p>El Programa de Educaci\u00f3n B\u00e1sica Integral (PEBI) fue la primera labor educativa promovida por la Fundaci\u00f3n, entre los a\u00f1os de 1993 a 1995, enfocada a la alfabetizaci\u00f3n de adultos.  Durante este tiempo se recibi\u00f3 presencia de muchos ni\u00f1os, debido a la falta de escuelas o porque reprobaban primero primaria; por ello, en 1996 se cre\u00f3 PEBI Ni\u00f1os, en escuelas unitarias del sector p\u00fablico donde un docente impart\u00eda todos los grados.  PEBI Ni\u00f1os se realiz\u00f3 hasta el a\u00f1o 2010 en zonas rurales.  <\/p>\n\t\t\t\t\t\t\t\t\t\t\t\t\t\t\t\t\t\t\t<\/div>\r\n\t\t\t\t\t\t\t\t<\/div>\r\n\t\t\t\t\t\t\t<\/div>\r\n\t\t\t\t\t\t\t<div class=\"sh-timeline-box-circle\"><\/div>\r\n\t\t\t\t\t\t\t<div class=\"sh-timeline-box-tale\"><\/div>\r\n\t\t\t\t\t\t\t<div class=\"sh-timeline-date\">\r\n\t\t\t\t\t\t\t\t1993 - 1996\t\t\t\t\t\t\t<\/div>\r\n\t\t\t\t\t\t<\/div>\r\n\r\n\t\t\t\t\t\t<div class=\"sh-timeline-box sh-timeline-box-right\">\r\n\t\t\t\t\t\t\t<div class=\"sh-table\">\r\n\t\t\t\t\t\t\t\t<div class=\"sh-timeline-content-container sh-table-cell sh-timeline-content-full\">\r\n\t\t\t\t\t\t\t\t\t<h3>\r\n\t\t\t\t\t\t\t\t\t\tPrograma de Educaci\u00f3n B\u00e1sica Integral (PEBI)\t\t\t\t\t\t\t\t\t\t\t\t\t\t\t\t\t\t\t<\/h3>\r\n\t\t\t\t\t\t\t\t\t<div class=\"sh-timeline-content\">\r\n\t\t\t\t\t\t\t\t\t\t\t\t\t\t\t\t\t\t\t\t<p>El Programa de Educaci\u00f3n B\u00e1sica Integral (PEBI) fue la primera labor educativa promovida por la Fundaci\u00f3n, entre los a\u00f1os de 1993 a 1995, enfocada a la alfabetizaci\u00f3n de adultos.  Durante este tiempo se recibi\u00f3 presencia de muchos ni\u00f1os, debido a la falta de escuelas o porque reprobaban primero primaria; por ello, en 1996 se cre\u00f3 PEBI Ni\u00f1os, en escuelas unitarias del sector p\u00fablico donde un docente impart\u00eda todos los grados.  PEBI Ni\u00f1os se realiz\u00f3 hasta el a\u00f1o 2010 en zonas rurales.  <\/p>\n\t\t\t\t\t\t\t\t\t\t\t\t\t\t\t\t\t\t\t<\/div>\r\n\t\t\t\t\t\t\t\t<\/div>\r\n\t\t\t\t\t\t\t\t<div class=\"sh-table-cell sh-timeline-image\">\r\n\t\t\t\t\t\t\t\t\t<a href=\"\" rel=\"lightbox\" class=\"sh-timeline-image-container\" style=\"background-image: url();\"><\/a>\r\n\t\t\t\t\t\t\t\t<\/div>\r\n\t\t\t\t\t\t\t<\/div>\r\n\t\t\t\t\t\t\t<div class=\"sh-timeline-box-circle\"><\/div>\r\n\t\t\t\t\t\t\t<div class=\"sh-timeline-box-tale\"><\/div>\r\n\t\t\t\t\t\t\t<div class=\"sh-timeline-date\">\r\n\t\t\t\t\t\t\t\t1993 - 1996\t\t\t\t\t\t\t<\/div>\r\n\t\t\t\t\t\t<\/div>\r\n\t\t\t\t\t<\/div>\r\n\t\t\t\t<\/div>\r\n\t\t\t\t\t\t<\/div>\r\n\r\n            <style type=\"text\/css\">\r\n                #timeline-n90JMcEAGl h3 {color: #1a98c5;}#timeline-n90JMcEAGl .sh-timeline-content {color: #383838;}#timeline-n90JMcEAGl.sh-timeline-2 .sh-timeline-box-left i,#timeline-n90JMcEAGl.sh-timeline-2 .sh-timeline-box-right i,#timeline-n90JMcEAGl.sh-timeline-2.style3 .sh-timeline-box-left i,#timeline-n90JMcEAGl.sh-timeline-2.style3 .sh-timeline-box-right i, {color: #c678bb;}#timeline-n90JMcEAGl.sh-timeline-2 .sh-timeline-box-circle,#timeline-n90JMcEAGl.sh-timeline-2.style3 .sh-timeline-box-circle {background-color: #c678bb;}#timeline-n90JMcEAGl .sh-timeline-item .sh-timeline-box {background-color: #ffffff;}#timeline-n90JMcEAGl.sh-timeline .sh-timeline-item .sh-timeline-box-tale {border-left-color: #ffffff!important;border-right-color: #ffffff!important;}#timeline-n90JMcEAGl.sh-timeline-2 .sh-timeline-item .sh-timeline-box-tale,#timeline-n90JMcEAGl.sh-timeline-2.style3 .sh-timeline-item .sh-timeline-box-tale,#timeline-n90JMcEAGl.sh-timeline .sh-timeline-item .sh-timeline-box-circle {border-color: #ffffff;}#timeline-n90JMcEAGl .sh-timeline-item .sh-timeline-date {color: #383838;}            <\/style>\r\n        <style type=\"text\/css\"> .vc_column_129148342:not(.vc_parallax):not(.jarallax) { overflow: center!important; position: relative; }<\/style><\/div><\/div><\/div><style type=\"text\/css\"> .vc_row_1948849506:not(.vc_parallax) { overflow: center!important; position: relative; }<\/style><\/div><div class=\"vc_row wpb_row vc_row-fluid sombra-foto vc_row_1690414573\"><div class=\"wpb_column vc_column_container vc_col-sm-12\"><div class=\"vc_column-inner \"><div class=\"wpb_wrapper\">\n\t<div  class=\"wpb_single_image wpb_content_element vc_align_center wpb_content_element vc_custom_1699393029213  foto_historia\">\n\t\t\n\t\t<figure class=\"wpb_wrapper vc_figure\">\n\t\t\t<div class=\"vc_single_image-wrapper   vc_box_border_grey\"><img decoding=\"async\" width=\"1222\" height=\"897\" src=\"https:\/\/www.corporacionbi.com\/gt\/frcl\/wp-content\/uploads\/2023\/11\/programa-de-educacio\u0301n-basica-integral.jpg\" class=\"vc_single_image-img attachment-full\" alt=\"Programa de Educaci\u00f3n B\u00e1sica Integral (PEBI) Ni\u00f1os, en Santa Catarina Ixtahuac\u00e1n, Solol\u00e1\" title=\"programa-de-educacio\u0301n-basica-integral\" \/><\/div>\n\t\t<\/figure>\n\t<\/div>\n<h3 style=\"text-align: center\" class=\"vc_custom_heading vc_do_custom_heading gray_2 foto_historia_texto vc_custom_1696028654404\" >Programa de Educaci\u00f3n B\u00e1sica Integral (PEBI) Ni\u00f1os, en Santa Catarina Ixtahuac\u00e1n, Solol\u00e1<\/h3><\/div><\/div><\/div><\/div><div class=\"vc_row wpb_row vc_row-fluid vc_row_992526136\"><div class=\"wpb_column vc_column_container vc_col-sm-12 vc_column_539397823\"><div class=\"vc_column-inner \"><div class=\"wpb_wrapper\">\r\n            \r\n            <div class=\"sh-empty-space vc_empty_space sh-empty-space-uFbQdLtEWZ  \" style=\"height: 50px\">\r\n                <span class=\"vc_empty_space_inner\"><\/span>\r\n            <\/div>\r\n\r\n        \r\n\r\n\t<div class=\"sh-timeline-2 sh-timeline-style2\" id=\"timeline-Soq5plJVhz\">\r\n\t\t\t\t\t\t\t\t\t<div class=\"sh-timeline-item\">\r\n\t\t\t\t\t<div class=\"sh-timeline-item-container\">\r\n\t\t\t\t\t\t<div class=\"sh-timeline-box sh-timeline-box-left\">\r\n\t\t\t\t\t\t\t<div class=\"sh-table\">\r\n\t\t\t\t\t\t\t\t\t\t\t\t\t\t\t\t<div class=\"sh-timeline-content-container sh-table-cell sh-timeline-content-full\">\r\n\t\t\t\t\t\t\t\t\t<h3>\r\n\t\t\t\t\t\t\t\t\t\t\t\t\t\t\t\t\t\t\t\tPrograma de Atenci\u00f3n a Ni\u00f1os en Sobreedad (PRANISED)\t\t\t\t\t\t\t\t\t<\/h3>\r\n\t\t\t\t\t\t\t\t\t<div class=\"sh-timeline-content\">\r\n\t\t\t\t\t\t\t\t\t\t\t\t\t\t\t\t\t\t\t\t<p>En el a\u00f1o de 1994 la Fundaci\u00f3n ejecut\u00f3 el Programa de Atenci\u00f3n a Ni\u00f1os en Sobreedad (PRANISED), enfocado a ni\u00f1os y adolescentes entre 9 a 14 a\u00f1os de edad quienes se encontraban fuera del sistema educativo formal, principalmente por falta de escuelas en sus comunidades.  Este programa, en el a\u00f1o de 1997, se canaliz\u00f3 principalmente en Baja Verapaz por medio del Fondo de Inversi\u00f3n Social (FIS).  En ese entonces se empez\u00f3 a experimentar en Guatemala la administraci\u00f3n de escuelas de financiamiento p\u00fablico por medio de los Comit\u00e9s de Padres de Familia que en ese tiempo se les denominaba Empresas del Fondo de Inversi\u00f3n Social (EFIS).  Con este mecanismo se abrieron 110 escuelas en el departamento.  <\/p>\n\t\t\t\t\t\t\t\t\t\t\t\t\t\t\t\t\t\t\t<\/div>\r\n\t\t\t\t\t\t\t\t<\/div>\r\n\t\t\t\t\t\t\t<\/div>\r\n\t\t\t\t\t\t\t<div class=\"sh-timeline-box-circle\"><\/div>\r\n\t\t\t\t\t\t\t<div class=\"sh-timeline-box-tale\"><\/div>\r\n\t\t\t\t\t\t\t<div class=\"sh-timeline-date\">\r\n\t\t\t\t\t\t\t\t1994 - 1997\t\t\t\t\t\t\t<\/div>\r\n\t\t\t\t\t\t<\/div>\r\n\r\n\t\t\t\t\t\t<div class=\"sh-timeline-box sh-timeline-box-right\">\r\n\t\t\t\t\t\t\t<div class=\"sh-table\">\r\n\t\t\t\t\t\t\t\t<div class=\"sh-timeline-content-container sh-table-cell sh-timeline-content-full\">\r\n\t\t\t\t\t\t\t\t\t<h3>\r\n\t\t\t\t\t\t\t\t\t\tPrograma de Atenci\u00f3n a Ni\u00f1os en Sobreedad (PRANISED)\t\t\t\t\t\t\t\t\t\t\t\t\t\t\t\t\t\t\t<\/h3>\r\n\t\t\t\t\t\t\t\t\t<div class=\"sh-timeline-content\">\r\n\t\t\t\t\t\t\t\t\t\t\t\t\t\t\t\t\t\t\t\t<p>En el a\u00f1o de 1994 la Fundaci\u00f3n ejecut\u00f3 el Programa de Atenci\u00f3n a Ni\u00f1os en Sobreedad (PRANISED), enfocado a ni\u00f1os y adolescentes entre 9 a 14 a\u00f1os de edad quienes se encontraban fuera del sistema educativo formal, principalmente por falta de escuelas en sus comunidades.  Este programa, en el a\u00f1o de 1997, se canaliz\u00f3 principalmente en Baja Verapaz por medio del Fondo de Inversi\u00f3n Social (FIS).  En ese entonces se empez\u00f3 a experimentar en Guatemala la administraci\u00f3n de escuelas de financiamiento p\u00fablico por medio de los Comit\u00e9s de Padres de Familia que en ese tiempo se les denominaba Empresas del Fondo de Inversi\u00f3n Social (EFIS).  Con este mecanismo se abrieron 110 escuelas en el departamento.  <\/p>\n\t\t\t\t\t\t\t\t\t\t\t\t\t\t\t\t\t\t\t<\/div>\r\n\t\t\t\t\t\t\t\t<\/div>\r\n\t\t\t\t\t\t\t\t<div class=\"sh-table-cell sh-timeline-image\">\r\n\t\t\t\t\t\t\t\t\t<a href=\"\" rel=\"lightbox\" class=\"sh-timeline-image-container\" style=\"background-image: url();\"><\/a>\r\n\t\t\t\t\t\t\t\t<\/div>\r\n\t\t\t\t\t\t\t<\/div>\r\n\t\t\t\t\t\t\t<div class=\"sh-timeline-box-circle\"><\/div>\r\n\t\t\t\t\t\t\t<div class=\"sh-timeline-box-tale\"><\/div>\r\n\t\t\t\t\t\t\t<div class=\"sh-timeline-date\">\r\n\t\t\t\t\t\t\t\t1994 - 1997\t\t\t\t\t\t\t<\/div>\r\n\t\t\t\t\t\t<\/div>\r\n\t\t\t\t\t<\/div>\r\n\t\t\t\t<\/div>\r\n\t\t\t\t\t\t\t<div class=\"sh-timeline-item\">\r\n\t\t\t\t\t<div class=\"sh-timeline-item-container\">\r\n\t\t\t\t\t\t<div class=\"sh-timeline-box sh-timeline-box-left\">\r\n\t\t\t\t\t\t\t<div class=\"sh-table\">\r\n\t\t\t\t\t\t\t\t\t\t\t\t\t\t\t\t<div class=\"sh-timeline-content-container sh-table-cell sh-timeline-content-full\">\r\n\t\t\t\t\t\t\t\t\t<h3>\r\n\t\t\t\t\t\t\t\t\t\t\t\t\t\t\t\t\t\t\t\tAumento de cobertura\t\t\t\t\t\t\t\t\t<\/h3>\r\n\t\t\t\t\t\t\t\t\t<div class=\"sh-timeline-content\">\r\n\t\t\t\t\t\t\t\t\t\t\t\t\t\t\t\t\t\t\t\t<p>Luego, dichas escuelas se trasladaron al Programa Nacional de Autogesti\u00f3n para el Desarrollo Educativo (PRONADE) entre los a\u00f1os de 1998 y 2000.  Con esto la Fundaci\u00f3n particip\u00f3 en el aumento de cobertura del lugar.  El sistema se replic\u00f3 en todo el pa\u00eds por medio de Instituciones de Servicio Educativo (ISE) que al igual que la Fundaci\u00f3n apoyaron a introducir escuelas en zonas rurales.<\/p>\n\t\t\t\t\t\t\t\t\t\t\t\t\t\t\t\t\t\t\t<\/div>\r\n\t\t\t\t\t\t\t\t<\/div>\r\n\t\t\t\t\t\t\t<\/div>\r\n\t\t\t\t\t\t\t<div class=\"sh-timeline-box-circle\"><\/div>\r\n\t\t\t\t\t\t\t<div class=\"sh-timeline-box-tale\"><\/div>\r\n\t\t\t\t\t\t\t<div class=\"sh-timeline-date\">\r\n\t\t\t\t\t\t\t\t1998 - 2000\t\t\t\t\t\t\t<\/div>\r\n\t\t\t\t\t\t<\/div>\r\n\r\n\t\t\t\t\t\t<div class=\"sh-timeline-box sh-timeline-box-right\">\r\n\t\t\t\t\t\t\t<div class=\"sh-table\">\r\n\t\t\t\t\t\t\t\t<div class=\"sh-timeline-content-container sh-table-cell sh-timeline-content-full\">\r\n\t\t\t\t\t\t\t\t\t<h3>\r\n\t\t\t\t\t\t\t\t\t\tAumento de cobertura\t\t\t\t\t\t\t\t\t\t\t\t\t\t\t\t\t\t\t<\/h3>\r\n\t\t\t\t\t\t\t\t\t<div class=\"sh-timeline-content\">\r\n\t\t\t\t\t\t\t\t\t\t\t\t\t\t\t\t\t\t\t\t<p>Luego, dichas escuelas se trasladaron al Programa Nacional de Autogesti\u00f3n para el Desarrollo Educativo (PRONADE) entre los a\u00f1os de 1998 y 2000.  Con esto la Fundaci\u00f3n particip\u00f3 en el aumento de cobertura del lugar.  El sistema se replic\u00f3 en todo el pa\u00eds por medio de Instituciones de Servicio Educativo (ISE) que al igual que la Fundaci\u00f3n apoyaron a introducir escuelas en zonas rurales.<\/p>\n\t\t\t\t\t\t\t\t\t\t\t\t\t\t\t\t\t\t\t<\/div>\r\n\t\t\t\t\t\t\t\t<\/div>\r\n\t\t\t\t\t\t\t\t<div class=\"sh-table-cell sh-timeline-image\">\r\n\t\t\t\t\t\t\t\t\t<a href=\"\" rel=\"lightbox\" class=\"sh-timeline-image-container\" style=\"background-image: url();\"><\/a>\r\n\t\t\t\t\t\t\t\t<\/div>\r\n\t\t\t\t\t\t\t<\/div>\r\n\t\t\t\t\t\t\t<div class=\"sh-timeline-box-circle\"><\/div>\r\n\t\t\t\t\t\t\t<div class=\"sh-timeline-box-tale\"><\/div>\r\n\t\t\t\t\t\t\t<div class=\"sh-timeline-date\">\r\n\t\t\t\t\t\t\t\t1998 - 2000\t\t\t\t\t\t\t<\/div>\r\n\t\t\t\t\t\t<\/div>\r\n\t\t\t\t\t<\/div>\r\n\t\t\t\t<\/div>\r\n\t\t\t\t\t\t\t<div class=\"sh-timeline-item\">\r\n\t\t\t\t\t<div class=\"sh-timeline-item-container\">\r\n\t\t\t\t\t\t<div class=\"sh-timeline-box sh-timeline-box-left\">\r\n\t\t\t\t\t\t\t<div class=\"sh-table\">\r\n\t\t\t\t\t\t\t\t\t\t\t\t\t\t\t\t<div class=\"sh-timeline-content-container sh-table-cell sh-timeline-content-full\">\r\n\t\t\t\t\t\t\t\t\t<h3>\r\n\t\t\t\t\t\t\t\t\t\t\t\t\t\t\t\t\t\t\t\tPrograma Educaci\u00f3n Integral Nuevo Milenio (EDINUMI)\t\t\t\t\t\t\t\t\t<\/h3>\r\n\t\t\t\t\t\t\t\t\t<div class=\"sh-timeline-content\">\r\n\t\t\t\t\t\t\t\t\t\t\t\t\t\t\t\t\t\t\t\t<p>La Fundaci\u00f3n inici\u00f3 el Programa Educaci\u00f3n Integral Nuevo Milenio (EDINUMI), con enfoque m\u00e1s amplio en alfabetizaci\u00f3n, en Momostenango, Totonicap\u00e1n; Chichicastenango, Quich\u00e9 y Jocot\u00e1n, Chiquimula.  Se incluyeron laboratorios de computaci\u00f3n con cursos b\u00e1sicos y el componente de Productividad.<\/p>\n\t\t\t\t\t\t\t\t\t\t\t\t\t\t\t\t\t\t\t<\/div>\r\n\t\t\t\t\t\t\t\t<\/div>\r\n\t\t\t\t\t\t\t<\/div>\r\n\t\t\t\t\t\t\t<div class=\"sh-timeline-box-circle\"><\/div>\r\n\t\t\t\t\t\t\t<div class=\"sh-timeline-box-tale\"><\/div>\r\n\t\t\t\t\t\t\t<div class=\"sh-timeline-date\">\r\n\t\t\t\t\t\t\t\t2000\t\t\t\t\t\t\t<\/div>\r\n\t\t\t\t\t\t<\/div>\r\n\r\n\t\t\t\t\t\t<div class=\"sh-timeline-box sh-timeline-box-right\">\r\n\t\t\t\t\t\t\t<div class=\"sh-table\">\r\n\t\t\t\t\t\t\t\t<div class=\"sh-timeline-content-container sh-table-cell sh-timeline-content-full\">\r\n\t\t\t\t\t\t\t\t\t<h3>\r\n\t\t\t\t\t\t\t\t\t\tPrograma Educaci\u00f3n Integral Nuevo Milenio (EDINUMI)\t\t\t\t\t\t\t\t\t\t\t\t\t\t\t\t\t\t\t<\/h3>\r\n\t\t\t\t\t\t\t\t\t<div class=\"sh-timeline-content\">\r\n\t\t\t\t\t\t\t\t\t\t\t\t\t\t\t\t\t\t\t\t<p>La Fundaci\u00f3n inici\u00f3 el Programa Educaci\u00f3n Integral Nuevo Milenio (EDINUMI), con enfoque m\u00e1s amplio en alfabetizaci\u00f3n, en Momostenango, Totonicap\u00e1n; Chichicastenango, Quich\u00e9 y Jocot\u00e1n, Chiquimula.  Se incluyeron laboratorios de computaci\u00f3n con cursos b\u00e1sicos y el componente de Productividad.<\/p>\n\t\t\t\t\t\t\t\t\t\t\t\t\t\t\t\t\t\t\t<\/div>\r\n\t\t\t\t\t\t\t\t<\/div>\r\n\t\t\t\t\t\t\t\t<div class=\"sh-table-cell sh-timeline-image\">\r\n\t\t\t\t\t\t\t\t\t<a href=\"\" rel=\"lightbox\" class=\"sh-timeline-image-container\" style=\"background-image: url();\"><\/a>\r\n\t\t\t\t\t\t\t\t<\/div>\r\n\t\t\t\t\t\t\t<\/div>\r\n\t\t\t\t\t\t\t<div class=\"sh-timeline-box-circle\"><\/div>\r\n\t\t\t\t\t\t\t<div class=\"sh-timeline-box-tale\"><\/div>\r\n\t\t\t\t\t\t\t<div class=\"sh-timeline-date\">\r\n\t\t\t\t\t\t\t\t2000\t\t\t\t\t\t\t<\/div>\r\n\t\t\t\t\t\t<\/div>\r\n\t\t\t\t\t<\/div>\r\n\t\t\t\t<\/div>\r\n\t\t\t\t\t\t<\/div>\r\n\r\n            <style type=\"text\/css\">\r\n                #timeline-Soq5plJVhz h3 {color: #1a98c5;}#timeline-Soq5plJVhz .sh-timeline-content {color: #3f3b3a;}#timeline-Soq5plJVhz.sh-timeline-2 .sh-timeline-box-left i,#timeline-Soq5plJVhz.sh-timeline-2 .sh-timeline-box-right i,#timeline-Soq5plJVhz.sh-timeline-2.style3 .sh-timeline-box-left i,#timeline-Soq5plJVhz.sh-timeline-2.style3 .sh-timeline-box-right i, {color: #c678bb;}#timeline-Soq5plJVhz.sh-timeline-2 .sh-timeline-box-circle,#timeline-Soq5plJVhz.sh-timeline-2.style3 .sh-timeline-box-circle {background-color: #c678bb;}#timeline-Soq5plJVhz .sh-timeline-item .sh-timeline-box {background-color: #ffffff;}#timeline-Soq5plJVhz.sh-timeline .sh-timeline-item .sh-timeline-box-tale {border-left-color: #ffffff!important;border-right-color: #ffffff!important;}#timeline-Soq5plJVhz.sh-timeline-2 .sh-timeline-item .sh-timeline-box-tale,#timeline-Soq5plJVhz.sh-timeline-2.style3 .sh-timeline-item .sh-timeline-box-tale,#timeline-Soq5plJVhz.sh-timeline .sh-timeline-item .sh-timeline-box-circle {border-color: #ffffff;}#timeline-Soq5plJVhz .sh-timeline-item .sh-timeline-date {color: #383838;}            <\/style>\r\n        <style type=\"text\/css\"> .vc_column_539397823:not(.vc_parallax):not(.jarallax) { overflow: center!important; position: relative; }<\/style><\/div><\/div><\/div><style type=\"text\/css\"> .vc_row_992526136:not(.vc_parallax) { overflow: center!important; position: relative; }<\/style><\/div><div class=\"vc_row wpb_row vc_row-fluid sombra-foto vc_row_931774702\"><div class=\"wpb_column vc_column_container vc_col-sm-12\"><div class=\"vc_column-inner \"><div class=\"wpb_wrapper\">\n\t<div  class=\"wpb_single_image wpb_content_element vc_align_center wpb_content_element vc_custom_1699393061594  foto_historia\">\n\t\t\n\t\t<figure class=\"wpb_wrapper vc_figure\">\n\t\t\t<div class=\"vc_single_image-wrapper   vc_box_border_grey\"><img decoding=\"async\" width=\"1222\" height=\"854\" src=\"https:\/\/www.corporacionbi.com\/gt\/frcl\/wp-content\/uploads\/2023\/11\/acto-de-inauguracion-del-programa-de-autogestio\u0301n-educativa.jpg\" class=\"vc_single_image-img attachment-full\" alt=\"Acto de inauguraci\u00f3n del Programa de Autogesti\u00f3n Educativa (PRONADE), en Purulh\u00e1, Baja Verapaz\" title=\"acto-de-inauguracion-del-programa-de-autogestio\u0301n-educativa\" \/><\/div>\n\t\t<\/figure>\n\t<\/div>\n<h3 style=\"text-align: center\" class=\"vc_custom_heading vc_do_custom_heading gray_2 foto_historia_texto vc_custom_1696030079709\" >Acto de inauguraci\u00f3n del Programa de Autogesti\u00f3n Educativa (PRONADE), en Purulh\u00e1, Baja Verapaz<\/h3><\/div><\/div><\/div><\/div><div class=\"vc_row wpb_row vc_row-fluid vc_row_1848663618\"><div class=\"wpb_column vc_column_container vc_col-sm-12 vc_column_952481655\"><div class=\"vc_column-inner \"><div class=\"wpb_wrapper\">\r\n            \r\n            <div class=\"sh-empty-space vc_empty_space sh-empty-space-6R92ewMgdu  \" style=\"height: 50px\">\r\n                <span class=\"vc_empty_space_inner\"><\/span>\r\n            <\/div>\r\n\r\n        \r\n\r\n\t<div class=\"sh-timeline-2 sh-timeline-style2\" id=\"timeline-RoL4xlXuN6\">\r\n\t\t\t\t\t\t\t\t\t<div class=\"sh-timeline-item\">\r\n\t\t\t\t\t<div class=\"sh-timeline-item-container\">\r\n\t\t\t\t\t\t<div class=\"sh-timeline-box sh-timeline-box-left\">\r\n\t\t\t\t\t\t\t<div class=\"sh-table\">\r\n\t\t\t\t\t\t\t\t\t\t\t\t\t\t\t\t<div class=\"sh-timeline-content-container sh-table-cell sh-timeline-content-full\">\r\n\t\t\t\t\t\t\t\t\t<h3>\r\n\t\t\t\t\t\t\t\t\t\t\t\t\t\t\t\t\t\t\t\tPEBI Sabatino\t\t\t\t\t\t\t\t\t<\/h3>\r\n\t\t\t\t\t\t\t\t\t<div class=\"sh-timeline-content\">\r\n\t\t\t\t\t\t\t\t\t\t\t\t\t\t\t\t\t\t\t\t<p>Entre los a\u00f1os 2006 y 2011 la Fundaci\u00f3n desarroll\u00f3 el PEBI Sabatino con el cual pudo ampliar la cobertura a j\u00f3venes y adultos que por razones de trabajo no pod\u00edan asistir en otros horarios.  <\/p>\n\t\t\t\t\t\t\t\t\t\t\t\t\t\t\t\t\t\t\t<\/div>\r\n\t\t\t\t\t\t\t\t<\/div>\r\n\t\t\t\t\t\t\t<\/div>\r\n\t\t\t\t\t\t\t<div class=\"sh-timeline-box-circle\"><\/div>\r\n\t\t\t\t\t\t\t<div class=\"sh-timeline-box-tale\"><\/div>\r\n\t\t\t\t\t\t\t<div class=\"sh-timeline-date\">\r\n\t\t\t\t\t\t\t\t2006 - 2011\t\t\t\t\t\t\t<\/div>\r\n\t\t\t\t\t\t<\/div>\r\n\r\n\t\t\t\t\t\t<div class=\"sh-timeline-box sh-timeline-box-right\">\r\n\t\t\t\t\t\t\t<div class=\"sh-table\">\r\n\t\t\t\t\t\t\t\t<div class=\"sh-timeline-content-container sh-table-cell sh-timeline-content-full\">\r\n\t\t\t\t\t\t\t\t\t<h3>\r\n\t\t\t\t\t\t\t\t\t\tPEBI Sabatino\t\t\t\t\t\t\t\t\t\t\t\t\t\t\t\t\t\t\t<\/h3>\r\n\t\t\t\t\t\t\t\t\t<div class=\"sh-timeline-content\">\r\n\t\t\t\t\t\t\t\t\t\t\t\t\t\t\t\t\t\t\t\t<p>Entre los a\u00f1os 2006 y 2011 la Fundaci\u00f3n desarroll\u00f3 el PEBI Sabatino con el cual pudo ampliar la cobertura a j\u00f3venes y adultos que por razones de trabajo no pod\u00edan asistir en otros horarios.  <\/p>\n\t\t\t\t\t\t\t\t\t\t\t\t\t\t\t\t\t\t\t<\/div>\r\n\t\t\t\t\t\t\t\t<\/div>\r\n\t\t\t\t\t\t\t\t<div class=\"sh-table-cell sh-timeline-image\">\r\n\t\t\t\t\t\t\t\t\t<a href=\"\" rel=\"lightbox\" class=\"sh-timeline-image-container\" style=\"background-image: url();\"><\/a>\r\n\t\t\t\t\t\t\t\t<\/div>\r\n\t\t\t\t\t\t\t<\/div>\r\n\t\t\t\t\t\t\t<div class=\"sh-timeline-box-circle\"><\/div>\r\n\t\t\t\t\t\t\t<div class=\"sh-timeline-box-tale\"><\/div>\r\n\t\t\t\t\t\t\t<div class=\"sh-timeline-date\">\r\n\t\t\t\t\t\t\t\t2006 - 2011\t\t\t\t\t\t\t<\/div>\r\n\t\t\t\t\t\t<\/div>\r\n\t\t\t\t\t<\/div>\r\n\t\t\t\t<\/div>\r\n\t\t\t\t\t\t\t<div class=\"sh-timeline-item\">\r\n\t\t\t\t\t<div class=\"sh-timeline-item-container\">\r\n\t\t\t\t\t\t<div class=\"sh-timeline-box sh-timeline-box-left\">\r\n\t\t\t\t\t\t\t<div class=\"sh-table\">\r\n\t\t\t\t\t\t\t\t\t\t\t\t\t\t\t\t<div class=\"sh-timeline-content-container sh-table-cell sh-timeline-content-full\">\r\n\t\t\t\t\t\t\t\t\t<h3>\r\n\t\t\t\t\t\t\t\t\t\t\t\t\t\t\t\t\t\t\t\tPrograma ABCero Analfabetismo\t\t\t\t\t\t\t\t\t<\/h3>\r\n\t\t\t\t\t\t\t\t\t<div class=\"sh-timeline-content\">\r\n\t\t\t\t\t\t\t\t\t\t\t\t\t\t\t\t\t\t\t\t<p>Entre los a\u00f1os 2012 a 2019 se impuls\u00f3 el Programa ABCero Analfabetismo con el apoyo del Comit\u00e9 Nacional de Alfabetizaci\u00f3n (CONALFA).  El objetivo fue reducir a 4% o menos el \u00edndice de analfabetismo en los municipios de intervenci\u00f3n.  El logro m\u00e1s significativo fue la declaratoria de Zacapa como el primer departamento libre de analfabetismo.<\/p>\n\t\t\t\t\t\t\t\t\t\t\t\t\t\t\t\t\t\t\t<\/div>\r\n\t\t\t\t\t\t\t\t<\/div>\r\n\t\t\t\t\t\t\t<\/div>\r\n\t\t\t\t\t\t\t<div class=\"sh-timeline-box-circle\"><\/div>\r\n\t\t\t\t\t\t\t<div class=\"sh-timeline-box-tale\"><\/div>\r\n\t\t\t\t\t\t\t<div class=\"sh-timeline-date\">\r\n\t\t\t\t\t\t\t\t2012 - 2019\t\t\t\t\t\t\t<\/div>\r\n\t\t\t\t\t\t<\/div>\r\n\r\n\t\t\t\t\t\t<div class=\"sh-timeline-box sh-timeline-box-right\">\r\n\t\t\t\t\t\t\t<div class=\"sh-table\">\r\n\t\t\t\t\t\t\t\t<div class=\"sh-timeline-content-container sh-table-cell sh-timeline-content-full\">\r\n\t\t\t\t\t\t\t\t\t<h3>\r\n\t\t\t\t\t\t\t\t\t\tPrograma ABCero Analfabetismo\t\t\t\t\t\t\t\t\t\t\t\t\t\t\t\t\t\t\t<\/h3>\r\n\t\t\t\t\t\t\t\t\t<div class=\"sh-timeline-content\">\r\n\t\t\t\t\t\t\t\t\t\t\t\t\t\t\t\t\t\t\t\t<p>Entre los a\u00f1os 2012 a 2019 se impuls\u00f3 el Programa ABCero Analfabetismo con el apoyo del Comit\u00e9 Nacional de Alfabetizaci\u00f3n (CONALFA).  El objetivo fue reducir a 4% o menos el \u00edndice de analfabetismo en los municipios de intervenci\u00f3n.  El logro m\u00e1s significativo fue la declaratoria de Zacapa como el primer departamento libre de analfabetismo.<\/p>\n\t\t\t\t\t\t\t\t\t\t\t\t\t\t\t\t\t\t\t<\/div>\r\n\t\t\t\t\t\t\t\t<\/div>\r\n\t\t\t\t\t\t\t\t<div class=\"sh-table-cell sh-timeline-image\">\r\n\t\t\t\t\t\t\t\t\t<a href=\"\" rel=\"lightbox\" class=\"sh-timeline-image-container\" style=\"background-image: url();\"><\/a>\r\n\t\t\t\t\t\t\t\t<\/div>\r\n\t\t\t\t\t\t\t<\/div>\r\n\t\t\t\t\t\t\t<div class=\"sh-timeline-box-circle\"><\/div>\r\n\t\t\t\t\t\t\t<div class=\"sh-timeline-box-tale\"><\/div>\r\n\t\t\t\t\t\t\t<div class=\"sh-timeline-date\">\r\n\t\t\t\t\t\t\t\t2012 - 2019\t\t\t\t\t\t\t<\/div>\r\n\t\t\t\t\t\t<\/div>\r\n\t\t\t\t\t<\/div>\r\n\t\t\t\t<\/div>\r\n\t\t\t\t\t\t\t<div class=\"sh-timeline-item\">\r\n\t\t\t\t\t<div class=\"sh-timeline-item-container\">\r\n\t\t\t\t\t\t<div class=\"sh-timeline-box sh-timeline-box-left\">\r\n\t\t\t\t\t\t\t<div class=\"sh-table\">\r\n\t\t\t\t\t\t\t\t\t\t\t\t\t\t\t\t<div class=\"sh-timeline-content-container sh-table-cell sh-timeline-content-full\">\r\n\t\t\t\t\t\t\t\t\t<h3>\r\n\t\t\t\t\t\t\t\t\t\t\t\t\t\t\t\t\t\t\t\tPrograma Me Educo de Primaria Acelerada \t\t\t\t\t\t\t\t\t<\/h3>\r\n\t\t\t\t\t\t\t\t\t<div class=\"sh-timeline-content\">\r\n\t\t\t\t\t\t\t\t\t\t\t\t\t\t\t\t\t\t\t\t<p>En 2015 inici\u00f3 el Programa Me Educo de Primaria Acelerada, como una educaci\u00f3n alternativa enfocada a adolescentes, j\u00f3venes y adultos que por diferentes razones no pudieron estudiar o abandonaron sus estudios en su edad escolar.  <\/p>\n\t\t\t\t\t\t\t\t\t\t\t\t\t\t\t\t\t\t\t<\/div>\r\n\t\t\t\t\t\t\t\t<\/div>\r\n\t\t\t\t\t\t\t<\/div>\r\n\t\t\t\t\t\t\t<div class=\"sh-timeline-box-circle\"><\/div>\r\n\t\t\t\t\t\t\t<div class=\"sh-timeline-box-tale\"><\/div>\r\n\t\t\t\t\t\t\t<div class=\"sh-timeline-date\">\r\n\t\t\t\t\t\t\t\t2015\t\t\t\t\t\t\t<\/div>\r\n\t\t\t\t\t\t<\/div>\r\n\r\n\t\t\t\t\t\t<div class=\"sh-timeline-box sh-timeline-box-right\">\r\n\t\t\t\t\t\t\t<div class=\"sh-table\">\r\n\t\t\t\t\t\t\t\t<div class=\"sh-timeline-content-container sh-table-cell sh-timeline-content-full\">\r\n\t\t\t\t\t\t\t\t\t<h3>\r\n\t\t\t\t\t\t\t\t\t\tPrograma Me Educo de Primaria Acelerada \t\t\t\t\t\t\t\t\t\t\t\t\t\t\t\t\t\t\t<\/h3>\r\n\t\t\t\t\t\t\t\t\t<div class=\"sh-timeline-content\">\r\n\t\t\t\t\t\t\t\t\t\t\t\t\t\t\t\t\t\t\t\t<p>En 2015 inici\u00f3 el Programa Me Educo de Primaria Acelerada, como una educaci\u00f3n alternativa enfocada a adolescentes, j\u00f3venes y adultos que por diferentes razones no pudieron estudiar o abandonaron sus estudios en su edad escolar.  <\/p>\n\t\t\t\t\t\t\t\t\t\t\t\t\t\t\t\t\t\t\t<\/div>\r\n\t\t\t\t\t\t\t\t<\/div>\r\n\t\t\t\t\t\t\t\t<div class=\"sh-table-cell sh-timeline-image\">\r\n\t\t\t\t\t\t\t\t\t<a href=\"\" rel=\"lightbox\" class=\"sh-timeline-image-container\" style=\"background-image: url();\"><\/a>\r\n\t\t\t\t\t\t\t\t<\/div>\r\n\t\t\t\t\t\t\t<\/div>\r\n\t\t\t\t\t\t\t<div class=\"sh-timeline-box-circle\"><\/div>\r\n\t\t\t\t\t\t\t<div class=\"sh-timeline-box-tale\"><\/div>\r\n\t\t\t\t\t\t\t<div class=\"sh-timeline-date\">\r\n\t\t\t\t\t\t\t\t2015\t\t\t\t\t\t\t<\/div>\r\n\t\t\t\t\t\t<\/div>\r\n\t\t\t\t\t<\/div>\r\n\t\t\t\t<\/div>\r\n\t\t\t\t\t\t\t<div class=\"sh-timeline-item\">\r\n\t\t\t\t\t<div class=\"sh-timeline-item-container\">\r\n\t\t\t\t\t\t<div class=\"sh-timeline-box sh-timeline-box-left\">\r\n\t\t\t\t\t\t\t<div class=\"sh-table\">\r\n\t\t\t\t\t\t\t\t\t\t\t\t\t\t\t\t<div class=\"sh-timeline-content-container sh-table-cell sh-timeline-content-full\">\r\n\t\t\t\t\t\t\t\t\t<h3>\r\n\t\t\t\t\t\t\t\t\t\t\t\t\t\t\t\t\t\t\t\tPrograma Reescribiendo Mi Futuro de Ciclo B\u00e1sico\t\t\t\t\t\t\t\t\t<\/h3>\r\n\t\t\t\t\t\t\t\t\t<div class=\"sh-timeline-content\">\r\n\t\t\t\t\t\t\t\t\t\t\t\t\t\t\t\t\t\t\t\t<p>En 2022 se inici\u00f3 el Programa Reescribiendo Mi Futuro de Ciclo B\u00e1sico en el Nivel Medio, para favorecer a j\u00f3venes y adultos que tambi\u00e9n por distintos motivos abandonaron sus estudios en su edad escolar.  Tanto el Programa Me Educo como el Programa Reescribiendo Mi Futuro se ejecutan actualmente en los departamentos de Chiquimula, Jalapa, Sacatep\u00e9quez, Solol\u00e1 y Totonicap\u00e1n.<\/p>\n\t\t\t\t\t\t\t\t\t\t\t\t\t\t\t\t\t\t\t<\/div>\r\n\t\t\t\t\t\t\t\t<\/div>\r\n\t\t\t\t\t\t\t<\/div>\r\n\t\t\t\t\t\t\t<div class=\"sh-timeline-box-circle\"><\/div>\r\n\t\t\t\t\t\t\t<div class=\"sh-timeline-box-tale\"><\/div>\r\n\t\t\t\t\t\t\t<div class=\"sh-timeline-date\">\r\n\t\t\t\t\t\t\t\t2022\t\t\t\t\t\t\t<\/div>\r\n\t\t\t\t\t\t<\/div>\r\n\r\n\t\t\t\t\t\t<div class=\"sh-timeline-box sh-timeline-box-right\">\r\n\t\t\t\t\t\t\t<div class=\"sh-table\">\r\n\t\t\t\t\t\t\t\t<div class=\"sh-timeline-content-container sh-table-cell sh-timeline-content-full\">\r\n\t\t\t\t\t\t\t\t\t<h3>\r\n\t\t\t\t\t\t\t\t\t\tPrograma Reescribiendo Mi Futuro de Ciclo B\u00e1sico\t\t\t\t\t\t\t\t\t\t\t\t\t\t\t\t\t\t\t<\/h3>\r\n\t\t\t\t\t\t\t\t\t<div class=\"sh-timeline-content\">\r\n\t\t\t\t\t\t\t\t\t\t\t\t\t\t\t\t\t\t\t\t<p>En 2022 se inici\u00f3 el Programa Reescribiendo Mi Futuro de Ciclo B\u00e1sico en el Nivel Medio, para favorecer a j\u00f3venes y adultos que tambi\u00e9n por distintos motivos abandonaron sus estudios en su edad escolar.  Tanto el Programa Me Educo como el Programa Reescribiendo Mi Futuro se ejecutan actualmente en los departamentos de Chiquimula, Jalapa, Sacatep\u00e9quez, Solol\u00e1 y Totonicap\u00e1n.<\/p>\n\t\t\t\t\t\t\t\t\t\t\t\t\t\t\t\t\t\t\t<\/div>\r\n\t\t\t\t\t\t\t\t<\/div>\r\n\t\t\t\t\t\t\t\t<div class=\"sh-table-cell sh-timeline-image\">\r\n\t\t\t\t\t\t\t\t\t<a href=\"\" rel=\"lightbox\" class=\"sh-timeline-image-container\" style=\"background-image: url();\"><\/a>\r\n\t\t\t\t\t\t\t\t<\/div>\r\n\t\t\t\t\t\t\t<\/div>\r\n\t\t\t\t\t\t\t<div class=\"sh-timeline-box-circle\"><\/div>\r\n\t\t\t\t\t\t\t<div class=\"sh-timeline-box-tale\"><\/div>\r\n\t\t\t\t\t\t\t<div class=\"sh-timeline-date\">\r\n\t\t\t\t\t\t\t\t2022\t\t\t\t\t\t\t<\/div>\r\n\t\t\t\t\t\t<\/div>\r\n\t\t\t\t\t<\/div>\r\n\t\t\t\t<\/div>\r\n\t\t\t\t\t\t<\/div>\r\n\r\n            <style type=\"text\/css\">\r\n                #timeline-RoL4xlXuN6 h3 {color: #1a98c5;}#timeline-RoL4xlXuN6 .sh-timeline-content {color: #3f3b3a;}#timeline-RoL4xlXuN6.sh-timeline-2 .sh-timeline-box-left i,#timeline-RoL4xlXuN6.sh-timeline-2 .sh-timeline-box-right i,#timeline-RoL4xlXuN6.sh-timeline-2.style3 .sh-timeline-box-left i,#timeline-RoL4xlXuN6.sh-timeline-2.style3 .sh-timeline-box-right i, {color: #c678bb;}#timeline-RoL4xlXuN6.sh-timeline-2 .sh-timeline-box-circle,#timeline-RoL4xlXuN6.sh-timeline-2.style3 .sh-timeline-box-circle {background-color: #c678bb;}#timeline-RoL4xlXuN6 .sh-timeline-item .sh-timeline-box {background-color: #ffffff;}#timeline-RoL4xlXuN6.sh-timeline .sh-timeline-item .sh-timeline-box-tale {border-left-color: #ffffff!important;border-right-color: #ffffff!important;}#timeline-RoL4xlXuN6.sh-timeline-2 .sh-timeline-item .sh-timeline-box-tale,#timeline-RoL4xlXuN6.sh-timeline-2.style3 .sh-timeline-item .sh-timeline-box-tale,#timeline-RoL4xlXuN6.sh-timeline .sh-timeline-item .sh-timeline-box-circle {border-color: #ffffff;}#timeline-RoL4xlXuN6 .sh-timeline-item .sh-timeline-date {color: #383838;}            <\/style>\r\n        <style type=\"text\/css\"> .vc_column_952481655:not(.vc_parallax):not(.jarallax) { overflow: center!important; position: relative; }<\/style><\/div><\/div><\/div><style type=\"text\/css\"> .vc_row_1848663618:not(.vc_parallax) { overflow: center!important; position: relative; }<\/style><\/div><div class=\"vc_row wpb_row vc_row-fluid sombra-foto vc_row_363973285\"><div class=\"wpb_column vc_column_container vc_col-sm-12\"><div class=\"vc_column-inner \"><div class=\"wpb_wrapper\">\n\t<div  class=\"wpb_single_image wpb_content_element vc_align_center wpb_content_element vc_custom_1699393141972  foto_historia_2\">\n\t\t\n\t\t<figure class=\"wpb_wrapper vc_figure\">\n\t\t\t<div class=\"vc_single_image-wrapper   vc_box_border_grey\"><img decoding=\"async\" width=\"1235\" height=\"823\" src=\"https:\/\/www.corporacionbi.com\/gt\/frcl\/wp-content\/uploads\/2023\/11\/foto-historia.jpg\" class=\"vc_single_image-img attachment-full\" alt=\"Quienes Somos FRCL\" title=\"foto-historia\" \/><\/div>\n\t\t<\/figure>\n\t<\/div>\n\r\n            \r\n            <div class=\"sh-empty-space vc_empty_space sh-empty-space-KENd3H2YtG  \" style=\"height: 50px\">\r\n                <span class=\"vc_empty_space_inner\"><\/span>\r\n            <\/div>\r\n\r\n        <\/div><\/div><\/div><\/div><div data-vc-full-width=\"true\" data-vc-full-width-init=\"false\" class=\"vc_row wpb_row vc_row-fluid vc_custom_1704279675348 vc_row-has-fill vc_row-o-equal-height vc_row-flex vc_row_1252535035\"><div class=\"wpb_column vc_column_container vc_col-sm-12 vc_column_684506900\"><div class=\"vc_column-inner \"><div class=\"wpb_wrapper\">\r\n            \r\n            <div class=\"sh-empty-space vc_empty_space sh-empty-space-XTYAKhS5to  \" style=\"height: 20px\">\r\n                <span class=\"vc_empty_space_inner\"><\/span>\r\n            <\/div>\r\n\r\n        \n\t<div class=\"wpb_text_column wpb_content_element\" >\n\t\t<div class=\"wpb_wrapper\">\n\t\t\t<p style=\"text-align: center;\"><span style=\"color: #ffffff;\">A lo largo de estos m\u00e1s de 30 a\u00f1os, los Padrinos, Madrinas, donantes y colaboradores han sido parte fundamental que ha permitido poder llevar educaci\u00f3n a m\u00e1s de medio mill\u00f3n de guatemaltecos, especialmente a mujeres del \u00e1rea rural, en casi todos los departamentos del pa\u00eds. La educaci\u00f3n sin duda impacta la vida de las personas y de nuestro pa\u00eds, y en la Fundaci\u00f3n, se contin\u00faa aportando por hacer de esto una realidad.<\/span><\/p>\n\n\t\t<\/div>\n\t<\/div>\n<h2 style=\"text-align: center;font-family:Abril Fatface;font-weight:400;font-style:normal\" class=\"vc_custom_heading vc_do_custom_heading vc_custom_1704924120478\" ><em>\u00a1Porque la educaci\u00f3n cambiar\u00e1 mi futuro y el de mi pa\u00eds!<\/em><\/h2>\r\n            \r\n            <div class=\"sh-empty-space vc_empty_space sh-empty-space-n3kPBzLIM6  \" style=\"height: 20px\">\r\n                <span class=\"vc_empty_space_inner\"><\/span>\r\n            <\/div>\r\n\r\n        <style type=\"text\/css\"> .vc_column_684506900:not(.vc_parallax):not(.jarallax) { overflow: center!important; position: relative; }<\/style><\/div><\/div><\/div><\/div><div class=\"vc_row-full-width vc_clearfix\"><\/div><\/section><section id=\"mision\" data-vc-full-width=\"true\" data-vc-full-width-temp=\"true\" data-vc-full-width-init=\"false\" class=\"vc_section\"><div class=\"vc_row wpb_row vc_row-fluid vc_row_1966622409\"><div class=\"wpb_column vc_column_container vc_col-sm-12 vc_column_1676443783\"><div class=\"vc_column-inner \"><div class=\"wpb_wrapper\">\n\t\t\t\t<p class=\"rs-p-wp-fix\"><\/p>\n\t\t\t\t<sr7-module data-alias=\"mision-y-vision-nuevo\" data-id=\"44\" id=\"SR7_44_2\" class=\"rs-ov-hidden\" data-version=\"6.7.54\">\n\t\t\t\t\t<sr7-adjuster><\/sr7-adjuster>\n\t\t\t\t\t<sr7-content>\n\t\t\t\t\t\t<sr7-slide id=\"SR7_44_2-23\" data-key=\"23\">\n\t\t\t\t\t\t\t<h1 id=\"SR7_44_2-23-5\" class=\"sr7-layer\"><strong>Misi\u00f3n<\/strong><\/h1>\n\t\t\t\t\t\t\t<p id=\"SR7_44_2-23-6\" class=\"sr7-layer\">Promover programas de alfabetizaci\u00f3n y educaci\u00f3n b\u00e1sica elemental, tanto formales como no formales, cuya poblaci\u00f3n a atender est\u00e9 compuesta principalmente de ni\u00f1os en sobreedad y j\u00f3venes del \u00e1rea rural; as\u00ed como desarrollar modelos educativos exitosos, acad\u00e9mica y econ\u00f3micamente eficientes.<\/p>\n\t\t\t\t\t\t\t<h1 id=\"SR7_44_2-23-7\" class=\"sr7-layer\"><strong>Visi\u00f3n<\/strong><\/h1>\n\t\t\t\t\t\t\t<p id=\"SR7_44_2-23-8\" class=\"sr7-layer\">Hacer de Guatemala una sociedad alfabeta en forma plena e integral, en la que sus ciudadanos, adem\u00e1s de ejercer las habilidades y destrezas de la lectura, escritura y c\u00e1lculo matem\u00e1tico elemental, sean miembros productivos y c\u00edvicamente activos de su comunidad.<\/p>\n\t\t\t\t\t\t<\/sr7-slide>\n\t\t\t\t\t\t<sr7-slide id=\"SR7_44_2-58\" data-key=\"58\">\n\t\t\t\t\t\t<\/sr7-slide>\n\t\t\t\t\t<\/sr7-content>\n\t\t\t\t\t<image_lists style=\"display:none\">\n\t\t\t\t\t\t<img data-src=\"\/\/www.corporacionbi.com\/gt\/frcl\/wp-content\/uploads\/2023\/11\/mision-fundacion-ramiro-castillo-love.png\" data-libid=\"912\" data-lib=\"medialibrary\" alt=\"Misi\u00f3n Fundaci\u00f3n Ramiro Castillo Love\" title=\"mision-fundacion-ramiro-castillo-love\" width=\"0\" height=\"0\" data-dbsrc=\"Ly93d3cuY29ycG9yYWNpb25iaS5jb20vZ3QvZnJjbC93cC1jb250ZW50L3VwbG9hZHMvMjAyMy8xMS9taXNpb24tZnVuZGFjaW9uLXJhbWlyby1jYXN0aWxsby1sb3ZlLnBuZw==\"\/>\n\t\t\t\t\t\t<img data-src=\"\/\/www.corporacionbi.com\/gt\/frcl\/wp-content\/uploads\/2023\/11\/vision-fundacion-ramiro-castillo-love.png\" data-libid=\"909\" data-lib=\"medialibrary\" alt=\"Visi\u00f3n Fundaci\u00f3n Ramiro Castillo Love\" title=\"vision-fundacion-ramiro-castillo-love\" width=\"0\" height=\"0\" data-dbsrc=\"Ly93d3cuY29ycG9yYWNpb25iaS5jb20vZ3QvZnJjbC93cC1jb250ZW50L3VwbG9hZHMvMjAyMy8xMS92aXNpb24tZnVuZGFjaW9uLXJhbWlyby1jYXN0aWxsby1sb3ZlLnBuZw==\"\/>\n\t\t\t\t\t<\/image_lists>\n\t\t\t\t<\/sr7-module>\n\t\t\t\t<script>\n\t\t\t\t\twindow.SR7 ??={};SR7.PMH ??={}; SR7.PMH[\"SR7_44_2\"] = {cn:100,state:false,fn: function() { if (window._tpt!==undefined && window._tpt.prepareModuleHeight !== undefined) {  _tpt.prepareModuleHeight({id:\"SR7_44_2\",el:[1430,1430,760,580,1100],type:'standard',shdw:'0',gh:[1430,1430,760,580,1100],gw:[1920,1920,1024,778,480],vpt:['100px&#039;,&#039;100px&#039;,&#039;100px&#039;,&#039;100px&#039;,&#039;100px'],size:{fullWidth:true, fullHeight:false},mh:'0',onh:0,onw:0,bg:{color:'{\"orig\":\"transparent\",\"type\":\"solid\",\"string\":\"transparent\"}'}});   SR7.PMH[\"SR7_44_2\"].state=true;} else if(SR7.PMH[\"SR7_44_2\"].cn-->0)\tsetTimeout( SR7.PMH[\"SR7_44_2\"].fn,19);}};SR7.PMH[\"SR7_44_2\" ].fn();\n\t\t\t\t<\/script>\n<style type=\"text\/css\"> .vc_column_1676443783:not(.vc_parallax):not(.jarallax) { overflow: center!important; position: relative; }<\/style><\/div><\/div><\/div><style type=\"text\/css\"> .vc_row_1966622409:not(.vc_parallax) { overflow: center!important; position: relative; }<\/style><\/div><\/section><div class=\"vc_row-full-width vc_clearfix\"><\/div><section id=\"valores\" data-vc-full-width=\"true\" data-vc-full-width-temp=\"true\" data-vc-full-width-init=\"false\" class=\"vc_section vc_custom_1696527563366 vc_section-has-fill\"><div class=\"vc_row wpb_row vc_row-fluid vc_row_1888684537\"><div class=\"wpb_column vc_column_container vc_col-sm-12 vc_column_692821724\"><div class=\"vc_column-inner \"><div class=\"wpb_wrapper\">\r\n            \r\n            <div class=\"sh-empty-space vc_empty_space sh-empty-space-hUAmB62RPy  \" style=\"height: 50px\">\r\n                <span class=\"vc_empty_space_inner\"><\/span>\r\n            <\/div>\r\n\r\n        <h2 style=\"text-align: center;font-family:Abril Fatface;font-weight:400;font-style:normal\" class=\"vc_custom_heading vc_do_custom_heading display\" >Valores<\/h2><div class=\"vc_row wpb_row vc_inner vc_row-fluid vc_row_1784389177\"><div class=\"wpb_column vc_column_container vc_col-sm-1\/5 vc_column_98617837\"><div class=\"vc_column-inner \"><div class=\"wpb_wrapper\">\r\n<div id=\"single-image-QKmMkEnpxc\" class=\"sh-single-image   sh-single-image-has-hover\">\r\n\t<div class=\"sh-element-margin\">\r\n\r\n\t\t\r\n\t\t\t<div class=\"sh-single-image-container\">\r\n\t\t\t\t\r\n\t\t\t\t\t\t\t\t\t\t\t\t\t\t\t<a href=\"https:\/\/www.corporacionbi.com\/gt\/frcl\/wp-content\/uploads\/2024\/01\/icono-entrega.png\" rel=\"lightbox\">\r\n\t\t\t\t\t\r\n\t\t\t\t\t\t\t\t\t\t\t\t\t<img decoding=\"async\" class=\"sh-image-url\" src=\"https:\/\/www.corporacionbi.com\/gt\/frcl\/wp-content\/uploads\/2024\/01\/icono-entrega.png\" alt=\"icono-entrega\" \/>\r\n\t\t\t\t\t\t\t\t\t\t\t\t\t\t\t<img decoding=\"async\" class=\"sh-image-hover\" src=\"https:\/\/www.corporacionbi.com\/gt\/frcl\/wp-content\/uploads\/2024\/01\/icono-entrega-hover.png\" alt=\"icono-entrega\" \/>\r\n\t\t\t\t\t\t\t\t\t\t\t\t\t\r\n\t\t\t\t\t\t\t\t\t\t\t<\/a>\r\n\t\t\t\t\t\t\t\t\t\r\n\t\t\t\t\t\t\t<\/div>\r\n\r\n\t\t\r\n\t<\/div>\r\n<\/div>\r\n            <style type=\"text\/css\">\r\n                #single-image-QKmMkEnpxc {text-align: center;}            <\/style>\r\n        \r\n            \r\n            <div class=\"sh-empty-space vc_empty_space sh-empty-space-WO9pf1cN4R  \" style=\"height: 15px\">\r\n                <span class=\"vc_empty_space_inner\"><\/span>\r\n            <\/div>\r\n\r\n        <h3 style=\"text-align: center;font-family:Abril Fatface;font-weight:400;font-style:normal\" class=\"vc_custom_heading vc_do_custom_heading gray_2\" >Entrega<\/h3><style type=\"text\/css\"> .vc_column_98617837:not(.vc_parallax):not(.jarallax) { overflow: center!important; position: relative; }<\/style><\/div><\/div><\/div><div class=\"wpb_column vc_column_container vc_col-sm-1\/5 vc_column_1808513868\"><div class=\"vc_column-inner \"><div class=\"wpb_wrapper\">\r\n<div id=\"single-image-0pzaqlkTyn\" class=\"sh-single-image   sh-single-image-has-hover\">\r\n\t<div class=\"sh-element-margin\">\r\n\r\n\t\t\r\n\t\t\t<div class=\"sh-single-image-container\">\r\n\t\t\t\t\r\n\t\t\t\t\t\t\t\t\t\t\t\t\t\t\t<a href=\"https:\/\/www.corporacionbi.com\/gt\/frcl\/wp-content\/uploads\/2024\/01\/icono-integridad.png\" rel=\"lightbox\">\r\n\t\t\t\t\t\r\n\t\t\t\t\t\t\t\t\t\t\t\t\t<img decoding=\"async\" class=\"sh-image-url\" src=\"https:\/\/www.corporacionbi.com\/gt\/frcl\/wp-content\/uploads\/2024\/01\/icono-integridad.png\" alt=\"icono-integridad\" \/>\r\n\t\t\t\t\t\t\t\t\t\t\t\t\t\t\t<img decoding=\"async\" class=\"sh-image-hover\" src=\"https:\/\/www.corporacionbi.com\/gt\/frcl\/wp-content\/uploads\/2024\/01\/icono-integridad-hover.png\" alt=\"icono-integridad\" \/>\r\n\t\t\t\t\t\t\t\t\t\t\t\t\t\r\n\t\t\t\t\t\t\t\t\t\t\t<\/a>\r\n\t\t\t\t\t\t\t\t\t\r\n\t\t\t\t\t\t\t<\/div>\r\n\r\n\t\t\r\n\t<\/div>\r\n<\/div>\r\n            <style type=\"text\/css\">\r\n                #single-image-0pzaqlkTyn {text-align: center;}            <\/style>\r\n        \r\n            \r\n            <div class=\"sh-empty-space vc_empty_space sh-empty-space-4fMuhB23Ve  \" style=\"height: 15px\">\r\n                <span class=\"vc_empty_space_inner\"><\/span>\r\n            <\/div>\r\n\r\n        <h3 style=\"text-align: center;font-family:Abril Fatface;font-weight:400;font-style:normal\" class=\"vc_custom_heading vc_do_custom_heading gray_2\" >Integridad<\/h3><style type=\"text\/css\"> .vc_column_1808513868:not(.vc_parallax):not(.jarallax) { overflow: center!important; position: relative; }<\/style><\/div><\/div><\/div><div class=\"wpb_column vc_column_container vc_col-sm-1\/5 vc_column_1997747054\"><div class=\"vc_column-inner \"><div class=\"wpb_wrapper\">\r\n<div id=\"single-image-pXIJ82Uxtw\" class=\"sh-single-image   sh-single-image-has-hover\">\r\n\t<div class=\"sh-element-margin\">\r\n\r\n\t\t\r\n\t\t\t<div class=\"sh-single-image-container\">\r\n\t\t\t\t\r\n\t\t\t\t\t\t\t\t\t\t\t\t\t\t\t<a href=\"https:\/\/www.corporacionbi.com\/gt\/frcl\/wp-content\/uploads\/2024\/01\/icono-amorpatria.png\" rel=\"lightbox\">\r\n\t\t\t\t\t\r\n\t\t\t\t\t\t\t\t\t\t\t\t\t<img decoding=\"async\" class=\"sh-image-url\" src=\"https:\/\/www.corporacionbi.com\/gt\/frcl\/wp-content\/uploads\/2024\/01\/icono-amorpatria.png\" alt=\"icono-amorpatria\" \/>\r\n\t\t\t\t\t\t\t\t\t\t\t\t\t\t\t<img decoding=\"async\" class=\"sh-image-hover\" src=\"https:\/\/www.corporacionbi.com\/gt\/frcl\/wp-content\/uploads\/2024\/01\/icono-amorpatria-hover.png\" alt=\"icono-amorpatria\" \/>\r\n\t\t\t\t\t\t\t\t\t\t\t\t\t\r\n\t\t\t\t\t\t\t\t\t\t\t<\/a>\r\n\t\t\t\t\t\t\t\t\t\r\n\t\t\t\t\t\t\t<\/div>\r\n\r\n\t\t\r\n\t<\/div>\r\n<\/div>\r\n            <style type=\"text\/css\">\r\n                #single-image-pXIJ82Uxtw {text-align: center;}            <\/style>\r\n        \r\n            \r\n            <div class=\"sh-empty-space vc_empty_space sh-empty-space-7SqRpjy3Mx  \" style=\"height: 15px\">\r\n                <span class=\"vc_empty_space_inner\"><\/span>\r\n            <\/div>\r\n\r\n        <h3 style=\"text-align: center;font-family:Abril Fatface;font-weight:400;font-style:normal\" class=\"vc_custom_heading vc_do_custom_heading gray_2\" >Amor a la patria<\/h3><style type=\"text\/css\"> .vc_column_1997747054:not(.vc_parallax):not(.jarallax) { overflow: center!important; position: relative; }<\/style><\/div><\/div><\/div><div class=\"wpb_column vc_column_container vc_col-sm-1\/5 vc_column_1380537011\"><div class=\"vc_column-inner \"><div class=\"wpb_wrapper\">\r\n<div id=\"single-image-PptdGKX5Zq\" class=\"sh-single-image   sh-single-image-has-hover\">\r\n\t<div class=\"sh-element-margin\">\r\n\r\n\t\t\r\n\t\t\t<div class=\"sh-single-image-container\">\r\n\t\t\t\t\r\n\t\t\t\t\t\t\t\t\t\t\t\t\t\t\t<a href=\"https:\/\/www.corporacionbi.com\/gt\/frcl\/wp-content\/uploads\/2024\/01\/icono-innovacion.png\" rel=\"lightbox\">\r\n\t\t\t\t\t\r\n\t\t\t\t\t\t\t\t\t\t\t\t\t<img decoding=\"async\" class=\"sh-image-url\" src=\"https:\/\/www.corporacionbi.com\/gt\/frcl\/wp-content\/uploads\/2024\/01\/icono-innovacion.png\" alt=\"icono-innovacion\" \/>\r\n\t\t\t\t\t\t\t\t\t\t\t\t\t\t\t<img decoding=\"async\" class=\"sh-image-hover\" src=\"https:\/\/www.corporacionbi.com\/gt\/frcl\/wp-content\/uploads\/2024\/01\/icono-innovacion-hover.png\" alt=\"icono-innovacion\" \/>\r\n\t\t\t\t\t\t\t\t\t\t\t\t\t\r\n\t\t\t\t\t\t\t\t\t\t\t<\/a>\r\n\t\t\t\t\t\t\t\t\t\r\n\t\t\t\t\t\t\t<\/div>\r\n\r\n\t\t\r\n\t<\/div>\r\n<\/div>\r\n            <style type=\"text\/css\">\r\n                #single-image-PptdGKX5Zq {text-align: center;}            <\/style>\r\n        \r\n            \r\n            <div class=\"sh-empty-space vc_empty_space sh-empty-space-VkatX0elQL  \" style=\"height: 15px\">\r\n                <span class=\"vc_empty_space_inner\"><\/span>\r\n            <\/div>\r\n\r\n        <h3 style=\"text-align: center;font-family:Abril Fatface;font-weight:400;font-style:normal\" class=\"vc_custom_heading vc_do_custom_heading gray_2\" >Innovaci\u00f3n<\/h3><style type=\"text\/css\"> .vc_column_1380537011:not(.vc_parallax):not(.jarallax) { overflow: center!important; position: relative; }<\/style><\/div><\/div><\/div><div class=\"wpb_column vc_column_container vc_col-sm-1\/5 vc_column_2003103194\"><div class=\"vc_column-inner \"><div class=\"wpb_wrapper\">\r\n<div id=\"single-image-POuhFVZpTs\" class=\"sh-single-image   sh-single-image-has-hover\">\r\n\t<div class=\"sh-element-margin\">\r\n\r\n\t\t\r\n\t\t\t<div class=\"sh-single-image-container\">\r\n\t\t\t\t\r\n\t\t\t\t\t\t\t\t\t\t\t\t\t\t\t<a href=\"https:\/\/www.corporacionbi.com\/gt\/frcl\/wp-content\/uploads\/2024\/01\/icono-trabajoequipo.png\" rel=\"lightbox\">\r\n\t\t\t\t\t\r\n\t\t\t\t\t\t\t\t\t\t\t\t\t<img decoding=\"async\" class=\"sh-image-url\" src=\"https:\/\/www.corporacionbi.com\/gt\/frcl\/wp-content\/uploads\/2024\/01\/icono-trabajoequipo.png\" alt=\"icono-trabajoequipo\" \/>\r\n\t\t\t\t\t\t\t\t\t\t\t\t\t\t\t<img decoding=\"async\" class=\"sh-image-hover\" src=\"https:\/\/www.corporacionbi.com\/gt\/frcl\/wp-content\/uploads\/2024\/01\/icono-trabajoequipo-hover.png\" alt=\"icono-trabajoequipo\" \/>\r\n\t\t\t\t\t\t\t\t\t\t\t\t\t\r\n\t\t\t\t\t\t\t\t\t\t\t<\/a>\r\n\t\t\t\t\t\t\t\t\t\r\n\t\t\t\t\t\t\t<\/div>\r\n\r\n\t\t\r\n\t<\/div>\r\n<\/div>\r\n            <style type=\"text\/css\">\r\n                #single-image-POuhFVZpTs {text-align: center;}            <\/style>\r\n        \r\n            \r\n            <div class=\"sh-empty-space vc_empty_space sh-empty-space-6HGglMzfKA  \" style=\"height: 15px\">\r\n                <span class=\"vc_empty_space_inner\"><\/span>\r\n            <\/div>\r\n\r\n        <h3 style=\"text-align: center;font-family:Abril Fatface;font-weight:400;font-style:normal\" class=\"vc_custom_heading vc_do_custom_heading gray_2\" >Trabajo en equipo<\/h3><style type=\"text\/css\"> .vc_column_2003103194:not(.vc_parallax):not(.jarallax) { overflow: center!important; position: relative; }<\/style><\/div><\/div><\/div><style type=\"text\/css\"> .vc_row_1784389177:not(.vc_parallax):not(.jarallax) { overflow: center!important; position: relative; }<\/style><\/div>\r\n            \r\n            <div class=\"sh-empty-space vc_empty_space sh-empty-space-rUF5TSx1zE  \" style=\"height: 50px\">\r\n                <span class=\"vc_empty_space_inner\"><\/span>\r\n            <\/div>\r\n\r\n        <style type=\"text\/css\"> .vc_column_692821724:not(.vc_parallax):not(.jarallax) { overflow: center!important; position: relative; }<\/style><\/div><\/div><\/div><style type=\"text\/css\"> .vc_row_1888684537:not(.vc_parallax) { overflow: center!important; position: relative; }<\/style><\/div><\/section><div class=\"vc_row-full-width vc_clearfix\"><\/div><section id=\"junta\" class=\"vc_section\"><div class=\"vc_row wpb_row vc_row-fluid vc_row_1306595830\"><div class=\"wpb_column vc_column_container vc_col-sm-12 vc_column_1430332765\"><div class=\"vc_column-inner \"><div class=\"wpb_wrapper\">\r\n            \r\n            <div class=\"sh-empty-space vc_empty_space sh-empty-space-VrTg4IwvKs  \" style=\"height: 20px\">\r\n                <span class=\"vc_empty_space_inner\"><\/span>\r\n            <\/div>\r\n\r\n        <h2 style=\"text-align: left;font-family:Abril Fatface;font-weight:400;font-style:normal\" class=\"vc_custom_heading vc_do_custom_heading display\" >Junta directiva 2023 - 2024<\/h2><h3 style=\"color: #ddb462;text-align: left;font-family:Abril Fatface;font-weight:400;font-style:normal\" class=\"vc_custom_heading vc_do_custom_heading\" >Te presentamos c\u00f3mo est\u00e1 conformada nuestra Junta Directiva.<\/h3>\r\n            \r\n            <div class=\"sh-empty-space vc_empty_space sh-empty-space-2NgqpZvCyb  \" style=\"height: 50px\">\r\n                <span class=\"vc_empty_space_inner\"><\/span>\r\n            <\/div>\r\n\r\n        \r\n            \r\n            <div class=\"sh-empty-space vc_empty_space sh-empty-space-FQGhi8tukD  \" style=\"height: 20px\">\r\n                <span class=\"vc_empty_space_inner\"><\/span>\r\n            <\/div>\r\n\r\n        <div class=\"vc_row wpb_row vc_inner vc_row-fluid vc_row_741308320\"><div class=\"wpb_column vc_column_container vc_col-sm-3 vc_column_492654354\"><div class=\"vc_column-inner \"><div class=\"wpb_wrapper\">\n\t<div  class=\"wpb_single_image wpb_content_element vc_align_left wpb_content_element\">\n\t\t\n\t\t<figure class=\"wpb_wrapper vc_figure\">\n\t\t\t<div class=\"vc_single_image-wrapper   vc_box_border_grey\"><img decoding=\"async\" width=\"67\" height=\"67\" src=\"https:\/\/www.corporacionbi.com\/gt\/frcl\/wp-content\/uploads\/2024\/01\/junta-directiva-icono.png\" class=\"vc_single_image-img attachment-thumbnail\" alt=\"\" title=\"junta-directiva-icono\" srcset=\"https:\/\/www.corporacionbi.com\/gt\/frcl\/wp-content\/uploads\/2024\/01\/junta-directiva-icono.png 67w, https:\/\/www.corporacionbi.com\/gt\/frcl\/wp-content\/uploads\/2024\/01\/junta-directiva-icono-12x12.png 12w\" sizes=\"(max-width: 67px) 100vw, 67px\" \/><\/div>\n\t\t<\/figure>\n\t<\/div>\n<h3 style=\"text-align: left;font-family:Abril Fatface;font-weight:400;font-style:normal\" class=\"vc_custom_heading vc_do_custom_heading corinto vc_custom_1696280226914\" >Presidente<\/h3>\n\t<div class=\"wpb_text_column wpb_content_element\" >\n\t\t<div class=\"wpb_wrapper\">\n\t\t\t<p>Ing. Ricardo El\u00edas Fern\u00e1ndez Ericastilla<\/p>\n\n\t\t<\/div>\n\t<\/div>\n<style type=\"text\/css\"> .vc_column_492654354:not(.vc_parallax):not(.jarallax) { overflow: center!important; position: relative; }<\/style><\/div><\/div><\/div><div class=\"wpb_column vc_column_container vc_col-sm-3 vc_column_793033349\"><div class=\"vc_column-inner \"><div class=\"wpb_wrapper\">\n\t<div  class=\"wpb_single_image wpb_content_element vc_align_left wpb_content_element\">\n\t\t\n\t\t<figure class=\"wpb_wrapper vc_figure\">\n\t\t\t<div class=\"vc_single_image-wrapper   vc_box_border_grey\"><img decoding=\"async\" width=\"67\" height=\"67\" src=\"https:\/\/www.corporacionbi.com\/gt\/frcl\/wp-content\/uploads\/2024\/01\/junta-directiva-icono.png\" class=\"vc_single_image-img attachment-thumbnail\" alt=\"\" title=\"junta-directiva-icono\" srcset=\"https:\/\/www.corporacionbi.com\/gt\/frcl\/wp-content\/uploads\/2024\/01\/junta-directiva-icono.png 67w, https:\/\/www.corporacionbi.com\/gt\/frcl\/wp-content\/uploads\/2024\/01\/junta-directiva-icono-12x12.png 12w\" sizes=\"(max-width: 67px) 100vw, 67px\" \/><\/div>\n\t\t<\/figure>\n\t<\/div>\n<h3 style=\"text-align: left;font-family:Abril Fatface;font-weight:400;font-style:normal\" class=\"vc_custom_heading vc_do_custom_heading corinto vc_custom_1696280248881\" >Vicepresidente<\/h3>\n\t<div class=\"wpb_text_column wpb_content_element\" >\n\t\t<div class=\"wpb_wrapper\">\n\t\t\t<p>Lic. Ramiro Castillo Ar\u00e9valo<\/p>\n\n\t\t<\/div>\n\t<\/div>\n<style type=\"text\/css\"> .vc_column_793033349:not(.vc_parallax):not(.jarallax) { overflow: center!important; position: relative; }<\/style><\/div><\/div><\/div><div class=\"wpb_column vc_column_container vc_col-sm-3 vc_column_1827026634\"><div class=\"vc_column-inner \"><div class=\"wpb_wrapper\">\n\t<div  class=\"wpb_single_image wpb_content_element vc_align_left wpb_content_element\">\n\t\t\n\t\t<figure class=\"wpb_wrapper vc_figure\">\n\t\t\t<div class=\"vc_single_image-wrapper   vc_box_border_grey\"><img decoding=\"async\" width=\"67\" height=\"67\" src=\"https:\/\/www.corporacionbi.com\/gt\/frcl\/wp-content\/uploads\/2024\/01\/junta-directiva-icono.png\" class=\"vc_single_image-img attachment-thumbnail\" alt=\"\" title=\"junta-directiva-icono\" srcset=\"https:\/\/www.corporacionbi.com\/gt\/frcl\/wp-content\/uploads\/2024\/01\/junta-directiva-icono.png 67w, https:\/\/www.corporacionbi.com\/gt\/frcl\/wp-content\/uploads\/2024\/01\/junta-directiva-icono-12x12.png 12w\" sizes=\"(max-width: 67px) 100vw, 67px\" \/><\/div>\n\t\t<\/figure>\n\t<\/div>\n<h3 style=\"text-align: left;font-family:Abril Fatface;font-weight:400;font-style:normal\" class=\"vc_custom_heading vc_do_custom_heading corinto vc_custom_1696280257770\" >Tesorero<\/h3>\n\t<div class=\"wpb_text_column wpb_content_element\" >\n\t\t<div class=\"wpb_wrapper\">\n\t\t\t<p>Lic. Luis Pedro Fuxet Ciani<\/p>\n\n\t\t<\/div>\n\t<\/div>\n<style type=\"text\/css\"> .vc_column_1827026634:not(.vc_parallax):not(.jarallax) { overflow: center!important; position: relative; }<\/style><\/div><\/div><\/div><div class=\"wpb_column vc_column_container vc_col-sm-3 vc_column_1198061277\"><div class=\"vc_column-inner \"><div class=\"wpb_wrapper\">\n\t<div  class=\"wpb_single_image wpb_content_element vc_align_left wpb_content_element\">\n\t\t\n\t\t<figure class=\"wpb_wrapper vc_figure\">\n\t\t\t<div class=\"vc_single_image-wrapper   vc_box_border_grey\"><img decoding=\"async\" width=\"67\" height=\"67\" src=\"https:\/\/www.corporacionbi.com\/gt\/frcl\/wp-content\/uploads\/2024\/01\/junta-directiva-icono.png\" class=\"vc_single_image-img attachment-thumbnail\" alt=\"\" title=\"junta-directiva-icono\" srcset=\"https:\/\/www.corporacionbi.com\/gt\/frcl\/wp-content\/uploads\/2024\/01\/junta-directiva-icono.png 67w, https:\/\/www.corporacionbi.com\/gt\/frcl\/wp-content\/uploads\/2024\/01\/junta-directiva-icono-12x12.png 12w\" sizes=\"(max-width: 67px) 100vw, 67px\" \/><\/div>\n\t\t<\/figure>\n\t<\/div>\n<h3 style=\"text-align: left;font-family:Abril Fatface;font-weight:400;font-style:normal\" class=\"vc_custom_heading vc_do_custom_heading corinto vc_custom_1696280270329\" >Secretaria<\/h3>\n\t<div class=\"wpb_text_column wpb_content_element\" >\n\t\t<div class=\"wpb_wrapper\">\n\t\t\t<p>Lcda. Mar\u00eda Elena Castillo de Cabarr\u00fas<\/p>\n\n\t\t<\/div>\n\t<\/div>\n<style type=\"text\/css\"> .vc_column_1198061277:not(.vc_parallax):not(.jarallax) { overflow: center!important; position: relative; }<\/style><\/div><\/div><\/div><style type=\"text\/css\"> .vc_row_741308320:not(.vc_parallax):not(.jarallax) { overflow: center!important; position: relative; }<\/style><\/div><div class=\"vc_row wpb_row vc_inner vc_row-fluid vc_row_1260855322\"><div class=\"wpb_column vc_column_container vc_col-sm-3 vc_column_1148487115\"><div class=\"vc_column-inner \"><div class=\"wpb_wrapper\">\n\t<div  class=\"wpb_single_image wpb_content_element vc_align_left wpb_content_element\">\n\t\t\n\t\t<figure class=\"wpb_wrapper vc_figure\">\n\t\t\t<div class=\"vc_single_image-wrapper   vc_box_border_grey\"><img decoding=\"async\" width=\"67\" height=\"67\" src=\"https:\/\/www.corporacionbi.com\/gt\/frcl\/wp-content\/uploads\/2024\/01\/junta-directiva-icono.png\" class=\"vc_single_image-img attachment-thumbnail\" alt=\"\" title=\"junta-directiva-icono\" srcset=\"https:\/\/www.corporacionbi.com\/gt\/frcl\/wp-content\/uploads\/2024\/01\/junta-directiva-icono.png 67w, https:\/\/www.corporacionbi.com\/gt\/frcl\/wp-content\/uploads\/2024\/01\/junta-directiva-icono-12x12.png 12w\" sizes=\"(max-width: 67px) 100vw, 67px\" \/><\/div>\n\t\t<\/figure>\n\t<\/div>\n<h3 style=\"text-align: left;font-family:Abril Fatface;font-weight:400;font-style:normal\" class=\"vc_custom_heading vc_do_custom_heading corinto vc_custom_1696280300935\" >Vocal<\/h3>\n\t<div class=\"wpb_text_column wpb_content_element\" >\n\t\t<div class=\"wpb_wrapper\">\n\t\t\t<p>Lic. H\u00e9ctor Ren\u00e9 L\u00f3pez Sandoval<\/p>\n\n\t\t<\/div>\n\t<\/div>\n<style type=\"text\/css\"> .vc_column_1148487115:not(.vc_parallax):not(.jarallax) { overflow: center!important; position: relative; }<\/style><\/div><\/div><\/div><div class=\"wpb_column vc_column_container vc_col-sm-3 vc_column_1175584235\"><div class=\"vc_column-inner \"><div class=\"wpb_wrapper\">\n\t<div  class=\"wpb_single_image wpb_content_element vc_align_left wpb_content_element\">\n\t\t\n\t\t<figure class=\"wpb_wrapper vc_figure\">\n\t\t\t<div class=\"vc_single_image-wrapper   vc_box_border_grey\"><img decoding=\"async\" width=\"67\" height=\"67\" src=\"https:\/\/www.corporacionbi.com\/gt\/frcl\/wp-content\/uploads\/2024\/01\/junta-directiva-icono.png\" class=\"vc_single_image-img attachment-thumbnail\" alt=\"\" title=\"junta-directiva-icono\" srcset=\"https:\/\/www.corporacionbi.com\/gt\/frcl\/wp-content\/uploads\/2024\/01\/junta-directiva-icono.png 67w, https:\/\/www.corporacionbi.com\/gt\/frcl\/wp-content\/uploads\/2024\/01\/junta-directiva-icono-12x12.png 12w\" sizes=\"(max-width: 67px) 100vw, 67px\" \/><\/div>\n\t\t<\/figure>\n\t<\/div>\n<h3 style=\"text-align: left;font-family:Abril Fatface;font-weight:400;font-style:normal\" class=\"vc_custom_heading vc_do_custom_heading corinto vc_custom_1696280323217\" >Directores<\/h3>\n\t<div class=\"wpb_text_column wpb_content_element\" >\n\t\t<div class=\"wpb_wrapper\">\n\t\t\t<p>Lcda. Mar\u00eda Jos\u00e9 Paiz Olivares<\/p>\n\n\t\t<\/div>\n\t<\/div>\n\n\t<div class=\"wpb_text_column wpb_content_element vc_custom_1696282688028\" >\n\t\t<div class=\"wpb_wrapper\">\n\t\t\t<p>Lic. Federico Engel Castillo<\/p>\n\n\t\t<\/div>\n\t<\/div>\n\n\t<div class=\"wpb_text_column wpb_content_element vc_custom_1696284718923\" >\n\t\t<div class=\"wpb_wrapper\">\n\t\t\t<p>Lic. Alejandro Castillo Ar\u00e9valo<\/p>\n\n\t\t<\/div>\n\t<\/div>\n<style type=\"text\/css\"> .vc_column_1175584235:not(.vc_parallax):not(.jarallax) { overflow: center!important; position: relative; }<\/style><\/div><\/div><\/div><div class=\"wpb_column vc_column_container vc_col-sm-3\"><div class=\"vc_column-inner \"><div class=\"wpb_wrapper\">\n\t<div  class=\"wpb_single_image wpb_content_element vc_align_left wpb_content_element\">\n\t\t\n\t\t<figure class=\"wpb_wrapper vc_figure\">\n\t\t\t<div class=\"vc_single_image-wrapper   vc_box_border_grey\"><img decoding=\"async\" width=\"67\" height=\"67\" src=\"https:\/\/www.corporacionbi.com\/gt\/frcl\/wp-content\/uploads\/2024\/01\/junta-directiva-icono.png\" class=\"vc_single_image-img attachment-thumbnail\" alt=\"\" title=\"junta-directiva-icono\" srcset=\"https:\/\/www.corporacionbi.com\/gt\/frcl\/wp-content\/uploads\/2024\/01\/junta-directiva-icono.png 67w, https:\/\/www.corporacionbi.com\/gt\/frcl\/wp-content\/uploads\/2024\/01\/junta-directiva-icono-12x12.png 12w\" sizes=\"(max-width: 67px) 100vw, 67px\" \/><\/div>\n\t\t<\/figure>\n\t<\/div>\n\r\n            \r\n            <div class=\"sh-empty-space vc_empty_space sh-empty-space-qkM54lpEdG  \" style=\"height: 50px\">\r\n                <span class=\"vc_empty_space_inner\"><\/span>\r\n            <\/div>\r\n\r\n        \n\t<div class=\"wpb_text_column wpb_content_element vc_custom_1696284725276\" >\n\t\t<div class=\"wpb_wrapper\">\n\t\t\t<p>Lic. Enrique B\u00facaro Batres<\/p>\n\n\t\t<\/div>\n\t<\/div>\n\n\t<div class=\"wpb_text_column wpb_content_element vc_custom_1696284750562\" >\n\t\t<div class=\"wpb_wrapper\">\n\t\t\t<p>Sr. Fernando Lara<\/p>\n\n\t\t<\/div>\n\t<\/div>\n<\/div><\/div><\/div><div class=\"wpb_column vc_column_container vc_col-sm-3 vc_column_528188931\"><div class=\"vc_column-inner \"><div class=\"wpb_wrapper\"><style type=\"text\/css\"> .vc_column_528188931:not(.vc_parallax):not(.jarallax) { overflow: center!important; position: relative; }<\/style><\/div><\/div><\/div><style type=\"text\/css\"> .vc_row_1260855322:not(.vc_parallax):not(.jarallax) { overflow: center!important; position: relative; }<\/style><\/div>\r\n            \r\n            <div class=\"sh-empty-space vc_empty_space sh-empty-space-5nyqcjrXSV  \" style=\"height: 20px\">\r\n                <span class=\"vc_empty_space_inner\"><\/span>\r\n            <\/div>\r\n\r\n        <style type=\"text\/css\"> .vc_column_1430332765:not(.vc_parallax):not(.jarallax) { overflow: center!important; position: relative; }<\/style><\/div><\/div><\/div><style type=\"text\/css\"> .vc_row_1306595830:not(.vc_parallax) { overflow: center!important; position: relative; }<\/style><\/div><\/section><section class=\"vc_section\"><\/section>\n<\/div>","protected":false},"excerpt":{"rendered":"\u00bfQui\u00e9nes somos? Somos una Fundaci\u00f3n en donde creemos que la alfabetizaci\u00f3n no debe limitarse a aprender a leer y escribir, sino que es necesario potenciar la postalfabetizaci\u00f3n con primaria acelerada y el ciclo b\u00e1sico en modalidades flexibles para adolescentes, j\u00f3venes y adultos, especialmente de \u00e1reas...","protected":false},"author":3,"featured_media":0,"parent":0,"menu_order":0,"comment_status":"closed","ping_status":"closed","template":"","meta":{"footnotes":""},"wf_page_folders":[14],"class_list":["post-1196","page","type-page","status-publish","hentry"],"_links":{"self":[{"href":"https:\/\/www.corporacionbi.com\/gt\/frcl\/wp-json\/wp\/v2\/pages\/1196","targetHints":{"allow":["GET"]}}],"collection":[{"href":"https:\/\/www.corporacionbi.com\/gt\/frcl\/wp-json\/wp\/v2\/pages"}],"about":[{"href":"https:\/\/www.corporacionbi.com\/gt\/frcl\/wp-json\/wp\/v2\/types\/page"}],"author":[{"embeddable":true,"href":"https:\/\/www.corporacionbi.com\/gt\/frcl\/wp-json\/wp\/v2\/users\/3"}],"replies":[{"embeddable":true,"href":"https:\/\/www.corporacionbi.com\/gt\/frcl\/wp-json\/wp\/v2\/comments?post=1196"}],"version-history":[{"count":9,"href":"https:\/\/www.corporacionbi.com\/gt\/frcl\/wp-json\/wp\/v2\/pages\/1196\/revisions"}],"predecessor-version":[{"id":1331,"href":"https:\/\/www.corporacionbi.com\/gt\/frcl\/wp-json\/wp\/v2\/pages\/1196\/revisions\/1331"}],"wp:attachment":[{"href":"https:\/\/www.corporacionbi.com\/gt\/frcl\/wp-json\/wp\/v2\/media?parent=1196"}],"wp:term":[{"taxonomy":"wf_page_folders","embeddable":true,"href":"https:\/\/www.corporacionbi.com\/gt\/frcl\/wp-json\/wp\/v2\/wf_page_folders?post=1196"}],"curies":[{"name":"wp","href":"https:\/\/api.w.org\/{rel}","templated":true}]}}