{"id":1119,"date":"2024-01-03T19:04:12","date_gmt":"2024-01-03T13:04:12","guid":{"rendered":"https:\/\/www.corporacionbi.com\/gt\/frcl\/?page_id=1119"},"modified":"2024-01-11T05:19:39","modified_gmt":"2024-01-10T23:19:39","slug":"rifa-anual-de-un-automovil","status":"publish","type":"page","link":"https:\/\/www.corporacionbi.com\/gt\/frcl\/que-hacemos\/rifa-anual-de-un-automovil\/","title":{"rendered":"Rifa anual de un autom\u00f3vil"},"content":{"rendered":"<div class=\"wpb-content-wrapper\"><section class=\"vc_section\"><div class=\"vc_row wpb_row vc_row-fluid vc_row_1209724524\"><div class=\"wpb_column vc_column_container vc_col-sm-12 vc_column_776668743\"><div class=\"vc_column-inner \"><div class=\"wpb_wrapper\">\r\n            \r\n            <div class=\"sh-empty-space vc_empty_space sh-empty-space-Ki4TodIJZW  \" style=\"height: 80px\">\r\n                <span class=\"vc_empty_space_inner\"><\/span>\r\n            <\/div>\r\n\r\n        <h1 style=\"text-align: left\" class=\"vc_custom_heading vc_do_custom_heading display\" >Rifa anual de un autom\u00f3vil<\/h1><div class=\"vc_separator wpb_content_element vc_separator_align_center vc_sep_width_100 vc_sep_border_width_2 vc_sep_pos_align_center vc_separator_no_text vc_sep_color_grey wpb_content_element  wpb_content_element\" ><span class=\"vc_sep_holder vc_sep_holder_l\"><span class=\"vc_sep_line\"><\/span><\/span><span class=\"vc_sep_holder vc_sep_holder_r\"><span class=\"vc_sep_line\"><\/span><\/span>\n<\/div><style type=\"text\/css\"> .vc_column_776668743:not(.vc_parallax):not(.jarallax) { overflow: center!important; position: relative; }<\/style><\/div><\/div><\/div><style type=\"text\/css\"> .vc_row_1209724524:not(.vc_parallax) { overflow: center!important; position: relative; }<\/style><\/div><div class=\"vc_row wpb_row vc_row-fluid vc_row_1202300654\"><div class=\"wpb_column vc_column_container vc_col-sm-6 vc_column_1277820904\"><div class=\"vc_column-inner \"><div class=\"wpb_wrapper\"><h2 style=\"text-align: left\" class=\"vc_custom_heading vc_do_custom_heading gray_1\" >Honda CRV<\/h2>\n\t<div class=\"wpb_text_column wpb_content_element gray_3\" >\n\t\t<div class=\"wpb_wrapper\">\n\t\t\t<p>Fundaci\u00f3n Ramiro Castillo Love realiza la Gran Rifa Pro Alfabetizaci\u00f3n de forma anual entre los meses de julio a octubre, desde hace m\u00e1s de 30 a\u00f1os.<\/p>\n<p>El ganador o ganadora obtiene un autom\u00f3vil tipo camioneta Honda CRV \u00faltimo modelo. El beneficio que genera esta rifa se invierte en la educaci\u00f3n de adolescentes, j\u00f3venes y adultos, especialmente del \u00e1rea rural.<\/p>\n<p>La emisi\u00f3n consta de 7,000 n\u00fameros y cada uno tiene un valor de Q250. Los mismos se promocionan y venden por medio de agencias de Banco Industrial, S.A. alrededor del pa\u00eds, colaboradores, <em>freelances<\/em> y en medios digitales tanto de la Fundaci\u00f3n como de Corporaci\u00f3n Bi.<\/p>\n<p>Para la realizaci\u00f3n de dicha rifa se cuenta con la autorizaci\u00f3n de Gobernaci\u00f3n Departamental de Guatemala y as\u00ed tambi\u00e9n, el Ministerio de Gobernaci\u00f3n da fe al momento del sorteo respectivo.<\/p>\n\n\t\t<\/div>\n\t<\/div>\n<style type=\"text\/css\"> .vc_column_1277820904:not(.vc_parallax):not(.jarallax) { overflow: center!important; position: relative; }<\/style><\/div><\/div><\/div><div class=\"wpb_column vc_column_container vc_col-sm-6 vc_column_249562042\"><div class=\"vc_column-inner \"><div class=\"wpb_wrapper\">\r\n\r\n\r\n\r\n<div id=\"image-gallery-TZVU2z85bE\" class=\"sh-image-gallery sh-image-gallery-noverlay sh-image-gallery-nozoom sh-image-gallery-container sh-image-gallery-dots1\"  data-autoplay=\"3000\" data-columns=\"1\">\r\n\t\t\t<div class=\"sh-image-gallery-item\">\r\n\t\t\t<div class=\"sh-gallery-item\">\r\n\t\t\t\t<div class=\"post-meta-thumb\">\r\n\r\n\t\t\t\t\t\t\t\t\t\t\t<img decoding=\"async\" src=\"https:\/\/www.corporacionbi.com\/gt\/frcl\/wp-content\/uploads\/2023\/11\/HondaCRV_foto1.jpg\" alt=\"HondaCRV_foto1\" \/>\r\n\t\t\t\t\t\r\n\t\t\t\t\t\t\t\t\t<\/div>\r\n\t\t\t<\/div>\r\n\t\t<\/div>\r\n\t\t\t<div class=\"sh-image-gallery-item\">\r\n\t\t\t<div class=\"sh-gallery-item\">\r\n\t\t\t\t<div class=\"post-meta-thumb\">\r\n\r\n\t\t\t\t\t\t\t\t\t\t\t<img decoding=\"async\" src=\"https:\/\/www.corporacionbi.com\/gt\/frcl\/wp-content\/uploads\/2023\/11\/HondaCRV_foto2.jpg\" alt=\"HondaCRV_foto2\" \/>\r\n\t\t\t\t\t\r\n\t\t\t\t\t\t\t\t\t<\/div>\r\n\t\t\t<\/div>\r\n\t\t<\/div>\r\n\t<\/div>\r\n            <style type=\"text\/css\">\r\n                #image-gallery-TZVU2z85bE .slick-list {border-radius: 30px;}#image-gallery-TZVU2z85bE .slick-dots li.slick-active button {background-color: #1c69c4!important;}            <\/style>\r\n        <style type=\"text\/css\"> .vc_column_249562042:not(.vc_parallax):not(.jarallax) { overflow: center!important; position: relative; }<\/style><\/div><\/div><\/div><style type=\"text\/css\"> .vc_row_1202300654:not(.vc_parallax) { overflow: center!important; position: relative; }<\/style><\/div><\/section><section class=\"vc_section\"><div class=\"vc_row wpb_row vc_row-fluid vc_row_189869581\"><div class=\"wpb_column vc_column_container vc_col-sm-12 vc_column_154018442\"><div class=\"vc_column-inner \"><div class=\"wpb_wrapper\"><div class=\"vc_empty_space\"   style=\"height: 100px\"><span class=\"vc_empty_space_inner\"><\/span><\/div><h1 style=\"text-align: left\" class=\"vc_custom_heading vc_do_custom_heading display\" >M\u00e1s actividades de recaudaci\u00f3n<\/h1><div class=\"vc_separator wpb_content_element vc_separator_align_center vc_sep_width_100 vc_sep_border_width_2 vc_sep_pos_align_center vc_separator_no_text vc_sep_color_grey wpb_content_element  wpb_content_element\" ><span class=\"vc_sep_holder vc_sep_holder_l\"><span class=\"vc_sep_line\"><\/span><\/span><span class=\"vc_sep_holder vc_sep_holder_r\"><span class=\"vc_sep_line\"><\/span><\/span>\n<\/div><div class=\"vc_empty_space\"   style=\"height: 32px\"><span class=\"vc_empty_space_inner\"><\/span><\/div><style type=\"text\/css\"> .vc_column_154018442:not(.vc_parallax):not(.jarallax) { overflow: center!important; position: relative; }<\/style><\/div><\/div><\/div><style type=\"text\/css\"> .vc_row_189869581:not(.vc_parallax) { overflow: center!important; position: relative; }<\/style><\/div><div class=\"vc_row wpb_row vc_row-fluid vc_custom_1695847913955 vc_row_888813975\"><div class=\"wpb_column vc_column_container vc_col-sm-4 vc_column_741533981\"><div class=\"vc_column-inner \"><div class=\"wpb_wrapper\">\n\t<div class=\"wpb_raw_code wpb_raw_html wpb_content_element tarjeta_img\" >\n\t\t<div class=\"wpb_wrapper\">\n\t\t\t<div class=\"wpb_single_image wpb_content_element vc_align_center   img_tarjeta\">\n\t\t<figure class=\"wpb_wrapper vc_figure\">\n\t\t\t<div class=\"vc_single_image-wrapper vc_box_rounded  vc_box_border_grey\">\n<!-- Cambiar enlace de imagen -->\n<img width=\"680\" height=\"434\" src=\"https:\/\/www.corporacionbi.com\/gt\/frcl\/wp-content\/uploads\/2023\/11\/foto-apadrinamientos.png\" class=\"vc_single_image-img attachment-full\" alt=\"\" decoding=\"async\" title=\"Campa\u00f1a de Apadrinamientos Personales\" fetchpriority=\"high\">\n<\/div>\n<\/figure>\n<\/div>\n<!-- texto del parrafo-->\n <h4  class= \"gray_4 medium\" style=\"font-size: 14px; padding: 0px 25px 0px 25px\">Campa\u00f1a de Apadrinamientos Personales<\/h4>\n\n<p class=\"gray_4\" style=\"font-size: 13px; padding: 0px 25px 20px 25px\">\n\nLa Campa\u00f1a de Apadrinamientos Personales fue la primera actividad de recaudaci\u00f3n de fondos de Fundaci\u00f3n Ramiro Castillo Love desde hace m\u00e1s de 30 a\u00f1os.  El objetivo es lograr empat\u00eda entre los que donan y los estudiantes beneficiados por ellos.<\/p>\n<!-- boton -->\n<div class=\"vc_btn3-container  secundario1 vc_btn3-center\" style=\"padding: 3px 25px 30px 25px\">\n\n<a class=\"vc_general vc_btn3 vc_btn3-size-md vc_btn3-shape-rounded vc_btn3-style-modern vc_btn3-color-grey\" href=\"https:\/\/www.corporacionbi.com\/gt\/frcl\/que-hacemos\/campana-de-apadrinamientos-personales\/\" title=\"Campa\u00f1a de Apadrinamientos personales\">M\u00e1s informaci\u00f3n<\/a><\/div>\n\t\t<\/div>\n\t<\/div>\n<style type=\"text\/css\"> .vc_column_741533981:not(.vc_parallax):not(.jarallax) { overflow: center!important; position: relative; }<\/style><\/div><\/div><\/div><div class=\"wpb_column vc_column_container vc_col-sm-4 vc_column_1976553061\"><div class=\"vc_column-inner \"><div class=\"wpb_wrapper\">\n\t<div class=\"wpb_raw_code wpb_raw_html wpb_content_element tarjeta_img\" >\n\t\t<div class=\"wpb_wrapper\">\n\t\t\t<div class=\"wpb_single_image wpb_content_element vc_align_center   img_tarjeta\">\n\t\t<figure class=\"wpb_wrapper vc_figure\">\n\t\t\t<div class=\"vc_single_image-wrapper vc_box_rounded  vc_box_border_grey\">\n<!-- Cambiar enlace de imagen -->\n<img width=\"680\" height=\"434\" src=\"https:\/\/www.corporacionbi.com\/gt\/frcl\/wp-content\/uploads\/2024\/01\/cheque-USD30k_card.jpg\" class=\"vc_single_image-img attachment-full\" alt=\"\" decoding=\"async\" title=\"Rifa de los USD30,000\" fetchpriority=\"high\">\n<\/div>\n<\/figure>\n<\/div>\n<!-- texto del parrafo-->\n <h4  class= \"gray_4 medium\" style=\"font-size: 14px; padding: 0px 25px 0px 25px\">Rifa de los USD30,000<\/h4>\n\n<p class=\"gray_4\" style=\"font-size: 13px; padding: 0px 25px 20px 25px\">\n\nFundaci\u00f3n Ramiro Castillo Love realiza la Rifa Extraordinaria en apoyo a la alfabetizaci\u00f3n, motivando cada a\u00f1o diferentes mensajes dirigidos a apoyar la educaci\u00f3n de adolescentes, j\u00f3venes y adultos, en especial del \u00e1rea rural.<\/p>\n<!-- boton -->\n<div class=\"vc_btn3-container  secundario1 vc_btn3-center\" style=\"padding: 41px 25px 30px 25px\">\n\n<a class=\"vc_general vc_btn3 vc_btn3-size-md vc_btn3-shape-rounded vc_btn3-style-modern vc_btn3-color-grey\" href=\"https:\/\/www.corporacionbi.com\/gt\/frcl\/que-hacemos\/rifa-usd-30000\/\" title=\"Rifa de los USD30,000\">M\u00e1s informaci\u00f3n<\/a><\/div>\n\t\t<\/div>\n\t<\/div>\n<style type=\"text\/css\"> .vc_column_1976553061:not(.vc_parallax):not(.jarallax) { overflow: center!important; position: relative; }<\/style><\/div><\/div><\/div><div class=\"wpb_column vc_column_container vc_col-sm-4 vc_column_1099037608\"><div class=\"vc_column-inner \"><div class=\"wpb_wrapper\">\n\t<div class=\"wpb_raw_code wpb_raw_html wpb_content_element tarjeta_img\" >\n\t\t<div class=\"wpb_wrapper\">\n\t\t\t<div class=\"wpb_single_image wpb_content_element vc_align_center   img_tarjeta\">\n\t\t<figure class=\"wpb_wrapper vc_figure\">\n\t\t\t<div class=\"vc_single_image-wrapper vc_box_rounded  vc_box_border_grey\">\n<!-- Cambiar enlace de imagen -->\n<img width=\"680\" height=\"434\" src=\"https:\/\/www.corporacionbi.com\/gt\/frcl\/wp-content\/uploads\/2023\/11\/foto-recolectores.jpg\" class=\"vc_single_image-img attachment-full\" alt=\"\" decoding=\"async\" title=\"Buzones Recolectores\" fetchpriority=\"high\">\n<\/div>\n<\/figure>\n<\/div>\n<!-- texto del parrafo-->\n <h4  class= \"gray_4 medium\" style=\"font-size: 14px; padding: 0px 25px 0px 25px\">Buzones Recolectores<\/h4>\n\n<p class=\"gray_4\" style=\"font-size: 13px; padding: 0px 25px 20px 25px\">\n\nLos Buzones Recolectores est\u00e1n ubicados en agencias de Banco Industrial, S.A. alrededor del pa\u00eds y en algunos establecimientos comerciales que apoyan a Fundaci\u00f3n Ramiro Castillo Love.<\/p>\n<!-- boton -->\n<div class=\"vc_btn3-container  secundario1 vc_btn3-center\" style=\"padding: 41px 25px 30px 25px\">\n\n<a class=\"vc_general vc_btn3 vc_btn3-size-md vc_btn3-shape-rounded vc_btn3-style-modern vc_btn3-color-grey\" href=\"https:\/\/www.corporacionbi.com\/gt\/frcl\/que-hacemos\/buzones-recolectores\/\" title=\"Buzones Recolectores\">M\u00e1s informaci\u00f3n<\/a><\/div>\n\t\t<\/div>\n\t<\/div>\n<style type=\"text\/css\"> .vc_column_1099037608:not(.vc_parallax):not(.jarallax) { overflow: center!important; position: relative; }<\/style><\/div><\/div><\/div><style type=\"text\/css\">@media (max-width: 800px) { #content .vc_row_888813975, .sh-footer-template .vc_row_888813975, .sh-header-template .vc_row_888813975 { padding: 0px 0px 0px 0px!important;}}<\/style><\/div><div class=\"vc_row wpb_row vc_row-fluid vc_row_1006363990\"><div class=\"wpb_column vc_column_container vc_col-sm-12 vc_column_1192092365\"><div class=\"vc_column-inner \"><div class=\"wpb_wrapper\"><div class=\"vc_empty_space\"   style=\"height: 32px\"><span class=\"vc_empty_space_inner\"><\/span><\/div><style type=\"text\/css\"> .vc_column_1192092365:not(.vc_parallax):not(.jarallax) { overflow: center!important; position: relative; }<\/style><\/div><\/div><\/div><style type=\"text\/css\"> .vc_row_1006363990:not(.vc_parallax) { overflow: center!important; position: relative; }<\/style><\/div><div class=\"vc_row wpb_row vc_row-fluid vc_row_424206206\"><div class=\"wpb_column vc_column_container vc_col-sm-3 vc_column_788039747\"><div class=\"vc_column-inner \"><div class=\"wpb_wrapper\">\n\t<div class=\"wpb_raw_code wpb_raw_html wpb_content_element tarjeta_img\" >\n\t\t<div class=\"wpb_wrapper\">\n\t\t\t<div class=\"wpb_single_image wpb_content_element vc_align_center   img_tarjeta\">\n\t\t<figure class=\"wpb_wrapper vc_figure\">\n\t\t\t<div class=\"vc_single_image-wrapper vc_box_rounded  vc_box_border_grey\">\n<!-- Cambiar enlace de imagen -->\n<img width=\"680\" height=\"434\" src=\"https:\/\/www.corporacionbi.com\/gt\/frcl\/wp-content\/uploads\/2023\/11\/foto-libro.jpg\" class=\"vc_single_image-img attachment-full\" alt=\"\" decoding=\"async\" title=\"Libros\" fetchpriority=\"high\">\n<\/div>\n<\/figure>\n<\/div>\n<!-- texto del parrafo-->\n <h4  class= \"gray_4 medium\" style=\"font-size: 14px; padding: 0px 25px 0px 25px\">Libros<\/h4>\n\n<p class=\"gray_4\" style=\"font-size: 13px; padding: 0px 25px 20px 25px\">\n\nFundaci\u00f3n Ramiro Castillo Love pone a disposici\u00f3n del p\u00fablico todo el trabajo monogr\u00e1fico editado por Banco Industrial S.A. a beneficio de los programas educativos. La colecci\u00f3n incluye una serie de t\u00edtulos, la mayor\u00eda escritos en espa\u00f1ol e ingl\u00e9s.<\/p>\n<!-- boton -->\n<div class=\"vc_btn3-container  secundario1 vc_btn3-center\" style=\"padding: 0px 25px 30px 25px\">\n\n<a class=\"vc_general vc_btn3 vc_btn3-size-md vc_btn3-shape-rounded vc_btn3-style-modern vc_btn3-color-grey\" href=\"https:\/\/www.corporacionbi.com\/gt\/frcl\/que-hacemos\/libros\/\" title=\"Libros\">M\u00e1s informaci\u00f3n<\/a><\/div>\n\t\t<\/div>\n\t<\/div>\n<style type=\"text\/css\"> .vc_column_788039747:not(.vc_parallax):not(.jarallax) { overflow: center!important; position: relative; }<\/style><\/div><\/div><\/div><div class=\"wpb_column vc_column_container vc_col-sm-3 vc_column_1423121455\"><div class=\"vc_column-inner \"><div class=\"wpb_wrapper\">\n\t<div class=\"wpb_raw_code wpb_raw_html wpb_content_element tarjeta_img\" >\n\t\t<div class=\"wpb_wrapper\">\n\t\t\t<div class=\"wpb_single_image wpb_content_element vc_align_center   img_tarjeta\">\n\t\t<figure class=\"wpb_wrapper vc_figure\">\n\t\t\t<div class=\"vc_single_image-wrapper vc_box_rounded  vc_box_border_grey\">\n<!-- Cambiar enlace de imagen -->\n<img width=\"680\" height=\"434\" src=\"https:\/\/www.corporacionbi.com\/gt\/frcl\/wp-content\/uploads\/2023\/11\/foto-reciclaje.jpg\" class=\"vc_single_image-img attachment-full\" alt=\"\" decoding=\"async\" title=\"Campa\u00f1as de Reciclaje\" fetchpriority=\"high\">\n<\/div>\n<\/figure>\n<\/div>\n<!-- texto del parrafo-->\n <h4  class= \"gray_4 medium\" style=\"font-size: 14px; padding: 0px 25px 0px 25px\">Campa\u00f1as de Reciclaje<\/h4>\n\n<p class=\"gray_4\" style=\"font-size: 13px; padding: 0px 25px 20px 25px\">\n\nCorporaci\u00f3n Bi eligi\u00f3 a Fundaci\u00f3n Ramiro Castillo Love para realizar el reciclaje de papel desde el a\u00f1o de 1995, y el reciclaje de chatarra desde el a\u00f1o 2011, en todas sus empresas, \u00e1reas y agencias, a beneficio de los programas educativos.<\/p>\n<!-- boton -->\n<div class=\"vc_btn3-container  secundario1 vc_btn3-center\" style=\"padding: 48px 25px 30px 25px\">\n\n<a class=\"vc_general vc_btn3 vc_btn3-size-md vc_btn3-shape-rounded vc_btn3-style-modern vc_btn3-color-grey\" href=\"https:\/\/www.corporacionbi.com\/gt\/frcl\/que-hacemos\/campanas-de-reciclaje\/\" title=\"Campa\u00f1as de Reciclaje\">M\u00e1s informaci\u00f3n<\/a><\/div>\n\t\t<\/div>\n\t<\/div>\n<style type=\"text\/css\"> .vc_column_1423121455:not(.vc_parallax):not(.jarallax) { overflow: center!important; position: relative; }<\/style><\/div><\/div><\/div><div class=\"wpb_column vc_column_container vc_col-sm-3 vc_column_51195182\"><div class=\"vc_column-inner \"><div class=\"wpb_wrapper\">\n\t<div class=\"wpb_raw_code wpb_raw_html wpb_content_element tarjeta_img\" >\n\t\t<div class=\"wpb_wrapper\">\n\t\t\t<div class=\"wpb_single_image wpb_content_element vc_align_center   img_tarjeta\">\n\t\t<figure class=\"wpb_wrapper vc_figure\">\n\t\t\t<div class=\"vc_single_image-wrapper vc_box_rounded  vc_box_border_grey\">\n<!-- Cambiar enlace de imagen -->\n<img width=\"680\" height=\"434\" src=\"https:\/\/www.corporacionbi.com\/gt\/frcl\/wp-content\/uploads\/2023\/11\/foto-bazares.jpg\" class=\"vc_single_image-img attachment-full\" alt=\"\" decoding=\"async\" title=\"Bazares\" fetchpriority=\"high\">\n<\/div>\n<\/figure>\n<\/div>\n<!-- texto del parrafo-->\n <h4  class= \"gray_4 medium\" style=\"font-size: 14px; padding: 0px 25px 0px 25px\">Bazares<\/h4>\n\n<p class=\"gray_4\" style=\"font-size: 13px; padding: 0px 25px 20px 25px\">\n\nEntre sus actividades de recaudaci\u00f3n de fondos para los programas educativos, la Fundaci\u00f3n realiza sus tradicionales bazares como el del D\u00eda de la Madre, D\u00eda del Padre, de Medio A\u00f1o y Navide\u00f1o, entre otros.<\/p>\n<!-- boton -->\n<div class=\"vc_btn3-container  secundario1 vc_btn3-center\" style=\"padding: 24px 25px 30px 25px\">\n\n<a class=\"vc_general vc_btn3 vc_btn3-size-md vc_btn3-shape-rounded vc_btn3-style-modern vc_btn3-color-grey\" href=\"https:\/\/www.corporacionbi.com\/gt\/frcl\/que-hacemos\/bazares\/\" title=\"Bazares\">M\u00e1s informaci\u00f3n<\/a><\/div>\n\t\t<\/div>\n\t<\/div>\n<style type=\"text\/css\"> .vc_column_51195182:not(.vc_parallax):not(.jarallax) { overflow: center!important; position: relative; }<\/style><\/div><\/div><\/div><div class=\"wpb_column vc_column_container vc_col-sm-3 vc_column_2870698\"><div class=\"vc_column-inner \"><div class=\"wpb_wrapper\">\n\t<div class=\"wpb_raw_code wpb_raw_html wpb_content_element tarjeta_img\" >\n\t\t<div class=\"wpb_wrapper\">\n\t\t\t<div class=\"wpb_single_image wpb_content_element vc_align_center   img_tarjeta\">\n\t\t<figure class=\"wpb_wrapper vc_figure\">\n\t\t\t<div class=\"vc_single_image-wrapper vc_box_rounded  vc_box_border_grey\">\n<!-- Cambiar enlace de imagen -->\n<img width=\"680\" height=\"434\" src=\"https:\/\/www.corporacionbi.com\/gt\/frcl\/wp-content\/uploads\/2023\/11\/foto-galerias.jpg\" class=\"vc_single_image-img attachment-full\" alt=\"\" decoding=\"async\" title=\"Galer\u00edas de Arte Bi-Premium\" fetchpriority=\"high\">\n<\/div>\n<\/figure>\n<\/div>\n<!-- texto del parrafo-->\n <h4  class= \"gray_4 medium\" style=\"font-size: 14px; padding: 0px 25px 0px 25px\">Galer\u00edas de Arte Bi-Premium<\/h4>\n\n<p class=\"gray_4\" style=\"font-size: 13px; padding: 0px 25px 20px 25px\">\n\nEn Agencias Bi-Premium de Banco Industrial, S.A. en algunas ocasiones existen espacios de exhibici\u00f3n y venta de obras de arte contempor\u00e1neo de reconocidos artistas pintores y escultores nacionales.<\/p>\n<!-- boton -->\n<div class=\"vc_btn3-container  secundario1 vc_btn3-center\" style=\"padding: 24px 25px 30px 25px\">\n\n<a class=\"vc_general vc_btn3 vc_btn3-size-md vc_btn3-shape-rounded vc_btn3-style-modern vc_btn3-color-grey\" href=\"https:\/\/www.corporacionbi.com\/gt\/frcl\/que-hacemos\/galerias-de-arte-bi-premium\/\" title=\"Galer\u00edas de Arte Bi-Premium\">M\u00e1s informaci\u00f3n<\/a><\/div>\n\t\t<\/div>\n\t<\/div>\n<style type=\"text\/css\"> .vc_column_2870698:not(.vc_parallax):not(.jarallax) { overflow: center!important; position: relative; }<\/style><\/div><\/div><\/div><style type=\"text\/css\"> .vc_row_424206206:not(.vc_parallax) { overflow: center!important; position: relative; }<\/style><\/div><div class=\"vc_row wpb_row vc_row-fluid vc_row_1791634395\"><div class=\"wpb_column vc_column_container vc_col-sm-12 vc_column_301572851\"><div class=\"vc_column-inner \"><div class=\"wpb_wrapper\"><div class=\"vc_empty_space\"   style=\"height: 50px\"><span class=\"vc_empty_space_inner\"><\/span><\/div><style type=\"text\/css\"> .vc_column_301572851:not(.vc_parallax):not(.jarallax) { overflow: center!important; position: relative; }<\/style><\/div><\/div><\/div><style type=\"text\/css\"> .vc_row_1791634395:not(.vc_parallax) { overflow: center!important; position: relative; }<\/style><\/div><\/section>\n<\/div>","protected":false},"excerpt":{"rendered":"Rifa anual de un autom\u00f3vil Honda CRV Fundaci\u00f3n Ramiro Castillo Love realiza la Gran Rifa Pro Alfabetizaci\u00f3n de forma anual entre los meses de julio a octubre, desde hace m\u00e1s de 30 a\u00f1os. El ganador o ganadora obtiene un autom\u00f3vil tipo camioneta Honda CRV \u00faltimo...","protected":false},"author":1,"featured_media":0,"parent":1113,"menu_order":0,"comment_status":"closed","ping_status":"closed","template":"","meta":{"footnotes":""},"wf_page_folders":[16],"class_list":["post-1119","page","type-page","status-publish","hentry"],"_links":{"self":[{"href":"https:\/\/www.corporacionbi.com\/gt\/frcl\/wp-json\/wp\/v2\/pages\/1119","targetHints":{"allow":["GET"]}}],"collection":[{"href":"https:\/\/www.corporacionbi.com\/gt\/frcl\/wp-json\/wp\/v2\/pages"}],"about":[{"href":"https:\/\/www.corporacionbi.com\/gt\/frcl\/wp-json\/wp\/v2\/types\/page"}],"author":[{"embeddable":true,"href":"https:\/\/www.corporacionbi.com\/gt\/frcl\/wp-json\/wp\/v2\/users\/1"}],"replies":[{"embeddable":true,"href":"https:\/\/www.corporacionbi.com\/gt\/frcl\/wp-json\/wp\/v2\/comments?post=1119"}],"version-history":[{"count":7,"href":"https:\/\/www.corporacionbi.com\/gt\/frcl\/wp-json\/wp\/v2\/pages\/1119\/revisions"}],"predecessor-version":[{"id":1355,"href":"https:\/\/www.corporacionbi.com\/gt\/frcl\/wp-json\/wp\/v2\/pages\/1119\/revisions\/1355"}],"up":[{"embeddable":true,"href":"https:\/\/www.corporacionbi.com\/gt\/frcl\/wp-json\/wp\/v2\/pages\/1113"}],"wp:attachment":[{"href":"https:\/\/www.corporacionbi.com\/gt\/frcl\/wp-json\/wp\/v2\/media?parent=1119"}],"wp:term":[{"taxonomy":"wf_page_folders","embeddable":true,"href":"https:\/\/www.corporacionbi.com\/gt\/frcl\/wp-json\/wp\/v2\/wf_page_folders?post=1119"}],"curies":[{"name":"wp","href":"https:\/\/api.w.org\/{rel}","templated":true}]}}