{"id":1114,"date":"2024-01-03T19:16:37","date_gmt":"2024-01-03T13:16:37","guid":{"rendered":"https:\/\/www.corporacionbi.com\/gt\/frcl\/?page_id=1114"},"modified":"2024-01-11T05:12:36","modified_gmt":"2024-01-10T23:12:36","slug":"campana-de-apadrinamientos-personales","status":"publish","type":"page","link":"https:\/\/www.corporacionbi.com\/gt\/frcl\/que-hacemos\/campana-de-apadrinamientos-personales\/","title":{"rendered":"Campa\u00f1a de Apadrinamientos personales"},"content":{"rendered":"<div class=\"wpb-content-wrapper\"><section class=\"vc_section\"><div class=\"vc_row wpb_row vc_row-fluid vc_row_1329543163\"><div class=\"wpb_column vc_column_container vc_col-sm-12 vc_column_2104735392\"><div class=\"vc_column-inner \"><div class=\"wpb_wrapper\">\r\n            \r\n            <div class=\"sh-empty-space vc_empty_space sh-empty-space-9ScFDKUpmf  \" style=\"height: 80px\">\r\n                <span class=\"vc_empty_space_inner\"><\/span>\r\n            <\/div>\r\n\r\n        <h1 style=\"text-align: left\" class=\"vc_custom_heading vc_do_custom_heading display\" >Campa\u00f1a de Apadrinamientos Personales<\/h1><div class=\"vc_separator wpb_content_element vc_separator_align_center vc_sep_width_100 vc_sep_border_width_2 vc_sep_pos_align_center vc_separator_no_text vc_sep_color_grey wpb_content_element  wpb_content_element\" ><span class=\"vc_sep_holder vc_sep_holder_l\"><span class=\"vc_sep_line\"><\/span><\/span><span class=\"vc_sep_holder vc_sep_holder_r\"><span class=\"vc_sep_line\"><\/span><\/span>\n<\/div><style type=\"text\/css\"> .vc_column_2104735392:not(.vc_parallax):not(.jarallax) { overflow: center!important; position: relative; }<\/style><\/div><\/div><\/div><style type=\"text\/css\"> .vc_row_1329543163:not(.vc_parallax) { overflow: center!important; position: relative; }<\/style><\/div><div class=\"vc_row wpb_row vc_row-fluid vc_row_1584638754\"><div class=\"wpb_column vc_column_container vc_col-sm-6 vc_column_952011871\"><div class=\"vc_column-inner \"><div class=\"wpb_wrapper\"><h2 style=\"text-align: left\" class=\"vc_custom_heading vc_do_custom_heading gray_1\" >Primera Actividad<\/h2>\n\t<div class=\"wpb_text_column wpb_content_element gray_3\" >\n\t\t<div class=\"wpb_wrapper\">\n\t\t\t<p>La Campa\u00f1a de Apadrinamientos Personales fue la primera actividad de recaudaci\u00f3n de fondos de Fundaci\u00f3n Ramiro Castillo Love desde hace m\u00e1s de 30 a\u00f1os. El objetivo es lograr empat\u00eda entre los que donan y los estudiantes beneficiados por ellos. La campa\u00f1a consiste en que un Padrino o Madrina aporta Q350 anualmente a un estudiante a quien se le llama Ahijado o Ahijada. Con esto se patrocina el proceso educativo de una persona.<\/p>\n<p>Los Padrinos y Madrinas reciben comunicaci\u00f3n constante del quehacer de la Fundaci\u00f3n, lo que consiste en el env\u00edo f\u00edsico de tarjetas de cumplea\u00f1os hechas por los Ahijados; el env\u00edo f\u00edsico y digital del Bolet\u00edn Educar; informaci\u00f3n del avance de los programas educativos; el env\u00edo de la Memoria de Labores y al terminar el proceso educativo los educandos realizan una carta especial escrita a mano con la decoraci\u00f3n que ellos deciden en agradecimiento a sus benefactores, quienes las reciben en sus direcciones de destino.<\/p>\n<p>Lo recibido monetariamente de cada apadrinamiento se utiliza para brindar textos, cartillas y \u00fatiles escolares a los estudiantes y el pago de estipendio, materiales did\u00e1cticos, capacitaciones y acompa\u00f1amiento pedag\u00f3gico a los tutores.<\/p>\n\n\t\t<\/div>\n\t<\/div>\n<div class=\"vc_btn3-container vc_btn3-inline vc_do_btn\" ><a class=\"vc_general vc_btn3 vc_btn3-size-md vc_btn3-shape-rounded vc_btn3-style-modern vc_btn3-color-grey\" href=\"https:\/\/www.corporacionbi.com\/gt\/frcl\/contactanos\/\" title=\"Quiero ayudar\">Quiero ayudar<\/a><\/div><style type=\"text\/css\"> .vc_column_952011871:not(.vc_parallax):not(.jarallax) { overflow: center!important; position: relative; }<\/style><\/div><\/div><\/div><div class=\"wpb_column vc_column_container vc_col-sm-6 vc_column_239700341\"><div class=\"vc_column-inner \"><div class=\"wpb_wrapper\">\n\t<div  class=\"wpb_single_image wpb_content_element vc_align_left wpb_content_element  foto_actividad\">\n\t\t\n\t\t<figure class=\"wpb_wrapper vc_figure\">\n\t\t\t<div class=\"vc_single_image-wrapper   vc_box_border_grey\"><img decoding=\"async\" width=\"741\" height=\"542\" src=\"https:\/\/www.corporacionbi.com\/gt\/frcl\/wp-content\/uploads\/2023\/11\/foto-apadrinamientos.jpg\" class=\"vc_single_image-img attachment-full\" alt=\"Apadrinamiento FRCL\" title=\"foto-apadrinamientos\" \/><\/div>\n\t\t<\/figure>\n\t<\/div>\n<style type=\"text\/css\"> .vc_column_239700341:not(.vc_parallax):not(.jarallax) { overflow: center!important; position: relative; }<\/style><\/div><\/div><\/div><style type=\"text\/css\"> .vc_row_1584638754:not(.vc_parallax) { overflow: center!important; position: relative; }<\/style><\/div><\/section><section class=\"vc_section\"><div class=\"vc_row wpb_row vc_row-fluid vc_row_280397318\"><div class=\"wpb_column vc_column_container vc_col-sm-12 vc_column_1479443480\"><div class=\"vc_column-inner \"><div class=\"wpb_wrapper\"><div class=\"vc_empty_space\"   style=\"height: 100px\"><span class=\"vc_empty_space_inner\"><\/span><\/div><h1 style=\"text-align: left\" class=\"vc_custom_heading vc_do_custom_heading display\" >M\u00e1s actividades de recaudaci\u00f3n<\/h1><div class=\"vc_separator wpb_content_element vc_separator_align_center vc_sep_width_100 vc_sep_border_width_2 vc_sep_pos_align_center vc_separator_no_text vc_sep_color_grey wpb_content_element  wpb_content_element\" ><span class=\"vc_sep_holder vc_sep_holder_l\"><span class=\"vc_sep_line\"><\/span><\/span><span class=\"vc_sep_holder vc_sep_holder_r\"><span class=\"vc_sep_line\"><\/span><\/span>\n<\/div><div class=\"vc_empty_space\"   style=\"height: 32px\"><span class=\"vc_empty_space_inner\"><\/span><\/div><style type=\"text\/css\"> .vc_column_1479443480:not(.vc_parallax):not(.jarallax) { overflow: center!important; position: relative; }<\/style><\/div><\/div><\/div><style type=\"text\/css\"> .vc_row_280397318:not(.vc_parallax) { overflow: center!important; position: relative; }<\/style><\/div><div class=\"vc_row wpb_row vc_row-fluid vc_custom_1695847913955 vc_row_416489592\"><div class=\"wpb_column vc_column_container vc_col-sm-4 vc_column_1374003354\"><div class=\"vc_column-inner \"><div class=\"wpb_wrapper\">\n\t<div class=\"wpb_raw_code wpb_raw_html wpb_content_element tarjeta_img\" >\n\t\t<div class=\"wpb_wrapper\">\n\t\t\t<div class=\"wpb_single_image wpb_content_element vc_align_center   img_tarjeta\">\n\t\t<figure class=\"wpb_wrapper vc_figure\">\n\t\t\t<div class=\"vc_single_image-wrapper vc_box_rounded  vc_box_border_grey\">\n<!-- Cambiar enlace de imagen -->\n<img width=\"680\" height=\"434\" src=\"https:\/\/www.corporacionbi.com\/gt\/frcl\/wp-content\/uploads\/2023\/11\/foto-honda.jpg\" class=\"vc_single_image-img attachment-full\" alt=\"\" decoding=\"async\" title=\"Rifa anual de un autom\u00f3vil\" fetchpriority=\"high\">\n<\/div>\n<\/figure>\n<\/div>\n<!-- texto del parrafo-->\n <h4  class= \"gray_4 medium\" style=\"font-size: 14px; padding: 0px 25px 0px 25px\">Rifa anual de un autom\u00f3vil<\/h4>\n\n<p class=\"gray_4\" style=\"font-size: 13px; padding: 0px 25px 20px 25px\">\n\nFundaci\u00f3n Ramiro Castillo Love realiza la Gran Rifa Pro Alfabetizaci\u00f3n de forma anual entre los meses de julio a octubre, desde hace m\u00e1s de 30 a\u00f1os. El ganador o ganadora obtiene un autom\u00f3vil tipo camioneta Honda CRV \u00faltimo modelo.  <\/p>\n<!-- boton -->\n<div class=\"vc_btn3-container  secundario1 vc_btn3-center\" style=\"padding: 17px 25px 30px 25px\">\n\n<a class=\"vc_general vc_btn3 vc_btn3-size-md vc_btn3-shape-rounded vc_btn3-style-modern vc_btn3-color-grey\" href=https:\/\/www.corporacionbi.com\/gt\/frcl\/que-hacemos\/rifa-anual-de-un-automovil\/\" title=\"Rifa anual de un autom\u00f3vil\">M\u00e1s informaci\u00f3n<\/a><\/div>\n\t\t<\/div>\n\t<\/div>\n<style type=\"text\/css\"> .vc_column_1374003354:not(.vc_parallax):not(.jarallax) { overflow: center!important; position: relative; }<\/style><\/div><\/div><\/div><div class=\"wpb_column vc_column_container vc_col-sm-4 vc_column_909259245\"><div class=\"vc_column-inner \"><div class=\"wpb_wrapper\">\n\t<div class=\"wpb_raw_code wpb_raw_html wpb_content_element tarjeta_img\" >\n\t\t<div class=\"wpb_wrapper\">\n\t\t\t<div class=\"wpb_single_image wpb_content_element vc_align_center   img_tarjeta\">\n\t\t<figure class=\"wpb_wrapper vc_figure\">\n\t\t\t<div class=\"vc_single_image-wrapper vc_box_rounded  vc_box_border_grey\">\n<!-- Cambiar enlace de imagen -->\n<img width=\"680\" height=\"434\" src=\"https:\/\/www.corporacionbi.com\/gt\/frcl\/wp-content\/uploads\/2024\/01\/cheque-USD30k_card.jpg\" class=\"vc_single_image-img attachment-full\" alt=\"\" decoding=\"async\" title=\"Rifa de los USD30,000\" fetchpriority=\"high\">\n<\/div>\n<\/figure>\n<\/div>\n<!-- texto del parrafo-->\n <h4  class= \"gray_4 medium\" style=\"font-size: 14px; padding: 0px 25px 0px 25px\">Rifa de los USD30,000<\/h4>\n\n<p class=\"gray_4\" style=\"font-size: 13px; padding: 0px 25px 20px 25px\">\n\nFundaci\u00f3n Ramiro Castillo Love realiza la Rifa Extraordinaria en apoyo a la alfabetizaci\u00f3n, motivando cada a\u00f1o diferentes mensajes dirigidos a apoyar la educaci\u00f3n de adolescentes, j\u00f3venes y adultos, en especial del \u00e1rea rural.<\/p>\n<!-- boton -->\n<div class=\"vc_btn3-container  secundario1 vc_btn3-center\" style=\"padding: 41px 25px 30px 25px\">\n\n<a class=\"vc_general vc_btn3 vc_btn3-size-md vc_btn3-shape-rounded vc_btn3-style-modern vc_btn3-color-grey\" href=\"https:\/\/www.corporacionbi.com\/gt\/frcl\/que-hacemos\/rifa-usd-30000\/\" title=\"Rifa de los USD30,000\">M\u00e1s informaci\u00f3n<\/a><\/div>\n\t\t<\/div>\n\t<\/div>\n<style type=\"text\/css\"> .vc_column_909259245:not(.vc_parallax):not(.jarallax) { overflow: center!important; position: relative; }<\/style><\/div><\/div><\/div><div class=\"wpb_column vc_column_container vc_col-sm-4 vc_column_1037511104\"><div class=\"vc_column-inner \"><div class=\"wpb_wrapper\">\n\t<div class=\"wpb_raw_code wpb_raw_html wpb_content_element tarjeta_img\" >\n\t\t<div class=\"wpb_wrapper\">\n\t\t\t<div class=\"wpb_single_image wpb_content_element vc_align_center   img_tarjeta\">\n\t\t<figure class=\"wpb_wrapper vc_figure\">\n\t\t\t<div class=\"vc_single_image-wrapper vc_box_rounded  vc_box_border_grey\">\n<!-- Cambiar enlace de imagen -->\n<img width=\"680\" height=\"434\" src=\"https:\/\/www.corporacionbi.com\/gt\/frcl\/wp-content\/uploads\/2023\/11\/foto-recolectores.jpg\" class=\"vc_single_image-img attachment-full\" alt=\"\" decoding=\"async\" title=\"Buzones Recolectores\" fetchpriority=\"high\">\n<\/div>\n<\/figure>\n<\/div>\n<!-- texto del parrafo-->\n <h4  class= \"gray_4 medium\" style=\"font-size: 14px; padding: 0px 25px 0px 25px\">Buzones Recolectores<\/h4>\n\n<p class=\"gray_4\" style=\"font-size: 13px; padding: 0px 25px 20px 25px\">\n\nLos Buzones Recolectores est\u00e1n ubicados en agencias de Banco Industrial, S.A. alrededor del pa\u00eds y en algunos establecimientos comerciales que apoyan a Fundaci\u00f3n Ramiro Castillo Love.<\/p>\n<!-- boton -->\n<div class=\"vc_btn3-container  secundario1 vc_btn3-center\" style=\"padding: 41px 25px 30px 25px\">\n\n<a class=\"vc_general vc_btn3 vc_btn3-size-md vc_btn3-shape-rounded vc_btn3-style-modern vc_btn3-color-grey\" href=\"https:\/\/www.corporacionbi.com\/gt\/frcl\/que-hacemos\/buzones-recolectores\/\" title=\"Buzones Recolectores\">M\u00e1s informaci\u00f3n<\/a><\/div>\n\t\t<\/div>\n\t<\/div>\n<style type=\"text\/css\"> .vc_column_1037511104:not(.vc_parallax):not(.jarallax) { overflow: center!important; position: relative; }<\/style><\/div><\/div><\/div><style type=\"text\/css\">@media (max-width: 800px) { #content .vc_row_416489592, .sh-footer-template .vc_row_416489592, .sh-header-template .vc_row_416489592 { padding: 0px 0px 0px 0px!important;}}<\/style><\/div><div class=\"vc_row wpb_row vc_row-fluid vc_row_275180183\"><div class=\"wpb_column vc_column_container vc_col-sm-12 vc_column_946474213\"><div class=\"vc_column-inner \"><div class=\"wpb_wrapper\"><div class=\"vc_empty_space\"   style=\"height: 32px\"><span class=\"vc_empty_space_inner\"><\/span><\/div><style type=\"text\/css\"> .vc_column_946474213:not(.vc_parallax):not(.jarallax) { overflow: center!important; position: relative; }<\/style><\/div><\/div><\/div><style type=\"text\/css\"> .vc_row_275180183:not(.vc_parallax) { overflow: center!important; position: relative; }<\/style><\/div><div class=\"vc_row wpb_row vc_row-fluid vc_row_498006940\"><div class=\"wpb_column vc_column_container vc_col-sm-3 vc_column_19881619\"><div class=\"vc_column-inner \"><div class=\"wpb_wrapper\">\n\t<div class=\"wpb_raw_code wpb_raw_html wpb_content_element tarjeta_img\" >\n\t\t<div class=\"wpb_wrapper\">\n\t\t\t<div class=\"wpb_single_image wpb_content_element vc_align_center   img_tarjeta\">\n\t\t<figure class=\"wpb_wrapper vc_figure\">\n\t\t\t<div class=\"vc_single_image-wrapper vc_box_rounded  vc_box_border_grey\">\n<!-- Cambiar enlace de imagen -->\n<img width=\"680\" height=\"434\" src=\"https:\/\/www.corporacionbi.com\/gt\/frcl\/wp-content\/uploads\/2023\/11\/foto-libro.jpg\" class=\"vc_single_image-img attachment-full\" alt=\"\" decoding=\"async\" title=\"Libros\" fetchpriority=\"high\">\n<\/div>\n<\/figure>\n<\/div>\n<!-- texto del parrafo-->\n <h4  class= \"gray_4 medium\" style=\"font-size: 14px; padding: 0px 25px 0px 25px\">Libros<\/h4>\n\n<p class=\"gray_4\" style=\"font-size: 13px; padding: 0px 25px 20px 25px\">\n\nFundaci\u00f3n Ramiro Castillo Love pone a disposici\u00f3n del p\u00fablico todo el trabajo monogr\u00e1fico editado por Banco Industrial S.A. a beneficio de los programas educativos. La colecci\u00f3n incluye una serie de t\u00edtulos, la mayor\u00eda escritos en espa\u00f1ol e ingl\u00e9s.<\/p>\n<!-- boton -->\n<div class=\"vc_btn3-container  secundario1 vc_btn3-center\" style=\"padding: 0px 25px 30px 25px\">\n\n<a class=\"vc_general vc_btn3 vc_btn3-size-md vc_btn3-shape-rounded vc_btn3-style-modern vc_btn3-color-grey\" href=\"https:\/\/www.corporacionbi.com\/gt\/frcl\/que-hacemos\/libros\/\" title=\"Libros\">M\u00e1s informaci\u00f3n<\/a><\/div>\n\t\t<\/div>\n\t<\/div>\n<style type=\"text\/css\"> .vc_column_19881619:not(.vc_parallax):not(.jarallax) { overflow: center!important; position: relative; }<\/style><\/div><\/div><\/div><div class=\"wpb_column vc_column_container vc_col-sm-3 vc_column_2009889016\"><div class=\"vc_column-inner \"><div class=\"wpb_wrapper\">\n\t<div class=\"wpb_raw_code wpb_raw_html wpb_content_element tarjeta_img\" >\n\t\t<div class=\"wpb_wrapper\">\n\t\t\t<div class=\"wpb_single_image wpb_content_element vc_align_center   img_tarjeta\">\n\t\t<figure class=\"wpb_wrapper vc_figure\">\n\t\t\t<div class=\"vc_single_image-wrapper vc_box_rounded  vc_box_border_grey\">\n<!-- Cambiar enlace de imagen -->\n<img width=\"680\" height=\"434\" src=\"https:\/\/www.corporacionbi.com\/gt\/frcl\/wp-content\/uploads\/2023\/11\/foto-reciclaje.jpg\" class=\"vc_single_image-img attachment-full\" alt=\"\" decoding=\"async\" title=\"Campa\u00f1as de Reciclaje\" fetchpriority=\"high\">\n<\/div>\n<\/figure>\n<\/div>\n<!-- texto del parrafo-->\n <h4  class= \"gray_4 medium\" style=\"font-size: 14px; padding: 0px 25px 0px 25px\">Campa\u00f1as de Reciclaje<\/h4>\n\n<p class=\"gray_4\" style=\"font-size: 13px; padding: 0px 25px 20px 25px\">\n\nCorporaci\u00f3n Bi eligi\u00f3 a Fundaci\u00f3n Ramiro Castillo Love para realizar el reciclaje de papel desde el a\u00f1o de 1995, y el reciclaje de chatarra desde el a\u00f1o 2011, en todas sus empresas, \u00e1reas y agencias, a beneficio de los programas educativos.<\/p>\n<!-- boton -->\n<div class=\"vc_btn3-container  secundario1 vc_btn3-center\" style=\"padding: 46px 25px 30px 25px\">\n\n<a class=\"vc_general vc_btn3 vc_btn3-size-md vc_btn3-shape-rounded vc_btn3-style-modern vc_btn3-color-grey\" href=\"https:\/\/www.corporacionbi.com\/gt\/frcl\/que-hacemos\/campanas-de-reciclaje\/\" title=\"Campa\u00f1as de Reciclaje\">M\u00e1s informaci\u00f3n<\/a><\/div>\n\t\t<\/div>\n\t<\/div>\n<style type=\"text\/css\"> .vc_column_2009889016:not(.vc_parallax):not(.jarallax) { overflow: center!important; position: relative; }<\/style><\/div><\/div><\/div><div class=\"wpb_column vc_column_container vc_col-sm-3 vc_column_581526026\"><div class=\"vc_column-inner \"><div class=\"wpb_wrapper\">\n\t<div class=\"wpb_raw_code wpb_raw_html wpb_content_element tarjeta_img\" >\n\t\t<div class=\"wpb_wrapper\">\n\t\t\t<div class=\"wpb_single_image wpb_content_element vc_align_center   img_tarjeta\">\n\t\t<figure class=\"wpb_wrapper vc_figure\">\n\t\t\t<div class=\"vc_single_image-wrapper vc_box_rounded  vc_box_border_grey\">\n<!-- Cambiar enlace de imagen -->\n<img width=\"680\" height=\"434\" src=\"https:\/\/www.corporacionbi.com\/gt\/frcl\/wp-content\/uploads\/2023\/11\/foto-bazares.jpg\" class=\"vc_single_image-img attachment-full\" alt=\"\" decoding=\"async\" title=\"Bazares\" fetchpriority=\"high\">\n<\/div>\n<\/figure>\n<\/div>\n<!-- texto del parrafo-->\n <h4  class= \"gray_4 medium\" style=\"font-size: 14px; padding: 0px 25px 0px 25px\">Bazares<\/h4>\n\n<p class=\"gray_4\" style=\"font-size: 13px; padding: 0px 25px 20px 25px\">\n\nEntre sus actividades de recaudaci\u00f3n de fondos para los programas educativos, la Fundaci\u00f3n realiza sus tradicionales bazares como el del D\u00eda de la Madre, D\u00eda del Padre, de Medio A\u00f1o y Navide\u00f1o, entre otros.<\/p>\n<!-- boton -->\n<div class=\"vc_btn3-container  secundario1 vc_btn3-center\" style=\"padding: 24px 25px 30px 25px\">\n\n<a class=\"vc_general vc_btn3 vc_btn3-size-md vc_btn3-shape-rounded vc_btn3-style-modern vc_btn3-color-grey\" href=\"https:\/\/www.corporacionbi.com\/gt\/frcl\/que-hacemos\/bazares\/\" title=\"Bazares\">M\u00e1s informaci\u00f3n<\/a><\/div>\n\t\t<\/div>\n\t<\/div>\n<style type=\"text\/css\"> .vc_column_581526026:not(.vc_parallax):not(.jarallax) { overflow: center!important; position: relative; }<\/style><\/div><\/div><\/div><div class=\"wpb_column vc_column_container vc_col-sm-3 vc_column_373513941\"><div class=\"vc_column-inner \"><div class=\"wpb_wrapper\">\n\t<div class=\"wpb_raw_code wpb_raw_html wpb_content_element tarjeta_img\" >\n\t\t<div class=\"wpb_wrapper\">\n\t\t\t<div class=\"wpb_single_image wpb_content_element vc_align_center   img_tarjeta\">\n\t\t<figure class=\"wpb_wrapper vc_figure\">\n\t\t\t<div class=\"vc_single_image-wrapper vc_box_rounded  vc_box_border_grey\">\n<!-- Cambiar enlace de imagen -->\n<img width=\"680\" height=\"434\" src=\"https:\/\/www.corporacionbi.com\/gt\/frcl\/wp-content\/uploads\/2023\/11\/foto-galerias.jpg\" class=\"vc_single_image-img attachment-full\" alt=\"\" decoding=\"async\" title=\"Galer\u00edas de Arte Bi-Premium\" fetchpriority=\"high\">\n<\/div>\n<\/figure>\n<\/div>\n<!-- texto del parrafo-->\n <h4  class= \"gray_4 medium\" style=\"font-size: 14px; padding: 0px 25px 0px 25px\">Galer\u00edas de Arte Bi-Premium<\/h4>\n\n<p class=\"gray_4\" style=\"font-size: 13px; padding: 0px 25px 20px 25px\">\n\nEn Agencias Bi-Premium de Banco Industrial, S.A. en algunas ocasiones existen espacios de exhibici\u00f3n y venta de obras de arte contempor\u00e1neo de reconocidos artistas pintores y escultores nacionales.<\/p>\n<!-- boton -->\n<div class=\"vc_btn3-container  secundario1 vc_btn3-center\" style=\"padding: 24px 25px 30px 25px\">\n\n<a class=\"vc_general vc_btn3 vc_btn3-size-md vc_btn3-shape-rounded vc_btn3-style-modern vc_btn3-color-grey\" href=\"https:\/\/www.corporacionbi.com\/gt\/frcl\/que-hacemos\/galerias-de-arte-bi-premium\/\" title=\"Galer\u00edas de Arte Bi-Premium\">M\u00e1s informaci\u00f3n<\/a><\/div>\n\t\t<\/div>\n\t<\/div>\n<style type=\"text\/css\"> .vc_column_373513941:not(.vc_parallax):not(.jarallax) { overflow: center!important; position: relative; }<\/style><\/div><\/div><\/div><style type=\"text\/css\"> .vc_row_498006940:not(.vc_parallax) { overflow: center!important; position: relative; }<\/style><\/div><div class=\"vc_row wpb_row vc_row-fluid vc_row_1195524113\"><div class=\"wpb_column vc_column_container vc_col-sm-12 vc_column_3136089\"><div class=\"vc_column-inner \"><div class=\"wpb_wrapper\"><div class=\"vc_empty_space\"   style=\"height: 50px\"><span class=\"vc_empty_space_inner\"><\/span><\/div><style type=\"text\/css\"> .vc_column_3136089:not(.vc_parallax):not(.jarallax) { overflow: center!important; position: relative; }<\/style><\/div><\/div><\/div><style type=\"text\/css\"> .vc_row_1195524113:not(.vc_parallax) { overflow: center!important; position: relative; }<\/style><\/div><\/section>\n<\/div>","protected":false},"excerpt":{"rendered":"Campa\u00f1a de Apadrinamientos Personales Primera Actividad La Campa\u00f1a de Apadrinamientos Personales fue la primera actividad de recaudaci\u00f3n de fondos de Fundaci\u00f3n Ramiro Castillo Love desde hace m\u00e1s de 30 a\u00f1os. El objetivo es lograr empat\u00eda entre los que donan y los estudiantes beneficiados por ellos....","protected":false},"author":1,"featured_media":0,"parent":1113,"menu_order":0,"comment_status":"closed","ping_status":"closed","template":"","meta":{"footnotes":""},"wf_page_folders":[17],"class_list":["post-1114","page","type-page","status-publish","hentry"],"_links":{"self":[{"href":"https:\/\/www.corporacionbi.com\/gt\/frcl\/wp-json\/wp\/v2\/pages\/1114","targetHints":{"allow":["GET"]}}],"collection":[{"href":"https:\/\/www.corporacionbi.com\/gt\/frcl\/wp-json\/wp\/v2\/pages"}],"about":[{"href":"https:\/\/www.corporacionbi.com\/gt\/frcl\/wp-json\/wp\/v2\/types\/page"}],"author":[{"embeddable":true,"href":"https:\/\/www.corporacionbi.com\/gt\/frcl\/wp-json\/wp\/v2\/users\/1"}],"replies":[{"embeddable":true,"href":"https:\/\/www.corporacionbi.com\/gt\/frcl\/wp-json\/wp\/v2\/comments?post=1114"}],"version-history":[{"count":5,"href":"https:\/\/www.corporacionbi.com\/gt\/frcl\/wp-json\/wp\/v2\/pages\/1114\/revisions"}],"predecessor-version":[{"id":1351,"href":"https:\/\/www.corporacionbi.com\/gt\/frcl\/wp-json\/wp\/v2\/pages\/1114\/revisions\/1351"}],"up":[{"embeddable":true,"href":"https:\/\/www.corporacionbi.com\/gt\/frcl\/wp-json\/wp\/v2\/pages\/1113"}],"wp:attachment":[{"href":"https:\/\/www.corporacionbi.com\/gt\/frcl\/wp-json\/wp\/v2\/media?parent=1114"}],"wp:term":[{"taxonomy":"wf_page_folders","embeddable":true,"href":"https:\/\/www.corporacionbi.com\/gt\/frcl\/wp-json\/wp\/v2\/wf_page_folders?post=1114"}],"curies":[{"name":"wp","href":"https:\/\/api.w.org\/{rel}","templated":true}]}}