{"id":1113,"date":"2024-01-03T18:33:38","date_gmt":"2024-01-03T12:33:38","guid":{"rendered":"https:\/\/www.corporacionbi.com\/gt\/frcl\/?page_id=1113"},"modified":"2026-01-07T04:49:58","modified_gmt":"2026-01-06T22:49:58","slug":"que-hacemos","status":"publish","type":"page","link":"https:\/\/www.corporacionbi.com\/gt\/frcl\/que-hacemos\/","title":{"rendered":"\u00bfQu\u00e9 hacemos?"},"content":{"rendered":"<div class=\"wpb-content-wrapper\"><section class=\"vc_section\"><div class=\"vc_row wpb_row vc_row-fluid vc_row_1047625746\"><div class=\"wpb_column vc_column_container vc_col-sm-12 vc_column_551583685\"><div class=\"vc_column-inner \"><div class=\"wpb_wrapper\">\n\t\t\t\t<p class=\"rs-p-wp-fix\"><\/p>\n\t\t\t\t<sr7-module data-alias=\"que-hacemos-nuevo\" data-id=\"48\" id=\"SR7_48_1\" class=\"rs-ov-hidden\" data-version=\"6.7.54\">\n\t\t\t\t\t<sr7-adjuster><\/sr7-adjuster>\n\t\t\t\t\t<sr7-content>\n\t\t\t\t\t\t<sr7-slide id=\"SR7_48_1-26\" data-key=\"26\">\n\t\t\t\t\t\t\t<h1 id=\"SR7_48_1-26-1\" class=\"sr7-layer\">\u00bfQu\u00e9 hacemos?<\/h1>\n\t\t\t\t\t\t\t<p id=\"SR7_48_1-26-3\" class=\"sr7-layer\">Fundaci\u00f3n Ramiro Castillo Love ejecuta en la actualidad el <br \/>\nPrograma Me Educo de Primaria Acelerada y el Programa <br \/>\nReescribiendo Mi Futuro de Ciclo B\u00e1sico del Nivel Medio<\/p>\n\t\t\t\t\t\t<\/sr7-slide>\n\t\t\t\t\t\t<sr7-slide id=\"SR7_48_1-61\" data-key=\"61\">\n\t\t\t\t\t\t<\/sr7-slide>\n\t\t\t\t\t<\/sr7-content>\n\t\t\t\t\t<image_lists style=\"display:none\">\n\t\t\t\t\t\t<img data-src=\"\/\/www.corporacionbi.com\/gt\/frcl\/wp-content\/uploads\/2024\/01\/que-hacemos.jpg\" data-libid=\"1180\" data-lib=\"medialibrary\" title=\"que-hacemos\" width=\"0\" height=\"0\" data-dbsrc=\"Ly93d3cuY29ycG9yYWNpb25iaS5jb20vZ3QvZnJjbC93cC1jb250ZW50L3VwbG9hZHMvMjAyNC8wMS9xdWUtaGFjZW1vcy5qcGc=\"\/>\n\t\t\t\t\t\t<img data-src=\"\/\/www.corporacionbi.com\/gt\/frcl\/wp-content\/uploads\/2024\/01\/flecha.png\" data-libid=\"1177\" data-lib=\"medialibrary\" title=\"flecha\" width=\"0\" height=\"0\" data-dbsrc=\"Ly93d3cuY29ycG9yYWNpb25iaS5jb20vZ3QvZnJjbC93cC1jb250ZW50L3VwbG9hZHMvMjAyNC8wMS9mbGVjaGEucG5n\"\/>\n\t\t\t\t\t<\/image_lists>\n\t\t\t\t<\/sr7-module>\n\t\t\t\t<script>\n\t\t\t\t\twindow.SR7 ??={};SR7.PMH ??={}; SR7.PMH[\"SR7_48_1\"] = {cn:100,state:false,fn: function() { if (window._tpt!==undefined && window._tpt.prepareModuleHeight !== undefined) {  _tpt.prepareModuleHeight({id:\"SR7_48_1\",el:[550,550,300,300,250],type:'standard',shdw:'0',gh:[550,550,300,300,250],gw:[1920,1920,1024,778,480],vpt:['100px&#039;,&#039;100px&#039;,&#039;100px&#039;,&#039;100px&#039;,&#039;100px'],size:{fullWidth:true, fullHeight:false},mh:'0',onh:0,onw:0,bg:{color:'{\"orig\":\"transparent\",\"type\":\"solid\",\"string\":\"transparent\"}'}});   SR7.PMH[\"SR7_48_1\"].state=true;} else if(SR7.PMH[\"SR7_48_1\"].cn-->0)\tsetTimeout( SR7.PMH[\"SR7_48_1\"].fn,19);}};SR7.PMH[\"SR7_48_1\" ].fn();\n\t\t\t\t<\/script>\n<style type=\"text\/css\"> .vc_column_551583685:not(.vc_parallax):not(.jarallax) { overflow: center!important; position: relative; }<\/style><\/div><\/div><\/div><style type=\"text\/css\"> .vc_row_1047625746:not(.vc_parallax) { overflow: center!important; position: relative; }<\/style><\/div><\/section><section id=\"programa_educativo\" class=\"vc_section\"><div class=\"vc_row wpb_row vc_row-fluid vc_row_515128942\"><div class=\"wpb_column vc_column_container vc_col-sm-12 vc_column_190830356\"><div class=\"vc_column-inner \"><div class=\"wpb_wrapper\">\r\n            \r\n            <div class=\"sh-empty-space vc_empty_space sh-empty-space-8a96ZHkoJf  \" style=\"height: 45px\">\r\n                <span class=\"vc_empty_space_inner\"><\/span>\r\n            <\/div>\r\n\r\n        <h2 style=\"text-align: left\" class=\"vc_custom_heading vc_do_custom_heading display\" >Programas Educativos<\/h2><div class=\"vc_separator wpb_content_element vc_separator_align_center vc_sep_width_100 vc_sep_border_width_2 vc_sep_pos_align_center vc_separator_no_text vc_sep_color_grey wpb_content_element  wpb_content_element\" ><span class=\"vc_sep_holder vc_sep_holder_l\"><span class=\"vc_sep_line\"><\/span><\/span><span class=\"vc_sep_holder vc_sep_holder_r\"><span class=\"vc_sep_line\"><\/span><\/span>\n<\/div><style type=\"text\/css\"> .vc_column_190830356:not(.vc_parallax):not(.jarallax) { overflow: center!important; position: relative; }<\/style><\/div><\/div><\/div><style type=\"text\/css\"> .vc_row_515128942:not(.vc_parallax) { overflow: center!important; position: relative; }<\/style><\/div><div class=\"vc_row wpb_row vc_row-fluid vc_row-o-content-middle vc_row-flex vc_row_156230360 vc_row_reversed_columns\"><div class=\"wpb_column vc_column_container vc_col-sm-6 vc_column_1582338963\"><div class=\"vc_column-inner \"><div class=\"wpb_wrapper\">\n\t<div class=\"wpb_text_column wpb_content_element gray_3\" >\n\t\t<div class=\"wpb_wrapper\">\n\t\t\t<p><strong>Fundaci\u00f3n Ramiro Castillo Love<\/strong> ejecuta en la actualidad el Programa Me Educo de Primaria Acelerada y el Programa Reescribiendo Mi Futuro de Ciclo B\u00e1sico del nivel medio.<\/p>\n<p><strong><span style=\"color: #1a98c5;\">El Programa Me Educo de Primaria Acelerada<\/span><\/strong> dio inicio en el a\u00f1o 2015 como una educaci\u00f3n alternativa y flexible. Se enfoca en adolescentes, j\u00f3venes y adultos desde los 13 a\u00f1os de edad que por diferentes razones no pudieron estudiar o abandonaron sus estudios en su edad escolar. Est\u00e1 dividido en tres etapas: <strong>Etapa Inicial de Lectoescritura y C\u00e1lculo Matem\u00e1tico<\/strong> equivalente a primero primaria; <strong>Primera Etapa de Primaria Acelerada<\/strong> equivalente a segundo y tercero primaria y Segunda Etapa de Primaria Acelerada equivalente a cuarto, quinto y sexto primaria.<\/p>\n\n\t\t<\/div>\n\t<\/div>\n<style type=\"text\/css\"> .vc_column_1582338963:not(.vc_parallax):not(.jarallax) { overflow: center!important; position: relative; }<\/style><\/div><\/div><\/div><div class=\"wpb_column vc_column_container vc_col-sm-6 vc_column_278385900\"><div class=\"vc_column-inner \"><div class=\"wpb_wrapper\">\n\t<div  class=\"wpb_single_image wpb_content_element vc_align_center wpb_content_element  foto_quehacemos\">\n\t\t\n\t\t<figure class=\"wpb_wrapper vc_figure\">\n\t\t\t<div class=\"vc_single_image-wrapper   vc_box_border_grey\"><img decoding=\"async\" width=\"741\" height=\"542\" src=\"https:\/\/www.corporacionbi.com\/gt\/frcl\/wp-content\/uploads\/2023\/11\/foto1-quehacemos.jpg\" class=\"vc_single_image-img attachment-full\" alt=\"El Programa Me Educo de Primaria Acelerada\" title=\"foto1-quehacemos\" \/><\/div>\n\t\t<\/figure>\n\t<\/div>\n<style type=\"text\/css\"> .vc_column_278385900:not(.vc_parallax):not(.jarallax) { overflow: center!important; position: relative; }<\/style><\/div><\/div><\/div><\/div><div class=\"vc_row wpb_row vc_row-fluid vc_row-o-content-middle vc_row-flex vc_row_1288604719\"><div class=\"wpb_column vc_column_container vc_col-sm-12 vc_column_1376011570\"><div class=\"vc_column-inner \"><div class=\"wpb_wrapper\">\r\n            \r\n            <div class=\"sh-empty-space vc_empty_space sh-empty-space-jqbCI40K5u  \" style=\"height: 32px\">\r\n                <span class=\"vc_empty_space_inner\"><\/span>\r\n            <\/div>\r\n\r\n        <style type=\"text\/css\"> .vc_column_1376011570:not(.vc_parallax):not(.jarallax) { overflow: center!important; position: relative; }<\/style><\/div><\/div><\/div><\/div><div class=\"vc_row wpb_row vc_row-fluid vc_row-o-content-middle vc_row-flex vc_row_1625401550\"><div class=\"wpb_column vc_column_container vc_col-sm-6 vc_column_713006176\"><div class=\"vc_column-inner \"><div class=\"wpb_wrapper\">\n\t<div  class=\"wpb_single_image wpb_content_element vc_align_center wpb_content_element  foto_quehacemos\">\n\t\t\n\t\t<figure class=\"wpb_wrapper vc_figure\">\n\t\t\t<div class=\"vc_single_image-wrapper   vc_box_border_grey\"><img decoding=\"async\" width=\"741\" height=\"542\" src=\"https:\/\/www.corporacionbi.com\/gt\/frcl\/wp-content\/uploads\/2023\/11\/foto2-quehacemos.jpg\" class=\"vc_single_image-img attachment-full\" alt=\"Programa Reescribiendo Mi Futuro de Ciclo B\u00e1sico\" title=\"foto2-quehacemos\" \/><\/div>\n\t\t<\/figure>\n\t<\/div>\n<style type=\"text\/css\"> .vc_column_713006176:not(.vc_parallax):not(.jarallax) { overflow: center!important; position: relative; }<\/style><\/div><\/div><\/div><div class=\"wpb_column vc_column_container vc_col-sm-6 vc_column_1717144859\"><div class=\"vc_column-inner \"><div class=\"wpb_wrapper\">\n\t<div class=\"wpb_text_column wpb_content_element gray_3\" >\n\t\t<div class=\"wpb_wrapper\">\n\t\t\t<p>Por su parte, el <strong><span style=\"color: #1a98c5;\">Programa Reescribiendo Mi Futuro de Ciclo B\u00e1sico<\/span><\/strong> inici\u00f3 en el a\u00f1o 2022, dirigido a j\u00f3venes y adultos desde los 15 a\u00f1os de edad que tambi\u00e9n por distintas razones abandonaron sus estudios en su edad escolar. Se conforma por dos etapas: <strong>Primera Etapa de Ciclo B\u00e1sico<\/strong> equivalente a primero y segundo b\u00e1sico y <strong>Segunda Etapa<\/strong> equivalente a tercero b\u00e1sico. El Programa est\u00e1 dirigido a <strong>j\u00f3venes y adultos a partir de los 15 a\u00f1os de edad.<\/strong><\/p>\n<p>La Fundaci\u00f3n cubre el pago de tutores o maestros a quienes capacita, acompa\u00f1a pedag\u00f3gicamente y brinda materiales did\u00e1cticos. Los estudiantes reciben \u00fatiles, cartillas y textos.<\/p>\n<p>Los programas est\u00e1n avalados por el <strong>Programa Nacional de Educaci\u00f3n Alternativa (PRONEA)<\/strong> de la Direcci\u00f3n General de Educaci\u00f3n Extraescolar (DIGEEX) del Ministerio de Educaci\u00f3n.<\/p>\n\n\t\t<\/div>\n\t<\/div>\n<style type=\"text\/css\"> .vc_column_1717144859:not(.vc_parallax):not(.jarallax) { overflow: center!important; position: relative; }<\/style><\/div><\/div><\/div><\/div><div class=\"vc_row wpb_row vc_row-fluid vc_row-o-content-middle vc_row-flex vc_row_745747817\"><div class=\"wpb_column vc_column_container vc_col-sm-12 vc_column_1829870899\"><div class=\"vc_column-inner \"><div class=\"wpb_wrapper\">\r\n            \r\n            <div class=\"sh-empty-space vc_empty_space sh-empty-space-7UQ5PizcEy  \" style=\"height: 32px\">\r\n                <span class=\"vc_empty_space_inner\"><\/span>\r\n            <\/div>\r\n\r\n        <style type=\"text\/css\"> .vc_column_1829870899:not(.vc_parallax):not(.jarallax) { overflow: center!important; position: relative; }<\/style><\/div><\/div><\/div><\/div><div class=\"vc_row wpb_row vc_row-fluid vc_row-o-content-middle vc_row-flex vc_row_238017267 vc_row_reversed_columns\"><div class=\"wpb_column vc_column_container vc_col-sm-6 vc_column_929540725\"><div class=\"vc_column-inner \"><div class=\"wpb_wrapper\">\n\t<div class=\"wpb_text_column wpb_content_element gray_3\" >\n\t\t<div class=\"wpb_wrapper\">\n\t\t\t<p>La oferta educativa tiene <strong>cobertura en 17 municipios<\/strong> de los departamentos de Chiquimula, Jalapa, Sacatep\u00e9quez, Solol\u00e1 y Totonicap\u00e1n. Dichos municipios son: Jocot\u00e1n, Camot\u00e1n y San Juan Ermita en Chiquimula; Jalapa, San Pedro Pinula, San Carlos Alzatate y San Luis Jilotepeque en Jalapa; Santiago Sacatep\u00e9quez, Sumpango, San Lucas Sacatep\u00e9quez y Santa Luc\u00eda Milpas Altas en Sacatep\u00e9quez; San Juan La Laguna y San Pablo La Laguna en Solol\u00e1 y Totonicap\u00e1n, Momostenango, Santa Mar\u00eda Chiquimula y San Crist\u00f3bal Totonicap\u00e1n en Totonicap\u00e1n.<\/p>\n<p>La formaci\u00f3n tambi\u00e9n incluye tres componentes de apoyo conformados por el de <strong>Productividad y Desarrollo \u201cCreciendo en mi Comunidad\u201d, apoyo Nutricional \u201cJuntos por una ni\u00f1ez plena\u201d y el Tecnol\u00f3gico.<\/strong><\/p>\n<p>En el componente de <strong>Productividad y Desarrollo <span style=\"color: #1a98c5;\">\u201cCreciendo en mi Comunidad\u201d<\/span><\/strong>, se han desarrollado cursos t\u00e9cnico-ocupacionales impartidos en coordinaci\u00f3n con el Instituto T\u00e9cnico de Capacitaci\u00f3n (INTECAP), la DIGEEX y alianzas con municipalidades. Algunos de los cursos son: electricidad, plomer\u00eda, construcci\u00f3n, cocina y elaboraci\u00f3n de embutidos, entre otros.<\/p>\n\n\t\t<\/div>\n\t<\/div>\n<style type=\"text\/css\"> .vc_column_929540725:not(.vc_parallax):not(.jarallax) { overflow: center!important; position: relative; }<\/style><\/div><\/div><\/div><div class=\"wpb_column vc_column_container vc_col-sm-6 vc_column_1232685538\"><div class=\"vc_column-inner \"><div class=\"wpb_wrapper\">\n\t<div  class=\"wpb_single_image wpb_content_element vc_align_center wpb_content_element  foto_quehacemos\">\n\t\t\n\t\t<figure class=\"wpb_wrapper vc_figure\">\n\t\t\t<div class=\"vc_single_image-wrapper   vc_box_border_grey\"><img decoding=\"async\" width=\"741\" height=\"542\" src=\"https:\/\/www.corporacionbi.com\/gt\/frcl\/wp-content\/uploads\/2023\/11\/foto3-quehacemos.jpg\" class=\"vc_single_image-img attachment-full\" alt=\"Creciendo en mi Comunidad\" title=\"foto3-quehacemos\" \/><\/div>\n\t\t<\/figure>\n\t<\/div>\n<style type=\"text\/css\"> .vc_column_1232685538:not(.vc_parallax):not(.jarallax) { overflow: center!important; position: relative; }<\/style><\/div><\/div><\/div><\/div><div class=\"vc_row wpb_row vc_row-fluid vc_row-o-content-middle vc_row-flex vc_row_345889346\"><div class=\"wpb_column vc_column_container vc_col-sm-12 vc_column_326591819\"><div class=\"vc_column-inner \"><div class=\"wpb_wrapper\">\r\n            \r\n            <div class=\"sh-empty-space vc_empty_space sh-empty-space-VeRdqBa40S  \" style=\"height: 32px\">\r\n                <span class=\"vc_empty_space_inner\"><\/span>\r\n            <\/div>\r\n\r\n        <style type=\"text\/css\"> .vc_column_326591819:not(.vc_parallax):not(.jarallax) { overflow: center!important; position: relative; }<\/style><\/div><\/div><\/div><\/div><div class=\"vc_row wpb_row vc_row-fluid vc_column-gap-10 vc_row-o-content-middle vc_row-flex vc_row_869033955\"><div class=\"wpb_column vc_column_container vc_col-sm-6 vc_column_2057252135\"><div class=\"vc_column-inner \"><div class=\"wpb_wrapper\">\n\t<div  class=\"wpb_single_image wpb_content_element vc_align_center wpb_content_element  foto_quehacemos\">\n\t\t\n\t\t<figure class=\"wpb_wrapper vc_figure\">\n\t\t\t<div class=\"vc_single_image-wrapper   vc_box_border_grey\"><img decoding=\"async\" width=\"741\" height=\"542\" src=\"https:\/\/www.corporacionbi.com\/gt\/frcl\/wp-content\/uploads\/2023\/11\/foto4-quehacemos.jpg\" class=\"vc_single_image-img attachment-full\" alt=\"Juntos por una ni\u00f1ez plena\" title=\"foto4-quehacemos\" \/><\/div>\n\t\t<\/figure>\n\t<\/div>\n<style type=\"text\/css\"> .vc_column_2057252135:not(.vc_parallax):not(.jarallax) { overflow: center!important; position: relative; }<\/style><\/div><\/div><\/div><div class=\"wpb_column vc_column_container vc_col-sm-6 vc_column_2080276079\"><div class=\"vc_column-inner \"><div class=\"wpb_wrapper\">\n\t<div class=\"wpb_text_column wpb_content_element gray_3\" >\n\t\t<div class=\"wpb_wrapper\">\n\t\t\t<p>En el apoyo <strong>Nutricional <span style=\"color: #1a98c5;\">\u201cJuntos por una ni\u00f1ez plena\u201d<\/span><\/strong>, Fundaci\u00f3n Ramiro Castillo Love imparte orientaciones t\u00e9cnico-nutricionales a madres de familia, estudiantes de los departamentos de Solol\u00e1 y Chiquimula. En esta ayuda adem\u00e1s se lleva a cabo el <strong>Programa Vaso de Incaparina<\/strong> con el apoyo de <strong>Fundaci\u00f3n Castillo C\u00f3rdova<\/strong>, en donde ni\u00f1os de los lugares en menci\u00f3n, quienes son hijos de educandos, son beneficiados con kits nutricionales, evaluaciones de peso y talla y seguimiento a casos de desnutrici\u00f3n aguda moderada (DAM).<\/p>\n<p>Finalmente, en el componente <strong>Tecnol\u00f3gico<\/strong>, se cuenta con Laboratorios de Computaci\u00f3n en los departamentos de Chiquimula, Jalapa, Sacatep\u00e9quez y Solol\u00e1. Este componente se trabaja en alianzas con municipalidades en donde regularmente apoyan con el local f\u00edsico, instructor, instalaci\u00f3n y mantenimiento del equipo. La Fundaci\u00f3n provee de <strong>computadoras reutilizables las cuales recibe de Corporaci\u00f3n Bi<\/strong>. Los laboratorios se utilizan para que los estudiantes de los programas educativos y poblaci\u00f3n en general reciban clases de inform\u00e1tica.<\/p>\n\n\t\t<\/div>\n\t<\/div>\n<div class=\"vc_btn3-container vc_btn3-inline vc_custom_1753217951390 vc_do_btn\" ><a class=\"vc_general vc_btn3 vc_btn3-size-md vc_btn3-shape-rounded vc_btn3-style-modern vc_btn3-color-grey\" href=\"https:\/\/www.corporacionbi.com\/gt\/frcl\/contactanos\/\" title=\"Cont\u00e1ctanos\">M\u00e1s informaci\u00f3n<\/a><\/div><style type=\"text\/css\"> .vc_column_2080276079:not(.vc_parallax):not(.jarallax) { overflow: center!important; position: relative; }<\/style><\/div><\/div><\/div><\/div><\/section><section id=\"actividades\" class=\"vc_section\"><div class=\"vc_row wpb_row vc_row-fluid vc_row_557023190\"><div class=\"wpb_column vc_column_container vc_col-sm-12 vc_column_2064497818\"><div class=\"vc_column-inner \"><div class=\"wpb_wrapper\">\r\n            \r\n            <div class=\"sh-empty-space vc_empty_space sh-empty-space-qvxpr72OAT  \" style=\"height: 150px\">\r\n                <span class=\"vc_empty_space_inner\"><\/span>\r\n            <\/div>\r\n\r\n        <h2 style=\"text-align: left\" class=\"vc_custom_heading vc_do_custom_heading display\" id=\"Actividades\">Actividades de Recaudaci\u00f3n<\/h2><div class=\"vc_separator wpb_content_element vc_separator_align_center vc_sep_width_100 vc_sep_border_width_2 vc_sep_pos_align_center vc_separator_no_text vc_sep_color_grey wpb_content_element  wpb_content_element\" ><span class=\"vc_sep_holder vc_sep_holder_l\"><span class=\"vc_sep_line\"><\/span><\/span><span class=\"vc_sep_holder vc_sep_holder_r\"><span class=\"vc_sep_line\"><\/span><\/span>\n<\/div><style type=\"text\/css\"> .vc_column_2064497818:not(.vc_parallax):not(.jarallax) { overflow: center!important; position: relative; }<\/style><\/div><\/div><\/div><style type=\"text\/css\"> .vc_row_557023190:not(.vc_parallax) { overflow: center!important; position: relative; }<\/style><\/div><div class=\"vc_row wpb_row vc_row-fluid vc_row_1275849509\"><div class=\"wpb_column vc_column_container vc_col-sm-3 vc_column_1109624759\"><div class=\"vc_column-inner \"><div class=\"wpb_wrapper\">\n\t<div class=\"wpb_raw_code wpb_raw_html wpb_content_element tarjeta_img\" >\n\t\t<div class=\"wpb_wrapper\">\n\t\t\t<div class=\"wpb_single_image wpb_content_element vc_align_center   img_tarjeta\">\n\t\t<figure class=\"wpb_wrapper vc_figure\">\n\t\t\t<div class=\"vc_single_image-wrapper vc_box_rounded  vc_box_border_grey\">\n<!-- Cambiar enlace de imagen -->\n<img width=\"680\" height=\"434\" src=\"https:\/\/www.corporacionbi.com\/gt\/frcl\/wp-content\/uploads\/2023\/11\/foto-apadrinamientos.png\" class=\"vc_single_image-img attachment-full\" alt=\"\" decoding=\"async\" title=\"Campa\u00f1a de Apadrinamientos Personales\" fetchpriority=\"high\">\n<\/div>\n<\/figure>\n<\/div>\n<!-- texto del parrafo-->\n <h4  class= \"gray_4 medium\" style=\"font-size: 14px; padding: 0px 25px 0px 25px\">Campa\u00f1a de Apadrinamientos Personales<\/h4>\n\n<p class=\"gray_4\" style=\"font-size: 13px; padding: 0px 25px 20px 25px\">\n\nLa Campa\u00f1a de Apadrinamientos Personales fue la primera actividad de recaudaci\u00f3n de fondos de Fundaci\u00f3n Ramiro Castillo Love desde hace m\u00e1s de 30 a\u00f1os.  El objetivo es lograr empat\u00eda entre los que donan y los estudiantes beneficiados por ellos.<\/p>\n<!-- boton -->\n<div class=\"vc_btn3-container  secundario1 vc_btn3-center\" style=\"padding: 0px 25px 30px 25px\">\n\n<a class=\"vc_general vc_btn3 vc_btn3-size-md vc_btn3-shape-rounded vc_btn3-style-modern vc_btn3-color-grey\" href=\"https:\/\/www.corporacionbi.com\/gt\/frcl\/que-hacemos\/campana-de-apadrinamientos-personales\/\" title=\"Campa\u00f1a de Apadrinamientos personales\">M\u00e1s informaci\u00f3n<\/a><\/div>\n\t\t<\/div>\n\t<\/div>\n<style type=\"text\/css\"> .vc_column_1109624759:not(.vc_parallax):not(.jarallax) { overflow: center!important; position: relative; }<\/style><\/div><\/div><\/div><div class=\"wpb_column vc_column_container vc_col-sm-3 vc_column_548988154\"><div class=\"vc_column-inner \"><div class=\"wpb_wrapper\">\n\t<div class=\"wpb_raw_code wpb_raw_html wpb_content_element tarjeta_img\" >\n\t\t<div class=\"wpb_wrapper\">\n\t\t\t<div class=\"wpb_single_image wpb_content_element vc_align_center   img_tarjeta\">\n\t\t<figure class=\"wpb_wrapper vc_figure\">\n\t\t\t<div class=\"vc_single_image-wrapper vc_box_rounded  vc_box_border_grey\">\n<!-- Cambiar enlace de imagen -->\n<img width=\"680\" height=\"434\" src=\"https:\/\/www.corporacionbi.com\/gt\/frcl\/wp-content\/uploads\/2023\/11\/foto-honda.jpg\" class=\"vc_single_image-img attachment-full\" alt=\"\" decoding=\"async\" title=\"Rifa anual de un autom\u00f3vil\" fetchpriority=\"high\">\n<\/div>\n<\/figure>\n<\/div>\n<!-- texto del parrafo-->\n <h4  class= \"gray_4 medium\" style=\"font-size: 14px; padding: 0px 25px 0px 25px\">Rifa anual de un autom\u00f3vil<\/h4>\n\n<p class=\"gray_4\" style=\"font-size: 13px; padding: 0px 25px 20px 25px\">\n\nFundaci\u00f3n Ramiro Castillo Love realiza la Gran Rifa Pro Alfabetizaci\u00f3n de forma anual entre los meses de julio a octubre, desde hace m\u00e1s de 30 a\u00f1os. El ganador o ganadora obtiene un autom\u00f3vil tipo camioneta Honda CRV \u00faltimo modelo.  <\/p>\n<!-- boton -->\n<div class=\"vc_btn3-container  secundario1 vc_btn3-center\" style=\"padding: 37px 25px 30px 25px\">\n\n<a class=\"vc_general vc_btn3 vc_btn3-size-md vc_btn3-shape-rounded vc_btn3-style-modern vc_btn3-color-grey\" href=\"https:\/\/www.corporacionbi.com\/gt\/frcl\/que-hacemos\/rifa-anual-de-un-automovil\/\" title=\"Rifa anual de un autom\u00f3vil\">M\u00e1s informaci\u00f3n<\/a><\/div>\n\t\t<\/div>\n\t<\/div>\n<style type=\"text\/css\"> .vc_column_548988154:not(.vc_parallax):not(.jarallax) { overflow: center!important; position: relative; }<\/style><\/div><\/div><\/div><div class=\"wpb_column vc_column_container vc_col-sm-3 vc_column_744994418\"><div class=\"vc_column-inner \"><div class=\"wpb_wrapper\">\n\t<div class=\"wpb_raw_code wpb_raw_html wpb_content_element tarjeta_img\" >\n\t\t<div class=\"wpb_wrapper\">\n\t\t\t<div class=\"wpb_single_image wpb_content_element vc_align_center   img_tarjeta\">\n\t\t<figure class=\"wpb_wrapper vc_figure\">\n\t\t\t<div class=\"vc_single_image-wrapper vc_box_rounded  vc_box_border_grey\">\n<!-- Cambiar enlace de imagen -->\n<img width=\"680\" height=\"434\" src=\"https:\/\/www.corporacionbi.com\/gt\/frcl\/wp-content\/uploads\/2024\/01\/cheque-USD30k_card.jpg\" class=\"vc_single_image-img attachment-full\" alt=\"\" decoding=\"async\" title=\"Rifa de los USD30,000\" fetchpriority=\"high\">\n<\/div>\n<\/figure>\n<\/div>\n<!-- texto del parrafo-->\n <h4  class= \"gray_4 medium\" style=\"font-size: 14px; padding: 0px 25px 0px 25px\">Rifa de los USD30,000<\/h4>\n\n<p class=\"gray_4\" style=\"font-size: 13px; padding: 0px 25px 20px 25px\">\n\nFundaci\u00f3n Ramiro Castillo Love realiza la Rifa Extraordinaria en apoyo a la alfabetizaci\u00f3n, motivando cada a\u00f1o diferentes mensajes dirigidos a apoyar la educaci\u00f3n de adolescentes, j\u00f3venes y adultos, en especial del \u00e1rea rural.<\/p>\n<!-- boton -->\n<div class=\"vc_btn3-container  secundario1 vc_btn3-center\" style=\"padding: 37px 25px 30px 25px\">\n\n<a class=\"vc_general vc_btn3 vc_btn3-size-md vc_btn3-shape-rounded vc_btn3-style-modern vc_btn3-color-grey\" href=\"https:\/\/www.corporacionbi.com\/gt\/frcl\/que-hacemos\/rifa-usd-30000\/\" title=\"Rifa de los USD30,000\">M\u00e1s informaci\u00f3n<\/a><\/div>\n\t\t<\/div>\n\t<\/div>\n<style type=\"text\/css\"> .vc_column_744994418:not(.vc_parallax):not(.jarallax) { overflow: center!important; position: relative; }<\/style><\/div><\/div><\/div><div class=\"wpb_column vc_column_container vc_col-sm-3 vc_column_665055873\"><div class=\"vc_column-inner \"><div class=\"wpb_wrapper\">\n\t<div class=\"wpb_raw_code wpb_raw_html wpb_content_element tarjeta_img\" >\n\t\t<div class=\"wpb_wrapper\">\n\t\t\t<div class=\"wpb_single_image wpb_content_element vc_align_center   img_tarjeta\">\n\t\t<figure class=\"wpb_wrapper vc_figure\">\n\t\t\t<div class=\"vc_single_image-wrapper vc_box_rounded  vc_box_border_grey\">\n<!-- Cambiar enlace de imagen -->\n<img width=\"680\" height=\"434\" src=\"https:\/\/www.corporacionbi.com\/gt\/frcl\/wp-content\/uploads\/2023\/11\/foto-recolectores.jpg\" class=\"vc_single_image-img attachment-full\" alt=\"\" decoding=\"async\" title=\"Buzones Recolectores\" fetchpriority=\"high\">\n<\/div>\n<\/figure>\n<\/div>\n<!-- texto del parrafo-->\n <h4  class= \"gray_4 medium\" style=\"font-size: 14px; padding: 0px 25px 0px 25px\">Buzones Recolectores<\/h4>\n\n<p class=\"gray_4\" style=\"font-size: 13px; padding: 0px 25px 20px 25px\">\n\nLos Buzones Recolectores est\u00e1n ubicados en agencias de Banco Industrial, S.A. alrededor del pa\u00eds y en algunos establecimientos comerciales que apoyan a Fundaci\u00f3n Ramiro Castillo Love.<\/p>\n<!-- boton -->\n<div class=\"vc_btn3-container  secundario1 vc_btn3-center\" style=\"padding:63px 25px 30px 25px\">\n\n<a class=\"vc_general vc_btn3 vc_btn3-size-md vc_btn3-shape-rounded vc_btn3-style-modern vc_btn3-color-grey\" href=\"https:\/\/www.corporacionbi.com\/gt\/frcl\/buzones-disponibles-en-supermercados-la-torre\/\" title=\"Buzones Recolectores\">M\u00e1s informaci\u00f3n<\/a><\/div>\n\t\t<\/div>\n\t<\/div>\n<style type=\"text\/css\"> .vc_column_665055873:not(.vc_parallax):not(.jarallax) { overflow: center!important; position: relative; }<\/style><\/div><\/div><\/div><style type=\"text\/css\">@media (max-width: 800px) { #content .vc_row_1275849509, .sh-footer-template .vc_row_1275849509, .sh-header-template .vc_row_1275849509 { padding: 0px 0px 0px 0px!important;}}<\/style><\/div><div class=\"vc_row wpb_row vc_row-fluid vc_row_2015006739\"><div class=\"wpb_column vc_column_container vc_col-sm-12 vc_column_369604149\"><div class=\"vc_column-inner \"><div class=\"wpb_wrapper\"><div class=\"vc_empty_space\"   style=\"height: 32px\"><span class=\"vc_empty_space_inner\"><\/span><\/div><style type=\"text\/css\"> .vc_column_369604149:not(.vc_parallax):not(.jarallax) { overflow: center!important; position: relative; }<\/style><\/div><\/div><\/div><style type=\"text\/css\"> .vc_row_2015006739:not(.vc_parallax) { overflow: center!important; position: relative; }<\/style><\/div><div class=\"vc_row wpb_row vc_row-fluid vc_row_312282913\"><div class=\"wpb_column vc_column_container vc_col-sm-3 vc_column_1867827460\"><div class=\"vc_column-inner \"><div class=\"wpb_wrapper\">\n\t<div class=\"wpb_raw_code wpb_raw_html wpb_content_element tarjeta_img\" >\n\t\t<div class=\"wpb_wrapper\">\n\t\t\t<div class=\"wpb_single_image wpb_content_element vc_align_center   img_tarjeta\">\n\t\t<figure class=\"wpb_wrapper vc_figure\">\n\t\t\t<div class=\"vc_single_image-wrapper vc_box_rounded  vc_box_border_grey\">\n<!-- Cambiar enlace de imagen -->\n<img width=\"680\" height=\"434\" src=\"https:\/\/www.corporacionbi.com\/gt\/frcl\/wp-content\/uploads\/2023\/11\/foto-libro.jpg\" class=\"vc_single_image-img attachment-full\" alt=\"\" decoding=\"async\" title=\"Libros\" fetchpriority=\"high\">\n<\/div>\n<\/figure>\n<\/div>\n<!-- texto del parrafo-->\n <h4  class= \"gray_4 medium\" style=\"font-size: 14px; padding: 0px 25px 0px 25px\">Libros<\/h4>\n\n<p class=\"gray_4\" style=\"font-size: 13px; padding: 0px 25px 20px 25px\">\n\nFundaci\u00f3n Ramiro Castillo Love pone a disposici\u00f3n del p\u00fablico todo el trabajo monogr\u00e1fico editado por Banco Industrial S.A. a beneficio de los programas educativos. La colecci\u00f3n incluye una serie de t\u00edtulos, la mayor\u00eda escritos en espa\u00f1ol e ingl\u00e9s.<\/p>\n<!-- boton -->\n<div class=\"vc_btn3-container  secundario1 vc_btn3-center\" style=\"padding: 0px 25px 30px 25px\">\n\n<a class=\"vc_general vc_btn3 vc_btn3-size-md vc_btn3-shape-rounded vc_btn3-style-modern vc_btn3-color-grey\" href=\"https:\/\/www.corporacionbi.com\/gt\/frcl\/que-hacemos\/libros\/\" title=\"Libros\">M\u00e1s informaci\u00f3n<\/a><\/div>\n\t\t<\/div>\n\t<\/div>\n<style type=\"text\/css\"> .vc_column_1867827460:not(.vc_parallax):not(.jarallax) { overflow: center!important; position: relative; }<\/style><\/div><\/div><\/div><div class=\"wpb_column vc_column_container vc_col-sm-3 vc_column_1520890380\"><div class=\"vc_column-inner \"><div class=\"wpb_wrapper\">\n\t<div class=\"wpb_raw_code wpb_raw_html wpb_content_element tarjeta_img\" >\n\t\t<div class=\"wpb_wrapper\">\n\t\t\t<div class=\"wpb_single_image wpb_content_element vc_align_center   img_tarjeta\">\n\t\t<figure class=\"wpb_wrapper vc_figure\">\n\t\t\t<div class=\"vc_single_image-wrapper vc_box_rounded  vc_box_border_grey\">\n<!-- Cambiar enlace de imagen -->\n<img width=\"680\" height=\"434\" src=\"https:\/\/www.corporacionbi.com\/gt\/frcl\/wp-content\/uploads\/2023\/11\/foto-reciclaje.jpg\" class=\"vc_single_image-img attachment-full\" alt=\"\" decoding=\"async\" title=\"Campa\u00f1as de Reciclaje\" fetchpriority=\"high\">\n<\/div>\n<\/figure>\n<\/div>\n<!-- texto del parrafo-->\n <h4  class= \"gray_4 medium\" style=\"font-size: 14px; padding: 0px 25px 0px 25px\">Campa\u00f1as de Reciclaje<\/h4>\n\n<p class=\"gray_4\" style=\"font-size: 13px; padding: 0px 25px 20px 25px\">\n\nCorporaci\u00f3n Bi eligi\u00f3 a Fundaci\u00f3n Ramiro Castillo Love para realizar el reciclaje de papel desde el a\u00f1o de 1995, y el reciclaje de chatarra desde el a\u00f1o 2011, en todas sus empresas, \u00e1reas y agencias, a beneficio de los programas educativos.<\/p>\n<!-- boton -->\n<div class=\"vc_btn3-container  secundario1 vc_btn3-center\" style=\"padding: 47px 25px 30px 25px\">\n\n<a class=\"vc_general vc_btn3 vc_btn3-size-md vc_btn3-shape-rounded vc_btn3-style-modern vc_btn3-color-grey\" href=\"https:\/\/www.corporacionbi.com\/gt\/frcl\/que-hacemos\/campanas-de-reciclaje\/\" title=\"Campa\u00f1as de Reciclaje\">M\u00e1s informaci\u00f3n<\/a><\/div>\n\t\t<\/div>\n\t<\/div>\n<style type=\"text\/css\"> .vc_column_1520890380:not(.vc_parallax):not(.jarallax) { overflow: center!important; position: relative; }<\/style><\/div><\/div><\/div><div class=\"wpb_column vc_column_container vc_col-sm-3 vc_column_724215914\"><div class=\"vc_column-inner \"><div class=\"wpb_wrapper\">\n\t<div class=\"wpb_raw_code wpb_raw_html wpb_content_element tarjeta_img\" >\n\t\t<div class=\"wpb_wrapper\">\n\t\t\t<div class=\"wpb_single_image wpb_content_element vc_align_center   img_tarjeta\">\n\t\t<figure class=\"wpb_wrapper vc_figure\">\n\t\t\t<div class=\"vc_single_image-wrapper vc_box_rounded  vc_box_border_grey\">\n<!-- Cambiar enlace de imagen -->\n<img width=\"680\" height=\"434\" src=\"https:\/\/www.corporacionbi.com\/gt\/frcl\/wp-content\/uploads\/2023\/11\/foto-bazares.jpg\" class=\"vc_single_image-img attachment-full\" alt=\"\" decoding=\"async\" title=\"Bazares\" fetchpriority=\"high\">\n<\/div>\n<\/figure>\n<\/div>\n<!-- texto del parrafo-->\n <h4  class= \"gray_4 medium\" style=\"font-size: 14px; padding: 0px 25px 0px 25px\">Bazares<\/h4>\n\n<p class=\"gray_4\" style=\"font-size: 13px; padding: 0px 25px 20px 25px\">\n\nEntre sus actividades de recaudaci\u00f3n de fondos para los programas educativos, la Fundaci\u00f3n realiza sus tradicionales bazares como el del D\u00eda de la Madre, D\u00eda del Padre, de Medio A\u00f1o y Navide\u00f1o, entre otros.<\/p>\n<!-- boton -->\n<div class=\"vc_btn3-container  secundario1 vc_btn3-center\" style=\"padding: 24px 25px 30px 25px\">\n\n<a class=\"vc_general vc_btn3 vc_btn3-size-md vc_btn3-shape-rounded vc_btn3-style-modern vc_btn3-color-grey\" href=\"https:\/\/www.corporacionbi.com\/gt\/frcl\/que-hacemos\/bazares\/\" title=\"Bazares\">M\u00e1s informaci\u00f3n<\/a><\/div>\n\t\t<\/div>\n\t<\/div>\n<style type=\"text\/css\"> .vc_column_724215914:not(.vc_parallax):not(.jarallax) { overflow: center!important; position: relative; }<\/style><\/div><\/div><\/div><div class=\"wpb_column vc_column_container vc_col-sm-3 vc_column_1094896173\"><div class=\"vc_column-inner \"><div class=\"wpb_wrapper\">\n\t<div class=\"wpb_raw_code wpb_raw_html wpb_content_element tarjeta_img\" >\n\t\t<div class=\"wpb_wrapper\">\n\t\t\t<div class=\"wpb_single_image wpb_content_element vc_align_center   img_tarjeta\">\n\t\t<figure class=\"wpb_wrapper vc_figure\">\n\t\t\t<div class=\"vc_single_image-wrapper vc_box_rounded  vc_box_border_grey\">\n<!-- Cambiar enlace de imagen -->\n<img width=\"680\" height=\"434\" src=\"https:\/\/www.corporacionbi.com\/gt\/frcl\/wp-content\/uploads\/2023\/11\/foto-galerias.jpg\" class=\"vc_single_image-img attachment-full\" alt=\"\" decoding=\"async\" title=\"Galer\u00edas de Arte Bi-Premium\" fetchpriority=\"high\">\n<\/div>\n<\/figure>\n<\/div>\n<!-- texto del parrafo-->\n <h4  class= \"gray_4 medium\" style=\"font-size: 14px; padding: 0px 25px 0px 25px\">Galer\u00edas de Arte Bi-Premium<\/h4>\n\n<p class=\"gray_4\" style=\"font-size: 13px; padding: 0px 25px 20px 25px\">\n\nEn Agencias Bi-Premium de Banco Industrial, S.A. en algunas ocasiones existen espacios de exhibici\u00f3n y venta de obras de arte contempor\u00e1neo de reconocidos artistas pintores y escultores nacionales.<\/p>\n<!-- boton -->\n<div class=\"vc_btn3-container  secundario1 vc_btn3-center\" style=\"padding: 24px 25px 30px 25px\">\n\n<a class=\"vc_general vc_btn3 vc_btn3-size-md vc_btn3-shape-rounded vc_btn3-style-modern vc_btn3-color-grey\" href=\"https:\/\/www.corporacionbi.com\/gt\/frcl\/que-hacemos\/galerias-de-arte-bi-premium\/\" title=\"Galer\u00edas de Arte Bi-Premium\">M\u00e1s informaci\u00f3n<\/a><\/div>\n\t\t<\/div>\n\t<\/div>\n<style type=\"text\/css\"> .vc_column_1094896173:not(.vc_parallax):not(.jarallax) { overflow: center!important; position: relative; }<\/style><\/div><\/div><\/div><style type=\"text\/css\"> .vc_row_312282913:not(.vc_parallax) { overflow: center!important; position: relative; }<\/style><\/div><div class=\"vc_row wpb_row vc_row-fluid vc_row_1081136836\"><div class=\"wpb_column vc_column_container vc_col-sm-12 vc_column_1440709539\"><div class=\"vc_column-inner \"><div class=\"wpb_wrapper\"><div class=\"vc_empty_space\"   style=\"height: 50px\"><span class=\"vc_empty_space_inner\"><\/span><\/div><style type=\"text\/css\"> .vc_column_1440709539:not(.vc_parallax):not(.jarallax) { overflow: center!important; position: relative; }<\/style><\/div><\/div><\/div><style type=\"text\/css\"> .vc_row_1081136836:not(.vc_parallax) { overflow: center!important; position: relative; }<\/style><\/div><\/section>\n<\/div>","protected":false},"excerpt":{"rendered":"\u00bfQu\u00e9 hacemos? Fundaci\u00f3n Ramiro Castillo Love ejecuta en la actualidad el Programa Me Educo de Primaria Acelerada y el Programa Reescribiendo Mi Futuro de Ciclo B\u00e1sico del Nivel Medio Programas Educativos Fundaci\u00f3n Ramiro Castillo Love ejecuta en la actualidad el Programa Me Educo de Primaria...","protected":false},"author":1,"featured_media":0,"parent":0,"menu_order":0,"comment_status":"closed","ping_status":"closed","template":"","meta":{"footnotes":""},"wf_page_folders":[15],"class_list":["post-1113","page","type-page","status-publish","hentry"],"_links":{"self":[{"href":"https:\/\/www.corporacionbi.com\/gt\/frcl\/wp-json\/wp\/v2\/pages\/1113","targetHints":{"allow":["GET"]}}],"collection":[{"href":"https:\/\/www.corporacionbi.com\/gt\/frcl\/wp-json\/wp\/v2\/pages"}],"about":[{"href":"https:\/\/www.corporacionbi.com\/gt\/frcl\/wp-json\/wp\/v2\/types\/page"}],"author":[{"embeddable":true,"href":"https:\/\/www.corporacionbi.com\/gt\/frcl\/wp-json\/wp\/v2\/users\/1"}],"replies":[{"embeddable":true,"href":"https:\/\/www.corporacionbi.com\/gt\/frcl\/wp-json\/wp\/v2\/comments?post=1113"}],"version-history":[{"count":10,"href":"https:\/\/www.corporacionbi.com\/gt\/frcl\/wp-json\/wp\/v2\/pages\/1113\/revisions"}],"predecessor-version":[{"id":2578,"href":"https:\/\/www.corporacionbi.com\/gt\/frcl\/wp-json\/wp\/v2\/pages\/1113\/revisions\/2578"}],"wp:attachment":[{"href":"https:\/\/www.corporacionbi.com\/gt\/frcl\/wp-json\/wp\/v2\/media?parent=1113"}],"wp:term":[{"taxonomy":"wf_page_folders","embeddable":true,"href":"https:\/\/www.corporacionbi.com\/gt\/frcl\/wp-json\/wp\/v2\/wf_page_folders?post=1113"}],"curies":[{"name":"wp","href":"https:\/\/api.w.org\/{rel}","templated":true}]}}